{"id":37,"date":"2024-05-23T14:18:56","date_gmt":"2024-05-23T12:18:56","guid":{"rendered":"https:\/\/mwb.com.pl\/teatr\/?page_id=37"},"modified":"2025-02-05T14:49:47","modified_gmt":"2025-02-05T13:49:47","slug":"o-projekcie","status":"publish","type":"page","link":"https:\/\/mwb.com.pl\/teatr\/o-projekcie\/","title":{"rendered":"O projekcie"},"content":{"rendered":"\t\t<div data-elementor-type=\"wp-page\" data-elementor-id=\"37\" class=\"elementor elementor-37\">\n\t\t\t\t<div class=\"elementor-element elementor-element-22d3f55 e-flex e-con-boxed e-con e-parent\" data-id=\"22d3f55\" data-element_type=\"container\" data-e-type=\"container\">\n\t\t\t\t\t<div class=\"e-con-inner\">\n\t\t<div class=\"elementor-element elementor-element-4a5dc18 e-con-full e-flex e-con e-child\" data-id=\"4a5dc18\" data-element_type=\"container\" data-e-type=\"container\">\n\t\t\t\t<div class=\"elementor-element elementor-element-3423b99 elementor-widget elementor-widget-heading\" data-id=\"3423b99\" data-element_type=\"widget\" data-e-type=\"widget\" data-widget_type=\"heading.default\">\n\t\t\t\t<div class=\"elementor-widget-container\">\n\t\t\t\t\t<h2 class=\"elementor-heading-title elementor-size-default\">O projekcie<\/h2>\t\t\t\t<\/div>\n\t\t\t\t<\/div>\n\t\t\t\t<div class=\"elementor-element elementor-element-b0b0339 elementor-widget-divider--view-line elementor-widget elementor-widget-divider\" data-id=\"b0b0339\" data-element_type=\"widget\" data-e-type=\"widget\" data-widget_type=\"divider.default\">\n\t\t\t\t<div class=\"elementor-widget-container\">\n\t\t\t\t\t\t\t<div class=\"elementor-divider\">\n\t\t\t<span class=\"elementor-divider-separator\">\n\t\t\t\t\t\t<\/span>\n\t\t<\/div>\n\t\t\t\t\t\t<\/div>\n\t\t\t\t<\/div>\n\t\t\t\t<\/div>\n\t\t\t\t\t<\/div>\n\t\t\t\t<\/div>\n\t\t<div class=\"elementor-element elementor-element-da2e4b5 e-flex e-con-boxed e-con e-parent\" data-id=\"da2e4b5\" data-element_type=\"container\" data-e-type=\"container\">\n\t\t\t\t\t<div class=\"e-con-inner\">\n\t\t\t\t<div class=\"elementor-element elementor-element-5a06a62 elementor-widget elementor-widget-image\" data-id=\"5a06a62\" data-element_type=\"widget\" data-e-type=\"widget\" data-widget_type=\"image.default\">\n\t\t\t\t<div class=\"elementor-widget-container\">\n\t\t\t\t\t\t\t\t\t\t\t\t\t\t\t<img decoding=\"async\" src=\"https:\/\/mwb.com.pl\/teatr\/wp-content\/uploads\/elementor\/thumbs\/plakat-3-r126ppcncq643siiek1b9kgpwsk0i5ia2q4467ieqk.jpg\" title=\"Informacja o dofinansowaniu\" alt=\"Informacja o dofinansowaniu\" loading=\"lazy\" \/>\t\t\t\t\t\t\t\t\t\t\t\t\t\t\t<\/div>\n\t\t\t\t<\/div>\n\t\t\t\t\t<\/div>\n\t\t\t\t<\/div>\n\t\t<div class=\"elementor-element elementor-element-8f9bcfd e-con-full e-flex e-con e-child\" data-id=\"8f9bcfd\" data-element_type=\"container\" data-e-type=\"container\">\n\t\t\t\t<div class=\"elementor-element elementor-element-7a4f502 elementor-widget elementor-widget-text-editor\" data-id=\"7a4f502\" data-element_type=\"widget\" data-e-type=\"widget\" data-widget_type=\"text-editor.default\">\n\t\t\t\t<div class=\"elementor-widget-container\">\n\t\t\t\t\t\t\t\t\t<p>Celem projektu jest w\u0142\u0105czenie os\u00f3b ze szczeg\u00f3lnymi potrzebami do \u017cycia kulturalnego poprzez stworzenie przestrzeni do ich dzia\u0142a\u0144 tw\u00f3rczych. Tocz\u0105ce si\u0119 wojny wsp\u00f3\u0142czesne m. in. wojna na Ukrainie stwarzaj\u0105 potrzeb\u0119 budowania wiedzy historycznej, kt\u00f3ra stanowi podstaw\u0119 do rozumienia kontekst\u00f3w i umo\u017cliwia wyrabianie w\u0142asnych pogl\u0105d\u00f3w na temat wojny i pokoju.<\/p><p>Dlatego te\u017c w pierwszym etapie projektu odb\u0119d\u0105 si\u0119 warsztaty historyczne w Muzeum Wojska w Bia\u0142ymstoku, w kt\u00f3rych m\u0142odzie\u017c niepe\u0142nosprawna intelektualnie ze Specjalnego O\u015brodka Szkolno-Wychowawczego pracowa\u0107 b\u0119dzie na kolekcji instytucji. Zamys\u0142em dzia\u0142ania jest budowanie przyjaznej dla m\u0142odzie\u017cy niepe\u0142nosprawnej intelektualnie przestrzeni do wymiany my\u015bli i dzielenia si\u0119 swoimi uczuciami zwi\u0105zanymi z problemem wojny. Dlatego te\u017c kolejnym dzia\u0142aniem b\u0119d\u0105 warsztaty teatralne, kt\u00f3re odbywa\u0107 si\u0119 b\u0119d\u0105 w o\u015brodku. W konsultacji z terapeutami i nauczycielami, pracuj\u0105cymi na co dzie\u0144 z m\u0142odzie\u017c\u0105 niepe\u0142nosprawn\u0105 intelektualnie, zaprojektowane zostan\u0105 dzia\u0142ania sprzyjaj\u0105ce pracy w spos\u00f3b przyst\u0119pny i pobudzaj\u0105ce w\u0142asn\u0105 refleksj\u0119.<\/p><p>Efekty pracy warsztatowej (np. powsta\u0142e etiudy, ruchy sceniczne, wypowiedzi) m\u0142odzie\u017cy pos\u0142u\u017c\u0105 do zbudowania scenariusza dzia\u0142ania performatywnego jako fina\u0142owego spektaklu. Za pomoc\u0105 teatralnych \u015brodk\u00f3w wyrazu zostan\u0105 poruszone trudne tematy. R\u00f3\u017cnorodno\u015b\u0107 \u015brodk\u00f3w artystycznych, kt\u00f3re uczestnicy poznaj\u0105 w trakcie warsztat\u00f3w stworzy mo\u017cliwo\u015b\u0107 do znalezienia w\u0142a\u015bciwego sposobu wyra\u017cenia si\u0119, uwalniaj\u0105cego i pobudzaj\u0105cego ka\u017cdego uczestnika. Spektakl zostanie zaprezentowany w czterech miejscowo\u015bciach w wojew\u00f3dztwie podlaskim \u2013 Augustowie, Mo\u0144kach, Gr\u00f3dku i w Bia\u0142ymstoku. Po ostatnim spektaklu zostanie zorganizowany piknik integracyjny, w kt\u00f3rym we\u017amie udzia\u0142 ca\u0142y zesp\u00f3\u0142 projektowy, rodziny m\u0142odzie\u017cy wyst\u0119puj\u0105cej w spektaklu, dzieci i m\u0142odzie\u017c z o\u015brodka oraz wszyscy ch\u0119tni widzowie. B\u0119dzie to przestrze\u0144 do wymiany do\u015bwiadcze\u0144 i odczu\u0107 zwi\u0105zanych z projektem oraz rozm\u00f3w o dalszej perspektywie wsp\u00f3\u0142pracy.<\/p><p>Wszystkie etapy projektu zostan\u0105 udokumentowane fotograficznie, a spektakle dodatkowo zostan\u0105 utrwalone za pomoc\u0105 nagra\u0144 wideo. Do materia\u0142\u00f3w audiowizualnych zostan\u0105 opracowane u\u0142atwienia w dost\u0119pno\u015bci audiodeskrypcja i t\u0142umaczenie PJM. Na podstawie do\u015bwiadcze\u0144 warsztatowych i skryptu scenariusza spektaklu, pedagog teatru, opracuje materia\u0142y edukacyjne do pracy z dzie\u0107mi i m\u0142odzie\u017c\u0105 niepe\u0142nosprawn\u0105 intelektualnie. Opr\u00f3cz tego powstanie przewodnik po metodzie. Wszystkie materia\u0142y zostan\u0105 udost\u0119pnione szerokiej grupie odbiorc\u00f3w. Tre\u015bci b\u0119d\u0105 dost\u0119pne nieodp\u0142atnie na stronie internetowej projektu.<\/p><p>Projekt b\u0119dzie realizowany do grudnia 2024 r.<\/p><p>Projekt \u201eM\u0142odzie\u017cowy teatr w\u0142\u0105czaj\u0105cy&#8221; realizowany w ramach Programu Kultura Dost\u0119pna dofinansowano ze \u015brodk\u00f3w Ministra Kultury i Dziedzictwa Narodowego pochodz\u0105cych z Funduszu Promocji Kultury \u2013 pa\u0144stwowego funduszu celowego.<\/p><p>Koordynator projektu:<br \/>Ewelina Sarosiek<br \/>esarosiek@mwb.com.pl<\/p>\t\t\t\t\t\t\t\t<\/div>\n\t\t\t\t<\/div>\n\t\t\t\t<\/div>\n\t\t\t\t<\/div>\n\t\t","protected":false},"excerpt":{"rendered":"<p>O projekcie Celem projektu jest w\u0142\u0105czenie os\u00f3b ze szczeg\u00f3lnymi potrzebami do \u017cycia kulturalnego poprzez stworzenie przestrzeni do ich dzia\u0142a\u0144 tw\u00f3rczych. Tocz\u0105ce si\u0119 [&hellip;]<\/p>\n","protected":false},"author":1,"featured_media":0,"parent":0,"menu_order":0,"comment_status":"closed","ping_status":"closed","template":"elementor_header_footer","meta":{"h5ap_radio_sources":[],"footnotes":""},"class_list":["post-37","page","type-page","status-publish","hentry"],"_links":{"self":[{"href":"https:\/\/mwb.com.pl\/teatr\/wp-json\/wp\/v2\/pages\/37","targetHints":{"allow":["GET"]}}],"collection":[{"href":"https:\/\/mwb.com.pl\/teatr\/wp-json\/wp\/v2\/pages"}],"about":[{"href":"https:\/\/mwb.com.pl\/teatr\/wp-json\/wp\/v2\/types\/page"}],"author":[{"embeddable":true,"href":"https:\/\/mwb.com.pl\/teatr\/wp-json\/wp\/v2\/users\/1"}],"replies":[{"embeddable":true,"href":"https:\/\/mwb.com.pl\/teatr\/wp-json\/wp\/v2\/comments?post=37"}],"version-history":[{"count":34,"href":"https:\/\/mwb.com.pl\/teatr\/wp-json\/wp\/v2\/pages\/37\/revisions"}],"predecessor-version":[{"id":1448,"href":"https:\/\/mwb.com.pl\/teatr\/wp-json\/wp\/v2\/pages\/37\/revisions\/1448"}],"wp:attachment":[{"href":"https:\/\/mwb.com.pl\/teatr\/wp-json\/wp\/v2\/media?parent=37"}],"curies":[{"name":"wp","href":"https:\/\/api.w.org\/{rel}","templated":true}]}}