{"id":77,"date":"2014-07-07T11:57:21","date_gmt":"2014-07-07T11:57:21","guid":{"rendered":"http:\/\/mwb.com.pl\/policja\/?page_id=77"},"modified":"2014-07-11T06:54:53","modified_gmt":"2014-07-11T06:54:53","slug":"tragiczny-final","status":"publish","type":"page","link":"https:\/\/mwb.com.pl\/policja\/?page_id=77","title":{"rendered":"tragiczny fina\u0142"},"content":{"rendered":"<div class=\"art-content-layout\">\n<div class=\"art-content-layout-row\">\n<div class=\"art-layout-cell layout-item-0\" style=\"width: 50%;\">\n<p class=\"MsoNoSpacing\" style=\"text-indent: 15pt;\"><span style=\"font-size: 15px;\">Pokojow\u0105 prac\u0119 policji na posterunkach i komisariatach wojew\u00f3dztwa bia\u0142ostockiego przerwa\u0142o wydane 29 VIII 1939 r. zarz\u0105dzenie Komendy G\u0142\u00f3wnej PP o wykonaniu natychmiastowej mobilizacji kadry policyjnej tego okr\u0119gu. Formowanie oddzia\u0142\u00f3w odbywa\u0142o si\u0119 na wz\u00f3r wojskowy poprzez wcielenie w ich szeregi starszych wiekiem oficer\u00f3w i szeregowych rezerwy. Jednocze\u015bnie wzmocniono obsad\u0119 liczebn\u0105 posterunk\u00f3w, a cz\u0119\u015b\u0107 nowoutworzonych jednostek u\u017cyto do ochrony strategicznie wa\u017cnych odcink\u00f3w linii kolejowych, szlak\u00f3w komunikacyjnych i obiekt\u00f3w wojskowych. Podj\u0119to r\u00f3wnie\u017c na szerok\u0105 skal\u0119 dzia\u0142ania w celu czasowego internowania podejrzanych o szpiegostwo i dywersj\u0119 przedstawicieli mniejszo\u015bci niemieckiej. Nie da\u0142y jednak one spodziewanych rezultat\u00f3w, bowiem rozpocz\u0119ta akcja represyjna w stosunku do tej grupy ludno\u015bci by\u0142a w tym momencie ju\u017c znacznie sp\u00f3\u017anion\u0105.<\/span><\/p>\n<p class=\"MsoNoSpacing\" style=\"text-indent: 15pt;\"><span style=\"font-size: 15px;\">Z chwil\u0105 wybuchu wojny w dniu 1 IX 1939 r. bia\u0142ostocka policja miejska w sile jednego batalionu zosta\u0142a zmobilizowana i czeka\u0142a na rozkazy miejscowego wojewody. W terenie podobne dzia\u0142ania mobilizacyjne przeprowadzi\u0142y wszystkie komendy powiatowe, pe\u0142ni\u0105c nadal swymi posterunkami s\u0142u\u017cb\u0119 bezpiecze\u0144stwa. Na mocy rozporz\u0105dze\u0144 wcielaj\u0105cych policj\u0119 w sk\u0142ad si\u0142 zbrojnych jej organa otrzyma\u0142y odpowiednie uprawnienia \u017candarmerii wojskowej. W jednym z ostatnich rozkaz\u00f3w Komendy Wojew\u00f3dzkiej PP w Bia\u0142ymstoku podinspektor Kazimierz Zio\u0142owski nakaza\u0142 swym podkomendnym szczeg\u00f3\u0142owe kontrolowanie wa\u0142\u0119saj\u0105cych si\u0119 po mie\u015bcie \u017co\u0142nierzy, kt\u00f3rych nale\u017ca\u0142o wylegitymowa\u0107, a podejrzanych o dywersj\u0119 i szpiegostwo bezzw\u0142ocznie aresztowa\u0107. Poleca\u0142 jednocze\u015bnie poszczeg\u00f3lnym komendantom powiatowym troskliwie opiekowanie si\u0119 przydzielonymi rezerwistami, rozlokowanymi ma\u0142ymi oddzia\u0142ami na terenie wojew\u00f3dztwa.<\/span><\/p>\n<p class=\"MsoNoSpacing\" style=\"text-indent: 15pt;\"><span style=\"font-size: 15px;\">Pogarszaj\u0105ca si\u0119 coraz bardziej sytuacja na froncie wymusi\u0142a niejako konieczn\u0105 ewakuacj\u0119 urz\u0119d\u00f3w administracji pa\u0144stwowej i jednostek PP na wsch\u00f3d. Ostatecznie w nocy z 10 na 11 IX batalion bia\u0142ostockiej policji opu\u015bci\u0142 miasto i szos\u0105 przez Wo\u0142kowysk skierowa\u0142 si\u0119 w stron\u0119 Lidy. W pobli\u017cu tej miejscowo\u015bci wi\u0119kszo\u015b\u0107 policjant\u00f3w zosta\u0142a otoczona przez oddzia\u0142y wkraczaj\u0105cej od wschodu Armii Czerwonej, trafiaj\u0105c w ten spos\u00f3b do sowieckiej niewoli. Bli\u017cej nieokre\u015blona cz\u0119\u015b\u0107 policji bia\u0142ostockiego okr\u0119gu przekroczy\u0142a granic\u0119 z Litw\u0105 i tam zosta\u0142a internowana. Bohatersk\u0105 walk\u0119 z czo\u0142owymi oddzia\u0142ami sowieckimi podj\u0119\u0142a za to za\u0142oga policyjna Grodna, kierowana przez nadkomisarza Nag\u00f3rskiego. W obronie ul. Jerozolimskiej oraz budynk\u00f3w komendy powiatowej i miejscowego urz\u0119du \u015bledczego poleg\u0142o kilkudziesi\u0119ciu policjant\u00f3w.<\/span><\/p>\n<p class=\"MsoNoSpacing\" style=\"text-indent: 15pt;\"><span style=\"font-size: 15px;\">Zaj\u0119cie Bia\u0142ostocczyzny przez Armi\u0119 Czerwon\u0105 spowodowa\u0142o natychmiastowe wch\u0142oni\u0119cie tego obszaru w sk\u0142ad sowieckiego imperium. Po zainstalowaniu si\u0119 pierwszych struktur nowej administracji terenowej jednostki NKWD rozpocz\u0119\u0142y akcj\u0119 oczyszczania obszaru z element\u00f3w nieprzyjaznych w\u0142adzy radzieckiej tj. by\u0142ych wojskowych, le\u015bnik\u00f3w, policjant\u00f3w. Na podstawie posiadanej przez nich dokumentacji i rozlicznych donos\u00f3w wielu funkcjonariuszy PP pow. bielskiego, bia\u0142ostockiego, suwalskiego i sok\u00f3lskiego zosta\u0142o aresztowanych i osadzonych w bia\u0142ostockim wi\u0119zieniu. Na mocy wyrok\u00f3w wywieziono ich potem w g\u0142\u0105b Rosji b\u0105d\u017a umy\u015blnie likwidowano w czasie transportu. Tylko nielicznym uda\u0142o si\u0119 wyj\u015b\u0107 ca\u0142o z tej opresji.<\/span><\/p>\n<p class=\"MsoNoSpacing\" style=\"text-indent: 15pt;\"><span style=\"font-size: 15px;\">Du\u017ca liczba policjant\u00f3w z terenu woj. bia\u0142ostockiego znalaz\u0142a si\u0119 r\u00f3wnie\u017c na li\u015bcie je\u0144c\u00f3w polskich osadzonych w obozie Ostaszkowie nad jeziorem Seliger. Decyzja o masowej likwidacji wi\u0119\u017ani\u00f3w zapad\u0142a na pocz\u0105tku marca 1940\u00a0 r. i zako\u0144czona zosta\u0142a ostatecznie 19 V 1940 r. Barbarzy\u0144skiego mordu dokonywano w wi\u0119zieniu obwodowym w Kalininie. Cia\u0142a rozstrzeliwanych pistoletowym strza\u0142em w ty\u0142 g\u0142owy przewo\u017cono nast\u0119pnie w rejon osady Miednoje, gdzie wrzucano je do przygotowywanych wcze\u015bniej do\u0142\u00f3w. Po ich zasypaniu, dla zamaskowania \u015blad\u00f3w pope\u0142nionej zbrodni, posadzono w tym miejscu m\u0142ody las. Do ostatnich chwil funkcjonowania obozu przebywa\u0142o w nim wielu oficer\u00f3w, kt\u00f3rzy w okresie mi\u0119dzywojennym pe\u0142nili kierownicze funkcje w bia\u0142ostockiej policji. W zbiorowych mogi\u0142ach Miednoje, razem ni\u017cszymi funkcjonariuszami PP V okr\u0119gu, pochowani zostali: podinspektor Franciszek Hilary Nowak, nadkomisarze &#8211; Stanis\u0142aw Falsenhart-Skalski, Julian Radoniewicz i Jan Kazimierz Szafra\u0144ski; komisarze &#8211; J\u00f3zef Zalewski, Boles\u0142aw Bartoszewicz, W\u0142adys\u0142aw Chmura i Piotr Jurczak; podkomisarze &#8211; Jan Balcer, Ignacy Mi\u0144ski, Teofil Petri, J\u00f3zef Tomiak i Wac\u0142aw Unger oraz aspirant &#8211; Jan Bagi\u0144ski. Podobny los nie spotka\u0142 jedynie tych, kt\u00f3rzy ewakuowali si\u0119 tragicznego wrze\u015bnia na Litw\u0119. Jednak i tam nie mogli si\u0119 cieszy\u0107 zbyt d\u0142ugo przys\u0142owiow\u0105 wolno\u015bci\u0105. Po terytorialnej aneksji Litwy przez ZSRS w 1940 r. wszyscy internowani znale\u017ali si\u0119 w r\u0119kach oprawc\u00f3w NKWD. Wielu z nich nie prze\u017cy\u0142o p\u00f3\u017aniejszych trud\u00f3w kator\u017cniczej pracy w sowieckich \u0142agrach i do dzi\u015b ich bezimienne groby pozostaj\u0105 rozsiane po ca\u0142ym terytorium sowieckiego pa\u0144stwa. Tym co si\u0119 uda\u0142o opu\u015bcili komunistyczny raj wraz z ewakuowan\u0105 na Bliski Wsch\u00f3d Armi\u0105 Polsk\u0105 gen. W\u0142adys\u0142awa Andersa. W ten spos\u00f3b \u017cycie swe uratowa\u0142a jedynie garstka by\u0142ych funkcjonariuszy V bia\u0142ostockiego okr\u0119gu PP.<\/span><\/p>\n<p>&nbsp;<\/p>\n<p class=\"MsoNoSpacing\" style=\"text-indent: 15pt;\"><span style=\"font-family: Arial; font-size: 15px;\"><strong>JE\u0143CY OBOZU W OSTASZKOWIE ZAMORDOWANI WIOSN\u0104 1940 R. PRZEZ SOWIECKIE NKWD I POCHOWANI NA POLSKIM CMENTARZU WOJENNYM W MIEDNOJE<\/strong><\/span><\/p>\n<p>1. Przodownik ADAMSKI MICHA\u0141 (1889-1940) \u2013 Wydzia\u0142 \u015aledczy w Bia\u0142ymstoku<\/p>\n<p>2. St. przodownik AMSZEJ ANTONI \u2013 Komenda Wojew\u00f3dzka PP w Bia\u0142ymstoku<\/p>\n<p>3. St. posterunkowy APOZNA\u0143SKI W\u0141ADYS\u0141AW (1886-1940) \u2013 III Komisariat PP w Bia\u0142ymstoku<\/p>\n<p>4. Przodownik ARCISZEWSKI FRANCISZEK (1881-1940) \u2013 I Komisariat PP w Grodnie<\/p>\n<p>5. Przodownik ARCISZEWSKI JAN (1894-1940) \u2013 III Komisariat PP w Bia\u0142ymstoku<\/p>\n<p>6. Posterunkowy BACKIEL STANIS\u0141AW (1910-1940)<\/p>\n<p>7. Przodownik BAGI\u0143SKI JAN (1902-1940) \u2013 Urz\u0105d \u015aledczy w Bia\u0142ymstoku<\/p>\n<p>8. Podkomisarz BALCER JAN (1905-1940) \u2013 zast\u0119pca kierownika Wydzia\u0142u \u015aledczego w Bia\u0142ymstoku<\/p>\n<p>9. BA\u0143KOWSKI ALEKSANDER (1899-1940) \u2013 Komenda Wojew\u00f3dzka PP w Bia\u0142ymstoku<\/p>\n<p>10. St. posterunkowy BARANOWSKI STANIS\u0141AW (1900-1940) \u2013 III Komisariat PP w Bia\u0142ymstoku<\/p>\n<p>11. Komisarz BARTOSZEWICZ BOLES\u0141AW (1893-1940) \u2013 b. komendant powiatowy PP w Sok\u00f3\u0142ce<\/p>\n<p>12. Posterunkowy BERNACKI BOLES\u0141AW (1895-1940) \u2013 III Komisariat PP w Bia\u0142ymstoku<\/p>\n<p>13. Posterunkowy BIA\u0141KOWSKI J\u00d3ZEF ( 1897-1940) \u2013 II Komisariat PP w Bia\u0142ymstoku<\/p>\n<p>14. Przodownik BIELECKI JAN (1893-1940) \u2013 Posterunek PP w Jedwabnem<\/p>\n<p>15. Posterunkowy BOBEK J\u00d3ZEF (1912-1940) \u2013 Posterunek PP w Andrzejewie<\/p>\n<p>16. Przodownik BOSSY PIOTR ( 1901-1940) \u2013 Posterunek PP w Ostrowi Mazowieckiej<\/p>\n<p>17. St. posterunkowy BRANICKI SEWERYN (1890-1940) \u2013 IV Komisariat PP w Bia\u0142ymstoku<\/p>\n<p>18. Posterunkowy BRO\u017bEK W\u0141ADYS\u0141AW (1911-1940) \u2013 Posterunek PP w Wasilkowie<\/p>\n<p>19. St. posterunkowy BRYCKI STANIS\u0141AW (1898-1940) \u2013 Posterunek PP w Sura\u017cu<\/p>\n<p>20. Posterunkowy BUCZEK J\u00d3ZEF (1904-1940) \u2013 Oddzia\u0142 Konny PP m. Bia\u0142egostoku<\/p>\n<p>21. St. posterunkowy BUDKOWSKI JAN (1894-1940) \u2013 Posterunek PP w Ostrowi Mazowieckiej<\/p>\n<p>22. Przodownik CEGLAREK JAN (1893-1940) \u2013 policja miasta Bia\u0142egostoku<\/p>\n<p>23. Posterunkowy CEL JAN (1913-1940) \u2013 policja miasta Bia\u0142egostoku<\/p>\n<p>24. Komisarz CHMURA W\u0141ADYS\u0141AW PIOTR (1895-1940) \u2013 b. komendant powiatowy PP w Wo\u0142kowysku<\/p>\n<p>25. Posterunkowy CHOMONTOWSKI BOLES\u0141AW (1888-1940) \u2013 III Komisariat PP w Bia\u0142ymstoku<\/p>\n<p>26. Przodownik CHWIED\u0179KO WIKTOR (1897-1940) \u2013 policja miasta Bia\u0142egostoku<\/p>\n<p>27. St. posterunkowy CIESIELSKI JAN (1888-1940) \u2013 Posterunek PP w Kobylinie<\/p>\n<p>28. St. posterunkowy CZARKOWSKI J\u00d3ZEF (1888-1940) \u2013 Posterunek PP w Wasilkowie<\/p>\n<p>29. Przodownik CZEREPI\u0143SKI EDWARD (1899-1940) \u2013 Wydzia\u0142 \u015aledczy w Bia\u0142ymstoku<\/p>\n<p>30. Przodownik CZUMAKOW-CZUMAKOWSKI PAWE\u0141 (1895-1940) \u2013 I Komisariat PP w Grodnie<\/p>\n<p>31. CZUSZEL KAZIMIERZ (1894-1940) \u2013 policja miasta Grodna<\/p>\n<p>32. Posterunkowy CZYJAK JAN (1913-1940) \u2013 Posterunek PP w Andrzejewie<\/p>\n<p>33. Posterunkowy D\u0104BKOWSKI W\u0141ADYS\u0141AW (1891-1940) \u2013 III Komisariat PP w Bia\u0142ymstoku<\/p>\n<p>34. Posterunkowy DENSZYN CYRYL (1901-1940) \u2013 policja miasta Grodno<\/p>\n<p>35. St. posterunkowy DERECZYK W\u0141ODZIMIERZ \u2013 Komenda Powiatowa PP w Sok\u00f3\u0142ce<\/p>\n<p>36. Przodownik DOBROWOLSKI ANTONI (1897-1940) \u2013 III Komisariat PP w Bia\u0142ymstoku<\/p>\n<p>37. Posterunkowy DOMA\u0143SKI KAZIMIERZ (1899-1940) \u2013 policja miasta Bia\u0142egostoku<\/p>\n<p>38. Posterunkowy DOMINIK JOZEF (1915-1940) \u2013 Posterunek PP w Goni\u0105dzu<\/p>\n<p>39. St. przodownik DRUSZCZ ANTONI (1889-1940) \u2013 komendant Oddzia\u0142u Konnego PP m. Bia\u0142egostoku<\/p>\n<p>40. Posterunkowy DUDA\u0141A STEFAN (1910-1940) \u2013 Posterunek PP w Nurze<\/p>\n<p>41. Posterunkowy DWORAK ALEKSY (1903-1940) \u2013 policja miasta Bia\u0142egostoku<\/p>\n<p>42. Posterunkowy GAJ J\u00d3ZEF (1912-1940) \u2013 policja miasta Bia\u0142egostoku<\/p>\n<p>43. St. posterunkowy GELENEK ROBERT (1899-1940) \u2013 Kompania \u201eI\u201d Rezerwy Policyjnej w Bia\u0142ymstoku<\/p>\n<p>44. St. posterunkowy GARNCARZ W\u0141ADYS\u0141AW (1899-1940) \u2013 policja miasta Bia\u0142egostoku<\/p>\n<p>45. Posterunkowy GIEREJ FRANCISZEK (1893-1940) \u2013 policja powiatu bia\u0142ostockiego<\/p>\n<p>46. Przodownik G\u0141\u00d3WKA JOZEF (1904-1940) \u2013 I Komisariat PP w Bia\u0142ymstoku<\/p>\n<p>47. Przodownik GORELIK PIOTR (1894-1940) \u2013 policja miasta Bia\u0142egostoku<\/p>\n<p>48. Przodownik GRABDA JAN (1900-1940) \u2013 IV Komisariat PP w Bia\u0142ymstoku<\/p>\n<p>49. Posterunkowy GRADUSZEWSKI FERDYNAND (1909-1940) \u2013 policja woj. bia\u0142ostockiego<\/p>\n<p>50. Przodownik GR\u00d3DECKI SZCZEPAN (1900-1940) \u2013 IV Komisariat PP w Bia\u0142ymstoku<\/p>\n<p>51. St. posterunkowy GRUSZEWSKI FRANCISZEK (1900-1940) \u2013 Kompania \u201eI\u201d Rezerwy Policyjnej w Bia\u0142ymstoku<\/p>\n<p>52. Posterunkowy GRYC JAN (1906-1940) &#8211; policja woj. bia\u0142ostockiego<\/p>\n<p>53. Posterunkowy GRYGORCZYK WAC\u0141AW (1901-1940) \u2013 Posterunek PP w Myszy\u0144cu<\/p>\n<p>54. Posterunkowy GRZECHNIK STANIS\u0141AW (1905-1940) \u2013 Wydzia\u0142 \u015aledczy PP w Bia\u0142ymstoku<\/p>\n<p>55. Posterunkowy GUTOWSKI PIOTR (1900-1940) \u2013 policja miasta Bia\u0142egostoku<\/p>\n<p>56. Podkomisarz HASS W\u0141ADYS\u0141AW JAN (1909-1940) \u2013 kierownik I Komisariatu PP w Bia\u0142ymstoku<\/p>\n<p>57. Posterunkowy HADZI\u0143SKI MARCELI (1913-1940) \u2013 Posterunek PP w Rajgrodzie<\/p>\n<p>58. St. posterunkowy HI\u017bYCKI EDWARD (1901-1940) \u2013 II Komisariat PP w Bia\u0142ymstoku<\/p>\n<p>59. St. posterunkowy HORONOWICZ BRONIS\u0141AW (1906-1940) \u2013 Wydzia\u0142 \u015aledczy w Bia\u0142ymstoku<\/p>\n<p>60. Posterunkowy IDZIKOWSKI ARKADIUSZ J\u00d3ZEF (1912-1940) \u2013 Posterunek PP w Sura\u017cu<\/p>\n<p>61. St. posterunkowy JARKA STANIS\u0141AW (1902-1940) \u2013 policja miasta Bia\u0142egostoku<\/p>\n<p>62. Posterunkowy J\u0118DZRZEJCZYK ANTONI (1891-1940) \u2013 Posterunek PP w Marcinka\u0144cach<\/p>\n<p>63. St. posterunkowy J\u00d3\u0179WIAK JAN (1899-1940) \u2013 II Komisariat PP w Bia\u0142ymstoku<\/p>\n<p>64. Komisarz JURCZAK PIOTR (1896-1940) \u2013 b. kierownik I i II Komisariatu PP w Bia\u0142ymstoku<\/p>\n<p>65. Posterunkowy KABACI\u0143SKI FELIKS (1899-1940) \u2013 policja miasta Bia\u0142egostoku<\/p>\n<p>66. St. posterunkowy KALINOWSKI STANIS\u0141AW (1899-1940) \u2013 I Komisariat PP w Bia\u0142ymstoku<\/p>\n<p>67. Posterunkowy KALKO JAN (1889-1940) \u2013 policja miasta Bia\u0142egostoku<\/p>\n<p>68. Posterunkowy KA\u0141U\u017bNY W\u0141ADYS\u0141AW (1912-1940) \u2013 Posterunek PP w Supra\u015blu<\/p>\n<p>69. St. posterunkowy KAPELEWSKI MARIAN (1897-1940) \u2013 Posterunek PP w Grajewie<\/p>\n<p>70. St. posterunkowy KARBOWSKI FRANCISZEK (1896-1940) \u2013 III Komisariat PP w Bia\u0142ymstoku<\/p>\n<p>71. Posterunkowy KARPI\u0143SKI WAC\u0141AW (1892-1940) \u2013 Posterunek Kolejowy PP w Bia\u0142ymstoku<\/p>\n<p>72. St. przodownik KARWOWSKI ALEKSANDER (1895-1940) \u2013 I Komisariat PP w Bia\u0142ymstoku<\/p>\n<p>73. St. posterunkowy KAZIMIERZAK J\u00d3ZEF (1898-1940) \u2013 III Komisariat PP w Bia\u0142ymstoku<\/p>\n<p>74. Posterunkowy KISIEL W\u0141ODZIMIERZ (1908-1940) \u2013 policja miasta Bia\u0142egostoku<\/p>\n<p>75. St. posterunkowy KITLAS STANIS\u0141AW (1899-1940) \u2013 Wydzia\u0142 \u015aledczy w Bia\u0142ymstoku<\/p>\n<p>76. St. posterunkowy KOCHANIAK LUDWIK (1897-1940) \u2013 policja miasta Bia\u0142egostoku<\/p>\n<p>77. St. posterunkowy KONDRACKI STEFAN (1881-1940) \u2013 policja miasta Bia\u0142egostoku<\/p>\n<p>78. Przodownik KOROLCZUK ALEKSANDER (1897-1940) \u2013 policja miasta Bia\u0142egostoku<\/p>\n<p>79. St. posterunkowy KORZECKI STEFAN (1905-1940) \u2013 Posterunek PP w Supra\u015blu<\/p>\n<p>80. St. posterunkowy KO\u015aNIK STANIS\u0141AW (1901-1940) \u2013 III Komisariat PP w Bia\u0142ymstoku<\/p>\n<p>81. Przodownik KOWALEWSKI TADEUSZ (1906-1940) \u2013 Posterunek PP w Marcinka\u0144cach<\/p>\n<p>82. St. przodownik K\u00d6NIG ADAM (1898-1940) \u2013 komendant Posterunku PP w Marcinka\u0144cach<\/p>\n<p>83. Posterunkowy KRAKOWSKI KAZIMIERZ (1913-1940) \u2013 Posterunek PP w Bielsku Podlaskim<\/p>\n<p>84. St. posterunkowy KRZEMI\u0143SKI FRANCISZEK (1890-1940) \u2013 Komenda Powiatowa PP w \u0141om\u017cy<\/p>\n<p>85. St. posterunkowy KUCZY\u0143SKI KAZIMIERZ (1884-1940) \u2013 IV Komisariat PP w Bia\u0142ymstoku<\/p>\n<p>86. St. posterunkowy KULESZA FRANCISZEK (1898-1940) \u2013 Komenda Powiatowa PP w Ostrowi Mazowieckiej<\/p>\n<p>87. Posterunkowy KURKOWSKI ANTONI (1902-1940) \u2013 policja miasta Bia\u0142egostoku<\/p>\n<p>88. Przodownik KUTY\u0141OWSKI W\u0141ADYS\u0141AW (1887-1940) \u2013 II Komisariat PP w Bia\u0142ymstoku<\/p>\n<p>89. St. posterunkowy KU\u0179MI\u0143SKI STANIS\u0141AW (1905-1940) \u2013 policja miasta Bia\u0142egostoku<\/p>\n<p>90. St. przodownik KWIATKOWSKI TEOFIL (1892-1940) \u2013 Komenda Powiatowa PP w Bielsku Podlaskim<\/p>\n<p>91. Posterunkowy LAMPERT PIOTR (1890-1940) \u2013 Posterunek PP w Turo\u015bni Ko\u015bcielnej<\/p>\n<p>92. St. posterunkowy LATOSI\u0143SKI FELIKS (1894-1940) \u2013 policja miasta Bia\u0142egostoku<\/p>\n<p>93. Przodownik LECHMAN PAWE\u0141 (1898-1940) \u2013 Posterunek PP w Rudce<\/p>\n<p>94. St. posterunkowy LITWI\u0143CZUK STANIS\u0141AW (1900-1940) \u2013 policja miasta Grodno<\/p>\n<p>95. St. przodownik \u0141API\u0143SKI WALERIAN (1890-1940) \u2013 IV Komisariat PP w Bia\u0142ymstoku<\/p>\n<p>96. \u0141EPKOWSKI NIKODEM (1889-1940) \u2013 policja miasta Bia\u0142egostoku<\/p>\n<p>97. St. posterunkowy \u0141ODZI\u0143SKI PIOTR (1900-1940) \u2013 policja miasta Bia\u0142egostoku<\/p>\n<p>98. Posterunkowy \u0141UKASIAK W\u0141ADYS\u0141AW (1911-1940) \u2013 Posterunek PP w Czy\u017cewie<\/p>\n<p>99. St. posterunkowy MACHOWIAK J\u00d3ZEF (1899-1940) \u2013 II Komisariat PP w Bia\u0142ymstoku<\/p>\n<p>100. Posterunkowy MA\u0143KOWSKI KAZIMIERZ CZES\u0141AW (1911-1940) \u2013 III Komisariat PP w Bia\u0142ymstoku<\/p>\n<p>101. Posterunkowy MARCZAK WAC\u0141AW (1903-1940) \u2013 I Komisariat PP w Bia\u0142ymstoku<\/p>\n<p>102. MARIITZ KAROL (1899-1940) \u2013 Posterunek PP w Wychodnem<\/p>\n<p>103. Posterunkowy MATCZAK EDWARD (1913-1940) \u2013 policja woj. bia\u0142ostockiego<\/p>\n<p>104. Przodownik MENTEL STANIS\u0141AW (1899-1940) \u2013 Wydzia\u0142 \u015aledczy w Bia\u0142ymstoku<\/p>\n<p>105. Posterunkowy MIESZALSKI J\u00d3ZEF (1912-1940) \u2013 policja miasta Bia\u0142egostoku<\/p>\n<p>106. St. posterunkowy MIESZKO FRANCISZEK (1900-1940) \u2013 Wydzia\u0142 \u015aledczy w Bielsku Podlaskim<\/p>\n<p>107. St. przodownik MILLER ALFRED (1884-1940) \u2013 Komenda Wojew\u00f3dzka PP w Bia\u0142ymstoku<\/p>\n<p>108. Posterunkowy MIROWICZ KAROL (1895-1940) \u2013 II Komisariat PP w Bia\u0142ymstoku<\/p>\n<p>109. Posterunkowy MOSKALUK J\u00d3ZEF (1899-1940) \u2013 II Komisariat PP w Grodnie<\/p>\n<p>110. St. posterunkowy MYDLARZ W\u0141ADYS\u0141AW (1889-1940) \u2013 Kompania \u201eI\u201d Rezerwy Policyjnej w Bia\u0142ymstoku<\/p>\n<p>111. Przodownik NAJDA STEFAN (1898-1940) \u2013 Posterunek PP w Ma\u0142ym P\u0142ocku<\/p>\n<p>112. St. posterunkowy NAKONIECZNY FRANCISZEK (1901-1940) \u2013 I Komisariat PP w Bia\u0142ymstoku<\/p>\n<p>113. St. posterunkowy NIWI\u0143SKI ANTONI (1901-1940) \u2013 Posterunek PP w Bielsku Podlaskim<\/p>\n<p>114. Przodownik NOWORYTA LUDWIK (1890-1940) \u2013 III Komisariat PP w Bia\u0142ymstoku<\/p>\n<p>115. St. posterunkowy OLSZEWSKI W\u0141ADYS\u0141AW (1884-1940) \u2013 I Komisariat PP w Bia\u0142ymstoku<\/p>\n<p>116. Posterunkowy ORACZ PIOTR (1899-1940) \u2013 policja pow. bia\u0142ostockiego<\/p>\n<p>117. St. posterunkowy ORNOWSKI STEFAN (1896-1940) \u2013 Posterunek PP w Dubnie<\/p>\n<p>118. Przodownik PACIUKIEWICZ ANTONI (1895-1940) \u2013 Posterunek PP w Czerwonym Borze<\/p>\n<p>119. St. posterunkowy PACYNKO BOLES\u0141AW (1895-1940) \u2013 policja miasta Grodno<\/p>\n<p>120. St. posterunkowy PACZUSKA FRANCISZEK (1895-1940) \u2013 policja miasta Bia\u0142egostoku<\/p>\n<p>121. Podkomisarz PETRI TEOFIL (1911-1940) \u2013 kierownik II Komisariatu PP w Bia\u0142ymstoku<\/p>\n<p>122. Posterunkowy PIETRASZEWSKI PIOTR (1903-1940) \u2013 Kompania \u201eI\u201d Rezerwy Policyjnej w Bia\u0142ymstoku<\/p>\n<p>123. St. posterunkowy PIOTROWICZ WAC\u0141AW (1906-1940) \u2013 policja miasta Bia\u0142egostoku<\/p>\n<p>124. St. posterunkowy PLUTA WOJCIECH (1900-1940) \u2013 III Komisariat PP w Bia\u0142ymstoku<\/p>\n<p>125. St. posterunkowy PLO\u0143SKI JAN (1898-1940) \u2013 Posterunek PP w Marcinka\u0144cach<\/p>\n<p>126. Posterunkowy POGORZELSKI JAN (1898-1940) \u2013 Posterunek PP w Szumowie<\/p>\n<p>127. St. posterunkowy POTOCKI JAN (1894-1940) \u2013 Posterunek PP w Bielsku Podlaskim<\/p>\n<p>128. St. przodownik POTOPOWICZ LUDWIK (1878-1940) \u2013 policja miasta Bia\u0142egostoku<\/p>\n<p>129. St. posterunkowy PRUSINOWSKI HIERONIM (1896-1940) \u2013 policja miasta \u0141om\u017ca<\/p>\n<p>130. St. posterunkowy PRUSI\u0143SKI FRANCISZEK (1890-1940) \u2013 Posterunek PP w Trzciannem<\/p>\n<p>131. Posterunkowy PRUSZKOWSKI BOLES\u0141AW (1904-1940) \u2013 Komisariat PP w Suwa\u0142kach<\/p>\n<p>132. Posterunkowy PRZYBYLAK WOJCIECH (1886-1940) \u2013 Posterunek PP w Stawiskach<\/p>\n<p>133. St. posterunkowy PUCI\u0141O PIOTR PAWE\u0141 (1884-1940) \u2013 Posterunek PP w \u0141apach<\/p>\n<p>134. St. posterunkowy PUCI\u0141OWSKI FLORIAN (1884-1940) \u2013 IV Komisariat PP w Bia\u0142ymstoku<\/p>\n<p>135. Nadkomisarz RADONIEWICZ JULIAN JAN (1895-1940) \u2013 b. komendant powiatowy PP w Ostrowi Mazowieckiej<\/p>\n<p>136. St. posterunkowy ROMANOWSKI BOLES\u0141AW (1887-1940) \u2013 I Komisariat PP w Bia\u0142ymstoku<\/p>\n<p>137. Posterunkowy ROWI\u0143SKI ADAM (1893-1940) \u2013 II Komisariat PP w Bia\u0142ymstoku<\/p>\n<p>138. Posterunkowy RUCZAK STANIS\u0141AW (1911-1940) \u2013 policja woj. bia\u0142ostockiego<\/p>\n<p>139. St. posterunkowy RUTKOWSKI JAN (1899-1940) \u2013 policja miasta Bia\u0142egostoku<\/p>\n<p>140. Przodownik RUSINOWICZ ADAM (1895-1940) &#8211; I Komisariat PP w Bia\u0142ymstoku<\/p>\n<p>141. St. posterunkowy RYBACKI TOMASZ (1899-1940) \u2013 Wydzia\u0142 \u015aledczy w Bia\u0142ymstoku<\/p>\n<p>142. St. posterunkowy RYBCZY\u0143SKI J\u00d3ZEF (1903-1940) \u2013 IV Komisariat PP w Bia\u0142ymstoku<\/p>\n<p>143. St. posterunkowy RYMASZEWSKI FRANCISZEK (1888-1940) \u2013 II Komisariat PP w Bia\u0142ymstoku<\/p>\n<p>144. Przodownik SABATOWSKI FRANCISZEK (1900-1940) \u2013 II Komisariat PP w Bia\u0142ymstoku<\/p>\n<p>145. St. posterunkowy SAD\u0141OWSKI JAN (1891-1940) \u2013 Posterunek PP w Sopo\u0107kiniach<\/p>\n<p>146. St. posterunkowy SAJEWSKI JERZY (1887-1940) \u2013 Komenda Wojew\u00f3dzka PP w Bia\u0142ymstoku<\/p>\n<p>147. St. posterunkowy SIEJKOWSKI W\u0141ADYS\u0141AW (1900-1940) \u2013 I Komisariat PP w Bia\u0142ymstoku<\/p>\n<p>148. Posterunkowy SITKO W\u0141ADYS\u0141AW (1913-1940) \u2013 policja woj. bia\u0142ostockiego<\/p>\n<p>149. St. posterunkowy S\u0141ONIEWSKI W\u0141ADYS\u0141AW (1884-1940) \u2013 III Komisariat PP w Bia\u0142ymstoku<\/p>\n<p>150. Posterunkowy SOKO\u0141OWSKI PIOTR (1888-1940) \u2013 Posterunek PP w Zar\u0119bach Ko\u015bcielnych<\/p>\n<p>151. St. posterunkowy SONCI\u0143SKI TEODOR (1898-1940) \u2013 policja miasta \u0141om\u017ca<\/p>\n<p>152. Przodownik STANISZEWSKI EDWARD (1892-1940) \u2013 III Komisariat PP w Bia\u0142ymstoku<\/p>\n<p>153. Przodownik SYBICKI JAN (1904-1940) \u2013 Posterunek PP w Klukowie<\/p>\n<p>154. Posterunkowy SZAJDA PIOTR (1899-1940) \u2013 Posterunek PP w Sura\u017cu<\/p>\n<p>155. St. posterunkowy SZEWCZYK ANDRZEJ (1890-1940) \u2013 II Komisariat PP w Bia\u0142ymstoku<\/p>\n<p>156. Przodownik SZOT JAN (1893-1940) \u2013 Posterunek PP w Wasilkowie<\/p>\n<p>157. Posterunkowy SZTAMBKE EDMUND (1909-1940) \u2013 Komenda Powiatowa PP w Wysokiem Mazowieckiem<\/p>\n<p>158. Posterunkowy SZUBZDA BRONIS\u0141AW (1903-1940) \u2013 policja miasta Bia\u0142egostoku<\/p>\n<p>159. Posterunkowy \u015aPIEWAK LUCJAN (1894-1940) \u2013 policja miasta Bia\u0142egostoku<\/p>\n<p>160. St. posterunkowy TOMCZAK J\u00d3ZEF (1898-1940) \u2013 III Komisariat PP w Bia\u0142ymstoku<\/p>\n<p>161. Przodownik TOMYS STEFAN (1897-1940) \u2013 policja miasta Grodno<\/p>\n<p>162. Przodownik TRYGUBOW MIKO\u0141AJ (1892-1940) \u2013 II Komisariat PP w Grodnie<\/p>\n<p>163. Posterunkowy UGONOWSKI KAROL (1908-1940) \u2013 Posterunek PP w Soko\u0142ach<\/p>\n<p>164. Podkomisarz UNGER WAC\u0141AW (1894-1940) \u2013 kierownik I Komisariatu PP w Bia\u0142ymstoku<\/p>\n<p>165. St. przodownik UZIEB\u0141O JERZY (1898-1940) \u2013 Posterunek PP w Grodnie<\/p>\n<p>166. Posterunkowy WAWRZYNIAK BOLES\u0141AW (1900-1940) \u2013 III Komisariat PP w Bia\u0142ymstoku<\/p>\n<p>167. St. posterunkowy W\u0118GRZYNEK W\u0141ADYS\u0141AW (1895-1940) \u2013 II Komisariat PP w Bia\u0142ymstoku<\/p>\n<p>168. St. posterunkowy WILCZY\u0143SKI ZYGMUNT (1898-1940) \u2013 policja miasta Bia\u0142egostoku<\/p>\n<p>169. Posterunkowy WITKOWSKI TADEUSZ (1896-1940) \u2013 policja miasta Bia\u0142egostoku<\/p>\n<p>170. St. przodownik WOJTULEWSKI ALFONS (1898-1940) \u2013 policja miasta Bia\u0142egostoku<\/p>\n<p>171. Przodownik WR\u00d3BEL KAZIMIERZ (1883-1940) \u2013 III Komisariat PP w Bia\u0142ymstoku<\/p>\n<p>172. Posterunkowy ZAJCZYK J\u00d3ZEF (1900-1940) &#8211; Posterunek PP w Rutkach<\/p>\n<p>173. Posterunkowy ZAJEWSKI KRZYSZTOF KAROL (1907-1940) \u2013 IV Komisariat PP w Bia\u0142ymstoku<\/p>\n<p>174. St. posterunkowy ZALEWSKI LEON (1905-1940) \u2013 IV Komisariat PP w Bia\u0142ymstoku<\/p>\n<p>175. St. posterunkowy ZAR\u0118BSKI FRANCISZEK (1900-1940) \u2013 I Komisariat PP w Bia\u0142ymstoku<\/p>\n<p>176. St. posterunkowy ZASTAWNY STANIS\u0141AW (1905-1940) \u2013 Posterunek PP w Piaskach<\/p>\n<p>177. St. posterunkowy ZAWISTOWSKI PIOTR (1892-1940) \u2013 policja miasta Bia\u0142egostoku<\/p>\n<p>178. St. posterunkowy ZWIERZCHOWSKI J\u00d3ZEF (1905-1940) \u2013 policja miasta Bia\u0142egostoku<\/p>\n<p>179. Posterunkowy \u017bABOKLICKI ZDZIS\u0141AW JAN (1908-1940)- policja miasta Bia\u0142egostoku<\/p>\n<p>180. St. posterunkowy \u017bMIJEWSKI BART\u0141OMIEJ MIECZYS\u0141AW (1892-1940) \u2013 Posterunek PP w Bia\u0142oszewie<\/p>\n<p>181. Przodownik \u017bOCHOWSKI W\u0141ADYS\u0141AW (1897-1940) \u2013 policja woj. bia\u0142ostockiego<\/p>\n<p>182. Posterunkowy \u017bUKOWSKI EDWARD (1914-1940) \u2013 policja woj. bia\u0142ostockiego<\/p>\n<p>183. St. przodownik \u017bYWIECKI RYSZARD (1892-1940) \u2013 Posterunek PP w Czarnej Wsi<\/p>\n<\/div>\n<div class=\"art-layout-cell layout-item-1\" style=\"width: 50%;\">\n<p><!-- default-view.php -->\n<div\n\tclass=\"ngg-galleryoverview default-view\n\t ngg-ajax-pagination-none\t\"\n\tid=\"ngg-gallery-7d4c506abd66dd77aa0fd7127d924a6f-1\"\n\tdata-gallery-id=\"17\">\n\n\t\t<!-- Thumbnails -->\n\t\t\t\t<div id=\"ngg-image-0\" class=\"ngg-gallery-thumbnail-box\n\t\t\t\t\t\t\t\tngg-2-columns\t\t\t\"\n\t\t\t>\n\t\t\t\t\t\t<div class=\"ngg-gallery-thumbnail\">\n\t\t\t<a href=\"https:\/\/mwb.com.pl\/policja\/wp-content\/gallery\/final\/26.jpg\"\n\t\t\t\ttitle=\"St. posterunkowy W\u0142adys\u0142aw W\u0119grzynek z II Komisariatu PP w Bia\u0142ymstoku (1935 r.). Zamordowany przez sowieckie NKWD i pochowany w zbiorowej mogile w Miednoje.\"\n\t\t\t\tdata-src=\"https:\/\/mwb.com.pl\/policja\/wp-content\/gallery\/final\/26.jpg\"\n\t\t\t\tdata-thumbnail=\"https:\/\/mwb.com.pl\/policja\/wp-content\/gallery\/final\/thumbs\/thumbs_26.jpg\"\n\t\t\t\tdata-image-id=\"359\"\n\t\t\t\tdata-title=\"26\"\n\t\t\t\tdata-description=\"St. posterunkowy W\u0142adys\u0142aw W\u0119grzynek z II Komisariatu PP w Bia\u0142ymstoku (1935 r.). Zamordowany przez sowieckie NKWD i pochowany w zbiorowej mogile w Miednoje.\"\n\t\t\t\tdata-image-slug=\"26-1\"\n\t\t\t\t\t\t\t\t\t\t\t\t\t\t\t\t\t\t\t\tclass=\"ngg-fancybox\" rel=\"7d4c506abd66dd77aa0fd7127d924a6f\">\n\t\t\t\t\t\t\t\t<img\n\t\t\t\t\ttitle=\"26\"\n\t\t\t\t\talt=\"26\"\n\t\t\t\t\tsrc=\"https:\/\/mwb.com.pl\/policja\/index.php\/nextgen-image\/359\/250x250x100\/crop\/bdd638dcad2a80e10ab00f4f781dd60e\"\n\t\t\t\t\twidth=\"250\"\n\t\t\t\t\theight=\"250\"\n\t\t\t\t\tstyle=\"max-width:100%;\"\n\t\t\t\t\/>\n\t\t\t<\/a>\n\t\t<\/div>\n\t\t\t\t\t\t\t<\/div>\n\t\t\t\n\t\t\t\t<div id=\"ngg-image-1\" class=\"ngg-gallery-thumbnail-box\n\t\t\t\t\t\t\t\tngg-2-columns\t\t\t\"\n\t\t\t>\n\t\t\t\t\t\t<div class=\"ngg-gallery-thumbnail\">\n\t\t\t<a href=\"https:\/\/mwb.com.pl\/policja\/wp-content\/gallery\/final\/18.jpg\"\n\t\t\t\ttitle=\"Posterunkowy J\u00f3zef D\u0105browski z posterunku PP w Tykocinie. Lata 1931-1935.\"\n\t\t\t\tdata-src=\"https:\/\/mwb.com.pl\/policja\/wp-content\/gallery\/final\/18.jpg\"\n\t\t\t\tdata-thumbnail=\"https:\/\/mwb.com.pl\/policja\/wp-content\/gallery\/final\/thumbs\/thumbs_18.jpg\"\n\t\t\t\tdata-image-id=\"351\"\n\t\t\t\tdata-title=\"18\"\n\t\t\t\tdata-description=\"Posterunkowy J\u00f3zef D\u0105browski z posterunku PP w Tykocinie. Lata 1931-1935.\"\n\t\t\t\tdata-image-slug=\"18-5\"\n\t\t\t\t\t\t\t\t\t\t\t\t\t\t\t\t\t\t\t\tclass=\"ngg-fancybox\" rel=\"7d4c506abd66dd77aa0fd7127d924a6f\">\n\t\t\t\t\t\t\t\t<img\n\t\t\t\t\ttitle=\"18\"\n\t\t\t\t\talt=\"18\"\n\t\t\t\t\tsrc=\"https:\/\/mwb.com.pl\/policja\/index.php\/nextgen-image\/351\/250x250x100\/crop\/4c5a50c70563fc9330e56394e2b4a211\"\n\t\t\t\t\twidth=\"250\"\n\t\t\t\t\theight=\"250\"\n\t\t\t\t\tstyle=\"max-width:100%;\"\n\t\t\t\t\/>\n\t\t\t<\/a>\n\t\t<\/div>\n\t\t\t\t\t\t\t<\/div>\n\t\t\t\n\t\t\t\t<div id=\"ngg-image-2\" class=\"ngg-gallery-thumbnail-box\n\t\t\t\t\t\t\t\tngg-2-columns\t\t\t\"\n\t\t\t>\n\t\t\t\t\t\t<div class=\"ngg-gallery-thumbnail\">\n\t\t\t<a href=\"https:\/\/mwb.com.pl\/policja\/wp-content\/gallery\/final\/19.jpg\"\n\t\t\t\ttitle=\"Posterunkowy Wac\u0142aw Marczak z II Komisariatu PP w Bia\u0142ymstoku (lata 1927-1930). Zamordowany przez sowieckie NKWD i pochowany w zbiorowej mogile w Miednoje.\"\n\t\t\t\tdata-src=\"https:\/\/mwb.com.pl\/policja\/wp-content\/gallery\/final\/19.jpg\"\n\t\t\t\tdata-thumbnail=\"https:\/\/mwb.com.pl\/policja\/wp-content\/gallery\/final\/thumbs\/thumbs_19.jpg\"\n\t\t\t\tdata-image-id=\"352\"\n\t\t\t\tdata-title=\"19\"\n\t\t\t\tdata-description=\"Posterunkowy Wac\u0142aw Marczak z II Komisariatu PP w Bia\u0142ymstoku (lata 1927-1930). Zamordowany przez sowieckie NKWD i pochowany w zbiorowej mogile w Miednoje.\"\n\t\t\t\tdata-image-slug=\"19-5\"\n\t\t\t\t\t\t\t\t\t\t\t\t\t\t\t\t\t\t\t\tclass=\"ngg-fancybox\" rel=\"7d4c506abd66dd77aa0fd7127d924a6f\">\n\t\t\t\t\t\t\t\t<img\n\t\t\t\t\ttitle=\"19\"\n\t\t\t\t\talt=\"19\"\n\t\t\t\t\tsrc=\"https:\/\/mwb.com.pl\/policja\/index.php\/nextgen-image\/352\/250x250x100\/crop\/9ec3da0257ae045691862fc038865faf\"\n\t\t\t\t\twidth=\"250\"\n\t\t\t\t\theight=\"250\"\n\t\t\t\t\tstyle=\"max-width:100%;\"\n\t\t\t\t\/>\n\t\t\t<\/a>\n\t\t<\/div>\n\t\t\t\t\t\t\t<\/div>\n\t\t\t\n\t\t\t\t<div id=\"ngg-image-3\" class=\"ngg-gallery-thumbnail-box\n\t\t\t\t\t\t\t\tngg-2-columns\t\t\t\"\n\t\t\t>\n\t\t\t\t\t\t<div class=\"ngg-gallery-thumbnail\">\n\t\t\t<a href=\"https:\/\/mwb.com.pl\/policja\/wp-content\/gallery\/final\/20.jpg\"\n\t\t\t\ttitle=\"Posterunkowy Piotr Kuderski . Lata 1920-1922.\"\n\t\t\t\tdata-src=\"https:\/\/mwb.com.pl\/policja\/wp-content\/gallery\/final\/20.jpg\"\n\t\t\t\tdata-thumbnail=\"https:\/\/mwb.com.pl\/policja\/wp-content\/gallery\/final\/thumbs\/thumbs_20.jpg\"\n\t\t\t\tdata-image-id=\"353\"\n\t\t\t\tdata-title=\"20\"\n\t\t\t\tdata-description=\"Posterunkowy Piotr Kuderski . Lata 1920-1922.\"\n\t\t\t\tdata-image-slug=\"20-3\"\n\t\t\t\t\t\t\t\t\t\t\t\t\t\t\t\t\t\t\t\tclass=\"ngg-fancybox\" rel=\"7d4c506abd66dd77aa0fd7127d924a6f\">\n\t\t\t\t\t\t\t\t<img\n\t\t\t\t\ttitle=\"20\"\n\t\t\t\t\talt=\"20\"\n\t\t\t\t\tsrc=\"https:\/\/mwb.com.pl\/policja\/index.php\/nextgen-image\/353\/250x250x100\/crop\/ecf96134772ce893e71defff4b637aca\"\n\t\t\t\t\twidth=\"250\"\n\t\t\t\t\theight=\"250\"\n\t\t\t\t\tstyle=\"max-width:100%;\"\n\t\t\t\t\/>\n\t\t\t<\/a>\n\t\t<\/div>\n\t\t\t\t\t\t\t<\/div>\n\t\t\t\n\t\t\t\t<div id=\"ngg-image-4\" class=\"ngg-gallery-thumbnail-box\n\t\t\t\t\t\t\t\tngg-2-columns\t\t\t\"\n\t\t\t>\n\t\t\t\t\t\t<div class=\"ngg-gallery-thumbnail\">\n\t\t\t<a href=\"https:\/\/mwb.com.pl\/policja\/wp-content\/gallery\/final\/21.jpg\"\n\t\t\t\ttitle=\"Przodownik Szczepan O\u0142dakowski z IV Komisariatu PP w Bia\u0142ymstoku. 1931 r.\"\n\t\t\t\tdata-src=\"https:\/\/mwb.com.pl\/policja\/wp-content\/gallery\/final\/21.jpg\"\n\t\t\t\tdata-thumbnail=\"https:\/\/mwb.com.pl\/policja\/wp-content\/gallery\/final\/thumbs\/thumbs_21.jpg\"\n\t\t\t\tdata-image-id=\"354\"\n\t\t\t\tdata-title=\"21\"\n\t\t\t\tdata-description=\"Przodownik Szczepan O\u0142dakowski z IV Komisariatu PP w Bia\u0142ymstoku. 1931 r.\"\n\t\t\t\tdata-image-slug=\"21-3\"\n\t\t\t\t\t\t\t\t\t\t\t\t\t\t\t\t\t\t\t\tclass=\"ngg-fancybox\" rel=\"7d4c506abd66dd77aa0fd7127d924a6f\">\n\t\t\t\t\t\t\t\t<img\n\t\t\t\t\ttitle=\"21\"\n\t\t\t\t\talt=\"21\"\n\t\t\t\t\tsrc=\"https:\/\/mwb.com.pl\/policja\/index.php\/nextgen-image\/354\/250x250x100\/crop\/7e4ffbb9748804a80437345247dd68fd\"\n\t\t\t\t\twidth=\"250\"\n\t\t\t\t\theight=\"250\"\n\t\t\t\t\tstyle=\"max-width:100%;\"\n\t\t\t\t\/>\n\t\t\t<\/a>\n\t\t<\/div>\n\t\t\t\t\t\t\t<\/div>\n\t\t\t\n\t\t\t\t<div id=\"ngg-image-5\" class=\"ngg-gallery-thumbnail-box\n\t\t\t\t\t\t\t\tngg-2-columns\t\t\t\"\n\t\t\t>\n\t\t\t\t\t\t<div class=\"ngg-gallery-thumbnail\">\n\t\t\t<a href=\"https:\/\/mwb.com.pl\/policja\/wp-content\/gallery\/final\/22.jpg\"\n\t\t\t\ttitle=\"St. posterunkowy Adam Sylwestrzak z IV Komisariatu PP w Bia\u0142ymstoku. 1925 r.\"\n\t\t\t\tdata-src=\"https:\/\/mwb.com.pl\/policja\/wp-content\/gallery\/final\/22.jpg\"\n\t\t\t\tdata-thumbnail=\"https:\/\/mwb.com.pl\/policja\/wp-content\/gallery\/final\/thumbs\/thumbs_22.jpg\"\n\t\t\t\tdata-image-id=\"355\"\n\t\t\t\tdata-title=\"22\"\n\t\t\t\tdata-description=\"St. posterunkowy Adam Sylwestrzak z IV Komisariatu PP w Bia\u0142ymstoku. 1925 r.\"\n\t\t\t\tdata-image-slug=\"22-2\"\n\t\t\t\t\t\t\t\t\t\t\t\t\t\t\t\t\t\t\t\tclass=\"ngg-fancybox\" rel=\"7d4c506abd66dd77aa0fd7127d924a6f\">\n\t\t\t\t\t\t\t\t<img\n\t\t\t\t\ttitle=\"22\"\n\t\t\t\t\talt=\"22\"\n\t\t\t\t\tsrc=\"https:\/\/mwb.com.pl\/policja\/index.php\/nextgen-image\/355\/250x250x100\/crop\/b9f735800dbe6530da8827b096e7eb7b\"\n\t\t\t\t\twidth=\"250\"\n\t\t\t\t\theight=\"250\"\n\t\t\t\t\tstyle=\"max-width:100%;\"\n\t\t\t\t\/>\n\t\t\t<\/a>\n\t\t<\/div>\n\t\t\t\t\t\t\t<\/div>\n\t\t\t\n\t\t\t\t<div id=\"ngg-image-6\" class=\"ngg-gallery-thumbnail-box\n\t\t\t\t\t\t\t\tngg-2-columns\t\t\t\"\n\t\t\t>\n\t\t\t\t\t\t<div class=\"ngg-gallery-thumbnail\">\n\t\t\t<a href=\"https:\/\/mwb.com.pl\/policja\/wp-content\/gallery\/final\/23.jpg\"\n\t\t\t\ttitle=\"St. posterunkowy Antoni Niwi\u0144ski z posterunku PP w Bielsku Podlaskim (1935 r.). Zamordowany przez sowieckie NKWD i pochowany w zbiorowej mogile w Miednoje.\"\n\t\t\t\tdata-src=\"https:\/\/mwb.com.pl\/policja\/wp-content\/gallery\/final\/23.jpg\"\n\t\t\t\tdata-thumbnail=\"https:\/\/mwb.com.pl\/policja\/wp-content\/gallery\/final\/thumbs\/thumbs_23.jpg\"\n\t\t\t\tdata-image-id=\"356\"\n\t\t\t\tdata-title=\"23\"\n\t\t\t\tdata-description=\"St. posterunkowy Antoni Niwi\u0144ski z posterunku PP w Bielsku Podlaskim (1935 r.). Zamordowany przez sowieckie NKWD i pochowany w zbiorowej mogile w Miednoje.\"\n\t\t\t\tdata-image-slug=\"23-2\"\n\t\t\t\t\t\t\t\t\t\t\t\t\t\t\t\t\t\t\t\tclass=\"ngg-fancybox\" rel=\"7d4c506abd66dd77aa0fd7127d924a6f\">\n\t\t\t\t\t\t\t\t<img\n\t\t\t\t\ttitle=\"23\"\n\t\t\t\t\talt=\"23\"\n\t\t\t\t\tsrc=\"https:\/\/mwb.com.pl\/policja\/index.php\/nextgen-image\/356\/250x250x100\/crop\/aad2de2f85820f1caad0a46880c7eacb\"\n\t\t\t\t\twidth=\"250\"\n\t\t\t\t\theight=\"250\"\n\t\t\t\t\tstyle=\"max-width:100%;\"\n\t\t\t\t\/>\n\t\t\t<\/a>\n\t\t<\/div>\n\t\t\t\t\t\t\t<\/div>\n\t\t\t\n\t\t\t\t<div id=\"ngg-image-7\" class=\"ngg-gallery-thumbnail-box\n\t\t\t\t\t\t\t\tngg-2-columns\t\t\t\"\n\t\t\t>\n\t\t\t\t\t\t<div class=\"ngg-gallery-thumbnail\">\n\t\t\t<a href=\"https:\/\/mwb.com.pl\/policja\/wp-content\/gallery\/final\/24.jpg\"\n\t\t\t\ttitle=\"St. posterunkowy Kazimierz Kuczy\u0144ski z IV Komisariatu PP w Bia\u0142ymstoku (1933 r.).  Zamordowany przez sowieckie NKWD i pochowany w zbiorowej mogile w Miednoje.\"\n\t\t\t\tdata-src=\"https:\/\/mwb.com.pl\/policja\/wp-content\/gallery\/final\/24.jpg\"\n\t\t\t\tdata-thumbnail=\"https:\/\/mwb.com.pl\/policja\/wp-content\/gallery\/final\/thumbs\/thumbs_24.jpg\"\n\t\t\t\tdata-image-id=\"357\"\n\t\t\t\tdata-title=\"24\"\n\t\t\t\tdata-description=\"St. posterunkowy Kazimierz Kuczy\u0144ski z IV Komisariatu PP w Bia\u0142ymstoku (1933 r.).  Zamordowany przez sowieckie NKWD i pochowany w zbiorowej mogile w Miednoje.\"\n\t\t\t\tdata-image-slug=\"24-2\"\n\t\t\t\t\t\t\t\t\t\t\t\t\t\t\t\t\t\t\t\tclass=\"ngg-fancybox\" rel=\"7d4c506abd66dd77aa0fd7127d924a6f\">\n\t\t\t\t\t\t\t\t<img\n\t\t\t\t\ttitle=\"24\"\n\t\t\t\t\talt=\"24\"\n\t\t\t\t\tsrc=\"https:\/\/mwb.com.pl\/policja\/index.php\/nextgen-image\/357\/250x250x100\/crop\/f68fce0f40a6a21de8d6d7fbdaa38cb8\"\n\t\t\t\t\twidth=\"250\"\n\t\t\t\t\theight=\"250\"\n\t\t\t\t\tstyle=\"max-width:100%;\"\n\t\t\t\t\/>\n\t\t\t<\/a>\n\t\t<\/div>\n\t\t\t\t\t\t\t<\/div>\n\t\t\t\n\t\t\t\t<div id=\"ngg-image-8\" class=\"ngg-gallery-thumbnail-box\n\t\t\t\t\t\t\t\tngg-2-columns\t\t\t\"\n\t\t\t>\n\t\t\t\t\t\t<div class=\"ngg-gallery-thumbnail\">\n\t\t\t<a href=\"https:\/\/mwb.com.pl\/policja\/wp-content\/gallery\/final\/25.jpg\"\n\t\t\t\ttitle=\"St. posterunkowy W\u0142adys\u0142aw S\u0142oniewski z III Komisariatu PP w Bia\u0142ymstoku (1933 r.) Zamordowany przez sowieckie NKWD i pochowany w zbiorowej mogile w Miednoje.\"\n\t\t\t\tdata-src=\"https:\/\/mwb.com.pl\/policja\/wp-content\/gallery\/final\/25.jpg\"\n\t\t\t\tdata-thumbnail=\"https:\/\/mwb.com.pl\/policja\/wp-content\/gallery\/final\/thumbs\/thumbs_25.jpg\"\n\t\t\t\tdata-image-id=\"358\"\n\t\t\t\tdata-title=\"25\"\n\t\t\t\tdata-description=\"St. posterunkowy W\u0142adys\u0142aw S\u0142oniewski z III Komisariatu PP w Bia\u0142ymstoku (1933 r.) Zamordowany przez sowieckie NKWD i pochowany w zbiorowej mogile w Miednoje.\"\n\t\t\t\tdata-image-slug=\"25-2\"\n\t\t\t\t\t\t\t\t\t\t\t\t\t\t\t\t\t\t\t\tclass=\"ngg-fancybox\" rel=\"7d4c506abd66dd77aa0fd7127d924a6f\">\n\t\t\t\t\t\t\t\t<img\n\t\t\t\t\ttitle=\"25\"\n\t\t\t\t\talt=\"25\"\n\t\t\t\t\tsrc=\"https:\/\/mwb.com.pl\/policja\/index.php\/nextgen-image\/358\/250x250x100\/crop\/ad401dceb7b156f9fff71dedd393b17d\"\n\t\t\t\t\twidth=\"250\"\n\t\t\t\t\theight=\"250\"\n\t\t\t\t\tstyle=\"max-width:100%;\"\n\t\t\t\t\/>\n\t\t\t<\/a>\n\t\t<\/div>\n\t\t\t\t\t\t\t<\/div>\n\t\t\t\n\t\t\t\t<div id=\"ngg-image-9\" class=\"ngg-gallery-thumbnail-box\n\t\t\t\t\t\t\t\tngg-2-columns\t\t\t\"\n\t\t\t>\n\t\t\t\t\t\t<div class=\"ngg-gallery-thumbnail\">\n\t\t\t<a href=\"https:\/\/mwb.com.pl\/policja\/wp-content\/gallery\/final\/17.jpg\"\n\t\t\t\ttitle=\"Posterunkowy J\u00f3zef Wieczorek z posterunku PP w Czeremsze. 1928 r.\"\n\t\t\t\tdata-src=\"https:\/\/mwb.com.pl\/policja\/wp-content\/gallery\/final\/17.jpg\"\n\t\t\t\tdata-thumbnail=\"https:\/\/mwb.com.pl\/policja\/wp-content\/gallery\/final\/thumbs\/thumbs_17.jpg\"\n\t\t\t\tdata-image-id=\"350\"\n\t\t\t\tdata-title=\"17\"\n\t\t\t\tdata-description=\"Posterunkowy J\u00f3zef Wieczorek z posterunku PP w Czeremsze. 1928 r.\"\n\t\t\t\tdata-image-slug=\"17-5\"\n\t\t\t\t\t\t\t\t\t\t\t\t\t\t\t\t\t\t\t\tclass=\"ngg-fancybox\" rel=\"7d4c506abd66dd77aa0fd7127d924a6f\">\n\t\t\t\t\t\t\t\t<img\n\t\t\t\t\ttitle=\"17\"\n\t\t\t\t\talt=\"17\"\n\t\t\t\t\tsrc=\"https:\/\/mwb.com.pl\/policja\/index.php\/nextgen-image\/350\/250x250x100\/crop\/8361ef8692438769199ac4e89f7469ef\"\n\t\t\t\t\twidth=\"250\"\n\t\t\t\t\theight=\"250\"\n\t\t\t\t\tstyle=\"max-width:100%;\"\n\t\t\t\t\/>\n\t\t\t<\/a>\n\t\t<\/div>\n\t\t\t\t\t\t\t<\/div>\n\t\t\t\n\t\t\t\t<div id=\"ngg-image-10\" class=\"ngg-gallery-thumbnail-box\n\t\t\t\t\t\t\t\tngg-2-columns\t\t\t\"\n\t\t\t>\n\t\t\t\t\t\t<div class=\"ngg-gallery-thumbnail\">\n\t\t\t<a href=\"https:\/\/mwb.com.pl\/policja\/wp-content\/gallery\/final\/27.jpg\"\n\t\t\t\ttitle=\"St. posterunkowy Wojciech Pluta z III Komisariatu PP w Bia\u0142ymstoku (1939 r.). Zamordowany przez sowieckie NKWD i pochowany w zbiorowej mogile w Miednoje.\"\n\t\t\t\tdata-src=\"https:\/\/mwb.com.pl\/policja\/wp-content\/gallery\/final\/27.jpg\"\n\t\t\t\tdata-thumbnail=\"https:\/\/mwb.com.pl\/policja\/wp-content\/gallery\/final\/thumbs\/thumbs_27.jpg\"\n\t\t\t\tdata-image-id=\"360\"\n\t\t\t\tdata-title=\"27\"\n\t\t\t\tdata-description=\"St. posterunkowy Wojciech Pluta z III Komisariatu PP w Bia\u0142ymstoku (1939 r.). Zamordowany przez sowieckie NKWD i pochowany w zbiorowej mogile w Miednoje.\"\n\t\t\t\tdata-image-slug=\"27-1\"\n\t\t\t\t\t\t\t\t\t\t\t\t\t\t\t\t\t\t\t\tclass=\"ngg-fancybox\" rel=\"7d4c506abd66dd77aa0fd7127d924a6f\">\n\t\t\t\t\t\t\t\t<img\n\t\t\t\t\ttitle=\"27\"\n\t\t\t\t\talt=\"27\"\n\t\t\t\t\tsrc=\"https:\/\/mwb.com.pl\/policja\/index.php\/nextgen-image\/360\/250x250x100\/crop\/135e514c61cab79789fec0cd77e3a199\"\n\t\t\t\t\twidth=\"250\"\n\t\t\t\t\theight=\"250\"\n\t\t\t\t\tstyle=\"max-width:100%;\"\n\t\t\t\t\/>\n\t\t\t<\/a>\n\t\t<\/div>\n\t\t\t\t\t\t\t<\/div>\n\t\t\t\n\t\t\t\t<div id=\"ngg-image-11\" class=\"ngg-gallery-thumbnail-box\n\t\t\t\t\t\t\t\tngg-2-columns\t\t\t\"\n\t\t\t>\n\t\t\t\t\t\t<div class=\"ngg-gallery-thumbnail\">\n\t\t\t<a href=\"https:\/\/mwb.com.pl\/policja\/wp-content\/gallery\/final\/28.jpg\"\n\t\t\t\ttitle=\"St. przodownik W\u0142adys\u0142aw Maliszewski \u2013 komendant posterunku PP w Wi\u017anie. 1938 r.\"\n\t\t\t\tdata-src=\"https:\/\/mwb.com.pl\/policja\/wp-content\/gallery\/final\/28.jpg\"\n\t\t\t\tdata-thumbnail=\"https:\/\/mwb.com.pl\/policja\/wp-content\/gallery\/final\/thumbs\/thumbs_28.jpg\"\n\t\t\t\tdata-image-id=\"361\"\n\t\t\t\tdata-title=\"28\"\n\t\t\t\tdata-description=\"St. przodownik W\u0142adys\u0142aw Maliszewski \u2013 komendant posterunku PP w Wi\u017anie. 1938 r.\"\n\t\t\t\tdata-image-slug=\"28-1\"\n\t\t\t\t\t\t\t\t\t\t\t\t\t\t\t\t\t\t\t\tclass=\"ngg-fancybox\" rel=\"7d4c506abd66dd77aa0fd7127d924a6f\">\n\t\t\t\t\t\t\t\t<img\n\t\t\t\t\ttitle=\"28\"\n\t\t\t\t\talt=\"28\"\n\t\t\t\t\tsrc=\"https:\/\/mwb.com.pl\/policja\/index.php\/nextgen-image\/361\/250x250x100\/crop\/c3ec3734a71a04951f0ac7bd370631c3\"\n\t\t\t\t\twidth=\"250\"\n\t\t\t\t\theight=\"250\"\n\t\t\t\t\tstyle=\"max-width:100%;\"\n\t\t\t\t\/>\n\t\t\t<\/a>\n\t\t<\/div>\n\t\t\t\t\t\t\t<\/div>\n\t\t\t\n\t\t\t\t<div id=\"ngg-image-12\" class=\"ngg-gallery-thumbnail-box\n\t\t\t\t\t\t\t\tngg-2-columns\t\t\t\"\n\t\t\t>\n\t\t\t\t\t\t<div class=\"ngg-gallery-thumbnail\">\n\t\t\t<a href=\"https:\/\/mwb.com.pl\/policja\/wp-content\/gallery\/final\/29.jpg\"\n\t\t\t\ttitle=\"St. posterunkowy Adam Rusinowicz z I Komisariatu PP w Bia\u0142ymstoku (1928 r.). Zamordowany przez sowieckie NKWD i pochowany w zbiorowej mogile w Miednoje.\"\n\t\t\t\tdata-src=\"https:\/\/mwb.com.pl\/policja\/wp-content\/gallery\/final\/29.jpg\"\n\t\t\t\tdata-thumbnail=\"https:\/\/mwb.com.pl\/policja\/wp-content\/gallery\/final\/thumbs\/thumbs_29.jpg\"\n\t\t\t\tdata-image-id=\"362\"\n\t\t\t\tdata-title=\"29\"\n\t\t\t\tdata-description=\"St. posterunkowy Adam Rusinowicz z I Komisariatu PP w Bia\u0142ymstoku (1928 r.). Zamordowany przez sowieckie NKWD i pochowany w zbiorowej mogile w Miednoje.\"\n\t\t\t\tdata-image-slug=\"29-1\"\n\t\t\t\t\t\t\t\t\t\t\t\t\t\t\t\t\t\t\t\tclass=\"ngg-fancybox\" rel=\"7d4c506abd66dd77aa0fd7127d924a6f\">\n\t\t\t\t\t\t\t\t<img\n\t\t\t\t\ttitle=\"29\"\n\t\t\t\t\talt=\"29\"\n\t\t\t\t\tsrc=\"https:\/\/mwb.com.pl\/policja\/index.php\/nextgen-image\/362\/250x250x100\/crop\/a1ce5996b629e57924dd59088320ba13\"\n\t\t\t\t\twidth=\"250\"\n\t\t\t\t\theight=\"250\"\n\t\t\t\t\tstyle=\"max-width:100%;\"\n\t\t\t\t\/>\n\t\t\t<\/a>\n\t\t<\/div>\n\t\t\t\t\t\t\t<\/div>\n\t\t\t\n\t\t\t\t<div id=\"ngg-image-13\" class=\"ngg-gallery-thumbnail-box\n\t\t\t\t\t\t\t\tngg-2-columns\t\t\t\"\n\t\t\t>\n\t\t\t\t\t\t<div class=\"ngg-gallery-thumbnail\">\n\t\t\t<a href=\"https:\/\/mwb.com.pl\/policja\/wp-content\/gallery\/final\/30.jpg\"\n\t\t\t\ttitle=\"Posterunkowy Krzysztof Karol Zajewski z IV Komisariatu PP w Bia\u0142ymstoku (1937 r.). Zamordowany przez sowieckie NKWD i pochowany w zbiorowej mogile w Miednoje.\"\n\t\t\t\tdata-src=\"https:\/\/mwb.com.pl\/policja\/wp-content\/gallery\/final\/30.jpg\"\n\t\t\t\tdata-thumbnail=\"https:\/\/mwb.com.pl\/policja\/wp-content\/gallery\/final\/thumbs\/thumbs_30.jpg\"\n\t\t\t\tdata-image-id=\"363\"\n\t\t\t\tdata-title=\"30\"\n\t\t\t\tdata-description=\"Posterunkowy Krzysztof Karol Zajewski z IV Komisariatu PP w Bia\u0142ymstoku (1937 r.). Zamordowany przez sowieckie NKWD i pochowany w zbiorowej mogile w Miednoje.\"\n\t\t\t\tdata-image-slug=\"30-1\"\n\t\t\t\t\t\t\t\t\t\t\t\t\t\t\t\t\t\t\t\tclass=\"ngg-fancybox\" rel=\"7d4c506abd66dd77aa0fd7127d924a6f\">\n\t\t\t\t\t\t\t\t<img\n\t\t\t\t\ttitle=\"30\"\n\t\t\t\t\talt=\"30\"\n\t\t\t\t\tsrc=\"https:\/\/mwb.com.pl\/policja\/index.php\/nextgen-image\/363\/250x250x100\/crop\/9b50281703403f1e144af106825c96d7\"\n\t\t\t\t\twidth=\"250\"\n\t\t\t\t\theight=\"250\"\n\t\t\t\t\tstyle=\"max-width:100%;\"\n\t\t\t\t\/>\n\t\t\t<\/a>\n\t\t<\/div>\n\t\t\t\t\t\t\t<\/div>\n\t\t\t\n\t\t\t\t<div id=\"ngg-image-14\" class=\"ngg-gallery-thumbnail-box\n\t\t\t\t\t\t\t\tngg-2-columns\t\t\t\"\n\t\t\t>\n\t\t\t\t\t\t<div class=\"ngg-gallery-thumbnail\">\n\t\t\t<a href=\"https:\/\/mwb.com.pl\/policja\/wp-content\/gallery\/final\/31.jpg\"\n\t\t\t\ttitle=\"Posterunkowy Jan Rutkowski z policji miasta Bia\u0142egostoku. Lata 1929-1936. Zamordowany przez sowieckie NKWD i pochowany w zbiorowej mogile w Miednoje.\"\n\t\t\t\tdata-src=\"https:\/\/mwb.com.pl\/policja\/wp-content\/gallery\/final\/31.jpg\"\n\t\t\t\tdata-thumbnail=\"https:\/\/mwb.com.pl\/policja\/wp-content\/gallery\/final\/thumbs\/thumbs_31.jpg\"\n\t\t\t\tdata-image-id=\"364\"\n\t\t\t\tdata-title=\"31\"\n\t\t\t\tdata-description=\"Posterunkowy Jan Rutkowski z policji miasta Bia\u0142egostoku. Lata 1929-1936. Zamordowany przez sowieckie NKWD i pochowany w zbiorowej mogile w Miednoje.\"\n\t\t\t\tdata-image-slug=\"31\"\n\t\t\t\t\t\t\t\t\t\t\t\t\t\t\t\t\t\t\t\tclass=\"ngg-fancybox\" rel=\"7d4c506abd66dd77aa0fd7127d924a6f\">\n\t\t\t\t\t\t\t\t<img\n\t\t\t\t\ttitle=\"31\"\n\t\t\t\t\talt=\"31\"\n\t\t\t\t\tsrc=\"https:\/\/mwb.com.pl\/policja\/index.php\/nextgen-image\/364\/250x250x100\/crop\/b4b649688826177fce2ba4268eaa185d\"\n\t\t\t\t\twidth=\"250\"\n\t\t\t\t\theight=\"250\"\n\t\t\t\t\tstyle=\"max-width:100%;\"\n\t\t\t\t\/>\n\t\t\t<\/a>\n\t\t<\/div>\n\t\t\t\t\t\t\t<\/div>\n\t\t\t\n\t\t\t\t<div id=\"ngg-image-15\" class=\"ngg-gallery-thumbnail-box\n\t\t\t\t\t\t\t\tngg-2-columns\t\t\t\"\n\t\t\t>\n\t\t\t\t\t\t<div class=\"ngg-gallery-thumbnail\">\n\t\t\t<a href=\"https:\/\/mwb.com.pl\/policja\/wp-content\/gallery\/final\/nrewidencyjny.jpg\"\n\t\t\t\ttitle=\"Numer ewidencyjny bia\u0142ostockiego policjanta wydobyty podczas ekshumacji grob\u00f3w w Miednoje (depozyt Rady Ochrony Pami\u0119ci Walk i M\u0119cze\u0144stwa).\"\n\t\t\t\tdata-src=\"https:\/\/mwb.com.pl\/policja\/wp-content\/gallery\/final\/nrewidencyjny.jpg\"\n\t\t\t\tdata-thumbnail=\"https:\/\/mwb.com.pl\/policja\/wp-content\/gallery\/final\/thumbs\/thumbs_nrewidencyjny.jpg\"\n\t\t\t\tdata-image-id=\"425\"\n\t\t\t\tdata-title=\"nrewidencyjny\"\n\t\t\t\tdata-description=\"Numer ewidencyjny bia\u0142ostockiego policjanta wydobyty podczas ekshumacji grob\u00f3w w Miednoje (depozyt Rady Ochrony Pami\u0119ci Walk i M\u0119cze\u0144stwa).\"\n\t\t\t\tdata-image-slug=\"nrewidencyjny\"\n\t\t\t\t\t\t\t\t\t\t\t\t\t\t\t\t\t\t\t\tclass=\"ngg-fancybox\" rel=\"7d4c506abd66dd77aa0fd7127d924a6f\">\n\t\t\t\t\t\t\t\t<img\n\t\t\t\t\ttitle=\"nrewidencyjny\"\n\t\t\t\t\talt=\"nrewidencyjny\"\n\t\t\t\t\tsrc=\"https:\/\/mwb.com.pl\/policja\/index.php\/nextgen-image\/425\/250x250x100\/crop\/27b9896d953bf67683cd57e344826f73\"\n\t\t\t\t\twidth=\"250\"\n\t\t\t\t\theight=\"250\"\n\t\t\t\t\tstyle=\"max-width:100%;\"\n\t\t\t\t\/>\n\t\t\t<\/a>\n\t\t<\/div>\n\t\t\t\t\t\t\t<\/div>\n\t\t\t\n\t\t\t\t<div id=\"ngg-image-16\" class=\"ngg-gallery-thumbnail-box\n\t\t\t\t\t\t\t\tngg-2-columns\t\t\t\"\n\t\t\t>\n\t\t\t\t\t\t<div class=\"ngg-gallery-thumbnail\">\n\t\t\t<a href=\"https:\/\/mwb.com.pl\/policja\/wp-content\/gallery\/final\/podkladka.jpg\"\n\t\t\t\ttitle=\"Podk\u0142adka numeru ewidencyjnego bia\u0142ostockiego policjanta wydobyta podczas ekshumacji grob\u00f3w w Miednoje (depozyt Rady Ochrony Pami\u0119ci Walk i M\u0119cze\u0144stwa).\"\n\t\t\t\tdata-src=\"https:\/\/mwb.com.pl\/policja\/wp-content\/gallery\/final\/podkladka.jpg\"\n\t\t\t\tdata-thumbnail=\"https:\/\/mwb.com.pl\/policja\/wp-content\/gallery\/final\/thumbs\/thumbs_podkladka.jpg\"\n\t\t\t\tdata-image-id=\"426\"\n\t\t\t\tdata-title=\"podkladka\"\n\t\t\t\tdata-description=\"Podk\u0142adka numeru ewidencyjnego bia\u0142ostockiego policjanta wydobyta podczas ekshumacji grob\u00f3w w Miednoje (depozyt Rady Ochrony Pami\u0119ci Walk i M\u0119cze\u0144stwa).\"\n\t\t\t\tdata-image-slug=\"podkladka\"\n\t\t\t\t\t\t\t\t\t\t\t\t\t\t\t\t\t\t\t\tclass=\"ngg-fancybox\" rel=\"7d4c506abd66dd77aa0fd7127d924a6f\">\n\t\t\t\t\t\t\t\t<img\n\t\t\t\t\ttitle=\"podkladka\"\n\t\t\t\t\talt=\"podkladka\"\n\t\t\t\t\tsrc=\"https:\/\/mwb.com.pl\/policja\/index.php\/nextgen-image\/426\/250x250x100\/crop\/1d3a10fed3b01c94eb47d8a6738f04e1\"\n\t\t\t\t\twidth=\"250\"\n\t\t\t\t\theight=\"250\"\n\t\t\t\t\tstyle=\"max-width:100%;\"\n\t\t\t\t\/>\n\t\t\t<\/a>\n\t\t<\/div>\n\t\t\t\t\t\t\t<\/div>\n\t\t\t\n\t\t\t\t<div id=\"ngg-image-17\" class=\"ngg-gallery-thumbnail-box\n\t\t\t\t\t\t\t\tngg-2-columns\t\t\t\"\n\t\t\t>\n\t\t\t\t\t\t<div class=\"ngg-gallery-thumbnail\">\n\t\t\t<a href=\"https:\/\/mwb.com.pl\/policja\/wp-content\/gallery\/final\/1.jpg\"\n\t\t\t\ttitle=\"St. posterunkowy Pawe\u0142 Agres z posterunku kolejowego PP w Bia\u0142ymstoku. 1936 r.\"\n\t\t\t\tdata-src=\"https:\/\/mwb.com.pl\/policja\/wp-content\/gallery\/final\/1.jpg\"\n\t\t\t\tdata-thumbnail=\"https:\/\/mwb.com.pl\/policja\/wp-content\/gallery\/final\/thumbs\/thumbs_1.jpg\"\n\t\t\t\tdata-image-id=\"334\"\n\t\t\t\tdata-title=\"1\"\n\t\t\t\tdata-description=\"St. posterunkowy Pawe\u0142 Agres z posterunku kolejowego PP w Bia\u0142ymstoku. 1936 r.\"\n\t\t\t\tdata-image-slug=\"1-10\"\n\t\t\t\t\t\t\t\t\t\t\t\t\t\t\t\t\t\t\t\tclass=\"ngg-fancybox\" rel=\"7d4c506abd66dd77aa0fd7127d924a6f\">\n\t\t\t\t\t\t\t\t<img\n\t\t\t\t\ttitle=\"1\"\n\t\t\t\t\talt=\"1\"\n\t\t\t\t\tsrc=\"https:\/\/mwb.com.pl\/policja\/index.php\/nextgen-image\/334\/250x250x100\/crop\/e07dedda385d046a737e9874b2974db4\"\n\t\t\t\t\twidth=\"250\"\n\t\t\t\t\theight=\"250\"\n\t\t\t\t\tstyle=\"max-width:100%;\"\n\t\t\t\t\/>\n\t\t\t<\/a>\n\t\t<\/div>\n\t\t\t\t\t\t\t<\/div>\n\t\t\t\n\t\t\t\t<div id=\"ngg-image-18\" class=\"ngg-gallery-thumbnail-box\n\t\t\t\t\t\t\t\tngg-2-columns\t\t\t\"\n\t\t\t>\n\t\t\t\t\t\t<div class=\"ngg-gallery-thumbnail\">\n\t\t\t<a href=\"https:\/\/mwb.com.pl\/policja\/wp-content\/gallery\/final\/16.jpg\"\n\t\t\t\ttitle=\"Posterunkowy J\u00f3zef Wi\u015bniewski z IV Komisariatu PP w Bia\u0142ymstoku. 1926 r.\"\n\t\t\t\tdata-src=\"https:\/\/mwb.com.pl\/policja\/wp-content\/gallery\/final\/16.jpg\"\n\t\t\t\tdata-thumbnail=\"https:\/\/mwb.com.pl\/policja\/wp-content\/gallery\/final\/thumbs\/thumbs_16.jpg\"\n\t\t\t\tdata-image-id=\"349\"\n\t\t\t\tdata-title=\"16\"\n\t\t\t\tdata-description=\"Posterunkowy J\u00f3zef Wi\u015bniewski z IV Komisariatu PP w Bia\u0142ymstoku. 1926 r.\"\n\t\t\t\tdata-image-slug=\"16-5\"\n\t\t\t\t\t\t\t\t\t\t\t\t\t\t\t\t\t\t\t\tclass=\"ngg-fancybox\" rel=\"7d4c506abd66dd77aa0fd7127d924a6f\">\n\t\t\t\t\t\t\t\t<img\n\t\t\t\t\ttitle=\"16\"\n\t\t\t\t\talt=\"16\"\n\t\t\t\t\tsrc=\"https:\/\/mwb.com.pl\/policja\/index.php\/nextgen-image\/349\/250x250x100\/crop\/a4dfb6b4d3f2f205b191b5add041193f\"\n\t\t\t\t\twidth=\"250\"\n\t\t\t\t\theight=\"250\"\n\t\t\t\t\tstyle=\"max-width:100%;\"\n\t\t\t\t\/>\n\t\t\t<\/a>\n\t\t<\/div>\n\t\t\t\t\t\t\t<\/div>\n\t\t\t\n\t\t\t\t<div id=\"ngg-image-19\" class=\"ngg-gallery-thumbnail-box\n\t\t\t\t\t\t\t\tngg-2-columns\t\t\t\"\n\t\t\t>\n\t\t\t\t\t\t<div class=\"ngg-gallery-thumbnail\">\n\t\t\t<a href=\"https:\/\/mwb.com.pl\/policja\/wp-content\/gallery\/final\/15.jpg\"\n\t\t\t\ttitle=\"Posterunkowy Jan Lenarczyk z posterunku PP w Janowie. 1929 r.\"\n\t\t\t\tdata-src=\"https:\/\/mwb.com.pl\/policja\/wp-content\/gallery\/final\/15.jpg\"\n\t\t\t\tdata-thumbnail=\"https:\/\/mwb.com.pl\/policja\/wp-content\/gallery\/final\/thumbs\/thumbs_15.jpg\"\n\t\t\t\tdata-image-id=\"348\"\n\t\t\t\tdata-title=\"15\"\n\t\t\t\tdata-description=\"Posterunkowy Jan Lenarczyk z posterunku PP w Janowie. 1929 r.\"\n\t\t\t\tdata-image-slug=\"15-6\"\n\t\t\t\t\t\t\t\t\t\t\t\t\t\t\t\t\t\t\t\tclass=\"ngg-fancybox\" rel=\"7d4c506abd66dd77aa0fd7127d924a6f\">\n\t\t\t\t\t\t\t\t<img\n\t\t\t\t\ttitle=\"15\"\n\t\t\t\t\talt=\"15\"\n\t\t\t\t\tsrc=\"https:\/\/mwb.com.pl\/policja\/index.php\/nextgen-image\/348\/250x250x100\/crop\/4b2a8bf470ec791819e8579e476e9f1f\"\n\t\t\t\t\twidth=\"250\"\n\t\t\t\t\theight=\"250\"\n\t\t\t\t\tstyle=\"max-width:100%;\"\n\t\t\t\t\/>\n\t\t\t<\/a>\n\t\t<\/div>\n\t\t\t\t\t\t\t<\/div>\n\t\t\t\n\t\t\t\t<div id=\"ngg-image-20\" class=\"ngg-gallery-thumbnail-box\n\t\t\t\t\t\t\t\tngg-2-columns\t\t\t\"\n\t\t\t>\n\t\t\t\t\t\t<div class=\"ngg-gallery-thumbnail\">\n\t\t\t<a href=\"https:\/\/mwb.com.pl\/policja\/wp-content\/gallery\/final\/14.jpg\"\n\t\t\t\ttitle=\"Posterunkowy Franciszek Rymaszewski z II Komisariatu PP w Bia\u0142ymstoku (1934 r.). Zamordowany przez sowieckie NKWD i pochowany w zbiorowej mogile w Miednoje.\"\n\t\t\t\tdata-src=\"https:\/\/mwb.com.pl\/policja\/wp-content\/gallery\/final\/14.jpg\"\n\t\t\t\tdata-thumbnail=\"https:\/\/mwb.com.pl\/policja\/wp-content\/gallery\/final\/thumbs\/thumbs_14.jpg\"\n\t\t\t\tdata-image-id=\"347\"\n\t\t\t\tdata-title=\"14\"\n\t\t\t\tdata-description=\"Posterunkowy Franciszek Rymaszewski z II Komisariatu PP w Bia\u0142ymstoku (1934 r.). Zamordowany przez sowieckie NKWD i pochowany w zbiorowej mogile w Miednoje.\"\n\t\t\t\tdata-image-slug=\"14-6\"\n\t\t\t\t\t\t\t\t\t\t\t\t\t\t\t\t\t\t\t\tclass=\"ngg-fancybox\" rel=\"7d4c506abd66dd77aa0fd7127d924a6f\">\n\t\t\t\t\t\t\t\t<img\n\t\t\t\t\ttitle=\"14\"\n\t\t\t\t\talt=\"14\"\n\t\t\t\t\tsrc=\"https:\/\/mwb.com.pl\/policja\/index.php\/nextgen-image\/347\/250x250x100\/crop\/904bd24693066e2efed0a93074e99eb3\"\n\t\t\t\t\twidth=\"250\"\n\t\t\t\t\theight=\"250\"\n\t\t\t\t\tstyle=\"max-width:100%;\"\n\t\t\t\t\/>\n\t\t\t<\/a>\n\t\t<\/div>\n\t\t\t\t\t\t\t<\/div>\n\t\t\t\n\t\t\t\t<div id=\"ngg-image-21\" class=\"ngg-gallery-thumbnail-box\n\t\t\t\t\t\t\t\tngg-2-columns\t\t\t\"\n\t\t\t>\n\t\t\t\t\t\t<div class=\"ngg-gallery-thumbnail\">\n\t\t\t<a href=\"https:\/\/mwb.com.pl\/policja\/wp-content\/gallery\/final\/13.jpg\"\n\t\t\t\ttitle=\"Posterunkowy Andrzej Szewczyk z II Komisariatu PP w Bia\u0142ymstoku (1934 r.). Zamordowany przez sowieckie NKWD i pochowany w zbiorowej mogile w Miednoje.\"\n\t\t\t\tdata-src=\"https:\/\/mwb.com.pl\/policja\/wp-content\/gallery\/final\/13.jpg\"\n\t\t\t\tdata-thumbnail=\"https:\/\/mwb.com.pl\/policja\/wp-content\/gallery\/final\/thumbs\/thumbs_13.jpg\"\n\t\t\t\tdata-image-id=\"346\"\n\t\t\t\tdata-title=\"13\"\n\t\t\t\tdata-description=\"Posterunkowy Andrzej Szewczyk z II Komisariatu PP w Bia\u0142ymstoku (1934 r.). Zamordowany przez sowieckie NKWD i pochowany w zbiorowej mogile w Miednoje.\"\n\t\t\t\tdata-image-slug=\"13-8\"\n\t\t\t\t\t\t\t\t\t\t\t\t\t\t\t\t\t\t\t\tclass=\"ngg-fancybox\" rel=\"7d4c506abd66dd77aa0fd7127d924a6f\">\n\t\t\t\t\t\t\t\t<img\n\t\t\t\t\ttitle=\"13\"\n\t\t\t\t\talt=\"13\"\n\t\t\t\t\tsrc=\"https:\/\/mwb.com.pl\/policja\/index.php\/nextgen-image\/346\/250x250x100\/crop\/90a879d74c0d34d25ba17348e1325dad\"\n\t\t\t\t\twidth=\"250\"\n\t\t\t\t\theight=\"250\"\n\t\t\t\t\tstyle=\"max-width:100%;\"\n\t\t\t\t\/>\n\t\t\t<\/a>\n\t\t<\/div>\n\t\t\t\t\t\t\t<\/div>\n\t\t\t\n\t\t\t\t<div id=\"ngg-image-22\" class=\"ngg-gallery-thumbnail-box\n\t\t\t\t\t\t\t\tngg-2-columns\t\t\t\"\n\t\t\t>\n\t\t\t\t\t\t<div class=\"ngg-gallery-thumbnail\">\n\t\t\t<a href=\"https:\/\/mwb.com.pl\/policja\/wp-content\/gallery\/final\/12.jpg\"\n\t\t\t\ttitle=\"Posterunkowy Aleksander Kr\u0119towski z posterunku PP w Zelwie. 1936 r.\"\n\t\t\t\tdata-src=\"https:\/\/mwb.com.pl\/policja\/wp-content\/gallery\/final\/12.jpg\"\n\t\t\t\tdata-thumbnail=\"https:\/\/mwb.com.pl\/policja\/wp-content\/gallery\/final\/thumbs\/thumbs_12.jpg\"\n\t\t\t\tdata-image-id=\"345\"\n\t\t\t\tdata-title=\"12\"\n\t\t\t\tdata-description=\"Posterunkowy Aleksander Kr\u0119towski z posterunku PP w Zelwie. 1936 r.\"\n\t\t\t\tdata-image-slug=\"12-8\"\n\t\t\t\t\t\t\t\t\t\t\t\t\t\t\t\t\t\t\t\tclass=\"ngg-fancybox\" rel=\"7d4c506abd66dd77aa0fd7127d924a6f\">\n\t\t\t\t\t\t\t\t<img\n\t\t\t\t\ttitle=\"12\"\n\t\t\t\t\talt=\"12\"\n\t\t\t\t\tsrc=\"https:\/\/mwb.com.pl\/policja\/index.php\/nextgen-image\/345\/250x250x100\/crop\/984b0c302f2c93589194c4321e56a284\"\n\t\t\t\t\twidth=\"250\"\n\t\t\t\t\theight=\"250\"\n\t\t\t\t\tstyle=\"max-width:100%;\"\n\t\t\t\t\/>\n\t\t\t<\/a>\n\t\t<\/div>\n\t\t\t\t\t\t\t<\/div>\n\t\t\t\n\t\t\t\t<div id=\"ngg-image-23\" class=\"ngg-gallery-thumbnail-box\n\t\t\t\t\t\t\t\tngg-2-columns\t\t\t\"\n\t\t\t>\n\t\t\t\t\t\t<div class=\"ngg-gallery-thumbnail\">\n\t\t\t<a href=\"https:\/\/mwb.com.pl\/policja\/wp-content\/gallery\/final\/11.jpg\"\n\t\t\t\ttitle=\"Posterunkowy Edward \u0141ada z posterunku PP w Bia\u0142owie\u017cy. Lata 1923-1926.\"\n\t\t\t\tdata-src=\"https:\/\/mwb.com.pl\/policja\/wp-content\/gallery\/final\/11.jpg\"\n\t\t\t\tdata-thumbnail=\"https:\/\/mwb.com.pl\/policja\/wp-content\/gallery\/final\/thumbs\/thumbs_11.jpg\"\n\t\t\t\tdata-image-id=\"344\"\n\t\t\t\tdata-title=\"11\"\n\t\t\t\tdata-description=\"Posterunkowy Edward \u0141ada z posterunku PP w Bia\u0142owie\u017cy. Lata 1923-1926.\"\n\t\t\t\tdata-image-slug=\"11-8\"\n\t\t\t\t\t\t\t\t\t\t\t\t\t\t\t\t\t\t\t\tclass=\"ngg-fancybox\" rel=\"7d4c506abd66dd77aa0fd7127d924a6f\">\n\t\t\t\t\t\t\t\t<img\n\t\t\t\t\ttitle=\"11\"\n\t\t\t\t\talt=\"11\"\n\t\t\t\t\tsrc=\"https:\/\/mwb.com.pl\/policja\/index.php\/nextgen-image\/344\/250x250x100\/crop\/fa6f85cd2f0d2724808e11331ac780c3\"\n\t\t\t\t\twidth=\"250\"\n\t\t\t\t\theight=\"250\"\n\t\t\t\t\tstyle=\"max-width:100%;\"\n\t\t\t\t\/>\n\t\t\t<\/a>\n\t\t<\/div>\n\t\t\t\t\t\t\t<\/div>\n\t\t\t\n\t\t\t\t<div id=\"ngg-image-24\" class=\"ngg-gallery-thumbnail-box\n\t\t\t\t\t\t\t\tngg-2-columns\t\t\t\"\n\t\t\t>\n\t\t\t\t\t\t<div class=\"ngg-gallery-thumbnail\">\n\t\t\t<a href=\"https:\/\/mwb.com.pl\/policja\/wp-content\/gallery\/final\/10.jpg\"\n\t\t\t\ttitle=\"Przodownik Miko\u0142aj Trygubow z II Komisariatu PP w Grodnie (1926 r.). Zamordowany przez sowieckie NKWD i pochowany w zbiorowej mogile w Miednoje.\"\n\t\t\t\tdata-src=\"https:\/\/mwb.com.pl\/policja\/wp-content\/gallery\/final\/10.jpg\"\n\t\t\t\tdata-thumbnail=\"https:\/\/mwb.com.pl\/policja\/wp-content\/gallery\/final\/thumbs\/thumbs_10.jpg\"\n\t\t\t\tdata-image-id=\"343\"\n\t\t\t\tdata-title=\"10\"\n\t\t\t\tdata-description=\"Przodownik Miko\u0142aj Trygubow z II Komisariatu PP w Grodnie (1926 r.). Zamordowany przez sowieckie NKWD i pochowany w zbiorowej mogile w Miednoje.\"\n\t\t\t\tdata-image-slug=\"10-8\"\n\t\t\t\t\t\t\t\t\t\t\t\t\t\t\t\t\t\t\t\tclass=\"ngg-fancybox\" rel=\"7d4c506abd66dd77aa0fd7127d924a6f\">\n\t\t\t\t\t\t\t\t<img\n\t\t\t\t\ttitle=\"10\"\n\t\t\t\t\talt=\"10\"\n\t\t\t\t\tsrc=\"https:\/\/mwb.com.pl\/policja\/index.php\/nextgen-image\/343\/250x250x100\/crop\/4013f0c72a72410034ee553cdcb6b735\"\n\t\t\t\t\twidth=\"250\"\n\t\t\t\t\theight=\"250\"\n\t\t\t\t\tstyle=\"max-width:100%;\"\n\t\t\t\t\/>\n\t\t\t<\/a>\n\t\t<\/div>\n\t\t\t\t\t\t\t<\/div>\n\t\t\t\n\t\t\t\t<div id=\"ngg-image-25\" class=\"ngg-gallery-thumbnail-box\n\t\t\t\t\t\t\t\tngg-2-columns\t\t\t\"\n\t\t\t>\n\t\t\t\t\t\t<div class=\"ngg-gallery-thumbnail\">\n\t\t\t<a href=\"https:\/\/mwb.com.pl\/policja\/wp-content\/gallery\/final\/9.jpg\"\n\t\t\t\ttitle=\"Posterunkowy Wincenty Pro\u0144czuk. Lata 1931-1936.\"\n\t\t\t\tdata-src=\"https:\/\/mwb.com.pl\/policja\/wp-content\/gallery\/final\/9.jpg\"\n\t\t\t\tdata-thumbnail=\"https:\/\/mwb.com.pl\/policja\/wp-content\/gallery\/final\/thumbs\/thumbs_9.jpg\"\n\t\t\t\tdata-image-id=\"342\"\n\t\t\t\tdata-title=\"9\"\n\t\t\t\tdata-description=\"Posterunkowy Wincenty Pro\u0144czuk. Lata 1931-1936.\"\n\t\t\t\tdata-image-slug=\"9-8\"\n\t\t\t\t\t\t\t\t\t\t\t\t\t\t\t\t\t\t\t\tclass=\"ngg-fancybox\" rel=\"7d4c506abd66dd77aa0fd7127d924a6f\">\n\t\t\t\t\t\t\t\t<img\n\t\t\t\t\ttitle=\"9\"\n\t\t\t\t\talt=\"9\"\n\t\t\t\t\tsrc=\"https:\/\/mwb.com.pl\/policja\/index.php\/nextgen-image\/342\/250x250x100\/crop\/77b9c0fd5627ba6da149dd45812242d8\"\n\t\t\t\t\twidth=\"250\"\n\t\t\t\t\theight=\"250\"\n\t\t\t\t\tstyle=\"max-width:100%;\"\n\t\t\t\t\/>\n\t\t\t<\/a>\n\t\t<\/div>\n\t\t\t\t\t\t\t<\/div>\n\t\t\t\n\t\t\t\t<div id=\"ngg-image-26\" class=\"ngg-gallery-thumbnail-box\n\t\t\t\t\t\t\t\tngg-2-columns\t\t\t\"\n\t\t\t>\n\t\t\t\t\t\t<div class=\"ngg-gallery-thumbnail\">\n\t\t\t<a href=\"https:\/\/mwb.com.pl\/policja\/wp-content\/gallery\/final\/8.jpg\"\n\t\t\t\ttitle=\"Przodownik J\u00f3zef Lucjan Czarnocki z III Komisariatu PP w Bia\u0142ymstoku. 1934 r.\"\n\t\t\t\tdata-src=\"https:\/\/mwb.com.pl\/policja\/wp-content\/gallery\/final\/8.jpg\"\n\t\t\t\tdata-thumbnail=\"https:\/\/mwb.com.pl\/policja\/wp-content\/gallery\/final\/thumbs\/thumbs_8.jpg\"\n\t\t\t\tdata-image-id=\"341\"\n\t\t\t\tdata-title=\"8\"\n\t\t\t\tdata-description=\"Przodownik J\u00f3zef Lucjan Czarnocki z III Komisariatu PP w Bia\u0142ymstoku. 1934 r.\"\n\t\t\t\tdata-image-slug=\"8-8\"\n\t\t\t\t\t\t\t\t\t\t\t\t\t\t\t\t\t\t\t\tclass=\"ngg-fancybox\" rel=\"7d4c506abd66dd77aa0fd7127d924a6f\">\n\t\t\t\t\t\t\t\t<img\n\t\t\t\t\ttitle=\"8\"\n\t\t\t\t\talt=\"8\"\n\t\t\t\t\tsrc=\"https:\/\/mwb.com.pl\/policja\/index.php\/nextgen-image\/341\/250x250x100\/crop\/7c8ff418c5b3f055408c5343a513a869\"\n\t\t\t\t\twidth=\"250\"\n\t\t\t\t\theight=\"250\"\n\t\t\t\t\tstyle=\"max-width:100%;\"\n\t\t\t\t\/>\n\t\t\t<\/a>\n\t\t<\/div>\n\t\t\t\t\t\t\t<\/div>\n\t\t\t\n\t\t\t\t<div id=\"ngg-image-27\" class=\"ngg-gallery-thumbnail-box\n\t\t\t\t\t\t\t\tngg-2-columns\t\t\t\"\n\t\t\t>\n\t\t\t\t\t\t<div class=\"ngg-gallery-thumbnail\">\n\t\t\t<a href=\"https:\/\/mwb.com.pl\/policja\/wp-content\/gallery\/final\/7.jpg\"\n\t\t\t\ttitle=\"St. posterunkowy Bronis\u0142aw R\u0119kawek z II Komisariatu PP w Bia\u0142ymstoku. Lata 1929-1935.\"\n\t\t\t\tdata-src=\"https:\/\/mwb.com.pl\/policja\/wp-content\/gallery\/final\/7.jpg\"\n\t\t\t\tdata-thumbnail=\"https:\/\/mwb.com.pl\/policja\/wp-content\/gallery\/final\/thumbs\/thumbs_7.jpg\"\n\t\t\t\tdata-image-id=\"340\"\n\t\t\t\tdata-title=\"7\"\n\t\t\t\tdata-description=\"St. posterunkowy Bronis\u0142aw R\u0119kawek z II Komisariatu PP w Bia\u0142ymstoku. Lata 1929-1935.\"\n\t\t\t\tdata-image-slug=\"7-9\"\n\t\t\t\t\t\t\t\t\t\t\t\t\t\t\t\t\t\t\t\tclass=\"ngg-fancybox\" rel=\"7d4c506abd66dd77aa0fd7127d924a6f\">\n\t\t\t\t\t\t\t\t<img\n\t\t\t\t\ttitle=\"7\"\n\t\t\t\t\talt=\"7\"\n\t\t\t\t\tsrc=\"https:\/\/mwb.com.pl\/policja\/index.php\/nextgen-image\/340\/250x250x100\/crop\/4babefa5e180f13fadd6155d38bb66f7\"\n\t\t\t\t\twidth=\"250\"\n\t\t\t\t\theight=\"250\"\n\t\t\t\t\tstyle=\"max-width:100%;\"\n\t\t\t\t\/>\n\t\t\t<\/a>\n\t\t<\/div>\n\t\t\t\t\t\t\t<\/div>\n\t\t\t\n\t\t\t\t<div id=\"ngg-image-28\" class=\"ngg-gallery-thumbnail-box\n\t\t\t\t\t\t\t\tngg-2-columns\t\t\t\"\n\t\t\t>\n\t\t\t\t\t\t<div class=\"ngg-gallery-thumbnail\">\n\t\t\t<a href=\"https:\/\/mwb.com.pl\/policja\/wp-content\/gallery\/final\/6.jpg\"\n\t\t\t\ttitle=\"Posterunkowy Edward Hi\u017cycki z II Komisariatu PP w Bia\u0142ymstoku (lata 1930-1936). Zamordowany przez sowieckie NKWD i pochowany w zbiorowej mogile w Miednoje.\"\n\t\t\t\tdata-src=\"https:\/\/mwb.com.pl\/policja\/wp-content\/gallery\/final\/6.jpg\"\n\t\t\t\tdata-thumbnail=\"https:\/\/mwb.com.pl\/policja\/wp-content\/gallery\/final\/thumbs\/thumbs_6.jpg\"\n\t\t\t\tdata-image-id=\"339\"\n\t\t\t\tdata-title=\"6\"\n\t\t\t\tdata-description=\"Posterunkowy Edward Hi\u017cycki z II Komisariatu PP w Bia\u0142ymstoku (lata 1930-1936). Zamordowany przez sowieckie NKWD i pochowany w zbiorowej mogile w Miednoje.\"\n\t\t\t\tdata-image-slug=\"6-9\"\n\t\t\t\t\t\t\t\t\t\t\t\t\t\t\t\t\t\t\t\tclass=\"ngg-fancybox\" rel=\"7d4c506abd66dd77aa0fd7127d924a6f\">\n\t\t\t\t\t\t\t\t<img\n\t\t\t\t\ttitle=\"6\"\n\t\t\t\t\talt=\"6\"\n\t\t\t\t\tsrc=\"https:\/\/mwb.com.pl\/policja\/index.php\/nextgen-image\/339\/250x250x100\/crop\/fc29c7046dfb3bb7dda80fcea1f9dbb4\"\n\t\t\t\t\twidth=\"250\"\n\t\t\t\t\theight=\"250\"\n\t\t\t\t\tstyle=\"max-width:100%;\"\n\t\t\t\t\/>\n\t\t\t<\/a>\n\t\t<\/div>\n\t\t\t\t\t\t\t<\/div>\n\t\t\t\n\t\t\t\t<div id=\"ngg-image-29\" class=\"ngg-gallery-thumbnail-box\n\t\t\t\t\t\t\t\tngg-2-columns\t\t\t\"\n\t\t\t>\n\t\t\t\t\t\t<div class=\"ngg-gallery-thumbnail\">\n\t\t\t<a href=\"https:\/\/mwb.com.pl\/policja\/wp-content\/gallery\/final\/5.jpg\"\n\t\t\t\ttitle=\"Posterunkowy J\u00f3zef Dunaj z posterunku PP w Pi\u0105tnicy. 1938 r.\"\n\t\t\t\tdata-src=\"https:\/\/mwb.com.pl\/policja\/wp-content\/gallery\/final\/5.jpg\"\n\t\t\t\tdata-thumbnail=\"https:\/\/mwb.com.pl\/policja\/wp-content\/gallery\/final\/thumbs\/thumbs_5.jpg\"\n\t\t\t\tdata-image-id=\"338\"\n\t\t\t\tdata-title=\"5\"\n\t\t\t\tdata-description=\"Posterunkowy J\u00f3zef Dunaj z posterunku PP w Pi\u0105tnicy. 1938 r.\"\n\t\t\t\tdata-image-slug=\"5-9\"\n\t\t\t\t\t\t\t\t\t\t\t\t\t\t\t\t\t\t\t\tclass=\"ngg-fancybox\" rel=\"7d4c506abd66dd77aa0fd7127d924a6f\">\n\t\t\t\t\t\t\t\t<img\n\t\t\t\t\ttitle=\"5\"\n\t\t\t\t\talt=\"5\"\n\t\t\t\t\tsrc=\"https:\/\/mwb.com.pl\/policja\/index.php\/nextgen-image\/338\/250x250x100\/crop\/af606dea8f4159904e04a8580e70f56f\"\n\t\t\t\t\twidth=\"250\"\n\t\t\t\t\theight=\"250\"\n\t\t\t\t\tstyle=\"max-width:100%;\"\n\t\t\t\t\/>\n\t\t\t<\/a>\n\t\t<\/div>\n\t\t\t\t\t\t\t<\/div>\n\t\t\t\n\t\t\t\t<div id=\"ngg-image-30\" class=\"ngg-gallery-thumbnail-box\n\t\t\t\t\t\t\t\tngg-2-columns\t\t\t\"\n\t\t\t>\n\t\t\t\t\t\t<div class=\"ngg-gallery-thumbnail\">\n\t\t\t<a href=\"https:\/\/mwb.com.pl\/policja\/wp-content\/gallery\/final\/4.jpg\"\n\t\t\t\ttitle=\"Posterunkowy Edward Dobrowolski z posterunku PP w Krynkach. 1931 r.\"\n\t\t\t\tdata-src=\"https:\/\/mwb.com.pl\/policja\/wp-content\/gallery\/final\/4.jpg\"\n\t\t\t\tdata-thumbnail=\"https:\/\/mwb.com.pl\/policja\/wp-content\/gallery\/final\/thumbs\/thumbs_4.jpg\"\n\t\t\t\tdata-image-id=\"337\"\n\t\t\t\tdata-title=\"4\"\n\t\t\t\tdata-description=\"Posterunkowy Edward Dobrowolski z posterunku PP w Krynkach. 1931 r.\"\n\t\t\t\tdata-image-slug=\"4-10\"\n\t\t\t\t\t\t\t\t\t\t\t\t\t\t\t\t\t\t\t\tclass=\"ngg-fancybox\" rel=\"7d4c506abd66dd77aa0fd7127d924a6f\">\n\t\t\t\t\t\t\t\t<img\n\t\t\t\t\ttitle=\"4\"\n\t\t\t\t\talt=\"4\"\n\t\t\t\t\tsrc=\"https:\/\/mwb.com.pl\/policja\/index.php\/nextgen-image\/337\/250x250x100\/crop\/2f09ce6ede4c5fb218a0f8a391fedda9\"\n\t\t\t\t\twidth=\"250\"\n\t\t\t\t\theight=\"250\"\n\t\t\t\t\tstyle=\"max-width:100%;\"\n\t\t\t\t\/>\n\t\t\t<\/a>\n\t\t<\/div>\n\t\t\t\t\t\t\t<\/div>\n\t\t\t\n\t\t\t\t<div id=\"ngg-image-31\" class=\"ngg-gallery-thumbnail-box\n\t\t\t\t\t\t\t\tngg-2-columns\t\t\t\"\n\t\t\t>\n\t\t\t\t\t\t<div class=\"ngg-gallery-thumbnail\">\n\t\t\t<a href=\"https:\/\/mwb.com.pl\/policja\/wp-content\/gallery\/final\/3.jpg\"\n\t\t\t\ttitle=\"Posterunkowy Boles\u0142aw Chomontowski  z posterunku PP w Knyszynie (1927 r.). Zamordowany przez sowieckie NKWD i pochowany w zbiorowej mogile w Miednoje.\"\n\t\t\t\tdata-src=\"https:\/\/mwb.com.pl\/policja\/wp-content\/gallery\/final\/3.jpg\"\n\t\t\t\tdata-thumbnail=\"https:\/\/mwb.com.pl\/policja\/wp-content\/gallery\/final\/thumbs\/thumbs_3.jpg\"\n\t\t\t\tdata-image-id=\"336\"\n\t\t\t\tdata-title=\"3\"\n\t\t\t\tdata-description=\"Posterunkowy Boles\u0142aw Chomontowski  z posterunku PP w Knyszynie (1927 r.). Zamordowany przez sowieckie NKWD i pochowany w zbiorowej mogile w Miednoje.\"\n\t\t\t\tdata-image-slug=\"3-10\"\n\t\t\t\t\t\t\t\t\t\t\t\t\t\t\t\t\t\t\t\tclass=\"ngg-fancybox\" rel=\"7d4c506abd66dd77aa0fd7127d924a6f\">\n\t\t\t\t\t\t\t\t<img\n\t\t\t\t\ttitle=\"3\"\n\t\t\t\t\talt=\"3\"\n\t\t\t\t\tsrc=\"https:\/\/mwb.com.pl\/policja\/index.php\/nextgen-image\/336\/250x250x100\/crop\/6a5e2f00fed7158fb1f2f104cd60e948\"\n\t\t\t\t\twidth=\"250\"\n\t\t\t\t\theight=\"250\"\n\t\t\t\t\tstyle=\"max-width:100%;\"\n\t\t\t\t\/>\n\t\t\t<\/a>\n\t\t<\/div>\n\t\t\t\t\t\t\t<\/div>\n\t\t\t\n\t\t\t\t<div id=\"ngg-image-32\" class=\"ngg-gallery-thumbnail-box\n\t\t\t\t\t\t\t\tngg-2-columns\t\t\t\"\n\t\t\t>\n\t\t\t\t\t\t<div class=\"ngg-gallery-thumbnail\">\n\t\t\t<a href=\"https:\/\/mwb.com.pl\/policja\/wp-content\/gallery\/final\/2.jpg\"\n\t\t\t\ttitle=\"Posterunkowy J\u00f3zef Buczek z oddzia\u0142u policji konnej miasta Bia\u0142egostoku (1932 r.). Zamordowany przez sowieckie NKWD i pochowany w zbiorowej mogile w Miednoje.\"\n\t\t\t\tdata-src=\"https:\/\/mwb.com.pl\/policja\/wp-content\/gallery\/final\/2.jpg\"\n\t\t\t\tdata-thumbnail=\"https:\/\/mwb.com.pl\/policja\/wp-content\/gallery\/final\/thumbs\/thumbs_2.jpg\"\n\t\t\t\tdata-image-id=\"335\"\n\t\t\t\tdata-title=\"2\"\n\t\t\t\tdata-description=\"Posterunkowy J\u00f3zef Buczek z oddzia\u0142u policji konnej miasta Bia\u0142egostoku (1932 r.). Zamordowany przez sowieckie NKWD i pochowany w zbiorowej mogile w Miednoje.\"\n\t\t\t\tdata-image-slug=\"2-10\"\n\t\t\t\t\t\t\t\t\t\t\t\t\t\t\t\t\t\t\t\tclass=\"ngg-fancybox\" rel=\"7d4c506abd66dd77aa0fd7127d924a6f\">\n\t\t\t\t\t\t\t\t<img\n\t\t\t\t\ttitle=\"2\"\n\t\t\t\t\talt=\"2\"\n\t\t\t\t\tsrc=\"https:\/\/mwb.com.pl\/policja\/index.php\/nextgen-image\/335\/250x250x100\/crop\/02ef762a7a9371341e6f735197b1c6fc\"\n\t\t\t\t\twidth=\"250\"\n\t\t\t\t\theight=\"250\"\n\t\t\t\t\tstyle=\"max-width:100%;\"\n\t\t\t\t\/>\n\t\t\t<\/a>\n\t\t<\/div>\n\t\t\t\t\t\t\t<\/div>\n\t\t\t\n\t\n\t<br style=\"clear: both\" \/>\n\n\t\n\t\t<!-- Pagination -->\n\t\t<div class='ngg-clear'><\/div>\t<\/div>\n<\/p>\n<\/div>\n<\/div>\n<\/div>\n","protected":false},"excerpt":{"rendered":"<p>Pokojow\u0105 prac\u0119 policji na posterunkach i komisariatach wojew\u00f3dztwa bia\u0142ostockiego przerwa\u0142o wydane 29 VIII 1939 r. zarz\u0105dzenie Komendy G\u0142\u00f3wnej PP o wykonaniu natychmiastowej mobilizacji kadry policyjnej tego okr\u0119gu. Formowanie oddzia\u0142\u00f3w odbywa\u0142o si\u0119 na wz\u00f3r wojskowy poprzez wcielenie w ich szeregi starszych wiekiem oficer\u00f3w i szeregowych rezerwy. Jednocze\u015bnie wzmocniono obsad\u0119 liczebn\u0105 posterunk\u00f3w, a cz\u0119\u015b\u0107 nowoutworzonych jednostek u\u017cyto [&hellip;]<\/p>\n","protected":false},"author":3,"featured_media":0,"parent":0,"menu_order":16,"comment_status":"closed","ping_status":"open","template":"","meta":{"ngg_post_thumbnail":0,"footnotes":""},"class_list":["post-77","page","type-page","status-publish","hentry"],"_links":{"self":[{"href":"https:\/\/mwb.com.pl\/policja\/index.php?rest_route=\/wp\/v2\/pages\/77","targetHints":{"allow":["GET"]}}],"collection":[{"href":"https:\/\/mwb.com.pl\/policja\/index.php?rest_route=\/wp\/v2\/pages"}],"about":[{"href":"https:\/\/mwb.com.pl\/policja\/index.php?rest_route=\/wp\/v2\/types\/page"}],"author":[{"embeddable":true,"href":"https:\/\/mwb.com.pl\/policja\/index.php?rest_route=\/wp\/v2\/users\/3"}],"replies":[{"embeddable":true,"href":"https:\/\/mwb.com.pl\/policja\/index.php?rest_route=%2Fwp%2Fv2%2Fcomments&post=77"}],"version-history":[{"count":13,"href":"https:\/\/mwb.com.pl\/policja\/index.php?rest_route=\/wp\/v2\/pages\/77\/revisions"}],"predecessor-version":[{"id":1178,"href":"https:\/\/mwb.com.pl\/policja\/index.php?rest_route=\/wp\/v2\/pages\/77\/revisions\/1178"}],"wp:attachment":[{"href":"https:\/\/mwb.com.pl\/policja\/index.php?rest_route=%2Fwp%2Fv2%2Fmedia&parent=77"}],"curies":[{"name":"wp","href":"https:\/\/api.w.org\/{rel}","templated":true}]}}