{"id":71,"date":"2014-07-07T11:57:15","date_gmt":"2014-07-07T11:57:15","guid":{"rendered":"http:\/\/mwb.com.pl\/policja\/?page_id=71"},"modified":"2014-07-08T11:28:26","modified_gmt":"2014-07-08T11:28:26","slug":"policja-konna","status":"publish","type":"page","link":"https:\/\/mwb.com.pl\/policja\/?page_id=71","title":{"rendered":"policja konna"},"content":{"rendered":"<div class=\"art-content-layout\">\n<div class=\"art-content-layout-row\">\n<div class=\"art-layout-cell layout-item-0\" style=\"width: 50%;\">\n<p class=\"MsoNoSpacing\" style=\"text-indent: 15pt;\"><span style=\"font-size: 15px;\">W wi\u0119kszych miastach typow\u0105 s\u0142u\u017cb\u0119 policyjn\u0105 prowadzi\u0142y komisariaty miejskie PP. Ich funkcjonariusze zaanga\u017cowani byli g\u0142\u00f3wnie w uliczn\u0105 s\u0142u\u017cb\u0119 patrolow\u0105 i dzia\u0142ania prewencyjne zapewniaj\u0105ce utrzymanie nale\u017cytego stanu porz\u0105dku publicznego. Pod koniec lat dwudziestych XX w. za zgod\u0105 Komendy Wojew\u00f3dzkiej PP w Bia\u0142ymstoku utworzono w mie\u015bcie Konny Oddzia\u0142 Policji Pa\u0144stwowej w sile 10-15 policjant\u00f3w. Jego koszary mie\u015bci\u0142y si\u0119 przy ul. \u015awi\u0119toja\u0144skiej 14. Konnych policjant\u00f3w u\u017cywano przede wszystkim do patrolowania ulic, a w szczeg\u00f3lnych przypadkach do likwidowania zamieszek lub rozp\u0119dzania t\u0142um\u00f3w w czasie antypa\u0144stwowych manifestacji, jak to mia\u0142o miejsce w Warszawie czy Krakowie.<\/span><\/p>\n<\/div>\n<div class=\"art-layout-cell layout-item-0\" style=\"width: 50%;\"><!-- default-view.php -->\n<div\n\tclass=\"ngg-galleryoverview default-view\n\t ngg-ajax-pagination-none\t\"\n\tid=\"ngg-gallery-662c16410cf802202a36096b2e4d065c-1\"\n\tdata-gallery-id=\"8\">\n\n\t\t<!-- Thumbnails -->\n\t\t\t\t<div id=\"ngg-image-0\" class=\"ngg-gallery-thumbnail-box\n\t\t\t\t\t\t\t\tngg-2-columns\t\t\t\"\n\t\t\t>\n\t\t\t\t\t\t<div class=\"ngg-gallery-thumbnail\">\n\t\t\t<a href=\"https:\/\/mwb.com.pl\/policja\/wp-content\/gallery\/policja_konna\/1.jpg\"\n\t\t\t\ttitle=\"Funkcjonariusze Konnego Oddzia\u0142u Policji Pa\u0144stwowej w Bia\u0142ymstoku. 1931 r.\"\n\t\t\t\tdata-src=\"https:\/\/mwb.com.pl\/policja\/wp-content\/gallery\/policja_konna\/1.jpg\"\n\t\t\t\tdata-thumbnail=\"https:\/\/mwb.com.pl\/policja\/wp-content\/gallery\/policja_konna\/thumbs\/thumbs_1.jpg\"\n\t\t\t\tdata-image-id=\"120\"\n\t\t\t\tdata-title=\"1\"\n\t\t\t\tdata-description=\"Funkcjonariusze Konnego Oddzia\u0142u Policji Pa\u0144stwowej w Bia\u0142ymstoku. 1931 r.\"\n\t\t\t\tdata-image-slug=\"1-6\"\n\t\t\t\t\t\t\t\t\t\t\t\t\t\t\t\t\t\t\t\tclass=\"ngg-fancybox\" rel=\"662c16410cf802202a36096b2e4d065c\">\n\t\t\t\t\t\t\t\t<img\n\t\t\t\t\ttitle=\"1\"\n\t\t\t\t\talt=\"1\"\n\t\t\t\t\tsrc=\"https:\/\/mwb.com.pl\/policja\/index.php\/nextgen-image\/120\/250x250x100\/crop\/9f984b574f095441467638f77d01402f\"\n\t\t\t\t\twidth=\"250\"\n\t\t\t\t\theight=\"250\"\n\t\t\t\t\tstyle=\"max-width:100%;\"\n\t\t\t\t\/>\n\t\t\t<\/a>\n\t\t<\/div>\n\t\t\t\t\t\t\t<\/div>\n\t\t\t\n\t\t\t\t<div id=\"ngg-image-1\" class=\"ngg-gallery-thumbnail-box\n\t\t\t\t\t\t\t\tngg-2-columns\t\t\t\"\n\t\t\t>\n\t\t\t\t\t\t<div class=\"ngg-gallery-thumbnail\">\n\t\t\t<a href=\"https:\/\/mwb.com.pl\/policja\/wp-content\/gallery\/policja_konna\/2.jpg\"\n\t\t\t\ttitle=\"Po\u017cegnanie komendanta wojew\u00f3dzkiego PP w Bia\u0142ymstoku inspektora Henryka Charlemagne przez konnych policjant\u00f3w. 1931 r.\"\n\t\t\t\tdata-src=\"https:\/\/mwb.com.pl\/policja\/wp-content\/gallery\/policja_konna\/2.jpg\"\n\t\t\t\tdata-thumbnail=\"https:\/\/mwb.com.pl\/policja\/wp-content\/gallery\/policja_konna\/thumbs\/thumbs_2.jpg\"\n\t\t\t\tdata-image-id=\"121\"\n\t\t\t\tdata-title=\"2\"\n\t\t\t\tdata-description=\"Po\u017cegnanie komendanta wojew\u00f3dzkiego PP w Bia\u0142ymstoku inspektora Henryka Charlemagne przez konnych policjant\u00f3w. 1931 r.\"\n\t\t\t\tdata-image-slug=\"2-6\"\n\t\t\t\t\t\t\t\t\t\t\t\t\t\t\t\t\t\t\t\tclass=\"ngg-fancybox\" rel=\"662c16410cf802202a36096b2e4d065c\">\n\t\t\t\t\t\t\t\t<img\n\t\t\t\t\ttitle=\"2\"\n\t\t\t\t\talt=\"2\"\n\t\t\t\t\tsrc=\"https:\/\/mwb.com.pl\/policja\/index.php\/nextgen-image\/121\/250x250x100\/crop\/b661a1a051e61f2c14fb483e76d82d9f\"\n\t\t\t\t\twidth=\"250\"\n\t\t\t\t\theight=\"250\"\n\t\t\t\t\tstyle=\"max-width:100%;\"\n\t\t\t\t\/>\n\t\t\t<\/a>\n\t\t<\/div>\n\t\t\t\t\t\t\t<\/div>\n\t\t\t\n\t\t\t\t<div id=\"ngg-image-2\" class=\"ngg-gallery-thumbnail-box\n\t\t\t\t\t\t\t\tngg-2-columns\t\t\t\"\n\t\t\t>\n\t\t\t\t\t\t<div class=\"ngg-gallery-thumbnail\">\n\t\t\t<a href=\"https:\/\/mwb.com.pl\/policja\/wp-content\/gallery\/policja_konna\/3.jpg\"\n\t\t\t\ttitle=\"\u0106wiczenia hippiczne bia\u0142ostockich policjant\u00f3w konnych. 1932 r.\"\n\t\t\t\tdata-src=\"https:\/\/mwb.com.pl\/policja\/wp-content\/gallery\/policja_konna\/3.jpg\"\n\t\t\t\tdata-thumbnail=\"https:\/\/mwb.com.pl\/policja\/wp-content\/gallery\/policja_konna\/thumbs\/thumbs_3.jpg\"\n\t\t\t\tdata-image-id=\"122\"\n\t\t\t\tdata-title=\"3\"\n\t\t\t\tdata-description=\"\u0106wiczenia hippiczne bia\u0142ostockich policjant\u00f3w konnych. 1932 r.\"\n\t\t\t\tdata-image-slug=\"3-6\"\n\t\t\t\t\t\t\t\t\t\t\t\t\t\t\t\t\t\t\t\tclass=\"ngg-fancybox\" rel=\"662c16410cf802202a36096b2e4d065c\">\n\t\t\t\t\t\t\t\t<img\n\t\t\t\t\ttitle=\"3\"\n\t\t\t\t\talt=\"3\"\n\t\t\t\t\tsrc=\"https:\/\/mwb.com.pl\/policja\/index.php\/nextgen-image\/122\/250x250x100\/crop\/176f572d4177099419edbc9ed4d2cec8\"\n\t\t\t\t\twidth=\"250\"\n\t\t\t\t\theight=\"250\"\n\t\t\t\t\tstyle=\"max-width:100%;\"\n\t\t\t\t\/>\n\t\t\t<\/a>\n\t\t<\/div>\n\t\t\t\t\t\t\t<\/div>\n\t\t\t\n\t\t\t\t<div id=\"ngg-image-3\" class=\"ngg-gallery-thumbnail-box\n\t\t\t\t\t\t\t\tngg-2-columns\t\t\t\"\n\t\t\t>\n\t\t\t\t\t\t<div class=\"ngg-gallery-thumbnail\">\n\t\t\t<a href=\"https:\/\/mwb.com.pl\/policja\/wp-content\/gallery\/policja_konna\/4.jpg\"\n\t\t\t\ttitle=\"Oddzia\u0142 konnych policjant\u00f3w na placu koszarowym przy ul. \u015awi\u0119toja\u0144skiej 14. 1933 r.\"\n\t\t\t\tdata-src=\"https:\/\/mwb.com.pl\/policja\/wp-content\/gallery\/policja_konna\/4.jpg\"\n\t\t\t\tdata-thumbnail=\"https:\/\/mwb.com.pl\/policja\/wp-content\/gallery\/policja_konna\/thumbs\/thumbs_4.jpg\"\n\t\t\t\tdata-image-id=\"123\"\n\t\t\t\tdata-title=\"4\"\n\t\t\t\tdata-description=\"Oddzia\u0142 konnych policjant\u00f3w na placu koszarowym przy ul. \u015awi\u0119toja\u0144skiej 14. 1933 r.\"\n\t\t\t\tdata-image-slug=\"4-6\"\n\t\t\t\t\t\t\t\t\t\t\t\t\t\t\t\t\t\t\t\tclass=\"ngg-fancybox\" rel=\"662c16410cf802202a36096b2e4d065c\">\n\t\t\t\t\t\t\t\t<img\n\t\t\t\t\ttitle=\"4\"\n\t\t\t\t\talt=\"4\"\n\t\t\t\t\tsrc=\"https:\/\/mwb.com.pl\/policja\/index.php\/nextgen-image\/123\/250x250x100\/crop\/69cfbf6b11d0d16e4b4687d84e7770b4\"\n\t\t\t\t\twidth=\"250\"\n\t\t\t\t\theight=\"250\"\n\t\t\t\t\tstyle=\"max-width:100%;\"\n\t\t\t\t\/>\n\t\t\t<\/a>\n\t\t<\/div>\n\t\t\t\t\t\t\t<\/div>\n\t\t\t\n\t\t\t\t<div id=\"ngg-image-4\" class=\"ngg-gallery-thumbnail-box\n\t\t\t\t\t\t\t\tngg-2-columns\t\t\t\"\n\t\t\t>\n\t\t\t\t\t\t<div class=\"ngg-gallery-thumbnail\">\n\t\t\t<a href=\"https:\/\/mwb.com.pl\/policja\/wp-content\/gallery\/policja_konna\/5.jpg\"\n\t\t\t\ttitle=\"Konny patrol policyjny na przedmie\u015bciach Bia\u0142egostoku. 1932 r.\"\n\t\t\t\tdata-src=\"https:\/\/mwb.com.pl\/policja\/wp-content\/gallery\/policja_konna\/5.jpg\"\n\t\t\t\tdata-thumbnail=\"https:\/\/mwb.com.pl\/policja\/wp-content\/gallery\/policja_konna\/thumbs\/thumbs_5.jpg\"\n\t\t\t\tdata-image-id=\"124\"\n\t\t\t\tdata-title=\"5\"\n\t\t\t\tdata-description=\"Konny patrol policyjny na przedmie\u015bciach Bia\u0142egostoku. 1932 r.\"\n\t\t\t\tdata-image-slug=\"5-5\"\n\t\t\t\t\t\t\t\t\t\t\t\t\t\t\t\t\t\t\t\tclass=\"ngg-fancybox\" rel=\"662c16410cf802202a36096b2e4d065c\">\n\t\t\t\t\t\t\t\t<img\n\t\t\t\t\ttitle=\"5\"\n\t\t\t\t\talt=\"5\"\n\t\t\t\t\tsrc=\"https:\/\/mwb.com.pl\/policja\/index.php\/nextgen-image\/124\/250x250x100\/crop\/c08913f625f3714498ed85632e698c1f\"\n\t\t\t\t\twidth=\"250\"\n\t\t\t\t\theight=\"250\"\n\t\t\t\t\tstyle=\"max-width:100%;\"\n\t\t\t\t\/>\n\t\t\t<\/a>\n\t\t<\/div>\n\t\t\t\t\t\t\t<\/div>\n\t\t\t\n\t\t\t\t<div id=\"ngg-image-5\" class=\"ngg-gallery-thumbnail-box\n\t\t\t\t\t\t\t\tngg-2-columns\t\t\t\"\n\t\t\t>\n\t\t\t\t\t\t<div class=\"ngg-gallery-thumbnail\">\n\t\t\t<a href=\"https:\/\/mwb.com.pl\/policja\/wp-content\/gallery\/policja_konna\/6.jpg\"\n\t\t\t\ttitle=\"Posterunkowy J\u00f3zef Buczek w czasie \u0107wicze\u0144 hippicznych. 1932 r.\"\n\t\t\t\tdata-src=\"https:\/\/mwb.com.pl\/policja\/wp-content\/gallery\/policja_konna\/6.jpg\"\n\t\t\t\tdata-thumbnail=\"https:\/\/mwb.com.pl\/policja\/wp-content\/gallery\/policja_konna\/thumbs\/thumbs_6.jpg\"\n\t\t\t\tdata-image-id=\"125\"\n\t\t\t\tdata-title=\"6\"\n\t\t\t\tdata-description=\"Posterunkowy J\u00f3zef Buczek w czasie \u0107wicze\u0144 hippicznych. 1932 r.\"\n\t\t\t\tdata-image-slug=\"6-5\"\n\t\t\t\t\t\t\t\t\t\t\t\t\t\t\t\t\t\t\t\tclass=\"ngg-fancybox\" rel=\"662c16410cf802202a36096b2e4d065c\">\n\t\t\t\t\t\t\t\t<img\n\t\t\t\t\ttitle=\"6\"\n\t\t\t\t\talt=\"6\"\n\t\t\t\t\tsrc=\"https:\/\/mwb.com.pl\/policja\/index.php\/nextgen-image\/125\/250x250x100\/crop\/8fdb57d6bb41308b58e6f777a05ce9f6\"\n\t\t\t\t\twidth=\"250\"\n\t\t\t\t\theight=\"250\"\n\t\t\t\t\tstyle=\"max-width:100%;\"\n\t\t\t\t\/>\n\t\t\t<\/a>\n\t\t<\/div>\n\t\t\t\t\t\t\t<\/div>\n\t\t\t\n\t\t\t\t<div id=\"ngg-image-6\" class=\"ngg-gallery-thumbnail-box\n\t\t\t\t\t\t\t\tngg-2-columns\t\t\t\"\n\t\t\t>\n\t\t\t\t\t\t<div class=\"ngg-gallery-thumbnail\">\n\t\t\t<a href=\"https:\/\/mwb.com.pl\/policja\/wp-content\/gallery\/policja_konna\/7.jpg\"\n\t\t\t\ttitle=\"Posterunkowy J\u00f3zef Buczek ze swym koniem. 1932 r.\"\n\t\t\t\tdata-src=\"https:\/\/mwb.com.pl\/policja\/wp-content\/gallery\/policja_konna\/7.jpg\"\n\t\t\t\tdata-thumbnail=\"https:\/\/mwb.com.pl\/policja\/wp-content\/gallery\/policja_konna\/thumbs\/thumbs_7.jpg\"\n\t\t\t\tdata-image-id=\"126\"\n\t\t\t\tdata-title=\"7\"\n\t\t\t\tdata-description=\"Posterunkowy J\u00f3zef Buczek ze swym koniem. 1932 r.\"\n\t\t\t\tdata-image-slug=\"7-5\"\n\t\t\t\t\t\t\t\t\t\t\t\t\t\t\t\t\t\t\t\tclass=\"ngg-fancybox\" rel=\"662c16410cf802202a36096b2e4d065c\">\n\t\t\t\t\t\t\t\t<img\n\t\t\t\t\ttitle=\"7\"\n\t\t\t\t\talt=\"7\"\n\t\t\t\t\tsrc=\"https:\/\/mwb.com.pl\/policja\/index.php\/nextgen-image\/126\/250x250x100\/crop\/0e582fe09371ffb99251f134ad660444\"\n\t\t\t\t\twidth=\"250\"\n\t\t\t\t\theight=\"250\"\n\t\t\t\t\tstyle=\"max-width:100%;\"\n\t\t\t\t\/>\n\t\t\t<\/a>\n\t\t<\/div>\n\t\t\t\t\t\t\t<\/div>\n\t\t\t\n\t\t\t\t<div id=\"ngg-image-7\" class=\"ngg-gallery-thumbnail-box\n\t\t\t\t\t\t\t\tngg-2-columns\t\t\t\"\n\t\t\t>\n\t\t\t\t\t\t<div class=\"ngg-gallery-thumbnail\">\n\t\t\t<a href=\"https:\/\/mwb.com.pl\/policja\/wp-content\/gallery\/policja_konna\/8.jpg\"\n\t\t\t\ttitle=\"Posterunkowy J\u00f3zef Buczek w czasie konnego patrolu na ul. Lipowej. 1932 r.\"\n\t\t\t\tdata-src=\"https:\/\/mwb.com.pl\/policja\/wp-content\/gallery\/policja_konna\/8.jpg\"\n\t\t\t\tdata-thumbnail=\"https:\/\/mwb.com.pl\/policja\/wp-content\/gallery\/policja_konna\/thumbs\/thumbs_8.jpg\"\n\t\t\t\tdata-image-id=\"127\"\n\t\t\t\tdata-title=\"8\"\n\t\t\t\tdata-description=\"Posterunkowy J\u00f3zef Buczek w czasie konnego patrolu na ul. Lipowej. 1932 r.\"\n\t\t\t\tdata-image-slug=\"8-5\"\n\t\t\t\t\t\t\t\t\t\t\t\t\t\t\t\t\t\t\t\tclass=\"ngg-fancybox\" rel=\"662c16410cf802202a36096b2e4d065c\">\n\t\t\t\t\t\t\t\t<img\n\t\t\t\t\ttitle=\"8\"\n\t\t\t\t\talt=\"8\"\n\t\t\t\t\tsrc=\"https:\/\/mwb.com.pl\/policja\/index.php\/nextgen-image\/127\/250x250x100\/crop\/bf083d2e07de0c9f7d0980169603e089\"\n\t\t\t\t\twidth=\"250\"\n\t\t\t\t\theight=\"250\"\n\t\t\t\t\tstyle=\"max-width:100%;\"\n\t\t\t\t\/>\n\t\t\t<\/a>\n\t\t<\/div>\n\t\t\t\t\t\t\t<\/div>\n\t\t\t\n\t\t\t\t<div id=\"ngg-image-8\" class=\"ngg-gallery-thumbnail-box\n\t\t\t\t\t\t\t\tngg-2-columns\t\t\t\"\n\t\t\t>\n\t\t\t\t\t\t<div class=\"ngg-gallery-thumbnail\">\n\t\t\t<a href=\"https:\/\/mwb.com.pl\/policja\/wp-content\/gallery\/policja_konna\/9.jpg\"\n\t\t\t\ttitle=\"Posterunkowy J\u00f3zef Buczek w czasie zabezpieczania obchod\u00f3w \u015bwi\u0119ta pa\u0144stwowego w Bia\u0142ymstoku. 1933 r.\"\n\t\t\t\tdata-src=\"https:\/\/mwb.com.pl\/policja\/wp-content\/gallery\/policja_konna\/9.jpg\"\n\t\t\t\tdata-thumbnail=\"https:\/\/mwb.com.pl\/policja\/wp-content\/gallery\/policja_konna\/thumbs\/thumbs_9.jpg\"\n\t\t\t\tdata-image-id=\"128\"\n\t\t\t\tdata-title=\"9\"\n\t\t\t\tdata-description=\"Posterunkowy J\u00f3zef Buczek w czasie zabezpieczania obchod\u00f3w \u015bwi\u0119ta pa\u0144stwowego w Bia\u0142ymstoku. 1933 r.\"\n\t\t\t\tdata-image-slug=\"9-5\"\n\t\t\t\t\t\t\t\t\t\t\t\t\t\t\t\t\t\t\t\tclass=\"ngg-fancybox\" rel=\"662c16410cf802202a36096b2e4d065c\">\n\t\t\t\t\t\t\t\t<img\n\t\t\t\t\ttitle=\"9\"\n\t\t\t\t\talt=\"9\"\n\t\t\t\t\tsrc=\"https:\/\/mwb.com.pl\/policja\/index.php\/nextgen-image\/128\/250x250x100\/crop\/976a976bae6bff8c06e2e0ca9e5637af\"\n\t\t\t\t\twidth=\"250\"\n\t\t\t\t\theight=\"250\"\n\t\t\t\t\tstyle=\"max-width:100%;\"\n\t\t\t\t\/>\n\t\t\t<\/a>\n\t\t<\/div>\n\t\t\t\t\t\t\t<\/div>\n\t\t\t\n\t\t\t\t<div id=\"ngg-image-9\" class=\"ngg-gallery-thumbnail-box\n\t\t\t\t\t\t\t\tngg-2-columns\t\t\t\"\n\t\t\t>\n\t\t\t\t\t\t<div class=\"ngg-gallery-thumbnail\">\n\t\t\t<a href=\"https:\/\/mwb.com.pl\/policja\/wp-content\/gallery\/policja_konna\/10.jpg\"\n\t\t\t\ttitle=\"Posterunkowy J\u00f3zef Buczek na patrolu. 1933 r.\"\n\t\t\t\tdata-src=\"https:\/\/mwb.com.pl\/policja\/wp-content\/gallery\/policja_konna\/10.jpg\"\n\t\t\t\tdata-thumbnail=\"https:\/\/mwb.com.pl\/policja\/wp-content\/gallery\/policja_konna\/thumbs\/thumbs_10.jpg\"\n\t\t\t\tdata-image-id=\"129\"\n\t\t\t\tdata-title=\"10\"\n\t\t\t\tdata-description=\"Posterunkowy J\u00f3zef Buczek na patrolu. 1933 r.\"\n\t\t\t\tdata-image-slug=\"10-5\"\n\t\t\t\t\t\t\t\t\t\t\t\t\t\t\t\t\t\t\t\tclass=\"ngg-fancybox\" rel=\"662c16410cf802202a36096b2e4d065c\">\n\t\t\t\t\t\t\t\t<img\n\t\t\t\t\ttitle=\"10\"\n\t\t\t\t\talt=\"10\"\n\t\t\t\t\tsrc=\"https:\/\/mwb.com.pl\/policja\/index.php\/nextgen-image\/129\/250x250x100\/crop\/601bd43b38df5e6a700ff3cd11de58d0\"\n\t\t\t\t\twidth=\"250\"\n\t\t\t\t\theight=\"250\"\n\t\t\t\t\tstyle=\"max-width:100%;\"\n\t\t\t\t\/>\n\t\t\t<\/a>\n\t\t<\/div>\n\t\t\t\t\t\t\t<\/div>\n\t\t\t\n\t\t\t\t<div id=\"ngg-image-10\" class=\"ngg-gallery-thumbnail-box\n\t\t\t\t\t\t\t\tngg-2-columns\t\t\t\"\n\t\t\t>\n\t\t\t\t\t\t<div class=\"ngg-gallery-thumbnail\">\n\t\t\t<a href=\"https:\/\/mwb.com.pl\/policja\/wp-content\/gallery\/policja_konna\/11.jpg\"\n\t\t\t\ttitle=\"Posterunkowy J\u00f3zef Buczek podczas s\u0142u\u017cby patrolowej na ulicach miasta. 1933 r.\"\n\t\t\t\tdata-src=\"https:\/\/mwb.com.pl\/policja\/wp-content\/gallery\/policja_konna\/11.jpg\"\n\t\t\t\tdata-thumbnail=\"https:\/\/mwb.com.pl\/policja\/wp-content\/gallery\/policja_konna\/thumbs\/thumbs_11.jpg\"\n\t\t\t\tdata-image-id=\"130\"\n\t\t\t\tdata-title=\"11\"\n\t\t\t\tdata-description=\"Posterunkowy J\u00f3zef Buczek podczas s\u0142u\u017cby patrolowej na ulicach miasta. 1933 r.\"\n\t\t\t\tdata-image-slug=\"11-5\"\n\t\t\t\t\t\t\t\t\t\t\t\t\t\t\t\t\t\t\t\tclass=\"ngg-fancybox\" rel=\"662c16410cf802202a36096b2e4d065c\">\n\t\t\t\t\t\t\t\t<img\n\t\t\t\t\ttitle=\"11\"\n\t\t\t\t\talt=\"11\"\n\t\t\t\t\tsrc=\"https:\/\/mwb.com.pl\/policja\/index.php\/nextgen-image\/130\/250x250x100\/crop\/91b4599f0e7b926d71604c8106d224fd\"\n\t\t\t\t\twidth=\"250\"\n\t\t\t\t\theight=\"250\"\n\t\t\t\t\tstyle=\"max-width:100%;\"\n\t\t\t\t\/>\n\t\t\t<\/a>\n\t\t<\/div>\n\t\t\t\t\t\t\t<\/div>\n\t\t\t\n\t\t\t\t<div id=\"ngg-image-11\" class=\"ngg-gallery-thumbnail-box\n\t\t\t\t\t\t\t\tngg-2-columns\t\t\t\"\n\t\t\t>\n\t\t\t\t\t\t<div class=\"ngg-gallery-thumbnail\">\n\t\t\t<a href=\"https:\/\/mwb.com.pl\/policja\/wp-content\/gallery\/policja_konna\/12.jpg\"\n\t\t\t\ttitle=\"St. posterunkowy bia\u0142ostockiej policji konnej w czasie zabezpieczania manifestacji na ul. Sienkiewicza. 1936 r.\"\n\t\t\t\tdata-src=\"https:\/\/mwb.com.pl\/policja\/wp-content\/gallery\/policja_konna\/12.jpg\"\n\t\t\t\tdata-thumbnail=\"https:\/\/mwb.com.pl\/policja\/wp-content\/gallery\/policja_konna\/thumbs\/thumbs_12.jpg\"\n\t\t\t\tdata-image-id=\"131\"\n\t\t\t\tdata-title=\"12\"\n\t\t\t\tdata-description=\"St. posterunkowy bia\u0142ostockiej policji konnej w czasie zabezpieczania manifestacji na ul. Sienkiewicza. 1936 r.\"\n\t\t\t\tdata-image-slug=\"12-5\"\n\t\t\t\t\t\t\t\t\t\t\t\t\t\t\t\t\t\t\t\tclass=\"ngg-fancybox\" rel=\"662c16410cf802202a36096b2e4d065c\">\n\t\t\t\t\t\t\t\t<img\n\t\t\t\t\ttitle=\"12\"\n\t\t\t\t\talt=\"12\"\n\t\t\t\t\tsrc=\"https:\/\/mwb.com.pl\/policja\/index.php\/nextgen-image\/131\/250x250x100\/crop\/60b50dc15b4df0ddc1c1d62e528b710d\"\n\t\t\t\t\twidth=\"250\"\n\t\t\t\t\theight=\"250\"\n\t\t\t\t\tstyle=\"max-width:100%;\"\n\t\t\t\t\/>\n\t\t\t<\/a>\n\t\t<\/div>\n\t\t\t\t\t\t\t<\/div>\n\t\t\t\n\t\t\t\t<div id=\"ngg-image-12\" class=\"ngg-gallery-thumbnail-box\n\t\t\t\t\t\t\t\tngg-2-columns\t\t\t\"\n\t\t\t>\n\t\t\t\t\t\t<div class=\"ngg-gallery-thumbnail\">\n\t\t\t<a href=\"https:\/\/mwb.com.pl\/policja\/wp-content\/gallery\/policja_konna\/13.jpg\"\n\t\t\t\ttitle=\"St. przodownik Leon Druszcz \u2013 komendant oddzia\u0142u bia\u0142ostockiej policji konnej. Lata 1931-1935.\"\n\t\t\t\tdata-src=\"https:\/\/mwb.com.pl\/policja\/wp-content\/gallery\/policja_konna\/13.jpg\"\n\t\t\t\tdata-thumbnail=\"https:\/\/mwb.com.pl\/policja\/wp-content\/gallery\/policja_konna\/thumbs\/thumbs_13.jpg\"\n\t\t\t\tdata-image-id=\"132\"\n\t\t\t\tdata-title=\"13\"\n\t\t\t\tdata-description=\"St. przodownik Leon Druszcz \u2013 komendant oddzia\u0142u bia\u0142ostockiej policji konnej. Lata 1931-1935.\"\n\t\t\t\tdata-image-slug=\"13-5\"\n\t\t\t\t\t\t\t\t\t\t\t\t\t\t\t\t\t\t\t\tclass=\"ngg-fancybox\" rel=\"662c16410cf802202a36096b2e4d065c\">\n\t\t\t\t\t\t\t\t<img\n\t\t\t\t\ttitle=\"13\"\n\t\t\t\t\talt=\"13\"\n\t\t\t\t\tsrc=\"https:\/\/mwb.com.pl\/policja\/index.php\/nextgen-image\/132\/250x250x100\/crop\/38caa377495d82b27fadc7d7506cc084\"\n\t\t\t\t\twidth=\"250\"\n\t\t\t\t\theight=\"250\"\n\t\t\t\t\tstyle=\"max-width:100%;\"\n\t\t\t\t\/>\n\t\t\t<\/a>\n\t\t<\/div>\n\t\t\t\t\t\t\t<\/div>\n\t\t\t\n\t\n\t<br style=\"clear: both\" \/>\n\n\t\n\t\t<!-- Pagination -->\n\t\t<div class='ngg-clear'><\/div>\t<\/div>\n<\/div>\n<\/div>\n<\/div>\n","protected":false},"excerpt":{"rendered":"<p>W wi\u0119kszych miastach typow\u0105 s\u0142u\u017cb\u0119 policyjn\u0105 prowadzi\u0142y komisariaty miejskie PP. Ich funkcjonariusze zaanga\u017cowani byli g\u0142\u00f3wnie w uliczn\u0105 s\u0142u\u017cb\u0119 patrolow\u0105 i dzia\u0142ania prewencyjne zapewniaj\u0105ce utrzymanie nale\u017cytego stanu porz\u0105dku publicznego. Pod koniec lat dwudziestych XX w. za zgod\u0105 Komendy Wojew\u00f3dzkiej PP w Bia\u0142ymstoku utworzono w mie\u015bcie Konny Oddzia\u0142 Policji Pa\u0144stwowej w sile 10-15 policjant\u00f3w. Jego koszary mie\u015bci\u0142y [&hellip;]<\/p>\n","protected":false},"author":3,"featured_media":0,"parent":0,"menu_order":10,"comment_status":"closed","ping_status":"open","template":"","meta":{"ngg_post_thumbnail":0,"footnotes":""},"class_list":["post-71","page","type-page","status-publish","hentry"],"_links":{"self":[{"href":"https:\/\/mwb.com.pl\/policja\/index.php?rest_route=\/wp\/v2\/pages\/71","targetHints":{"allow":["GET"]}}],"collection":[{"href":"https:\/\/mwb.com.pl\/policja\/index.php?rest_route=\/wp\/v2\/pages"}],"about":[{"href":"https:\/\/mwb.com.pl\/policja\/index.php?rest_route=\/wp\/v2\/types\/page"}],"author":[{"embeddable":true,"href":"https:\/\/mwb.com.pl\/policja\/index.php?rest_route=\/wp\/v2\/users\/3"}],"replies":[{"embeddable":true,"href":"https:\/\/mwb.com.pl\/policja\/index.php?rest_route=%2Fwp%2Fv2%2Fcomments&post=71"}],"version-history":[{"count":2,"href":"https:\/\/mwb.com.pl\/policja\/index.php?rest_route=\/wp\/v2\/pages\/71\/revisions"}],"predecessor-version":[{"id":662,"href":"https:\/\/mwb.com.pl\/policja\/index.php?rest_route=\/wp\/v2\/pages\/71\/revisions\/662"}],"wp:attachment":[{"href":"https:\/\/mwb.com.pl\/policja\/index.php?rest_route=%2Fwp%2Fv2%2Fmedia&parent=71"}],"curies":[{"name":"wp","href":"https:\/\/api.w.org\/{rel}","templated":true}]}}