{"id":67,"date":"2014-07-07T11:57:11","date_gmt":"2014-07-07T11:57:11","guid":{"rendered":"http:\/\/mwb.com.pl\/policja\/?page_id=67"},"modified":"2014-07-08T10:04:47","modified_gmt":"2014-07-08T10:04:47","slug":"posterunki-pp","status":"publish","type":"page","link":"https:\/\/mwb.com.pl\/policja\/?page_id=67","title":{"rendered":"posterunki pp"},"content":{"rendered":"<div class=\"art-content-layout\">\n<div class=\"art-content-layout-row\">\n<div class=\"art-layout-cell layout-item-0\" style=\"width: 50%;\">\n<p class=\"MsoNoSpacing\" style=\"text-indent: 15pt;\"><span style=\"font-family: Arial; font-size: 15px;\">Najmniejsz\u0105 jednostk\u0105 organizacyjn\u0105 terenowych struktur policji by\u0142y posterunki gminne, kolejowe, graniczne lub rzeczne. We wszystkich sprawach organizacyjnych i wykonawczych podlega\u0142y one komendom powiatowym PP. W odniesieniu do w\u0142adz administracji pa\u0144stwowej jego komendant otrzymywa\u0142 polecenia od starosty za po\u015brednictwem komendanta powiatowego PP. Jako gminny zwierzchnik policji czu\u0142 si\u0119 cz\u0119sto nieograniczony w swych kompetencjach na tym szczeblu organizacyjnym, co mog\u0142o prowadzi\u0107 do negatywnych zjawisk nadu\u017cywania posiadanej przez siebie w\u0142adzy. Komendantem posterunku zostawa\u0142 najcz\u0119\u015bciej ni\u017cszy funkcjonariusz policji w stopniu przodownika lub st. przodownika. Dla utrzymania nale\u017cytego poziomu bezpiecze\u0144stwa na terenie gminy podporz\u0105dkowywano mu odpowiedni personel policyjny, sk\u0142adaj\u0105cy si\u0119 zwykle z liczby 3-6 posterunkowych. Obok powo\u0142ywanych posterunk\u00f3w gminnych funkcjonowa\u0142y tak\u017ce inne posterunki specjalistyczne tj. kolejowe, rzeczne lub graniczne. W wyj\u0105tkowym warunkach organizowano jeszcze dodatkowo mniejsze jednostki w postaci podposterunk\u00f3w czy wartowni policyjnych, jako nieformalne ekspozytury posterunku gminnego. Wszystkie organa tego typu \u0142\u0105czy\u0142a jednak jedna wsp\u00f3lna cecha \u2013 organizowanie obchod\u00f3w i patrolowanie terenu dla zapewnienia odpowiedniego bezpiecze\u0144stwa wewn\u0119trznego. Liczba policyjnych posterunk\u00f3w na obszarze wojew\u00f3dztwa bia\u0142ostockiego by\u0142a sukcesywnie zmniejszana, co obrazuj\u0105 wyra\u017anie por\u00f3wnawcze wykazy urz\u0119d\u00f3w policyjnych V okr\u0119gu z \u00a01927 r. i 1939 r.<\/span><\/p>\n<p><span style=\"font-size: 15px;\">\u00a0<\/span><\/p>\n<p class=\"MsoNoSpacing\" style=\"text-align: center;\" align=\"center\"><b style=\"font-size: 16px;\">POSTERUNKI POLICYJNE WOJEW\u00d3DZTWA BIA\u0141OSTOCKIEGO \u2013 1927 R.<\/b><\/p>\n<p><span style=\"font-size: 15px;\">\u00a0<\/span><\/p>\n<p class=\"MsoNoSpacing\"><span style=\"font-size: 15px;\"><b><span style=\"text-decoration: underline;\">Komenda Powiatowa PP w Augustowie<\/span><\/b> \u2013 posterunki policyjne: August\u00f3w, August\u00f3w II \u2013 post. kolejowy, Barg\u0142\u00f3w, Ho\u0142ynka, Kolnica, Lipsk, \u0141ojki, \u0141oso\u015bna, Raczki, Sopo\u0107kinie, Sztabin, Szczebra.\u00a0<\/span><\/p>\n<p class=\"MsoNoSpacing\"><span style=\"font-size: 15px;\"><b><span style=\"text-decoration: underline;\">Komenda Powiatowa PP w Bia\u0142ymstoku<\/span><\/b> \u2013 posterunki policyjne: Bia\u0142ystok \u2013 post. kolejowy, Choroszcz, Czarna Wie\u015b, Dobrzyniewo, Dolistowo, Goni\u0105dz, Gr\u00f3dek, Jasion\u00f3wka, Knyszyn, Lewickie, Micha\u0142owo, Starosielce, Supra\u015bl, Sura\u017c, Trzcianne, Wasilk\u00f3w, Zab\u0142ud\u00f3w, Zielona \u2013 podposterunek.<\/span><\/p>\n<p class=\"MsoNoSpacing\"><span style=\"font-size: 15px;\"><b><span style=\"text-decoration: underline;\">Komenda Powiatowa PP w Bielsku Podlaskim<\/span><\/b> \u2013 posterunki policyjne: Bia\u0142a, Bia\u0142owie\u017ca, Bielsk Podlaski, Bo\u0107ki, Bra\u0144sk, Czeremcha, Drohiczyn, Grodzisk, Hajn\u00f3wka, Kiwaczyn, Kleszczele, \u0141osinka, Masiew, Mielnik, Milejczyce, Narewka, Narew, Orla, Siemiatycze, Wyszki.<\/span><\/p>\n<p class=\"MsoNoSpacing\"><span style=\"font-size: 15px;\"><b><span style=\"text-decoration: underline;\">Komenda Powiatowa PP w Grodnie<\/span><\/b> \u2013 posterunki policyjne: Berszty, Brzostowica Ma\u0142a, Brzostowica Wielka, Druskienniki, Dubno, Ejsmonty Wielkie, Ho\u0142ynka, Hornica, Ho\u017ca, Indura, Jeziory, Kamionka, Krynki, \u0141unno, Marcinka\u0144ce, Mosty, Porzecze, Skidel, Wiercieliszki, Wo\u0142pa, Zytomla.<\/span><\/p>\n<p class=\"MsoNoSpacing\"><span style=\"font-size: 15px;\"><b><span style=\"text-decoration: underline;\">Komenda Powiatowa PP w Kolnie<\/span><\/b> \u2013 posterunki policyjne: Kolno, Jedwabne, \u0141yse, Ma\u0142y P\u0142ock, Przytu\u0142y, Rogienice, Stawiski, Turo\u015bl, Wincenta \u2013 post. graniczny, Zb\u00f3jna.<\/span><\/p>\n<p class=\"MsoNoSpacing\"><span style=\"font-size: 15px;\"><b><span style=\"text-decoration: underline;\">Komenda Powiatowa PP w \u0141om\u017cy<\/span><\/b> \u2013 posterunki policyjne: \u0141om\u017ca \u2013 post. kolejowy, Nowogr\u00f3d, Pi\u0105tnica, Pucha\u0142y, Rutki Kossaki, Szumowo, \u015aniadowo, Wizna, Zambr\u00f3w.<\/span><\/p>\n<p class=\"MsoNoSpacing\"><span style=\"font-size: 15px;\"><b><span style=\"text-decoration: underline;\">Komenda Powiatowa PP w Ostro\u0142\u0119ce<\/span><\/b> \u2013 posterunki policyjne: Czerwin, Goworowo, Kadzid\u0142o, Myszyniec, Nak\u0142y, Nasiadki, Ostro\u0142\u0119ka, Rzeku\u0144, Troszyn, Wach.<\/span><\/p>\n<p class=\"MsoNoSpacing\"><span style=\"font-size: 15px;\"><b><span style=\"text-decoration: underline;\">Komenda Powiatowa PP w Ostrowi Mazowieckiej<\/span><\/b> \u2013 posterunki\u00a0 policyjne: Andrzejewo, Bra\u0144szczyk, Brok, D\u0142ugosiod\u0142o, Jasienica, Ma\u0142kinia, Nur, Ostr\u00f3w Mazowiecka, Por\u0119ba, Szulborze-Koty, W\u0105sewo, Zar\u0119by Ko\u015bcielne.<\/span><\/p>\n<p class=\"MsoNoSpacing\"><span style=\"font-size: 15px;\"><b><span style=\"text-decoration: underline;\">Komenda Powiatowa PP w Sok\u00f3\u0142ce<\/span><\/b> \u2013 posterunki policyjne: D\u0105browa, Jan\u00f3w, Korycin, Ku\u017anica, Nowy Dw\u00f3r, Odelsk, Sok\u00f3\u0142ka, Suchowola, Szudzia\u0142owo.<\/span><\/p>\n<p class=\"MsoNoSpacing\"><span style=\"font-size: 15px;\"><b><span style=\"text-decoration: underline;\">Komenda Powiatowa PP w Suwa\u0142kach<\/span><\/b> \u2013 posterunki policyjne: Baka\u0142arzewo, Bakaniuk, Ber\u017cniki, Filip\u00f3w, Giby, Janiszki, Jeleniewo, Krasnopol, Przero\u015bl, Pu\u0144sk, Rutka-Tartak, Sejny, Suwa\u0142ki \u2013 post. kolejowy, Szypliszki, Tartak, Wi\u017cajny, Wychodne.<\/span><\/p>\n<p class=\"MsoNoSpacing\"><span style=\"font-size: 15px;\"><b><span style=\"text-decoration: underline;\">Komenda Powiatowa PP w Grajewie (pow. szczuczy\u0144ski)<\/span><\/b> \u2013 posterunki policyjne: Bogusze \u2013 post. graniczny, Czarn\u00f3wek \u2013 post. graniczny, Grabowo, Grajewo, Grajewo \u2013 post. kolejowy, Lachowo, Pruska, Radzi\u0142\u00f3w, Rajgr\u00f3d, Ruda, Szczuczyn, W\u0105sosz.<\/span><\/p>\n<p><span style=\"font-size: 15px;\">\u00a0<\/span><span style=\"font-size: 15px;\"><b><span style=\"text-decoration: underline;\">Komenda Powiatowa PP w Wo\u0142kowysku<\/span><\/b> \u2013 posterunki policyjne: Dobrowola, Izabelin, Ja\u0142\u00f3wka, Krzemienica, \u0141yskowo, Mi\u0119dzyrzecz, M\u015bcib\u00f3w, Nowy Dw\u00f3r, Pieski, Podorosk, Poroz\u00f3w, Ro\u015b, Swis\u0142ocz, Tarnopol, Tereszki, Wo\u0142kowysk, Wo\u0142kowysk II \u2013 post. kolejowy, Zelwa.<\/span><\/p>\n<p class=\"MsoNoSpacing\"><span style=\"font-size: 15px;\"><b><span style=\"text-decoration: underline;\">Komenda Powiatowa PP w Wysokiem Mazowieckiem<\/span><\/b> \u2013 posterunki policyjne: Ciechanowiec, Czy\u017cew, D\u0105browa Wielka, Kobylin, \u0141apy, \u0141upianka Stara, Piekuty, Po\u015bwi\u0119tne, Soko\u0142y, Tykocin, Wysokie Mazowieckie.<\/span><\/p>\n<p><span style=\"font-size: 15px;\">\u00a0<\/span><\/p>\n<p class=\"MsoNoSpacing\" style=\"text-indent: 15pt;\"><span style=\"font-family: Arial; font-size: 15px;\">Z powy\u017cszych wylicze\u0144 wynika, i\u017c w 13 komendom powiatowym podporz\u0105dkowanych by\u0142o w tym okresie 180 posterunk\u00f3w gminnych, granicznych i kolejowych. Do po\u0142owy 1939 r. wiele z tych jednostek zosta\u0142o rozwi\u0105zanych, a cz\u0119\u015b\u0107 przeniesiona zosta\u0142a z r\u00f3\u017cnych przyczyn do innych miejscowo\u015bci lub struktur policyjnych s\u0105siedniego wojew\u00f3dztwa warszawskiego. Z wykaz\u00f3w dyslokacyjnych jednostek PP okr\u0119gu bia\u0142ostockiego wynika, i\u017c na kilka dni przed wybuchem II wojny \u015bwiatowej na obszarze dziewi\u0119ciu powiat\u00f3w istnia\u0142o ju\u017c tylko 130 posterunk\u00f3w gminnych, kolejowych i granicznych, o czym m\u00f3wi niniejszy wykaz:<\/span><\/p>\n<p><span style=\"font-size: 15px;\">\u00a0<\/span><\/p>\n<p class=\"MsoNoSpacing\"><span style=\"font-size: 15px;\"><b><span style=\"text-decoration: underline;\">Komenda Powiatowa PP w Augustowie<\/span><\/b> \u2013 posterunki policyjne: August\u00f3w, Bia\u0142obrzegi, Barg\u0142\u00f3w, Ho\u0142ynka, Lip\u00f3wka \u2013 post. graniczny, Lipsk, \u0141oso\u015bna, Nowinka, Raczki, Reszki \u2013 post. graniczny, Sopo\u0107kinie, Sztabin.<\/span><\/p>\n<p class=\"MsoNoSpacing\"><span style=\"font-size: 15px;\"><b><span style=\"text-decoration: underline;\">Komenda Powiatowa PP w Bia\u0142ymstoku<\/span><\/b> \u2013 posterunki policyjne: Choroszcz, Czarna Wie\u015b, Dolistowo, Goni\u0105dz, Gr\u00f3dek, Jasion\u00f3wka, Knyszyn, Kozi\u0144ce, Lewickie, Micha\u0142owo, Starosielce, Supra\u015bl, Sura\u017c, Trzcianne, Wasilk\u00f3w, Zab\u0142ud\u00f3w.<\/span><\/p>\n<p class=\"MsoNoSpacing\"><span style=\"font-size: 15px;\"><b><span style=\"text-decoration: underline;\">Komenda Powiatowa PP w Bielsku Podlaskim<\/span><\/b> \u2013 posterunki policyjne: Bielsk Podlaski, Bra\u0144sk, Bia\u0142owie\u017ca, Bo\u0107ki, Bia\u0142a, Czeremcha, Drohiczyn, Grodzisk, Hajn\u00f3wka, Kleszczele, Mielnik, Milejczyce, Narew, Narewka, Orla, Siemiatycze, Wyszki.<\/span><\/p>\n<p class=\"MsoNoSpacing\"><span style=\"font-size: 15px;\"><b><span style=\"text-decoration: underline;\">Komenda Powiatowa PP w Grodnie<\/span><\/b> \u2013 posterunki policyjne: Grodno, Brzostowica Wielka, Brzostowica Stara, Berszty, Druskienniki, Dubno, Ejsmonty Wielkie, Ho\u017ca, Indura, Jeziory, Kopci\u00f3wka, Kole\u015bniki, \u0141unna, Marcinka\u0144ce, Mosty, Porzecze, Skidel, Wiercieliszki, Wo\u0142pa, Zydomla.<\/span><\/p>\n<p class=\"MsoNoSpacing\"><span style=\"font-size: 15px;\"><b><span style=\"text-decoration: underline;\">Komenda Powiatowa PP w Sok\u00f3\u0142ce<\/span><\/b> \u2013 posterunki policyjne: Sok\u00f3\u0142ka, D\u0105browa, Jan\u00f3w, Ku\u017anica, Korycin, Nowy Dw\u00f3r, Odelsk, Suchowola, Sidra, Szudzia\u0142owo;<\/span><\/p>\n<p class=\"MsoNoSpacing\"><span style=\"font-size: 15px;\"><b><span style=\"text-decoration: underline;\">Komenda Powiatowa PP w Suwa\u0142kach<\/span><\/b> \u2013 posterunki policyjne: Baka\u0142arzewo, Ber\u017cniki, Filip\u00f3w, Giby, Jeleniewo, Krasnowo, Przero\u015bl, Pu\u0144sk, Rutka Tartak, Sejny, Szypliszki, Tartak, Wi\u017cajny, Wychodne.<\/span><\/p>\n<p class=\"MsoNoSpacing\"><span style=\"font-size: 15px;\"><b><span style=\"text-decoration: underline;\">Komenda Powiatowa PP w Grajewie (pow. szczuczy\u0144ski)<\/span><\/b> \u2013 posterunki policyjne: Bogusze \u2013 post. graniczny, Czarn\u00f3wek \u2013 post. graniczny, Grajewo, Grabowo, Bia\u0142aszewo, Lachowo, Przechody, Rajgr\u00f3d, Radzi\u0142\u00f3w, Szczuczyn, W\u0105sosz, W\u00f3lka Karwowska.<\/span><\/p>\n<p class=\"MsoNoSpacing\"><span style=\"font-size: 15px;\"><b><span style=\"text-decoration: underline;\">Komenda Powiatowa PP w Wo\u0142kowysku<\/span><\/b> &#8211; posterunki policyjne: Dobrowola, Izabelin, Ja\u0142\u00f3wka, Krzemienica, \u0141ysk\u00f3w, M\u015bcib\u00f3w, Mi\u0119dzyrzecz, Nowy Dw\u00f3r, Podorosk, Poroz\u00f3w, Piaski, Ro\u015b, Swis\u0142ocz, Stare Lewkowo, Wo\u0142kowysk, Wo\u0142kowysk \u2013 post. kolejowy, Werejki, Zelwa.<\/span><\/p>\n<p class=\"MsoNoSpacing\"><span style=\"font-size: 15px;\"><b>Komenda Powiatowa PP w Wysokiem Mazowieckiem<\/b> \u2013 posterunki policyjne: Czy\u017cew, Ciechanowiec, Kobylin Borzymy, \u0141apy, Po\u015bwi\u0119tne, Piekuty, Soko\u0142\u00f3w, Szepietowo, Tykocin, Wysokie Mazowieckie, \u0141upianka Stara.<\/span><\/p>\n<p>&nbsp;<\/p>\n<\/div>\n<div class=\"art-layout-cell layout-item-0\" style=\"width: 50%;\"><!-- default-view.php -->\n<div\n\tclass=\"ngg-galleryoverview default-view\n\t ngg-ajax-pagination-none\t\"\n\tid=\"ngg-gallery-6abc4d7b5ba192f5f5d5624a7cb13da8-1\"\n\tdata-gallery-id=\"5\">\n\n\t\t<!-- Thumbnails -->\n\t\t\t\t<div id=\"ngg-image-0\" class=\"ngg-gallery-thumbnail-box\n\t\t\t\t\t\t\t\tngg-2-columns\t\t\t\"\n\t\t\t>\n\t\t\t\t\t\t<div class=\"ngg-gallery-thumbnail\">\n\t\t\t<a href=\"https:\/\/mwb.com.pl\/policja\/wp-content\/gallery\/posterunki_pp\/12.jpg\"\n\t\t\t\ttitle=\"Za\u0142oga posterunku PP w Mielniku nad Bugiem. Lata 1927-1934.\"\n\t\t\t\tdata-src=\"https:\/\/mwb.com.pl\/policja\/wp-content\/gallery\/posterunki_pp\/12.jpg\"\n\t\t\t\tdata-thumbnail=\"https:\/\/mwb.com.pl\/policja\/wp-content\/gallery\/posterunki_pp\/thumbs\/thumbs_12.jpg\"\n\t\t\t\tdata-image-id=\"82\"\n\t\t\t\tdata-title=\"12\"\n\t\t\t\tdata-description=\"Za\u0142oga posterunku PP w Mielniku nad Bugiem. Lata 1927-1934.\"\n\t\t\t\tdata-image-slug=\"12-3\"\n\t\t\t\t\t\t\t\t\t\t\t\t\t\t\t\t\t\t\t\tclass=\"ngg-fancybox\" rel=\"6abc4d7b5ba192f5f5d5624a7cb13da8\">\n\t\t\t\t\t\t\t\t<img\n\t\t\t\t\ttitle=\"12\"\n\t\t\t\t\talt=\"12\"\n\t\t\t\t\tsrc=\"https:\/\/mwb.com.pl\/policja\/index.php\/nextgen-image\/82\/250x250x100\/crop\/628c49adcb7b083f4e375c78fe9dc964\"\n\t\t\t\t\twidth=\"250\"\n\t\t\t\t\theight=\"250\"\n\t\t\t\t\tstyle=\"max-width:100%;\"\n\t\t\t\t\/>\n\t\t\t<\/a>\n\t\t<\/div>\n\t\t\t\t\t\t\t<\/div>\n\t\t\t\n\t\t\t\t<div id=\"ngg-image-1\" class=\"ngg-gallery-thumbnail-box\n\t\t\t\t\t\t\t\tngg-2-columns\t\t\t\"\n\t\t\t>\n\t\t\t\t\t\t<div class=\"ngg-gallery-thumbnail\">\n\t\t\t<a href=\"https:\/\/mwb.com.pl\/policja\/wp-content\/gallery\/posterunki_pp\/exp0021.jpg\"\n\t\t\t\ttitle=\"Papiero\u015bnica inspektora Bronis\u0142awa Ludwikowskiego.\"\n\t\t\t\tdata-src=\"https:\/\/mwb.com.pl\/policja\/wp-content\/gallery\/posterunki_pp\/exp0021.jpg\"\n\t\t\t\tdata-thumbnail=\"https:\/\/mwb.com.pl\/policja\/wp-content\/gallery\/posterunki_pp\/thumbs\/thumbs_exp0021.jpg\"\n\t\t\t\tdata-image-id=\"98\"\n\t\t\t\tdata-title=\"exp0021\"\n\t\t\t\tdata-description=\"Papiero\u015bnica inspektora Bronis\u0142awa Ludwikowskiego.\"\n\t\t\t\tdata-image-slug=\"exp0021\"\n\t\t\t\t\t\t\t\t\t\t\t\t\t\t\t\t\t\t\t\tclass=\"ngg-fancybox\" rel=\"6abc4d7b5ba192f5f5d5624a7cb13da8\">\n\t\t\t\t\t\t\t\t<img\n\t\t\t\t\ttitle=\"exp0021\"\n\t\t\t\t\talt=\"exp0021\"\n\t\t\t\t\tsrc=\"https:\/\/mwb.com.pl\/policja\/index.php\/nextgen-image\/98\/250x250x100\/crop\/e1e6eba23bd1c8b785c4eaabb0b5dc3d\"\n\t\t\t\t\twidth=\"250\"\n\t\t\t\t\theight=\"250\"\n\t\t\t\t\tstyle=\"max-width:100%;\"\n\t\t\t\t\/>\n\t\t\t<\/a>\n\t\t<\/div>\n\t\t\t\t\t\t\t<\/div>\n\t\t\t\n\t\t\t\t<div id=\"ngg-image-2\" class=\"ngg-gallery-thumbnail-box\n\t\t\t\t\t\t\t\tngg-2-columns\t\t\t\"\n\t\t\t>\n\t\t\t\t\t\t<div class=\"ngg-gallery-thumbnail\">\n\t\t\t<a href=\"https:\/\/mwb.com.pl\/policja\/wp-content\/gallery\/posterunki_pp\/exp0012.jpg\"\n\t\t\t\ttitle=\"Numer ewidencyjny jednego z bia\u0142ostockich policjant\u00f3w.\"\n\t\t\t\tdata-src=\"https:\/\/mwb.com.pl\/policja\/wp-content\/gallery\/posterunki_pp\/exp0012.jpg\"\n\t\t\t\tdata-thumbnail=\"https:\/\/mwb.com.pl\/policja\/wp-content\/gallery\/posterunki_pp\/thumbs\/thumbs_exp0012.jpg\"\n\t\t\t\tdata-image-id=\"93\"\n\t\t\t\tdata-title=\"exp0012\"\n\t\t\t\tdata-description=\"Numer ewidencyjny jednego z bia\u0142ostockich policjant\u00f3w.\"\n\t\t\t\tdata-image-slug=\"exp0012\"\n\t\t\t\t\t\t\t\t\t\t\t\t\t\t\t\t\t\t\t\tclass=\"ngg-fancybox\" rel=\"6abc4d7b5ba192f5f5d5624a7cb13da8\">\n\t\t\t\t\t\t\t\t<img\n\t\t\t\t\ttitle=\"exp0012\"\n\t\t\t\t\talt=\"exp0012\"\n\t\t\t\t\tsrc=\"https:\/\/mwb.com.pl\/policja\/index.php\/nextgen-image\/93\/250x250x100\/crop\/62594d66907e4fe37747246adc4af101\"\n\t\t\t\t\twidth=\"250\"\n\t\t\t\t\theight=\"250\"\n\t\t\t\t\tstyle=\"max-width:100%;\"\n\t\t\t\t\/>\n\t\t\t<\/a>\n\t\t<\/div>\n\t\t\t\t\t\t\t<\/div>\n\t\t\t\n\t\t\t\t<div id=\"ngg-image-3\" class=\"ngg-gallery-thumbnail-box\n\t\t\t\t\t\t\t\tngg-2-columns\t\t\t\"\n\t\t\t>\n\t\t\t\t\t\t<div class=\"ngg-gallery-thumbnail\">\n\t\t\t<a href=\"https:\/\/mwb.com.pl\/policja\/wp-content\/gallery\/posterunki_pp\/exp0009.jpg\"\n\t\t\t\ttitle=\"Numer ewidencyjny jednego z bia\u0142ostockich policjant\u00f3w.\"\n\t\t\t\tdata-src=\"https:\/\/mwb.com.pl\/policja\/wp-content\/gallery\/posterunki_pp\/exp0009.jpg\"\n\t\t\t\tdata-thumbnail=\"https:\/\/mwb.com.pl\/policja\/wp-content\/gallery\/posterunki_pp\/thumbs\/thumbs_exp0009.jpg\"\n\t\t\t\tdata-image-id=\"92\"\n\t\t\t\tdata-title=\"exp0009\"\n\t\t\t\tdata-description=\"Numer ewidencyjny jednego z bia\u0142ostockich policjant\u00f3w.\"\n\t\t\t\tdata-image-slug=\"exp0009\"\n\t\t\t\t\t\t\t\t\t\t\t\t\t\t\t\t\t\t\t\tclass=\"ngg-fancybox\" rel=\"6abc4d7b5ba192f5f5d5624a7cb13da8\">\n\t\t\t\t\t\t\t\t<img\n\t\t\t\t\ttitle=\"exp0009\"\n\t\t\t\t\talt=\"exp0009\"\n\t\t\t\t\tsrc=\"https:\/\/mwb.com.pl\/policja\/index.php\/nextgen-image\/92\/250x250x100\/crop\/5503eaa1ac8d1244ded1d58c0ee5ea29\"\n\t\t\t\t\twidth=\"250\"\n\t\t\t\t\theight=\"250\"\n\t\t\t\t\tstyle=\"max-width:100%;\"\n\t\t\t\t\/>\n\t\t\t<\/a>\n\t\t<\/div>\n\t\t\t\t\t\t\t<\/div>\n\t\t\t\n\t\t\t\t<div id=\"ngg-image-4\" class=\"ngg-gallery-thumbnail-box\n\t\t\t\t\t\t\t\tngg-2-columns\t\t\t\"\n\t\t\t>\n\t\t\t\t\t\t<div class=\"ngg-gallery-thumbnail\">\n\t\t\t<a href=\"https:\/\/mwb.com.pl\/policja\/wp-content\/gallery\/posterunki_pp\/exp0005.jpg\"\n\t\t\t\ttitle=\"Podk\u0142adka do numeru ewidencyjnego funkcjonariusza PP V okr\u0119gu bia\u0142ostockiego.\"\n\t\t\t\tdata-src=\"https:\/\/mwb.com.pl\/policja\/wp-content\/gallery\/posterunki_pp\/exp0005.jpg\"\n\t\t\t\tdata-thumbnail=\"https:\/\/mwb.com.pl\/policja\/wp-content\/gallery\/posterunki_pp\/thumbs\/thumbs_exp0005.jpg\"\n\t\t\t\tdata-image-id=\"90\"\n\t\t\t\tdata-title=\"exp0005\"\n\t\t\t\tdata-description=\"Podk\u0142adka do numeru ewidencyjnego funkcjonariusza PP V okr\u0119gu bia\u0142ostockiego.\"\n\t\t\t\tdata-image-slug=\"exp0005\"\n\t\t\t\t\t\t\t\t\t\t\t\t\t\t\t\t\t\t\t\tclass=\"ngg-fancybox\" rel=\"6abc4d7b5ba192f5f5d5624a7cb13da8\">\n\t\t\t\t\t\t\t\t<img\n\t\t\t\t\ttitle=\"exp0005\"\n\t\t\t\t\talt=\"exp0005\"\n\t\t\t\t\tsrc=\"https:\/\/mwb.com.pl\/policja\/index.php\/nextgen-image\/90\/250x250x100\/crop\/392cbd3581968c1a70eb6fb9389c9b9b\"\n\t\t\t\t\twidth=\"250\"\n\t\t\t\t\theight=\"250\"\n\t\t\t\t\tstyle=\"max-width:100%;\"\n\t\t\t\t\/>\n\t\t\t<\/a>\n\t\t<\/div>\n\t\t\t\t\t\t\t<\/div>\n\t\t\t\n\t\t\t\t<div id=\"ngg-image-5\" class=\"ngg-gallery-thumbnail-box\n\t\t\t\t\t\t\t\tngg-2-columns\t\t\t\"\n\t\t\t>\n\t\t\t\t\t\t<div class=\"ngg-gallery-thumbnail\">\n\t\t\t<a href=\"https:\/\/mwb.com.pl\/policja\/wp-content\/gallery\/posterunki_pp\/19.jpg\"\n\t\t\t\ttitle=\"Przodownik Aleksander Micha\u0142owski z posterunku PP w Piekutach. Lata 1936-1939.\"\n\t\t\t\tdata-src=\"https:\/\/mwb.com.pl\/policja\/wp-content\/gallery\/posterunki_pp\/19.jpg\"\n\t\t\t\tdata-thumbnail=\"https:\/\/mwb.com.pl\/policja\/wp-content\/gallery\/posterunki_pp\/thumbs\/thumbs_19.jpg\"\n\t\t\t\tdata-image-id=\"89\"\n\t\t\t\tdata-title=\"19\"\n\t\t\t\tdata-description=\"Przodownik Aleksander Micha\u0142owski z posterunku PP w Piekutach. Lata 1936-1939.\"\n\t\t\t\tdata-image-slug=\"19-2\"\n\t\t\t\t\t\t\t\t\t\t\t\t\t\t\t\t\t\t\t\tclass=\"ngg-fancybox\" rel=\"6abc4d7b5ba192f5f5d5624a7cb13da8\">\n\t\t\t\t\t\t\t\t<img\n\t\t\t\t\ttitle=\"19\"\n\t\t\t\t\talt=\"19\"\n\t\t\t\t\tsrc=\"https:\/\/mwb.com.pl\/policja\/index.php\/nextgen-image\/89\/250x250x100\/crop\/875131dddb601b3ef7de51f505bbb8fd\"\n\t\t\t\t\twidth=\"250\"\n\t\t\t\t\theight=\"250\"\n\t\t\t\t\tstyle=\"max-width:100%;\"\n\t\t\t\t\/>\n\t\t\t<\/a>\n\t\t<\/div>\n\t\t\t\t\t\t\t<\/div>\n\t\t\t\n\t\t\t\t<div id=\"ngg-image-6\" class=\"ngg-gallery-thumbnail-box\n\t\t\t\t\t\t\t\tngg-2-columns\t\t\t\"\n\t\t\t>\n\t\t\t\t\t\t<div class=\"ngg-gallery-thumbnail\">\n\t\t\t<a href=\"https:\/\/mwb.com.pl\/policja\/wp-content\/gallery\/posterunki_pp\/18.jpg\"\n\t\t\t\ttitle=\"Posterunkowy Antoni Jelski z PP woj. bia\u0142ostockiego. Lata 1922-1926.\"\n\t\t\t\tdata-src=\"https:\/\/mwb.com.pl\/policja\/wp-content\/gallery\/posterunki_pp\/18.jpg\"\n\t\t\t\tdata-thumbnail=\"https:\/\/mwb.com.pl\/policja\/wp-content\/gallery\/posterunki_pp\/thumbs\/thumbs_18.jpg\"\n\t\t\t\tdata-image-id=\"88\"\n\t\t\t\tdata-title=\"18\"\n\t\t\t\tdata-description=\"Posterunkowy Antoni Jelski z PP woj. bia\u0142ostockiego. Lata 1922-1926.\"\n\t\t\t\tdata-image-slug=\"18-2\"\n\t\t\t\t\t\t\t\t\t\t\t\t\t\t\t\t\t\t\t\tclass=\"ngg-fancybox\" rel=\"6abc4d7b5ba192f5f5d5624a7cb13da8\">\n\t\t\t\t\t\t\t\t<img\n\t\t\t\t\ttitle=\"18\"\n\t\t\t\t\talt=\"18\"\n\t\t\t\t\tsrc=\"https:\/\/mwb.com.pl\/policja\/index.php\/nextgen-image\/88\/250x250x100\/crop\/f21dcd401baf0846f637aca865db1c27\"\n\t\t\t\t\twidth=\"250\"\n\t\t\t\t\theight=\"250\"\n\t\t\t\t\tstyle=\"max-width:100%;\"\n\t\t\t\t\/>\n\t\t\t<\/a>\n\t\t<\/div>\n\t\t\t\t\t\t\t<\/div>\n\t\t\t\n\t\t\t\t<div id=\"ngg-image-7\" class=\"ngg-gallery-thumbnail-box\n\t\t\t\t\t\t\t\tngg-2-columns\t\t\t\"\n\t\t\t>\n\t\t\t\t\t\t<div class=\"ngg-gallery-thumbnail\">\n\t\t\t<a href=\"https:\/\/mwb.com.pl\/policja\/wp-content\/gallery\/posterunki_pp\/17.jpg\"\n\t\t\t\ttitle=\"Posterunkowy Wac\u0142aw Machnowski (z prawej) z kolegami z posterunku PP w Marcinka\u0144cach w pow. grodzie\u0144skim. 1929 r.\"\n\t\t\t\tdata-src=\"https:\/\/mwb.com.pl\/policja\/wp-content\/gallery\/posterunki_pp\/17.jpg\"\n\t\t\t\tdata-thumbnail=\"https:\/\/mwb.com.pl\/policja\/wp-content\/gallery\/posterunki_pp\/thumbs\/thumbs_17.jpg\"\n\t\t\t\tdata-image-id=\"87\"\n\t\t\t\tdata-title=\"17\"\n\t\t\t\tdata-description=\"Posterunkowy Wac\u0142aw Machnowski (z prawej) z kolegami z posterunku PP w Marcinka\u0144cach w pow. grodzie\u0144skim. 1929 r.\"\n\t\t\t\tdata-image-slug=\"17-2\"\n\t\t\t\t\t\t\t\t\t\t\t\t\t\t\t\t\t\t\t\tclass=\"ngg-fancybox\" rel=\"6abc4d7b5ba192f5f5d5624a7cb13da8\">\n\t\t\t\t\t\t\t\t<img\n\t\t\t\t\ttitle=\"17\"\n\t\t\t\t\talt=\"17\"\n\t\t\t\t\tsrc=\"https:\/\/mwb.com.pl\/policja\/index.php\/nextgen-image\/87\/250x250x100\/crop\/6af0675b3eb7adfc974e9aca442bb1be\"\n\t\t\t\t\twidth=\"250\"\n\t\t\t\t\theight=\"250\"\n\t\t\t\t\tstyle=\"max-width:100%;\"\n\t\t\t\t\/>\n\t\t\t<\/a>\n\t\t<\/div>\n\t\t\t\t\t\t\t<\/div>\n\t\t\t\n\t\t\t\t<div id=\"ngg-image-8\" class=\"ngg-gallery-thumbnail-box\n\t\t\t\t\t\t\t\tngg-2-columns\t\t\t\"\n\t\t\t>\n\t\t\t\t\t\t<div class=\"ngg-gallery-thumbnail\">\n\t\t\t<a href=\"https:\/\/mwb.com.pl\/policja\/wp-content\/gallery\/posterunki_pp\/16.jpg\"\n\t\t\t\ttitle=\"Funkcjonariusze posterunku PP w Zelwie podczas pracy. Z lewej posterunkowy Aleksander Kr\u0119towski. 1937 r.\"\n\t\t\t\tdata-src=\"https:\/\/mwb.com.pl\/policja\/wp-content\/gallery\/posterunki_pp\/16.jpg\"\n\t\t\t\tdata-thumbnail=\"https:\/\/mwb.com.pl\/policja\/wp-content\/gallery\/posterunki_pp\/thumbs\/thumbs_16.jpg\"\n\t\t\t\tdata-image-id=\"86\"\n\t\t\t\tdata-title=\"16\"\n\t\t\t\tdata-description=\"Funkcjonariusze posterunku PP w Zelwie podczas pracy. Z lewej posterunkowy Aleksander Kr\u0119towski. 1937 r.\"\n\t\t\t\tdata-image-slug=\"16-2\"\n\t\t\t\t\t\t\t\t\t\t\t\t\t\t\t\t\t\t\t\tclass=\"ngg-fancybox\" rel=\"6abc4d7b5ba192f5f5d5624a7cb13da8\">\n\t\t\t\t\t\t\t\t<img\n\t\t\t\t\ttitle=\"16\"\n\t\t\t\t\talt=\"16\"\n\t\t\t\t\tsrc=\"https:\/\/mwb.com.pl\/policja\/index.php\/nextgen-image\/86\/250x250x100\/crop\/6454dfe4723ebb8d1d51fa4bb33b1312\"\n\t\t\t\t\twidth=\"250\"\n\t\t\t\t\theight=\"250\"\n\t\t\t\t\tstyle=\"max-width:100%;\"\n\t\t\t\t\/>\n\t\t\t<\/a>\n\t\t<\/div>\n\t\t\t\t\t\t\t<\/div>\n\t\t\t\n\t\t\t\t<div id=\"ngg-image-9\" class=\"ngg-gallery-thumbnail-box\n\t\t\t\t\t\t\t\tngg-2-columns\t\t\t\"\n\t\t\t>\n\t\t\t\t\t\t<div class=\"ngg-gallery-thumbnail\">\n\t\t\t<a href=\"https:\/\/mwb.com.pl\/policja\/wp-content\/gallery\/posterunki_pp\/15.jpg\"\n\t\t\t\ttitle=\"Funkcjonariusze z posterunku PP w Knyszynie. W \u015brodku posterunkowy Boles\u0142aw Chomontowski. 1929 r.\"\n\t\t\t\tdata-src=\"https:\/\/mwb.com.pl\/policja\/wp-content\/gallery\/posterunki_pp\/15.jpg\"\n\t\t\t\tdata-thumbnail=\"https:\/\/mwb.com.pl\/policja\/wp-content\/gallery\/posterunki_pp\/thumbs\/thumbs_15.jpg\"\n\t\t\t\tdata-image-id=\"85\"\n\t\t\t\tdata-title=\"15\"\n\t\t\t\tdata-description=\"Funkcjonariusze z posterunku PP w Knyszynie. W \u015brodku posterunkowy Boles\u0142aw Chomontowski. 1929 r.\"\n\t\t\t\tdata-image-slug=\"15-2\"\n\t\t\t\t\t\t\t\t\t\t\t\t\t\t\t\t\t\t\t\tclass=\"ngg-fancybox\" rel=\"6abc4d7b5ba192f5f5d5624a7cb13da8\">\n\t\t\t\t\t\t\t\t<img\n\t\t\t\t\ttitle=\"15\"\n\t\t\t\t\talt=\"15\"\n\t\t\t\t\tsrc=\"https:\/\/mwb.com.pl\/policja\/index.php\/nextgen-image\/85\/250x250x100\/crop\/52b5c1b133f2bac0102a7461fae6e691\"\n\t\t\t\t\twidth=\"250\"\n\t\t\t\t\theight=\"250\"\n\t\t\t\t\tstyle=\"max-width:100%;\"\n\t\t\t\t\/>\n\t\t\t<\/a>\n\t\t<\/div>\n\t\t\t\t\t\t\t<\/div>\n\t\t\t\n\t\t\t\t<div id=\"ngg-image-10\" class=\"ngg-gallery-thumbnail-box\n\t\t\t\t\t\t\t\tngg-2-columns\t\t\t\"\n\t\t\t>\n\t\t\t\t\t\t<div class=\"ngg-gallery-thumbnail\">\n\t\t\t<a href=\"https:\/\/mwb.com.pl\/policja\/wp-content\/gallery\/posterunki_pp\/14.jpg\"\n\t\t\t\ttitle=\"Dwaj policjanci z posterunku PP w Jasion\u00f3wce. Z prawej strony posterunkowy Piotr Lampert. Lata 1929-1930.\"\n\t\t\t\tdata-src=\"https:\/\/mwb.com.pl\/policja\/wp-content\/gallery\/posterunki_pp\/14.jpg\"\n\t\t\t\tdata-thumbnail=\"https:\/\/mwb.com.pl\/policja\/wp-content\/gallery\/posterunki_pp\/thumbs\/thumbs_14.jpg\"\n\t\t\t\tdata-image-id=\"84\"\n\t\t\t\tdata-title=\"14\"\n\t\t\t\tdata-description=\"Dwaj policjanci z posterunku PP w Jasion\u00f3wce. Z prawej strony posterunkowy Piotr Lampert. Lata 1929-1930.\"\n\t\t\t\tdata-image-slug=\"14-2\"\n\t\t\t\t\t\t\t\t\t\t\t\t\t\t\t\t\t\t\t\tclass=\"ngg-fancybox\" rel=\"6abc4d7b5ba192f5f5d5624a7cb13da8\">\n\t\t\t\t\t\t\t\t<img\n\t\t\t\t\ttitle=\"14\"\n\t\t\t\t\talt=\"14\"\n\t\t\t\t\tsrc=\"https:\/\/mwb.com.pl\/policja\/index.php\/nextgen-image\/84\/250x250x100\/crop\/b0b18d83966e53e2e67fcfa3585bc7e8\"\n\t\t\t\t\twidth=\"250\"\n\t\t\t\t\theight=\"250\"\n\t\t\t\t\tstyle=\"max-width:100%;\"\n\t\t\t\t\/>\n\t\t\t<\/a>\n\t\t<\/div>\n\t\t\t\t\t\t\t<\/div>\n\t\t\t\n\t\t\t\t<div id=\"ngg-image-11\" class=\"ngg-gallery-thumbnail-box\n\t\t\t\t\t\t\t\tngg-2-columns\t\t\t\"\n\t\t\t>\n\t\t\t\t\t\t<div class=\"ngg-gallery-thumbnail\">\n\t\t\t<a href=\"https:\/\/mwb.com.pl\/policja\/wp-content\/gallery\/posterunki_pp\/13.jpg\"\n\t\t\t\ttitle=\"Za\u0142oga posterunku PP w Gr\u00f3dku ze swym komendantem. Stoj\u0105cy drugi z lewej to posterunkowy Stanis\u0142aw Ro\u017cko. 1930 r.\"\n\t\t\t\tdata-src=\"https:\/\/mwb.com.pl\/policja\/wp-content\/gallery\/posterunki_pp\/13.jpg\"\n\t\t\t\tdata-thumbnail=\"https:\/\/mwb.com.pl\/policja\/wp-content\/gallery\/posterunki_pp\/thumbs\/thumbs_13.jpg\"\n\t\t\t\tdata-image-id=\"83\"\n\t\t\t\tdata-title=\"13\"\n\t\t\t\tdata-description=\"Za\u0142oga posterunku PP w Gr\u00f3dku ze swym komendantem. Stoj\u0105cy drugi z lewej to posterunkowy Stanis\u0142aw Ro\u017cko. 1930 r.\"\n\t\t\t\tdata-image-slug=\"13-3\"\n\t\t\t\t\t\t\t\t\t\t\t\t\t\t\t\t\t\t\t\tclass=\"ngg-fancybox\" rel=\"6abc4d7b5ba192f5f5d5624a7cb13da8\">\n\t\t\t\t\t\t\t\t<img\n\t\t\t\t\ttitle=\"13\"\n\t\t\t\t\talt=\"13\"\n\t\t\t\t\tsrc=\"https:\/\/mwb.com.pl\/policja\/index.php\/nextgen-image\/83\/250x250x100\/crop\/d42bad1c107627903b11bfdfd0fe1073\"\n\t\t\t\t\twidth=\"250\"\n\t\t\t\t\theight=\"250\"\n\t\t\t\t\tstyle=\"max-width:100%;\"\n\t\t\t\t\/>\n\t\t\t<\/a>\n\t\t<\/div>\n\t\t\t\t\t\t\t<\/div>\n\t\t\t\n\t\t\t\t<div id=\"ngg-image-12\" class=\"ngg-gallery-thumbnail-box\n\t\t\t\t\t\t\t\tngg-2-columns\t\t\t\"\n\t\t\t>\n\t\t\t\t\t\t<div class=\"ngg-gallery-thumbnail\">\n\t\t\t<a href=\"https:\/\/mwb.com.pl\/policja\/wp-content\/gallery\/posterunki_pp\/1.jpg\"\n\t\t\t\ttitle=\"Za\u0142oga posterunku PP w Bia\u0142owie\u017cy ze swym komendantem. Lata 1930-1935.\"\n\t\t\t\tdata-src=\"https:\/\/mwb.com.pl\/policja\/wp-content\/gallery\/posterunki_pp\/1.jpg\"\n\t\t\t\tdata-thumbnail=\"https:\/\/mwb.com.pl\/policja\/wp-content\/gallery\/posterunki_pp\/thumbs\/thumbs_1.jpg\"\n\t\t\t\tdata-image-id=\"71\"\n\t\t\t\tdata-title=\"1\"\n\t\t\t\tdata-description=\"Za\u0142oga posterunku PP w Bia\u0142owie\u017cy ze swym komendantem. Lata 1930-1935.\"\n\t\t\t\tdata-image-slug=\"1-3\"\n\t\t\t\t\t\t\t\t\t\t\t\t\t\t\t\t\t\t\t\tclass=\"ngg-fancybox\" rel=\"6abc4d7b5ba192f5f5d5624a7cb13da8\">\n\t\t\t\t\t\t\t\t<img\n\t\t\t\t\ttitle=\"1\"\n\t\t\t\t\talt=\"1\"\n\t\t\t\t\tsrc=\"https:\/\/mwb.com.pl\/policja\/index.php\/nextgen-image\/71\/250x250x100\/crop\/eac8360a29e2e5864d7addff78bef91c\"\n\t\t\t\t\twidth=\"250\"\n\t\t\t\t\theight=\"250\"\n\t\t\t\t\tstyle=\"max-width:100%;\"\n\t\t\t\t\/>\n\t\t\t<\/a>\n\t\t<\/div>\n\t\t\t\t\t\t\t<\/div>\n\t\t\t\n\t\t\t\t<div id=\"ngg-image-13\" class=\"ngg-gallery-thumbnail-box\n\t\t\t\t\t\t\t\tngg-2-columns\t\t\t\"\n\t\t\t>\n\t\t\t\t\t\t<div class=\"ngg-gallery-thumbnail\">\n\t\t\t<a href=\"https:\/\/mwb.com.pl\/policja\/wp-content\/gallery\/posterunki_pp\/11.jpg\"\n\t\t\t\ttitle=\"Obchody \u015bwi\u0119ta 3 Maja na posterunku PP w Bia\u0142owie\u017cy. Lata 1924-1926.\"\n\t\t\t\tdata-src=\"https:\/\/mwb.com.pl\/policja\/wp-content\/gallery\/posterunki_pp\/11.jpg\"\n\t\t\t\tdata-thumbnail=\"https:\/\/mwb.com.pl\/policja\/wp-content\/gallery\/posterunki_pp\/thumbs\/thumbs_11.jpg\"\n\t\t\t\tdata-image-id=\"81\"\n\t\t\t\tdata-title=\"11\"\n\t\t\t\tdata-description=\"Obchody \u015bwi\u0119ta 3 Maja na posterunku PP w Bia\u0142owie\u017cy. Lata 1924-1926.\"\n\t\t\t\tdata-image-slug=\"11-3\"\n\t\t\t\t\t\t\t\t\t\t\t\t\t\t\t\t\t\t\t\tclass=\"ngg-fancybox\" rel=\"6abc4d7b5ba192f5f5d5624a7cb13da8\">\n\t\t\t\t\t\t\t\t<img\n\t\t\t\t\ttitle=\"11\"\n\t\t\t\t\talt=\"11\"\n\t\t\t\t\tsrc=\"https:\/\/mwb.com.pl\/policja\/index.php\/nextgen-image\/81\/250x250x100\/crop\/45bfe29e0414428057c6d9fd38309f2a\"\n\t\t\t\t\twidth=\"250\"\n\t\t\t\t\theight=\"250\"\n\t\t\t\t\tstyle=\"max-width:100%;\"\n\t\t\t\t\/>\n\t\t\t<\/a>\n\t\t<\/div>\n\t\t\t\t\t\t\t<\/div>\n\t\t\t\n\t\t\t\t<div id=\"ngg-image-14\" class=\"ngg-gallery-thumbnail-box\n\t\t\t\t\t\t\t\tngg-2-columns\t\t\t\"\n\t\t\t>\n\t\t\t\t\t\t<div class=\"ngg-gallery-thumbnail\">\n\t\t\t<a href=\"https:\/\/mwb.com.pl\/policja\/wp-content\/gallery\/posterunki_pp\/10..jpg\"\n\t\t\t\ttitle=\"Posterunkowy Piotr Lampert ( z lewej) z koleg\u0105. Lata 1938-1939.\"\n\t\t\t\tdata-src=\"https:\/\/mwb.com.pl\/policja\/wp-content\/gallery\/posterunki_pp\/10..jpg\"\n\t\t\t\tdata-thumbnail=\"https:\/\/mwb.com.pl\/policja\/wp-content\/gallery\/posterunki_pp\/thumbs\/thumbs_10..jpg\"\n\t\t\t\tdata-image-id=\"80\"\n\t\t\t\tdata-title=\"10.\"\n\t\t\t\tdata-description=\"Posterunkowy Piotr Lampert ( z lewej) z koleg\u0105. Lata 1938-1939.\"\n\t\t\t\tdata-image-slug=\"10-3\"\n\t\t\t\t\t\t\t\t\t\t\t\t\t\t\t\t\t\t\t\tclass=\"ngg-fancybox\" rel=\"6abc4d7b5ba192f5f5d5624a7cb13da8\">\n\t\t\t\t\t\t\t\t<img\n\t\t\t\t\ttitle=\"10.\"\n\t\t\t\t\talt=\"10.\"\n\t\t\t\t\tsrc=\"https:\/\/mwb.com.pl\/policja\/index.php\/nextgen-image\/80\/250x250x100\/crop\/7fd3ed36ba483e4baa491b89e7f33702\"\n\t\t\t\t\twidth=\"250\"\n\t\t\t\t\theight=\"250\"\n\t\t\t\t\tstyle=\"max-width:100%;\"\n\t\t\t\t\/>\n\t\t\t<\/a>\n\t\t<\/div>\n\t\t\t\t\t\t\t<\/div>\n\t\t\t\n\t\t\t\t<div id=\"ngg-image-15\" class=\"ngg-gallery-thumbnail-box\n\t\t\t\t\t\t\t\tngg-2-columns\t\t\t\"\n\t\t\t>\n\t\t\t\t\t\t<div class=\"ngg-gallery-thumbnail\">\n\t\t\t<a href=\"https:\/\/mwb.com.pl\/policja\/wp-content\/gallery\/posterunki_pp\/9.jpg\"\n\t\t\t\ttitle=\"Dwaj funkcjonariusze z posterunku PP Lewickie. Z lewej posterunkowy Piotr Lampert. 1938 r.\"\n\t\t\t\tdata-src=\"https:\/\/mwb.com.pl\/policja\/wp-content\/gallery\/posterunki_pp\/9.jpg\"\n\t\t\t\tdata-thumbnail=\"https:\/\/mwb.com.pl\/policja\/wp-content\/gallery\/posterunki_pp\/thumbs\/thumbs_9.jpg\"\n\t\t\t\tdata-image-id=\"79\"\n\t\t\t\tdata-title=\"9\"\n\t\t\t\tdata-description=\"Dwaj funkcjonariusze z posterunku PP Lewickie. Z lewej posterunkowy Piotr Lampert. 1938 r.\"\n\t\t\t\tdata-image-slug=\"9-3\"\n\t\t\t\t\t\t\t\t\t\t\t\t\t\t\t\t\t\t\t\tclass=\"ngg-fancybox\" rel=\"6abc4d7b5ba192f5f5d5624a7cb13da8\">\n\t\t\t\t\t\t\t\t<img\n\t\t\t\t\ttitle=\"9\"\n\t\t\t\t\talt=\"9\"\n\t\t\t\t\tsrc=\"https:\/\/mwb.com.pl\/policja\/index.php\/nextgen-image\/79\/250x250x100\/crop\/df6ee0a32707cc67fb8738925b8ad24c\"\n\t\t\t\t\twidth=\"250\"\n\t\t\t\t\theight=\"250\"\n\t\t\t\t\tstyle=\"max-width:100%;\"\n\t\t\t\t\/>\n\t\t\t<\/a>\n\t\t<\/div>\n\t\t\t\t\t\t\t<\/div>\n\t\t\t\n\t\t\t\t<div id=\"ngg-image-16\" class=\"ngg-gallery-thumbnail-box\n\t\t\t\t\t\t\t\tngg-2-columns\t\t\t\"\n\t\t\t>\n\t\t\t\t\t\t<div class=\"ngg-gallery-thumbnail\">\n\t\t\t<a href=\"https:\/\/mwb.com.pl\/policja\/wp-content\/gallery\/posterunki_pp\/8.jpg\"\n\t\t\t\ttitle=\"Posterunkowy Piotra Lampert z koleg\u0105. Lata 1934-1936.\"\n\t\t\t\tdata-src=\"https:\/\/mwb.com.pl\/policja\/wp-content\/gallery\/posterunki_pp\/8.jpg\"\n\t\t\t\tdata-thumbnail=\"https:\/\/mwb.com.pl\/policja\/wp-content\/gallery\/posterunki_pp\/thumbs\/thumbs_8.jpg\"\n\t\t\t\tdata-image-id=\"78\"\n\t\t\t\tdata-title=\"8\"\n\t\t\t\tdata-description=\"Posterunkowy Piotra Lampert z koleg\u0105. Lata 1934-1936.\"\n\t\t\t\tdata-image-slug=\"8-3\"\n\t\t\t\t\t\t\t\t\t\t\t\t\t\t\t\t\t\t\t\tclass=\"ngg-fancybox\" rel=\"6abc4d7b5ba192f5f5d5624a7cb13da8\">\n\t\t\t\t\t\t\t\t<img\n\t\t\t\t\ttitle=\"8\"\n\t\t\t\t\talt=\"8\"\n\t\t\t\t\tsrc=\"https:\/\/mwb.com.pl\/policja\/index.php\/nextgen-image\/78\/250x250x100\/crop\/2eef74006ebd0a9d6c73eddfffab5a9e\"\n\t\t\t\t\twidth=\"250\"\n\t\t\t\t\theight=\"250\"\n\t\t\t\t\tstyle=\"max-width:100%;\"\n\t\t\t\t\/>\n\t\t\t<\/a>\n\t\t<\/div>\n\t\t\t\t\t\t\t<\/div>\n\t\t\t\n\t\t\t\t<div id=\"ngg-image-17\" class=\"ngg-gallery-thumbnail-box\n\t\t\t\t\t\t\t\tngg-2-columns\t\t\t\"\n\t\t\t>\n\t\t\t\t\t\t<div class=\"ngg-gallery-thumbnail\">\n\t\t\t<a href=\"https:\/\/mwb.com.pl\/policja\/wp-content\/gallery\/posterunki_pp\/7.jpg\"\n\t\t\t\ttitle=\"Posterunkowy Edward \u0141ada (z prawej) z koleg\u0105 z posterunku PP w Bia\u0142owie\u017cy. Lata 1934-1935.\"\n\t\t\t\tdata-src=\"https:\/\/mwb.com.pl\/policja\/wp-content\/gallery\/posterunki_pp\/7.jpg\"\n\t\t\t\tdata-thumbnail=\"https:\/\/mwb.com.pl\/policja\/wp-content\/gallery\/posterunki_pp\/thumbs\/thumbs_7.jpg\"\n\t\t\t\tdata-image-id=\"77\"\n\t\t\t\tdata-title=\"7\"\n\t\t\t\tdata-description=\"Posterunkowy Edward \u0141ada (z prawej) z koleg\u0105 z posterunku PP w Bia\u0142owie\u017cy. Lata 1934-1935.\"\n\t\t\t\tdata-image-slug=\"7-3\"\n\t\t\t\t\t\t\t\t\t\t\t\t\t\t\t\t\t\t\t\tclass=\"ngg-fancybox\" rel=\"6abc4d7b5ba192f5f5d5624a7cb13da8\">\n\t\t\t\t\t\t\t\t<img\n\t\t\t\t\ttitle=\"7\"\n\t\t\t\t\talt=\"7\"\n\t\t\t\t\tsrc=\"https:\/\/mwb.com.pl\/policja\/index.php\/nextgen-image\/77\/250x250x100\/crop\/945fe778b7306e79b89dbbf618f4cec4\"\n\t\t\t\t\twidth=\"250\"\n\t\t\t\t\theight=\"250\"\n\t\t\t\t\tstyle=\"max-width:100%;\"\n\t\t\t\t\/>\n\t\t\t<\/a>\n\t\t<\/div>\n\t\t\t\t\t\t\t<\/div>\n\t\t\t\n\t\t\t\t<div id=\"ngg-image-18\" class=\"ngg-gallery-thumbnail-box\n\t\t\t\t\t\t\t\tngg-2-columns\t\t\t\"\n\t\t\t>\n\t\t\t\t\t\t<div class=\"ngg-gallery-thumbnail\">\n\t\t\t<a href=\"https:\/\/mwb.com.pl\/policja\/wp-content\/gallery\/posterunki_pp\/6.jpg\"\n\t\t\t\ttitle=\"Wielkanoce \u015bniadanie rodzin policyjnych z Gr\u00f3dka. Stoj\u0105cy w \u015brodku to posterunkowy Stanis\u0142aw Ro\u017cko. 1933 r.\"\n\t\t\t\tdata-src=\"https:\/\/mwb.com.pl\/policja\/wp-content\/gallery\/posterunki_pp\/6.jpg\"\n\t\t\t\tdata-thumbnail=\"https:\/\/mwb.com.pl\/policja\/wp-content\/gallery\/posterunki_pp\/thumbs\/thumbs_6.jpg\"\n\t\t\t\tdata-image-id=\"76\"\n\t\t\t\tdata-title=\"6\"\n\t\t\t\tdata-description=\"Wielkanoce \u015bniadanie rodzin policyjnych z Gr\u00f3dka. Stoj\u0105cy w \u015brodku to posterunkowy Stanis\u0142aw Ro\u017cko. 1933 r.\"\n\t\t\t\tdata-image-slug=\"6-3\"\n\t\t\t\t\t\t\t\t\t\t\t\t\t\t\t\t\t\t\t\tclass=\"ngg-fancybox\" rel=\"6abc4d7b5ba192f5f5d5624a7cb13da8\">\n\t\t\t\t\t\t\t\t<img\n\t\t\t\t\ttitle=\"6\"\n\t\t\t\t\talt=\"6\"\n\t\t\t\t\tsrc=\"https:\/\/mwb.com.pl\/policja\/index.php\/nextgen-image\/76\/250x250x100\/crop\/03f33ebd33559f4511ba8ccbeb4e42e3\"\n\t\t\t\t\twidth=\"250\"\n\t\t\t\t\theight=\"250\"\n\t\t\t\t\tstyle=\"max-width:100%;\"\n\t\t\t\t\/>\n\t\t\t<\/a>\n\t\t<\/div>\n\t\t\t\t\t\t\t<\/div>\n\t\t\t\n\t\t\t\t<div id=\"ngg-image-19\" class=\"ngg-gallery-thumbnail-box\n\t\t\t\t\t\t\t\tngg-2-columns\t\t\t\"\n\t\t\t>\n\t\t\t\t\t\t<div class=\"ngg-gallery-thumbnail\">\n\t\t\t<a href=\"https:\/\/mwb.com.pl\/policja\/wp-content\/gallery\/posterunki_pp\/5.jpg\"\n\t\t\t\ttitle=\"\u0106wiczenia strzeleckie funkcjonariuszy bia\u0142owieskiej policji. Lata 1930-1935.\"\n\t\t\t\tdata-src=\"https:\/\/mwb.com.pl\/policja\/wp-content\/gallery\/posterunki_pp\/5.jpg\"\n\t\t\t\tdata-thumbnail=\"https:\/\/mwb.com.pl\/policja\/wp-content\/gallery\/posterunki_pp\/thumbs\/thumbs_5.jpg\"\n\t\t\t\tdata-image-id=\"75\"\n\t\t\t\tdata-title=\"5\"\n\t\t\t\tdata-description=\"\u0106wiczenia strzeleckie funkcjonariuszy bia\u0142owieskiej policji. Lata 1930-1935.\"\n\t\t\t\tdata-image-slug=\"5-3\"\n\t\t\t\t\t\t\t\t\t\t\t\t\t\t\t\t\t\t\t\tclass=\"ngg-fancybox\" rel=\"6abc4d7b5ba192f5f5d5624a7cb13da8\">\n\t\t\t\t\t\t\t\t<img\n\t\t\t\t\ttitle=\"5\"\n\t\t\t\t\talt=\"5\"\n\t\t\t\t\tsrc=\"https:\/\/mwb.com.pl\/policja\/index.php\/nextgen-image\/75\/250x250x100\/crop\/1f13317c90ca9be26cca24624e205216\"\n\t\t\t\t\twidth=\"250\"\n\t\t\t\t\theight=\"250\"\n\t\t\t\t\tstyle=\"max-width:100%;\"\n\t\t\t\t\/>\n\t\t\t<\/a>\n\t\t<\/div>\n\t\t\t\t\t\t\t<\/div>\n\t\t\t\n\t\t\t\t<div id=\"ngg-image-20\" class=\"ngg-gallery-thumbnail-box\n\t\t\t\t\t\t\t\tngg-2-columns\t\t\t\"\n\t\t\t>\n\t\t\t\t\t\t<div class=\"ngg-gallery-thumbnail\">\n\t\t\t<a href=\"https:\/\/mwb.com.pl\/policja\/wp-content\/gallery\/posterunki_pp\/4.jpg\"\n\t\t\t\ttitle=\"\u0106wiczenia terenowe za\u0142ogi posterunku gminnego PP w Bia\u0142owie\u017cy. Lata 1930-1935.\"\n\t\t\t\tdata-src=\"https:\/\/mwb.com.pl\/policja\/wp-content\/gallery\/posterunki_pp\/4.jpg\"\n\t\t\t\tdata-thumbnail=\"https:\/\/mwb.com.pl\/policja\/wp-content\/gallery\/posterunki_pp\/thumbs\/thumbs_4.jpg\"\n\t\t\t\tdata-image-id=\"74\"\n\t\t\t\tdata-title=\"4\"\n\t\t\t\tdata-description=\"\u0106wiczenia terenowe za\u0142ogi posterunku gminnego PP w Bia\u0142owie\u017cy. Lata 1930-1935.\"\n\t\t\t\tdata-image-slug=\"4-3\"\n\t\t\t\t\t\t\t\t\t\t\t\t\t\t\t\t\t\t\t\tclass=\"ngg-fancybox\" rel=\"6abc4d7b5ba192f5f5d5624a7cb13da8\">\n\t\t\t\t\t\t\t\t<img\n\t\t\t\t\ttitle=\"4\"\n\t\t\t\t\talt=\"4\"\n\t\t\t\t\tsrc=\"https:\/\/mwb.com.pl\/policja\/index.php\/nextgen-image\/74\/250x250x100\/crop\/6d0a7192bdda925537b90b9ff8bf6464\"\n\t\t\t\t\twidth=\"250\"\n\t\t\t\t\theight=\"250\"\n\t\t\t\t\tstyle=\"max-width:100%;\"\n\t\t\t\t\/>\n\t\t\t<\/a>\n\t\t<\/div>\n\t\t\t\t\t\t\t<\/div>\n\t\t\t\n\t\t\t\t<div id=\"ngg-image-21\" class=\"ngg-gallery-thumbnail-box\n\t\t\t\t\t\t\t\tngg-2-columns\t\t\t\"\n\t\t\t>\n\t\t\t\t\t\t<div class=\"ngg-gallery-thumbnail\">\n\t\t\t<a href=\"https:\/\/mwb.com.pl\/policja\/wp-content\/gallery\/posterunki_pp\/3.jpg\"\n\t\t\t\ttitle=\"Komendant posterunku gminnego PP w Dolistowie. Lata 1927-1930.\"\n\t\t\t\tdata-src=\"https:\/\/mwb.com.pl\/policja\/wp-content\/gallery\/posterunki_pp\/3.jpg\"\n\t\t\t\tdata-thumbnail=\"https:\/\/mwb.com.pl\/policja\/wp-content\/gallery\/posterunki_pp\/thumbs\/thumbs_3.jpg\"\n\t\t\t\tdata-image-id=\"73\"\n\t\t\t\tdata-title=\"3\"\n\t\t\t\tdata-description=\"Komendant posterunku gminnego PP w Dolistowie. Lata 1927-1930.\"\n\t\t\t\tdata-image-slug=\"3-3\"\n\t\t\t\t\t\t\t\t\t\t\t\t\t\t\t\t\t\t\t\tclass=\"ngg-fancybox\" rel=\"6abc4d7b5ba192f5f5d5624a7cb13da8\">\n\t\t\t\t\t\t\t\t<img\n\t\t\t\t\ttitle=\"3\"\n\t\t\t\t\talt=\"3\"\n\t\t\t\t\tsrc=\"https:\/\/mwb.com.pl\/policja\/index.php\/nextgen-image\/73\/250x250x100\/crop\/b0ce1c746ef478e689e8ed2b736b6752\"\n\t\t\t\t\twidth=\"250\"\n\t\t\t\t\theight=\"250\"\n\t\t\t\t\tstyle=\"max-width:100%;\"\n\t\t\t\t\/>\n\t\t\t<\/a>\n\t\t<\/div>\n\t\t\t\t\t\t\t<\/div>\n\t\t\t\n\t\t\t\t<div id=\"ngg-image-22\" class=\"ngg-gallery-thumbnail-box\n\t\t\t\t\t\t\t\tngg-2-columns\t\t\t\"\n\t\t\t>\n\t\t\t\t\t\t<div class=\"ngg-gallery-thumbnail\">\n\t\t\t<a href=\"https:\/\/mwb.com.pl\/policja\/wp-content\/gallery\/posterunki_pp\/2.jpg\"\n\t\t\t\ttitle=\"Funkcjonariusze posterunku PP w Bia\u0142owie\u017cy w towarzystwie przyjaci\u00f3\u0142 i urz\u0119dnik\u00f3w gminnych. Lata 1927-1934.\"\n\t\t\t\tdata-src=\"https:\/\/mwb.com.pl\/policja\/wp-content\/gallery\/posterunki_pp\/2.jpg\"\n\t\t\t\tdata-thumbnail=\"https:\/\/mwb.com.pl\/policja\/wp-content\/gallery\/posterunki_pp\/thumbs\/thumbs_2.jpg\"\n\t\t\t\tdata-image-id=\"72\"\n\t\t\t\tdata-title=\"2\"\n\t\t\t\tdata-description=\"Funkcjonariusze posterunku PP w Bia\u0142owie\u017cy w towarzystwie przyjaci\u00f3\u0142 i urz\u0119dnik\u00f3w gminnych. Lata 1927-1934.\"\n\t\t\t\tdata-image-slug=\"2-3\"\n\t\t\t\t\t\t\t\t\t\t\t\t\t\t\t\t\t\t\t\tclass=\"ngg-fancybox\" rel=\"6abc4d7b5ba192f5f5d5624a7cb13da8\">\n\t\t\t\t\t\t\t\t<img\n\t\t\t\t\ttitle=\"2\"\n\t\t\t\t\talt=\"2\"\n\t\t\t\t\tsrc=\"https:\/\/mwb.com.pl\/policja\/index.php\/nextgen-image\/72\/250x250x100\/crop\/9e475641e9db8fd4fa9b8d32ce6efba3\"\n\t\t\t\t\twidth=\"250\"\n\t\t\t\t\theight=\"250\"\n\t\t\t\t\tstyle=\"max-width:100%;\"\n\t\t\t\t\/>\n\t\t\t<\/a>\n\t\t<\/div>\n\t\t\t\t\t\t\t<\/div>\n\t\t\t\n\t\n\t<br style=\"clear: both\" \/>\n\n\t\n\t\t<!-- Pagination -->\n\t\t<div class='ngg-clear'><\/div>\t<\/div>\n<\/div>\n<\/div>\n<\/div>\n","protected":false},"excerpt":{"rendered":"<p>Najmniejsz\u0105 jednostk\u0105 organizacyjn\u0105 terenowych struktur policji by\u0142y posterunki gminne, kolejowe, graniczne lub rzeczne. We wszystkich sprawach organizacyjnych i wykonawczych podlega\u0142y one komendom powiatowym PP. W odniesieniu do w\u0142adz administracji pa\u0144stwowej jego komendant otrzymywa\u0142 polecenia od starosty za po\u015brednictwem komendanta powiatowego PP. Jako gminny zwierzchnik policji czu\u0142 si\u0119 cz\u0119sto nieograniczony w swych kompetencjach na tym szczeblu [&hellip;]<\/p>\n","protected":false},"author":3,"featured_media":0,"parent":0,"menu_order":6,"comment_status":"closed","ping_status":"open","template":"","meta":{"ngg_post_thumbnail":0,"footnotes":""},"class_list":["post-67","page","type-page","status-publish","hentry"],"_links":{"self":[{"href":"https:\/\/mwb.com.pl\/policja\/index.php?rest_route=\/wp\/v2\/pages\/67","targetHints":{"allow":["GET"]}}],"collection":[{"href":"https:\/\/mwb.com.pl\/policja\/index.php?rest_route=\/wp\/v2\/pages"}],"about":[{"href":"https:\/\/mwb.com.pl\/policja\/index.php?rest_route=\/wp\/v2\/types\/page"}],"author":[{"embeddable":true,"href":"https:\/\/mwb.com.pl\/policja\/index.php?rest_route=\/wp\/v2\/users\/3"}],"replies":[{"embeddable":true,"href":"https:\/\/mwb.com.pl\/policja\/index.php?rest_route=%2Fwp%2Fv2%2Fcomments&post=67"}],"version-history":[{"count":1,"href":"https:\/\/mwb.com.pl\/policja\/index.php?rest_route=\/wp\/v2\/pages\/67\/revisions"}],"predecessor-version":[{"id":368,"href":"https:\/\/mwb.com.pl\/policja\/index.php?rest_route=\/wp\/v2\/pages\/67\/revisions\/368"}],"wp:attachment":[{"href":"https:\/\/mwb.com.pl\/policja\/index.php?rest_route=%2Fwp%2Fv2%2Fmedia&parent=67"}],"curies":[{"name":"wp","href":"https:\/\/api.w.org\/{rel}","templated":true}]}}