{"id":66,"date":"2014-07-07T11:57:10","date_gmt":"2014-07-07T11:57:10","guid":{"rendered":"http:\/\/mwb.com.pl\/policja\/?page_id=66"},"modified":"2014-07-08T09:22:15","modified_gmt":"2014-07-08T09:22:15","slug":"komisariaty-pp","status":"publish","type":"page","link":"https:\/\/mwb.com.pl\/policja\/?page_id=66","title":{"rendered":"komisariaty pp"},"content":{"rendered":"<div class=\"art-content-layout\">\n<div class=\"art-content-layout-row\">\n<div class=\"art-layout-cell layout-item-0\" style=\"width: 50%;\">\n<p class=\"MsoNoSpacing\" style=\"text-indent: 15pt;\"><span style=\"font-family: Arial; font-size: 15px;\">Na terenie wi\u0119kszych miast typow\u0105 prac\u0119 policyjn\u0105 prowadzi\u0142y miejskie komisariaty PP. W por\u00f3wnaniu do zada\u0144 i trybu dzia\u0142alno\u015bci posterunk\u00f3w gminnych wykonywa\u0142y one te same czynno\u015bci s\u0142u\u017cbowe, tyle \u017ce w nieco bardziej specyficznych warunkach. W zale\u017cno\u015bci od potrzeb i wielko\u015bci o\u015brodk\u00f3w miejskich powo\u0142ywano w miastach po kilka lub kilkana\u015bcie takich jednostek, kierowanych odg\u00f3rnie przez komend\u0119 miasta, zorganizowan\u0105 strukturalnie na prawach komendy powiatowej. Jedynie policja m.st. Warszawy dzia\u0142a\u0142a na prawach komendy okr\u0119gowej PP. W 1924 r. na ca\u0142ym obszarze pa\u0144stwa polskiego funkcjonowa\u0142o siedem wydzielonych komend miejskich. W wyniku podj\u0119tych w 1928 r. prac reorganizacyjnych pr\u00f3bowano unormowa\u0107 ostateczny status prawno-organizacyjny takich komend. Wydano wi\u0119c w tym celu odpowiednie przepisy o organizacji Policji Pa\u0144stwowej w miastach, m\u00f3wi\u0105ce o ustanowieniu w Krakowie, Lwowie, \u0141odzi, Poznaniu i Wilnie komend miast, podporz\u0105dkowanych bezpo\u015brednio komendantom wojew\u00f3dzkim PP. Natomiast w Bia\u0142ymstoku funkcj\u0119 komendy miejskiej spe\u0142nia\u0142 wyznaczony do tych zada\u0144 komisariat g\u0142\u00f3wny, kt\u00f3rego komisarz kierowa\u0142 prac\u0105 pozosta\u0142ych komisariat\u00f3w. W sprawach s\u0142u\u017cbowych podleg\u0142y by\u0142 on w\u0142adzy miejscowego komendanta powiatowego.<\/span><\/p>\n<p class=\"MsoNoSpacing\" style=\"text-indent: 15pt;\"><span style=\"font-family: Arial; font-size: 15px;\">Obowi\u0105zuj\u0105ce przepisy funkcjonowa\u0142y osiem lat i zmieni\u0142y si\u0119 cz\u0119\u015bciowo na mocy nowych postanowie\u0144 prawnych, zawartych w znowelizowanym rozporz\u0105dzeniu MSW z 25 II 1936 r. Na jego podstawie w miastach, gdzie na czele powiatu miejskiego sta\u0142 osobny starosta grodzki lub komisarz rz\u0105du, powo\u0142ywano urz\u0119dy policyjne pod nazw\u0105 \u201eKomenda Miasta i I Komisariat PP w NN\u201d. Na czele policji miejskiej sta\u0142 wi\u0119c komendant miasta i kierownik I komisariatu, kt\u00f3remu podporz\u0105dkowywano wszystkie pozosta\u0142e komisariaty w danym obwodzie. W miastach, w kt\u00f3rych funkcja starosty grodzkiego powierzona zosta\u0142a staro\u015bcie powiatowemu taki urz\u0105d funkcjonowa\u0142 pod nazw\u0105 \u201eKomenda Powiatowa i Miasta PP w NN\u201d. W tym wypadku w\u0142adzy jej komendanta podlega\u0142y odt\u0105d nie tylko komisariaty miejskie, ale i struktury policji powiatowej.<\/span><\/p>\n<p class=\"MsoNoSpacing\" style=\"text-indent: 15pt;\"><span style=\"font-family: Arial; font-size: 15px;\">Do czasu utworzenia V bia\u0142ostockiego okr\u0119gu PP na terenie Bia\u0142egostoku sprawami bezpiecze\u0144stwa publicznego zajmowa\u0142 si\u0119 odr\u0119bny Urz\u0105d Policji m. Bia\u0142egostoku. Zlikwidowano go jednak na mocy ustawy o Policji Pa\u0144stwowej z 24 VII 1919 r., a kierownictwo nad zorganizowanymi komisariatami miejskimi powierzono komendantowi PP pow. bia\u0142ostockiego. Do ko\u0144ca 1926 r. na terenie miasta by\u0142o ich \u0142\u0105cznie pi\u0119\u0107. Mieszcz\u0105cy si\u0119 na dworcu kolejowym V komisariat w roku nast\u0119pnym zosta\u0142 rozwi\u0105zany i przemianowany na policyjny posterunek kolejowy. Urz\u0119dowe siedziby bia\u0142ostockich komisariat\u00f3w PP nie by\u0142y sta\u0142e i w ca\u0142ym okresie mi\u0119dzywojennym kilkakrotnie zmienia\u0142y swoje miejsce. Na podstawie posiadanych materia\u0142\u00f3w archiwalnych mo\u017cna je dzi\u015b cz\u0119\u015bciowo zlokalizowa\u0107. I tak:<\/span><\/p>\n<p class=\"MsoBodyText\" style=\"margin-left: 36pt; text-indent: -18pt;\"><!-- [if !supportLists]--><span style=\"font-size: 15px;\">&#8211;\u00a0\u00a0\u00a0\u00a0\u00a0\u00a0\u00a0\u00a0\u00a0 <!--&#91;endif&#93;-->I komisariat PP w 1925 r. mie\u015bci\u0142 si\u0119 przy ul. Lipowej 47, w 1932 r. przy ul. Warszawskiej 3, w 1939 r. przy ul. Pierackiego 3;<\/span><\/p>\n<p class=\"MsoBodyText\" style=\"margin-left: 36pt; text-indent: -18pt;\"><!-- [if !supportLists]--><span style=\"font-size: 15px;\">&#8211;\u00a0\u00a0\u00a0\u00a0\u00a0\u00a0\u00a0\u00a0\u00a0 <!--&#91;endif&#93;-->II komisariat PP w 1925 r. znajdowa\u0142 si\u0119 przy ul. Koszykowej 2, w 1932 r. nadal przy ul. Koszykowej 2, w 1939 r. przy ul. Pierackiego 50;<\/span><\/p>\n<p class=\"MsoBodyText\" style=\"margin-left: 36pt; text-indent: -18pt;\"><!-- [if !supportLists]--><span style=\"font-size: 15px;\">&#8211;\u00a0\u00a0\u00a0\u00a0\u00a0\u00a0\u00a0\u00a0\u00a0 <!--&#91;endif&#93;-->III komisariat w 1925 r. mia\u0142 sw\u0105 siedzib\u0119 przy ul. Mickiewicza 21, a w 1939 r. przy ul. Mickiewicza 7;<\/span><\/p>\n<p class=\"MsoBodyText\" style=\"margin-left: 36pt; text-indent: -18pt;\"><!-- [if !supportLists]--><span style=\"font-size: 15px;\">&#8211;\u00a0\u00a0\u00a0\u00a0\u00a0\u00a0\u00a0\u00a0\u00a0 <!--&#91;endif&#93;-->IV komisariat w 1925 r. mie\u015bci\u0142 si\u0119 przy ul. Grunwaldzkiej 42, a nast\u0119pnie do wrze\u015bnia 1939 r. przy ul. Pi\u0142sudskiego 47.<\/span><\/p>\n<p class=\"MsoNoSpacing\" style=\"text-indent: 15pt;\"><span style=\"font-family: Arial; font-size: 15px;\">Przy jednoczesnym funkcjonowaniu kilku komisariat\u00f3w w mie\u015bcie, z braku wydzielonej komendy miejskiej PP, od 1926 r. jeden z nich spe\u0142nia\u0142 rol\u0119 komisariatu nadrz\u0119dnego, kt\u00f3rego kierownik koordynowa\u0142 ca\u0142o\u015bci\u0105 pracy policyjnej pozosta\u0142ych jednostek. Dotychczasowy I Komisariat PP w Bia\u0142ymstoku przekszta\u0142cony zosta\u0142 wi\u0119c w komisariat g\u0142\u00f3wny, a pozosta\u0142e cztery zmieniaj\u0105c dot\u0105d istniej\u0105c\u0105 numeracj\u0119 przemianowane zosta\u0142y w miejskie podkomisariaty PP. Takie same zmiany dotyczy\u0142y r\u00f3wnie\u017c i Grodna, gdzie I komisariat PP otrzyma\u0142 nazw\u0119 komisariatu g\u0142\u00f3wnego, a dwa inne bezpo\u015brednio mu podleg\u0142e przekszta\u0142cone zosta\u0142y w odpowiednie podkomisariaty policyjne. Taka reorganizacja struktur nie dotyczy\u0142a jedynie komisariat\u00f3w w \u0141om\u017cy, Suwa\u0142kach i Wo\u0142kowysku, kt\u00f3re s\u0142u\u017cbowo nadal by\u0142y podporz\u0105dkowane odno\u015bnym komendom powiatowym.<\/span><\/p>\n<p class=\"MsoNoSpacing\" style=\"text-indent: 15pt;\"><span style=\"font-family: Arial; font-size: 15px;\">Rozporz\u0105dzenie Ministra Spraw Wewn\u0119trznych z 21 IX 1928 r. przynios\u0142o kolejne zmiany organizacyjne. Na mocy rozkaz\u00f3w Komendy G\u0142\u00f3wnej PP wszystkie podkomisariaty na terenie Bia\u0142egostoku i Grodna powr\u00f3ci\u0142y do poprzedniej nazwy komisariat\u00f3w i przypisanej wcze\u015bniej numeracji porz\u0105dkowej. W czynno\u015bciach s\u0142u\u017cbowych podporz\u0105dkowywano je ponownie I g\u0142\u00f3wnemu komisariatowi PP. Taki stan rzeczy utrzyma\u0142 si\u0119 do marca 1936 r., kiedy to rozporz\u0105dzeniem MSW o zmianie organizacji Policji Pa\u0144stwowej w powiatach miejskich powo\u0142ano w Bia\u0142ymstoku nowy lokalny urz\u0105d policji pod nazw\u0105 Komenda Miasta i I Komisariat PP. Prac\u0105 policyjn\u0105 komendy, czterech komisariat\u00f3w i posterunku kolejowego kierowa\u0142 odt\u0105d Komendant Miasta i Kierownik I Komisariatu w Bia\u0142ymstoku. Z dniem 1 VI 1939 r. urz\u0105d ten i stanowisko funkcyjne przesta\u0142o istnie\u0107 na rzecz nowego organu jakim by\u0142a Komenda Policji Pa\u0144stwowej m. Bia\u0142ystok. Od tej pory jej komendant sterowa\u0142 dzia\u0142aniem wszystkich komisariat\u00f3w miejskich, b\u0119d\u0105c bezpo\u015brednio podporz\u0105dkowany rozkazom Komendanta Wojew\u00f3dzkiego PP w Bia\u0142ymstoku.<\/span><\/p>\n<p class=\"MsoNoSpacing\" style=\"text-indent: 15pt;\"><span style=\"font-family: Arial; font-size: 15px;\">W wyniku ci\u0105g\u0142ych zmian strukturalnych i przesuni\u0119\u0107 administracyjnych granic woj. bia\u0142ostockiego w po\u0142owie 1939 r. miejskie komisariaty PP funkcjonowa\u0142y ju\u017c tylko w Bia\u0142ymstoku ( I-IV), Grodnie (I-II) i jeden w Suwa\u0142kach. W tych dw\u00f3ch ostatnich miastach ich kierownicy w sprawach bezpiecze\u0144stwa publicznego podlegali kompetencjom miejscowych komend powiatowych. Jedynie policja miasta Bia\u0142egostoku posiada\u0142a wydzielon\u0105 spod kompetencji komendanta powiatowego w\u0142asn\u0105 komend\u0119, kieruj\u0105c\u0105 czynno\u015bciami s\u0142u\u017cbowymi podleg\u0142ych komisariat\u00f3w.<\/span><\/p>\n<p class=\"MsoNoSpacing\" style=\"text-indent: 15pt;\"><span style=\"font-family: Arial; font-size: 15px;\">Obowi\u0105zki kierownika miejskiego komisariatu PP sprawowa\u0142 najcz\u0119\u015bciej wy\u017cszy funkcjonariusz policji w stopniu komisarza lub podkomisarza, rzadziej za\u015b w stopniu aspiranta. W razie jego nieobecno\u015bci czynno\u015bci s\u0142u\u017cbowe przejmowali na siebie wyznaczeni do tego zast\u0119pcy, sprawuj\u0105cy nadz\u00f3r i kierownictwo nad komisariatem do czasu powrotu kierownika. Na czas ca\u0142odobowej s\u0142u\u017cby personel komisariatu dzielony by\u0142 na plutony operacyjne, wykonuj\u0105ce okre\u015blone czynno\u015bci z zakresu bezpiecze\u0144stwa (patrole, obchody, posterunki w wyznaczonych miejscach). Trzyzmianowa praca zaczyna\u0142a si\u0119 ka\u017cdorazowo od zwo\u0142ywanej przez sekcyjnego zbi\u00f3rki danego plutonu, podczas kt\u00f3rej sprawdzano stan i przygotowanie funkcjonariuszy na p\u00f3\u0142 godziny przed rozpocz\u0119ciem s\u0142u\u017cby. Przed frontem plutonu pe\u0142ni\u0105cego dy\u017cur odczytywano rozkazy dzienne b\u0105d\u017a urz\u0119dowe ok\u00f3lniki miejscowej komendy. Kierownik danego komisariatu lub jego zast\u0119pca zobowi\u0105zany by\u0142 regulaminowo do uczestnictwa w tego typu odprawach. Obok nienagannego wygl\u0105du zewn\u0119trznego wszyscy funkcjonariusze posiada\u0107 musieli odpowiednie uzbrojenie i wyposa\u017cenie s\u0142u\u017cbowe (notesy, o\u0142\u00f3wki, gwizdki, latarki itp.). W porze nocnej wszystkie komisariaty na wyszczeg\u00f3lnionych odcinkach swego obszaru utrzymywa\u0142y ruchome patrole prewencyjne, jak i sta\u0142e posterunki policyjne w okre\u015blonych docelowo punktach miasta, czy te\u017c przy siedzibach najwa\u017cniejszych urz\u0119d\u00f3w w\u0142adz administracji pa\u0144stwowej.<\/span><\/p>\n<p class=\"MsoNoSpacing\" style=\"text-indent: 15pt;\"><span style=\"font-family: Arial; font-size: 15px;\">Etatowo personel ka\u017cdego komisariatu miejskiego sk\u0142ada\u0142 si\u0119 przewa\u017cnie z 1-2 oficer\u00f3w i kilkudziesi\u0119ciu szeregowych. O liczbie policjant\u00f3w decydowa\u0142a jednak zazwyczaj wielko\u015b\u0107 administrowanego obszaru oraz og\u00f3lny stan bezpiecze\u0144stwa publicznego w r\u00f3\u017cnych dzielnicach miasta. Dla por\u00f3wnania w 1925 r. w pi\u0119ciu bia\u0142ostockich komisariatach PP pracowa\u0142o \u0142\u0105cznie 280 wy\u017cszych i ni\u017cszych funkcjonariuszy s\u0142u\u017cby mundurowej:<\/span><\/p>\n<p class=\"MsoBodyText\" style=\"margin-left: 35.4pt;\"><span style=\"font-size: 15px;\">&#8211; I komisariat &#8211; 1 podkomisarz, 2 st. przodownik\u00f3w, 6 przodownik\u00f3w, 8 st. posterunkowych i 40 posterunkowych;<\/span><\/p>\n<p class=\"MsoBodyText\" style=\"margin-left: 35.4pt;\"><span style=\"font-size: 15px;\">&#8211; II komisariat &#8211; 1 podkomisarz, 2 st. przodownik\u00f3w, 5 przodownik\u00f3w, 6 st. posterunkowych i 40 posterunkowych;<\/span><\/p>\n<p class=\"MsoBodyText\" style=\"margin-left: 35.4pt;\"><span style=\"font-size: 15px;\">&#8211; III komisariat &#8211; 1 podkomisarz, 3 st. przodownik\u00f3w, 6 przodownik\u00f3w, 12 st. posterunkowych, 65 posterunkowych;<\/span><\/p>\n<p class=\"MsoBodyText\" style=\"margin-left: 35.4pt;\"><span style=\"font-size: 15px;\">&#8211; IV komisariat &#8211; 1 podkomisarz, 2 st. przodownik\u00f3w, 5 przodownik\u00f3w, 8 st. posterunkowych i 27 posterunkowych;<\/span><\/p>\n<p class=\"MsoBodyText\" style=\"margin-left: 35.4pt;\"><span style=\"font-size: 15px;\">-V komisariat (kolejowy) &#8211; 1 aspirant, 2 st. przodownik\u00f3w, 3 przodownik\u00f3w, 5 st. posterunkowych i 28 posterunkowych.<\/span><\/p>\n<p class=\"MsoBodyText\" style=\"text-indent: 35.4pt;\"><span style=\"font-size: 15px;\">Podobna sytuacja kadrowa przedstawia\u0142a si\u0119 w trzech komisariatach miejskich Grodna, gdzie pracowa\u0142o odpowiednio 3 oficer\u00f3w oraz 170 ni\u017cszych funkcjonariuszy. Natomiast w pozosta\u0142ych trzech komisariatach \u0141om\u017cy, Suwa\u0142k i Wo\u0142kowyska zatrudnienie w policyjnych organach znalaz\u0142o ponadto 146 policjant\u00f3w. Z powy\u017cszych wylicze\u0144 wynika wi\u0119c jasno, i\u017c prawie 1\/3 funkcjonariuszy pracowa\u0142a w miejskich strukturach PP.<\/span><\/p>\n<p>&nbsp;<\/p>\n<p class=\"MsoNoSpacing\" style=\"text-indent: 15pt;\"><span style=\"font-family: Arial; font-size: 15px;\"><strong>NAJWA\u017bNIEJSZE URZ\u0118DY POLICYJNE MIASTA BIA\u0141EGOSTOKU 1932 R.<\/strong><\/span><\/p>\n<p>Komenda Wojew\u00f3dzka PP \u2013 ul. Warszawska 50<\/p>\n<p>I G\u0142\u00f3wny Komisariat PP na m. Bia\u0142ystok \u2013 ul. Warszawska 3<\/p>\n<p>II Komisariat PP na m. Bia\u0142ystok \u2013 ul. Koszykowa 2<\/p>\n<p>III Komisariat PP na m. Bia\u0142ystok \u2013 ul. Mickiewicza 47<\/p>\n<p>IV Komisariat PP na m. Bia\u0142ystok \u2013 ul. Marsza\u0142ka Pi\u0142sudskiego 47<\/p>\n<p>Posterunek kolejowy PP (g\u0142\u00f3wny dworzec kolejowy)<\/p>\n<p>Konny Oddzia\u0142 PP \u2013 ul. \u015awi\u0119toja\u0144ska 14<\/p>\n<p>Komenda Powiatowa PP \u2013 ul. Warszawska 62<\/p>\n<p>Urz\u0105d \u015aledczy \u2013 ul. Warszawska 11<\/p>\n<p>Wydzia\u0142 \u015aledczy \u2013 ul. Warszawska 6<\/p>\n<p>Wi\u0119zienie okr\u0119gowe \u2013 Szosa Baranowicka<\/p>\n<p>&nbsp;<\/p>\n<p class=\"MsoNoSpacing\" style=\"text-indent: 15pt;\"><span style=\"font-family: Arial; font-size: 15px;\"><strong>NAJWA\u017bNIEJSZE URZ\u0118DY POLICYJNE MIASTA BIA\u0141EGOSTOKU 1938\/1939<\/strong><\/span><\/p>\n<p>Komenda Wojew\u00f3dzka PP \u2013 ul. Bronis\u0142awa Pierackiego 50<\/p>\n<p>Urz\u0105d \u015aledczy \u2013 ul. Bronis\u0142awa Pierackiego 65<\/p>\n<p>Wydzia\u0142 \u015aledczy \u2013 ul. Bronis\u0142awa Pierackiego 65<\/p>\n<p>Komenda Miasta i I Komisariat PP \u2013 ul. Bronis\u0142awa Pierackiego 3<\/p>\n<p>II Komisariat PP\u2013 ul. Bronis\u0142awa Pierackiego 50<\/p>\n<p>III Komisariat PP\u2013 ul. Adama Mickiewicza 7<\/p>\n<p>IV Komisariat PP \u2013 ul. Marsza\u0142ka J\u00f3zefa Pi\u0142sudskiego 47<\/p>\n<p>Posterunek kolejowy (na dworcu g\u0142\u00f3wnym)<\/p>\n<p>Komenda Powiatowa PP \u2013 ul. Bronis\u0142awa Pierackiego 3<\/p>\n<p>&nbsp;<\/p>\n<p class=\"MsoNoSpacing\" style=\"text-indent: 15pt;\"><span style=\"font-family: Arial; font-size: 15px;\"><strong>Policyjne telefony uliczne<\/strong><\/span><\/p>\n<p>1. Szosa \u017b\u00f3\u0142tkowska, r\u00f3g ul. Hetma\u0144skiej<\/p>\n<p>2. Antoniuk Fabryczny<\/p>\n<p>3. Bia\u0142ostoczek 50<\/p>\n<p>4. Wasilkowska 55<\/p>\n<p>5. Sitarska 7<\/p>\n<p>6. Piasta 32<\/p>\n<p>7. Pieczurska 43<\/p>\n<p>8. Szosa Wschodnia 58<\/p>\n<p>9. Mickiewicza 83<\/p>\n<p>10. Podle\u015bna 7\/2<\/p>\n<p>11. Szosa Zwierzyniecka 52<\/p>\n<p>12. Mazowiecka 58<\/p>\n<p>13. Pu\u0142awska 6<\/p>\n<p>14. Grunwaldzka 19<\/p>\n<\/div>\n<div class=\"art-layout-cell layout-item-0\" style=\"width: 50%;\"><!-- default-view.php -->\n<div\n\tclass=\"ngg-galleryoverview default-view\n\t ngg-ajax-pagination-none\t\"\n\tid=\"ngg-gallery-5d0afda6133a4c879a3078ffbfe441cb-1\"\n\tdata-gallery-id=\"4\">\n\n\t\t<!-- Thumbnails -->\n\t\t\t\t<div id=\"ngg-image-0\" class=\"ngg-gallery-thumbnail-box\n\t\t\t\t\t\t\t\tngg-2-columns\t\t\t\"\n\t\t\t>\n\t\t\t\t\t\t<div class=\"ngg-gallery-thumbnail\">\n\t\t\t<a href=\"https:\/\/mwb.com.pl\/policja\/wp-content\/gallery\/komisariaty_pp\/15.jpg\"\n\t\t\t\ttitle=\"Pracownicy jednego z bia\u0142ostockich komisariat\u00f3w podczas s\u0142u\u017cby. Lata 1927-1935.\"\n\t\t\t\tdata-src=\"https:\/\/mwb.com.pl\/policja\/wp-content\/gallery\/komisariaty_pp\/15.jpg\"\n\t\t\t\tdata-thumbnail=\"https:\/\/mwb.com.pl\/policja\/wp-content\/gallery\/komisariaty_pp\/thumbs\/thumbs_15.jpg\"\n\t\t\t\tdata-image-id=\"54\"\n\t\t\t\tdata-title=\"15\"\n\t\t\t\tdata-description=\"Pracownicy jednego z bia\u0142ostockich komisariat\u00f3w podczas s\u0142u\u017cby. Lata 1927-1935.\"\n\t\t\t\tdata-image-slug=\"15-1\"\n\t\t\t\t\t\t\t\t\t\t\t\t\t\t\t\t\t\t\t\tclass=\"ngg-fancybox\" rel=\"5d0afda6133a4c879a3078ffbfe441cb\">\n\t\t\t\t\t\t\t\t<img\n\t\t\t\t\ttitle=\"15\"\n\t\t\t\t\talt=\"15\"\n\t\t\t\t\tsrc=\"https:\/\/mwb.com.pl\/policja\/index.php\/nextgen-image\/54\/250x250x100\/crop\/c637caaa46b72b3944e4e8ada1e7b6e0\"\n\t\t\t\t\twidth=\"250\"\n\t\t\t\t\theight=\"250\"\n\t\t\t\t\tstyle=\"max-width:100%;\"\n\t\t\t\t\/>\n\t\t\t<\/a>\n\t\t<\/div>\n\t\t\t\t\t\t\t<\/div>\n\t\t\t\n\t\t\t\t<div id=\"ngg-image-1\" class=\"ngg-gallery-thumbnail-box\n\t\t\t\t\t\t\t\tngg-2-columns\t\t\t\"\n\t\t\t>\n\t\t\t\t\t\t<div class=\"ngg-gallery-thumbnail\">\n\t\t\t<a href=\"https:\/\/mwb.com.pl\/policja\/wp-content\/gallery\/komisariaty_pp\/exp0036.jpg\"\n\t\t\t\ttitle=\"Skrzynka policyjnego telefonu ulicznego z ulicy Grunwaldzkiej 19 w Bia\u0142ymstoku.\"\n\t\t\t\tdata-src=\"https:\/\/mwb.com.pl\/policja\/wp-content\/gallery\/komisariaty_pp\/exp0036.jpg\"\n\t\t\t\tdata-thumbnail=\"https:\/\/mwb.com.pl\/policja\/wp-content\/gallery\/komisariaty_pp\/thumbs\/thumbs_exp0036.jpg\"\n\t\t\t\tdata-image-id=\"69\"\n\t\t\t\tdata-title=\"exp0036\"\n\t\t\t\tdata-description=\"Skrzynka policyjnego telefonu ulicznego z ulicy Grunwaldzkiej 19 w Bia\u0142ymstoku.\"\n\t\t\t\tdata-image-slug=\"exp0036\"\n\t\t\t\t\t\t\t\t\t\t\t\t\t\t\t\t\t\t\t\tclass=\"ngg-fancybox\" rel=\"5d0afda6133a4c879a3078ffbfe441cb\">\n\t\t\t\t\t\t\t\t<img\n\t\t\t\t\ttitle=\"exp0036\"\n\t\t\t\t\talt=\"exp0036\"\n\t\t\t\t\tsrc=\"https:\/\/mwb.com.pl\/policja\/index.php\/nextgen-image\/69\/250x250x100\/crop\/abaeb0ab5b466faf68e267f4aa1c76b7\"\n\t\t\t\t\twidth=\"250\"\n\t\t\t\t\theight=\"250\"\n\t\t\t\t\tstyle=\"max-width:100%;\"\n\t\t\t\t\/>\n\t\t\t<\/a>\n\t\t<\/div>\n\t\t\t\t\t\t\t<\/div>\n\t\t\t\n\t\t\t\t<div id=\"ngg-image-2\" class=\"ngg-gallery-thumbnail-box\n\t\t\t\t\t\t\t\tngg-2-columns\t\t\t\"\n\t\t\t>\n\t\t\t\t\t\t<div class=\"ngg-gallery-thumbnail\">\n\t\t\t<a href=\"https:\/\/mwb.com.pl\/policja\/wp-content\/gallery\/komisariaty_pp\/exp0032.jpg\"\n\t\t\t\ttitle=\"Orze\u0142 pa\u0144stwowy jednego z bia\u0142ostockich komisariat\u00f3w PP.\"\n\t\t\t\tdata-src=\"https:\/\/mwb.com.pl\/policja\/wp-content\/gallery\/komisariaty_pp\/exp0032.jpg\"\n\t\t\t\tdata-thumbnail=\"https:\/\/mwb.com.pl\/policja\/wp-content\/gallery\/komisariaty_pp\/thumbs\/thumbs_exp0032.jpg\"\n\t\t\t\tdata-image-id=\"67\"\n\t\t\t\tdata-title=\"exp0032\"\n\t\t\t\tdata-description=\"Orze\u0142 pa\u0144stwowy jednego z bia\u0142ostockich komisariat\u00f3w PP.\"\n\t\t\t\tdata-image-slug=\"exp0032\"\n\t\t\t\t\t\t\t\t\t\t\t\t\t\t\t\t\t\t\t\tclass=\"ngg-fancybox\" rel=\"5d0afda6133a4c879a3078ffbfe441cb\">\n\t\t\t\t\t\t\t\t<img\n\t\t\t\t\ttitle=\"exp0032\"\n\t\t\t\t\talt=\"exp0032\"\n\t\t\t\t\tsrc=\"https:\/\/mwb.com.pl\/policja\/index.php\/nextgen-image\/67\/250x250x100\/crop\/448341493bd6f07a4f0da38daf91eec4\"\n\t\t\t\t\twidth=\"250\"\n\t\t\t\t\theight=\"250\"\n\t\t\t\t\tstyle=\"max-width:100%;\"\n\t\t\t\t\/>\n\t\t\t<\/a>\n\t\t<\/div>\n\t\t\t\t\t\t\t<\/div>\n\t\t\t\n\t\t\t\t<div id=\"ngg-image-3\" class=\"ngg-gallery-thumbnail-box\n\t\t\t\t\t\t\t\tngg-2-columns\t\t\t\"\n\t\t\t>\n\t\t\t\t\t\t<div class=\"ngg-gallery-thumbnail\">\n\t\t\t<a href=\"https:\/\/mwb.com.pl\/policja\/wp-content\/gallery\/komisariaty_pp\/exp0016.jpg\"\n\t\t\t\ttitle=\"Piecz\u0105tka s\u0142u\u017cbowa IV Komisariatu PP w Bia\u0142ymstoku.\"\n\t\t\t\tdata-src=\"https:\/\/mwb.com.pl\/policja\/wp-content\/gallery\/komisariaty_pp\/exp0016.jpg\"\n\t\t\t\tdata-thumbnail=\"https:\/\/mwb.com.pl\/policja\/wp-content\/gallery\/komisariaty_pp\/thumbs\/thumbs_exp0016.jpg\"\n\t\t\t\tdata-image-id=\"66\"\n\t\t\t\tdata-title=\"exp0016\"\n\t\t\t\tdata-description=\"Piecz\u0105tka s\u0142u\u017cbowa IV Komisariatu PP w Bia\u0142ymstoku.\"\n\t\t\t\tdata-image-slug=\"exp0016\"\n\t\t\t\t\t\t\t\t\t\t\t\t\t\t\t\t\t\t\t\tclass=\"ngg-fancybox\" rel=\"5d0afda6133a4c879a3078ffbfe441cb\">\n\t\t\t\t\t\t\t\t<img\n\t\t\t\t\ttitle=\"exp0016\"\n\t\t\t\t\talt=\"exp0016\"\n\t\t\t\t\tsrc=\"https:\/\/mwb.com.pl\/policja\/index.php\/nextgen-image\/66\/250x250x100\/crop\/352c98b9732504aec02c6a807754d8b8\"\n\t\t\t\t\twidth=\"250\"\n\t\t\t\t\theight=\"250\"\n\t\t\t\t\tstyle=\"max-width:100%;\"\n\t\t\t\t\/>\n\t\t\t<\/a>\n\t\t<\/div>\n\t\t\t\t\t\t\t<\/div>\n\t\t\t\n\t\t\t\t<div id=\"ngg-image-4\" class=\"ngg-gallery-thumbnail-box\n\t\t\t\t\t\t\t\tngg-2-columns\t\t\t\"\n\t\t\t>\n\t\t\t\t\t\t<div class=\"ngg-gallery-thumbnail\">\n\t\t\t<a href=\"https:\/\/mwb.com.pl\/policja\/wp-content\/gallery\/komisariaty_pp\/exp0015.jpg\"\n\t\t\t\ttitle=\"Piecz\u0105tka s\u0142u\u017cbowa IV Komisariatu PP w Bia\u0142ymstoku.\"\n\t\t\t\tdata-src=\"https:\/\/mwb.com.pl\/policja\/wp-content\/gallery\/komisariaty_pp\/exp0015.jpg\"\n\t\t\t\tdata-thumbnail=\"https:\/\/mwb.com.pl\/policja\/wp-content\/gallery\/komisariaty_pp\/thumbs\/thumbs_exp0015.jpg\"\n\t\t\t\tdata-image-id=\"65\"\n\t\t\t\tdata-title=\"exp0015\"\n\t\t\t\tdata-description=\"Piecz\u0105tka s\u0142u\u017cbowa IV Komisariatu PP w Bia\u0142ymstoku.\"\n\t\t\t\tdata-image-slug=\"exp0015\"\n\t\t\t\t\t\t\t\t\t\t\t\t\t\t\t\t\t\t\t\tclass=\"ngg-fancybox\" rel=\"5d0afda6133a4c879a3078ffbfe441cb\">\n\t\t\t\t\t\t\t\t<img\n\t\t\t\t\ttitle=\"exp0015\"\n\t\t\t\t\talt=\"exp0015\"\n\t\t\t\t\tsrc=\"https:\/\/mwb.com.pl\/policja\/index.php\/nextgen-image\/65\/250x250x100\/crop\/b48b2416d43f9c219d76e2b5dc90cf95\"\n\t\t\t\t\twidth=\"250\"\n\t\t\t\t\theight=\"250\"\n\t\t\t\t\tstyle=\"max-width:100%;\"\n\t\t\t\t\/>\n\t\t\t<\/a>\n\t\t<\/div>\n\t\t\t\t\t\t\t<\/div>\n\t\t\t\n\t\t\t\t<div id=\"ngg-image-5\" class=\"ngg-gallery-thumbnail-box\n\t\t\t\t\t\t\t\tngg-2-columns\t\t\t\"\n\t\t\t>\n\t\t\t\t\t\t<div class=\"ngg-gallery-thumbnail\">\n\t\t\t<a href=\"https:\/\/mwb.com.pl\/policja\/wp-content\/gallery\/komisariaty_pp\/25.jpg\"\n\t\t\t\ttitle=\"Posterunkowy bia\u0142ostockiej policji w towarzystwie kolegi z wojska. Lata 1930-1935.\"\n\t\t\t\tdata-src=\"https:\/\/mwb.com.pl\/policja\/wp-content\/gallery\/komisariaty_pp\/25.jpg\"\n\t\t\t\tdata-thumbnail=\"https:\/\/mwb.com.pl\/policja\/wp-content\/gallery\/komisariaty_pp\/thumbs\/thumbs_25.jpg\"\n\t\t\t\tdata-image-id=\"64\"\n\t\t\t\tdata-title=\"25\"\n\t\t\t\tdata-description=\"Posterunkowy bia\u0142ostockiej policji w towarzystwie kolegi z wojska. Lata 1930-1935.\"\n\t\t\t\tdata-image-slug=\"25\"\n\t\t\t\t\t\t\t\t\t\t\t\t\t\t\t\t\t\t\t\tclass=\"ngg-fancybox\" rel=\"5d0afda6133a4c879a3078ffbfe441cb\">\n\t\t\t\t\t\t\t\t<img\n\t\t\t\t\ttitle=\"25\"\n\t\t\t\t\talt=\"25\"\n\t\t\t\t\tsrc=\"https:\/\/mwb.com.pl\/policja\/index.php\/nextgen-image\/64\/250x250x100\/crop\/d0c02596398221d547f1634b6d9b8f7a\"\n\t\t\t\t\twidth=\"250\"\n\t\t\t\t\theight=\"250\"\n\t\t\t\t\tstyle=\"max-width:100%;\"\n\t\t\t\t\/>\n\t\t\t<\/a>\n\t\t<\/div>\n\t\t\t\t\t\t\t<\/div>\n\t\t\t\n\t\t\t\t<div id=\"ngg-image-6\" class=\"ngg-gallery-thumbnail-box\n\t\t\t\t\t\t\t\tngg-2-columns\t\t\t\"\n\t\t\t>\n\t\t\t\t\t\t<div class=\"ngg-gallery-thumbnail\">\n\t\t\t<a href=\"https:\/\/mwb.com.pl\/policja\/wp-content\/gallery\/komisariaty_pp\/24.jpg\"\n\t\t\t\ttitle=\"Posterunkowy Stanis\u0142aw P\u0142udowski w towarzystwie przyjaci\u00f3\u0142. Lata 1937-1939.\"\n\t\t\t\tdata-src=\"https:\/\/mwb.com.pl\/policja\/wp-content\/gallery\/komisariaty_pp\/24.jpg\"\n\t\t\t\tdata-thumbnail=\"https:\/\/mwb.com.pl\/policja\/wp-content\/gallery\/komisariaty_pp\/thumbs\/thumbs_24.jpg\"\n\t\t\t\tdata-image-id=\"63\"\n\t\t\t\tdata-title=\"24\"\n\t\t\t\tdata-description=\"Posterunkowy Stanis\u0142aw P\u0142udowski w towarzystwie przyjaci\u00f3\u0142. Lata 1937-1939.\"\n\t\t\t\tdata-image-slug=\"24\"\n\t\t\t\t\t\t\t\t\t\t\t\t\t\t\t\t\t\t\t\tclass=\"ngg-fancybox\" rel=\"5d0afda6133a4c879a3078ffbfe441cb\">\n\t\t\t\t\t\t\t\t<img\n\t\t\t\t\ttitle=\"24\"\n\t\t\t\t\talt=\"24\"\n\t\t\t\t\tsrc=\"https:\/\/mwb.com.pl\/policja\/index.php\/nextgen-image\/63\/250x250x100\/crop\/6b0ef01365d0ef18410df3e12ba3969c\"\n\t\t\t\t\twidth=\"250\"\n\t\t\t\t\theight=\"250\"\n\t\t\t\t\tstyle=\"max-width:100%;\"\n\t\t\t\t\/>\n\t\t\t<\/a>\n\t\t<\/div>\n\t\t\t\t\t\t\t<\/div>\n\t\t\t\n\t\t\t\t<div id=\"ngg-image-7\" class=\"ngg-gallery-thumbnail-box\n\t\t\t\t\t\t\t\tngg-2-columns\t\t\t\"\n\t\t\t>\n\t\t\t\t\t\t<div class=\"ngg-gallery-thumbnail\">\n\t\t\t<a href=\"https:\/\/mwb.com.pl\/policja\/wp-content\/gallery\/komisariaty_pp\/23.jpg\"\n\t\t\t\ttitle=\"Posterunkowy bia\u0142ostockiej policji w czasie pracy na Rynku Ko\u015bciuszki w Bia\u0142ymstoku. Lata 1929-1936.\"\n\t\t\t\tdata-src=\"https:\/\/mwb.com.pl\/policja\/wp-content\/gallery\/komisariaty_pp\/23.jpg\"\n\t\t\t\tdata-thumbnail=\"https:\/\/mwb.com.pl\/policja\/wp-content\/gallery\/komisariaty_pp\/thumbs\/thumbs_23.jpg\"\n\t\t\t\tdata-image-id=\"62\"\n\t\t\t\tdata-title=\"23\"\n\t\t\t\tdata-description=\"Posterunkowy bia\u0142ostockiej policji w czasie pracy na Rynku Ko\u015bciuszki w Bia\u0142ymstoku. Lata 1929-1936.\"\n\t\t\t\tdata-image-slug=\"23\"\n\t\t\t\t\t\t\t\t\t\t\t\t\t\t\t\t\t\t\t\tclass=\"ngg-fancybox\" rel=\"5d0afda6133a4c879a3078ffbfe441cb\">\n\t\t\t\t\t\t\t\t<img\n\t\t\t\t\ttitle=\"23\"\n\t\t\t\t\talt=\"23\"\n\t\t\t\t\tsrc=\"https:\/\/mwb.com.pl\/policja\/index.php\/nextgen-image\/62\/250x250x100\/crop\/01357b17fccb35665343e4008562e6f3\"\n\t\t\t\t\twidth=\"250\"\n\t\t\t\t\theight=\"250\"\n\t\t\t\t\tstyle=\"max-width:100%;\"\n\t\t\t\t\/>\n\t\t\t<\/a>\n\t\t<\/div>\n\t\t\t\t\t\t\t<\/div>\n\t\t\t\n\t\t\t\t<div id=\"ngg-image-8\" class=\"ngg-gallery-thumbnail-box\n\t\t\t\t\t\t\t\tngg-2-columns\t\t\t\"\n\t\t\t>\n\t\t\t\t\t\t<div class=\"ngg-gallery-thumbnail\">\n\t\t\t<a href=\"https:\/\/mwb.com.pl\/policja\/wp-content\/gallery\/komisariaty_pp\/22.jpg\"\n\t\t\t\ttitle=\"Uroczysto\u015bci patriotyczne przy P\u0142ycie Nieznanego \u017bo\u0142nierza na Rynku Ko\u015bciuszki z udzia\u0142em prezydenta miasta Bia\u0142egostoku, urz\u0119dnik\u00f3w i oficer\u00f3w policji i wojska. Lata 1935-1938.\"\n\t\t\t\tdata-src=\"https:\/\/mwb.com.pl\/policja\/wp-content\/gallery\/komisariaty_pp\/22.jpg\"\n\t\t\t\tdata-thumbnail=\"https:\/\/mwb.com.pl\/policja\/wp-content\/gallery\/komisariaty_pp\/thumbs\/thumbs_22.jpg\"\n\t\t\t\tdata-image-id=\"61\"\n\t\t\t\tdata-title=\"22\"\n\t\t\t\tdata-description=\"Uroczysto\u015bci patriotyczne przy P\u0142ycie Nieznanego \u017bo\u0142nierza na Rynku Ko\u015bciuszki z udzia\u0142em prezydenta miasta Bia\u0142egostoku, urz\u0119dnik\u00f3w i oficer\u00f3w policji i wojska. Lata 1935-1938.\"\n\t\t\t\tdata-image-slug=\"22\"\n\t\t\t\t\t\t\t\t\t\t\t\t\t\t\t\t\t\t\t\tclass=\"ngg-fancybox\" rel=\"5d0afda6133a4c879a3078ffbfe441cb\">\n\t\t\t\t\t\t\t\t<img\n\t\t\t\t\ttitle=\"22\"\n\t\t\t\t\talt=\"22\"\n\t\t\t\t\tsrc=\"https:\/\/mwb.com.pl\/policja\/index.php\/nextgen-image\/61\/250x250x100\/crop\/00ba75b80c4cda1b2cc6f594da21d23e\"\n\t\t\t\t\twidth=\"250\"\n\t\t\t\t\theight=\"250\"\n\t\t\t\t\tstyle=\"max-width:100%;\"\n\t\t\t\t\/>\n\t\t\t<\/a>\n\t\t<\/div>\n\t\t\t\t\t\t\t<\/div>\n\t\t\t\n\t\t\t\t<div id=\"ngg-image-9\" class=\"ngg-gallery-thumbnail-box\n\t\t\t\t\t\t\t\tngg-2-columns\t\t\t\"\n\t\t\t>\n\t\t\t\t\t\t<div class=\"ngg-gallery-thumbnail\">\n\t\t\t<a href=\"https:\/\/mwb.com.pl\/policja\/wp-content\/gallery\/komisariaty_pp\/21.jpg\"\n\t\t\t\ttitle=\"Policyjny patrol na jednej z bia\u0142ostockich ulic. Lata 1938-1939.\"\n\t\t\t\tdata-src=\"https:\/\/mwb.com.pl\/policja\/wp-content\/gallery\/komisariaty_pp\/21.jpg\"\n\t\t\t\tdata-thumbnail=\"https:\/\/mwb.com.pl\/policja\/wp-content\/gallery\/komisariaty_pp\/thumbs\/thumbs_21.jpg\"\n\t\t\t\tdata-image-id=\"60\"\n\t\t\t\tdata-title=\"21\"\n\t\t\t\tdata-description=\"Policyjny patrol na jednej z bia\u0142ostockich ulic. Lata 1938-1939.\"\n\t\t\t\tdata-image-slug=\"21-1\"\n\t\t\t\t\t\t\t\t\t\t\t\t\t\t\t\t\t\t\t\tclass=\"ngg-fancybox\" rel=\"5d0afda6133a4c879a3078ffbfe441cb\">\n\t\t\t\t\t\t\t\t<img\n\t\t\t\t\ttitle=\"21\"\n\t\t\t\t\talt=\"21\"\n\t\t\t\t\tsrc=\"https:\/\/mwb.com.pl\/policja\/index.php\/nextgen-image\/60\/250x250x100\/crop\/a16d9f1ede9bbdfaa3eb374712ecc04f\"\n\t\t\t\t\twidth=\"250\"\n\t\t\t\t\theight=\"250\"\n\t\t\t\t\tstyle=\"max-width:100%;\"\n\t\t\t\t\/>\n\t\t\t<\/a>\n\t\t<\/div>\n\t\t\t\t\t\t\t<\/div>\n\t\t\t\n\t\t\t\t<div id=\"ngg-image-10\" class=\"ngg-gallery-thumbnail-box\n\t\t\t\t\t\t\t\tngg-2-columns\t\t\t\"\n\t\t\t>\n\t\t\t\t\t\t<div class=\"ngg-gallery-thumbnail\">\n\t\t\t<a href=\"https:\/\/mwb.com.pl\/policja\/wp-content\/gallery\/komisariaty_pp\/20.jpg\"\n\t\t\t\ttitle=\"Posterunkowy Boles\u0142aw Chomontowski i jego kolega w drelichowych mundurach. Lata 1937-1939.\"\n\t\t\t\tdata-src=\"https:\/\/mwb.com.pl\/policja\/wp-content\/gallery\/komisariaty_pp\/20.jpg\"\n\t\t\t\tdata-thumbnail=\"https:\/\/mwb.com.pl\/policja\/wp-content\/gallery\/komisariaty_pp\/thumbs\/thumbs_20.jpg\"\n\t\t\t\tdata-image-id=\"59\"\n\t\t\t\tdata-title=\"20\"\n\t\t\t\tdata-description=\"Posterunkowy Boles\u0142aw Chomontowski i jego kolega w drelichowych mundurach. Lata 1937-1939.\"\n\t\t\t\tdata-image-slug=\"20-1\"\n\t\t\t\t\t\t\t\t\t\t\t\t\t\t\t\t\t\t\t\tclass=\"ngg-fancybox\" rel=\"5d0afda6133a4c879a3078ffbfe441cb\">\n\t\t\t\t\t\t\t\t<img\n\t\t\t\t\ttitle=\"20\"\n\t\t\t\t\talt=\"20\"\n\t\t\t\t\tsrc=\"https:\/\/mwb.com.pl\/policja\/index.php\/nextgen-image\/59\/250x250x100\/crop\/c19d66f4913a94cbe473e4fb1a49f077\"\n\t\t\t\t\twidth=\"250\"\n\t\t\t\t\theight=\"250\"\n\t\t\t\t\tstyle=\"max-width:100%;\"\n\t\t\t\t\/>\n\t\t\t<\/a>\n\t\t<\/div>\n\t\t\t\t\t\t\t<\/div>\n\t\t\t\n\t\t\t\t<div id=\"ngg-image-11\" class=\"ngg-gallery-thumbnail-box\n\t\t\t\t\t\t\t\tngg-2-columns\t\t\t\"\n\t\t\t>\n\t\t\t\t\t\t<div class=\"ngg-gallery-thumbnail\">\n\t\t\t<a href=\"https:\/\/mwb.com.pl\/policja\/wp-content\/gallery\/komisariaty_pp\/19.jpg\"\n\t\t\t\ttitle=\"Bia\u0142ostoccy policjanci z koleg\u0105 z wojska. Lata 1933-1935.\"\n\t\t\t\tdata-src=\"https:\/\/mwb.com.pl\/policja\/wp-content\/gallery\/komisariaty_pp\/19.jpg\"\n\t\t\t\tdata-thumbnail=\"https:\/\/mwb.com.pl\/policja\/wp-content\/gallery\/komisariaty_pp\/thumbs\/thumbs_19.jpg\"\n\t\t\t\tdata-image-id=\"58\"\n\t\t\t\tdata-title=\"19\"\n\t\t\t\tdata-description=\"Bia\u0142ostoccy policjanci z koleg\u0105 z wojska. Lata 1933-1935.\"\n\t\t\t\tdata-image-slug=\"19-1\"\n\t\t\t\t\t\t\t\t\t\t\t\t\t\t\t\t\t\t\t\tclass=\"ngg-fancybox\" rel=\"5d0afda6133a4c879a3078ffbfe441cb\">\n\t\t\t\t\t\t\t\t<img\n\t\t\t\t\ttitle=\"19\"\n\t\t\t\t\talt=\"19\"\n\t\t\t\t\tsrc=\"https:\/\/mwb.com.pl\/policja\/index.php\/nextgen-image\/58\/250x250x100\/crop\/ca8c12b6e5181b1b5e6eb19c8693ef11\"\n\t\t\t\t\twidth=\"250\"\n\t\t\t\t\theight=\"250\"\n\t\t\t\t\tstyle=\"max-width:100%;\"\n\t\t\t\t\/>\n\t\t\t<\/a>\n\t\t<\/div>\n\t\t\t\t\t\t\t<\/div>\n\t\t\t\n\t\t\t\t<div id=\"ngg-image-12\" class=\"ngg-gallery-thumbnail-box\n\t\t\t\t\t\t\t\tngg-2-columns\t\t\t\"\n\t\t\t>\n\t\t\t\t\t\t<div class=\"ngg-gallery-thumbnail\">\n\t\t\t<a href=\"https:\/\/mwb.com.pl\/policja\/wp-content\/gallery\/komisariaty_pp\/18.jpg\"\n\t\t\t\ttitle=\"Posterunkowy Boles\u0142aw Chomontowski w czasie oddawania honor\u00f3w na jednej z bia\u0142ostockich ulic. Lata 1933-1935.\"\n\t\t\t\tdata-src=\"https:\/\/mwb.com.pl\/policja\/wp-content\/gallery\/komisariaty_pp\/18.jpg\"\n\t\t\t\tdata-thumbnail=\"https:\/\/mwb.com.pl\/policja\/wp-content\/gallery\/komisariaty_pp\/thumbs\/thumbs_18.jpg\"\n\t\t\t\tdata-image-id=\"57\"\n\t\t\t\tdata-title=\"18\"\n\t\t\t\tdata-description=\"Posterunkowy Boles\u0142aw Chomontowski w czasie oddawania honor\u00f3w na jednej z bia\u0142ostockich ulic. Lata 1933-1935.\"\n\t\t\t\tdata-image-slug=\"18-1\"\n\t\t\t\t\t\t\t\t\t\t\t\t\t\t\t\t\t\t\t\tclass=\"ngg-fancybox\" rel=\"5d0afda6133a4c879a3078ffbfe441cb\">\n\t\t\t\t\t\t\t\t<img\n\t\t\t\t\ttitle=\"18\"\n\t\t\t\t\talt=\"18\"\n\t\t\t\t\tsrc=\"https:\/\/mwb.com.pl\/policja\/index.php\/nextgen-image\/57\/250x250x100\/crop\/41d420593fe71d4dcff1f5b453dfa8b4\"\n\t\t\t\t\twidth=\"250\"\n\t\t\t\t\theight=\"250\"\n\t\t\t\t\tstyle=\"max-width:100%;\"\n\t\t\t\t\/>\n\t\t\t<\/a>\n\t\t<\/div>\n\t\t\t\t\t\t\t<\/div>\n\t\t\t\n\t\t\t\t<div id=\"ngg-image-13\" class=\"ngg-gallery-thumbnail-box\n\t\t\t\t\t\t\t\tngg-2-columns\t\t\t\"\n\t\t\t>\n\t\t\t\t\t\t<div class=\"ngg-gallery-thumbnail\">\n\t\t\t<a href=\"https:\/\/mwb.com.pl\/policja\/wp-content\/gallery\/komisariaty_pp\/17.jpg\"\n\t\t\t\ttitle=\"Bia\u0142ostoccy policjanci i ich rodziny przy samochodzie. Lata 1931-1935.\"\n\t\t\t\tdata-src=\"https:\/\/mwb.com.pl\/policja\/wp-content\/gallery\/komisariaty_pp\/17.jpg\"\n\t\t\t\tdata-thumbnail=\"https:\/\/mwb.com.pl\/policja\/wp-content\/gallery\/komisariaty_pp\/thumbs\/thumbs_17.jpg\"\n\t\t\t\tdata-image-id=\"56\"\n\t\t\t\tdata-title=\"17\"\n\t\t\t\tdata-description=\"Bia\u0142ostoccy policjanci i ich rodziny przy samochodzie. Lata 1931-1935.\"\n\t\t\t\tdata-image-slug=\"17-1\"\n\t\t\t\t\t\t\t\t\t\t\t\t\t\t\t\t\t\t\t\tclass=\"ngg-fancybox\" rel=\"5d0afda6133a4c879a3078ffbfe441cb\">\n\t\t\t\t\t\t\t\t<img\n\t\t\t\t\ttitle=\"17\"\n\t\t\t\t\talt=\"17\"\n\t\t\t\t\tsrc=\"https:\/\/mwb.com.pl\/policja\/index.php\/nextgen-image\/56\/250x250x100\/crop\/152ee52d2f7d0f41c5aa482e70b75c40\"\n\t\t\t\t\twidth=\"250\"\n\t\t\t\t\theight=\"250\"\n\t\t\t\t\tstyle=\"max-width:100%;\"\n\t\t\t\t\/>\n\t\t\t<\/a>\n\t\t<\/div>\n\t\t\t\t\t\t\t<\/div>\n\t\t\t\n\t\t\t\t<div id=\"ngg-image-14\" class=\"ngg-gallery-thumbnail-box\n\t\t\t\t\t\t\t\tngg-2-columns\t\t\t\"\n\t\t\t>\n\t\t\t\t\t\t<div class=\"ngg-gallery-thumbnail\">\n\t\t\t<a href=\"https:\/\/mwb.com.pl\/policja\/wp-content\/gallery\/komisariaty_pp\/16.JPG\"\n\t\t\t\ttitle=\"Bia\u0142ostoccy policjanci podczas zabezpieczania porz\u0105dku na ulicach miasta. Lata 1930-1935.\"\n\t\t\t\tdata-src=\"https:\/\/mwb.com.pl\/policja\/wp-content\/gallery\/komisariaty_pp\/16.JPG\"\n\t\t\t\tdata-thumbnail=\"https:\/\/mwb.com.pl\/policja\/wp-content\/gallery\/komisariaty_pp\/thumbs\/thumbs_16.JPG\"\n\t\t\t\tdata-image-id=\"55\"\n\t\t\t\tdata-title=\"16\"\n\t\t\t\tdata-description=\"Bia\u0142ostoccy policjanci podczas zabezpieczania porz\u0105dku na ulicach miasta. Lata 1930-1935.\"\n\t\t\t\tdata-image-slug=\"16-1\"\n\t\t\t\t\t\t\t\t\t\t\t\t\t\t\t\t\t\t\t\tclass=\"ngg-fancybox\" rel=\"5d0afda6133a4c879a3078ffbfe441cb\">\n\t\t\t\t\t\t\t\t<img\n\t\t\t\t\ttitle=\"16\"\n\t\t\t\t\talt=\"16\"\n\t\t\t\t\tsrc=\"https:\/\/mwb.com.pl\/policja\/index.php\/nextgen-image\/55\/250x250x100\/crop\/f9aadd03ec6786247676933ae0547691\"\n\t\t\t\t\twidth=\"250\"\n\t\t\t\t\theight=\"250\"\n\t\t\t\t\tstyle=\"max-width:100%;\"\n\t\t\t\t\/>\n\t\t\t<\/a>\n\t\t<\/div>\n\t\t\t\t\t\t\t<\/div>\n\t\t\t\n\t\t\t\t<div id=\"ngg-image-15\" class=\"ngg-gallery-thumbnail-box\n\t\t\t\t\t\t\t\tngg-2-columns\t\t\t\"\n\t\t\t>\n\t\t\t\t\t\t<div class=\"ngg-gallery-thumbnail\">\n\t\t\t<a href=\"https:\/\/mwb.com.pl\/policja\/wp-content\/gallery\/komisariaty_pp\/1.jpg\"\n\t\t\t\ttitle=\"Funkcjonariusze I Komisariatu PP w Bia\u0142ymstoku. Z lewej to posterunkowy J\u00f3zef Machowiak. Lata 1929-1935.\"\n\t\t\t\tdata-src=\"https:\/\/mwb.com.pl\/policja\/wp-content\/gallery\/komisariaty_pp\/1.jpg\"\n\t\t\t\tdata-thumbnail=\"https:\/\/mwb.com.pl\/policja\/wp-content\/gallery\/komisariaty_pp\/thumbs\/thumbs_1.jpg\"\n\t\t\t\tdata-image-id=\"40\"\n\t\t\t\tdata-title=\"1\"\n\t\t\t\tdata-description=\"Funkcjonariusze I Komisariatu PP w Bia\u0142ymstoku. Z lewej to posterunkowy J\u00f3zef Machowiak. Lata 1929-1935.\"\n\t\t\t\tdata-image-slug=\"1-2\"\n\t\t\t\t\t\t\t\t\t\t\t\t\t\t\t\t\t\t\t\tclass=\"ngg-fancybox\" rel=\"5d0afda6133a4c879a3078ffbfe441cb\">\n\t\t\t\t\t\t\t\t<img\n\t\t\t\t\ttitle=\"1\"\n\t\t\t\t\talt=\"1\"\n\t\t\t\t\tsrc=\"https:\/\/mwb.com.pl\/policja\/index.php\/nextgen-image\/40\/250x250x100\/crop\/4233e0987b9cb642aa653bb5093b491e\"\n\t\t\t\t\twidth=\"250\"\n\t\t\t\t\theight=\"250\"\n\t\t\t\t\tstyle=\"max-width:100%;\"\n\t\t\t\t\/>\n\t\t\t<\/a>\n\t\t<\/div>\n\t\t\t\t\t\t\t<\/div>\n\t\t\t\n\t\t\t\t<div id=\"ngg-image-16\" class=\"ngg-gallery-thumbnail-box\n\t\t\t\t\t\t\t\tngg-2-columns\t\t\t\"\n\t\t\t>\n\t\t\t\t\t\t<div class=\"ngg-gallery-thumbnail\">\n\t\t\t<a href=\"https:\/\/mwb.com.pl\/policja\/wp-content\/gallery\/komisariaty_pp\/14.jpg\"\n\t\t\t\ttitle=\"Pogrzeb jednego z bia\u0142ostockich policjant\u00f3w. Lata 1930-1935.\"\n\t\t\t\tdata-src=\"https:\/\/mwb.com.pl\/policja\/wp-content\/gallery\/komisariaty_pp\/14.jpg\"\n\t\t\t\tdata-thumbnail=\"https:\/\/mwb.com.pl\/policja\/wp-content\/gallery\/komisariaty_pp\/thumbs\/thumbs_14.jpg\"\n\t\t\t\tdata-image-id=\"53\"\n\t\t\t\tdata-title=\"14\"\n\t\t\t\tdata-description=\"Pogrzeb jednego z bia\u0142ostockich policjant\u00f3w. Lata 1930-1935.\"\n\t\t\t\tdata-image-slug=\"14-1\"\n\t\t\t\t\t\t\t\t\t\t\t\t\t\t\t\t\t\t\t\tclass=\"ngg-fancybox\" rel=\"5d0afda6133a4c879a3078ffbfe441cb\">\n\t\t\t\t\t\t\t\t<img\n\t\t\t\t\ttitle=\"14\"\n\t\t\t\t\talt=\"14\"\n\t\t\t\t\tsrc=\"https:\/\/mwb.com.pl\/policja\/index.php\/nextgen-image\/53\/250x250x100\/crop\/1894c3a1a62a84d37cb10a4200698cd8\"\n\t\t\t\t\twidth=\"250\"\n\t\t\t\t\theight=\"250\"\n\t\t\t\t\tstyle=\"max-width:100%;\"\n\t\t\t\t\/>\n\t\t\t<\/a>\n\t\t<\/div>\n\t\t\t\t\t\t\t<\/div>\n\t\t\t\n\t\t\t\t<div id=\"ngg-image-17\" class=\"ngg-gallery-thumbnail-box\n\t\t\t\t\t\t\t\tngg-2-columns\t\t\t\"\n\t\t\t>\n\t\t\t\t\t\t<div class=\"ngg-gallery-thumbnail\">\n\t\t\t<a href=\"https:\/\/mwb.com.pl\/policja\/wp-content\/gallery\/komisariaty_pp\/13.jpg\"\n\t\t\t\ttitle=\"Posterunkowy Antoni Kurkowski z IV Komisariatu PP w Bia\u0142ymstoku na motorze. Lata 1929-1935.\"\n\t\t\t\tdata-src=\"https:\/\/mwb.com.pl\/policja\/wp-content\/gallery\/komisariaty_pp\/13.jpg\"\n\t\t\t\tdata-thumbnail=\"https:\/\/mwb.com.pl\/policja\/wp-content\/gallery\/komisariaty_pp\/thumbs\/thumbs_13.jpg\"\n\t\t\t\tdata-image-id=\"52\"\n\t\t\t\tdata-title=\"13\"\n\t\t\t\tdata-description=\"Posterunkowy Antoni Kurkowski z IV Komisariatu PP w Bia\u0142ymstoku na motorze. Lata 1929-1935.\"\n\t\t\t\tdata-image-slug=\"13-2\"\n\t\t\t\t\t\t\t\t\t\t\t\t\t\t\t\t\t\t\t\tclass=\"ngg-fancybox\" rel=\"5d0afda6133a4c879a3078ffbfe441cb\">\n\t\t\t\t\t\t\t\t<img\n\t\t\t\t\ttitle=\"13\"\n\t\t\t\t\talt=\"13\"\n\t\t\t\t\tsrc=\"https:\/\/mwb.com.pl\/policja\/index.php\/nextgen-image\/52\/250x250x100\/crop\/3a7d84d885222cdade6261326c31d176\"\n\t\t\t\t\twidth=\"250\"\n\t\t\t\t\theight=\"250\"\n\t\t\t\t\tstyle=\"max-width:100%;\"\n\t\t\t\t\/>\n\t\t\t<\/a>\n\t\t<\/div>\n\t\t\t\t\t\t\t<\/div>\n\t\t\t\n\t\t\t\t<div id=\"ngg-image-18\" class=\"ngg-gallery-thumbnail-box\n\t\t\t\t\t\t\t\tngg-2-columns\t\t\t\"\n\t\t\t>\n\t\t\t\t\t\t<div class=\"ngg-gallery-thumbnail\">\n\t\t\t<a href=\"https:\/\/mwb.com.pl\/policja\/wp-content\/gallery\/komisariaty_pp\/12.jpg\"\n\t\t\t\ttitle=\"Patrol uliczny funkcjonariuszy I Komisariatu PP w Bia\u0142ymstoku. Z lewej posterunkowy J\u00f3zef Machowiak. 1933 r.\"\n\t\t\t\tdata-src=\"https:\/\/mwb.com.pl\/policja\/wp-content\/gallery\/komisariaty_pp\/12.jpg\"\n\t\t\t\tdata-thumbnail=\"https:\/\/mwb.com.pl\/policja\/wp-content\/gallery\/komisariaty_pp\/thumbs\/thumbs_12.jpg\"\n\t\t\t\tdata-image-id=\"51\"\n\t\t\t\tdata-title=\"12\"\n\t\t\t\tdata-description=\"Patrol uliczny funkcjonariuszy I Komisariatu PP w Bia\u0142ymstoku. Z lewej posterunkowy J\u00f3zef Machowiak. 1933 r.\"\n\t\t\t\tdata-image-slug=\"12-2\"\n\t\t\t\t\t\t\t\t\t\t\t\t\t\t\t\t\t\t\t\tclass=\"ngg-fancybox\" rel=\"5d0afda6133a4c879a3078ffbfe441cb\">\n\t\t\t\t\t\t\t\t<img\n\t\t\t\t\ttitle=\"12\"\n\t\t\t\t\talt=\"12\"\n\t\t\t\t\tsrc=\"https:\/\/mwb.com.pl\/policja\/index.php\/nextgen-image\/51\/250x250x100\/crop\/753c6590abfbe3ec7ff3b4e7516b64c7\"\n\t\t\t\t\twidth=\"250\"\n\t\t\t\t\theight=\"250\"\n\t\t\t\t\tstyle=\"max-width:100%;\"\n\t\t\t\t\/>\n\t\t\t<\/a>\n\t\t<\/div>\n\t\t\t\t\t\t\t<\/div>\n\t\t\t\n\t\t\t\t<div id=\"ngg-image-19\" class=\"ngg-gallery-thumbnail-box\n\t\t\t\t\t\t\t\tngg-2-columns\t\t\t\"\n\t\t\t>\n\t\t\t\t\t\t<div class=\"ngg-gallery-thumbnail\">\n\t\t\t<a href=\"https:\/\/mwb.com.pl\/policja\/wp-content\/gallery\/komisariaty_pp\/11.jpg\"\n\t\t\t\ttitle=\"Poranna zaprawa bia\u0142ostockich policjant\u00f3w na zapleczu komisariatu przy ul. Warszawskiej. Lata 1927-1939.\"\n\t\t\t\tdata-src=\"https:\/\/mwb.com.pl\/policja\/wp-content\/gallery\/komisariaty_pp\/11.jpg\"\n\t\t\t\tdata-thumbnail=\"https:\/\/mwb.com.pl\/policja\/wp-content\/gallery\/komisariaty_pp\/thumbs\/thumbs_11.jpg\"\n\t\t\t\tdata-image-id=\"50\"\n\t\t\t\tdata-title=\"11\"\n\t\t\t\tdata-description=\"Poranna zaprawa bia\u0142ostockich policjant\u00f3w na zapleczu komisariatu przy ul. Warszawskiej. Lata 1927-1939.\"\n\t\t\t\tdata-image-slug=\"11-2\"\n\t\t\t\t\t\t\t\t\t\t\t\t\t\t\t\t\t\t\t\tclass=\"ngg-fancybox\" rel=\"5d0afda6133a4c879a3078ffbfe441cb\">\n\t\t\t\t\t\t\t\t<img\n\t\t\t\t\ttitle=\"11\"\n\t\t\t\t\talt=\"11\"\n\t\t\t\t\tsrc=\"https:\/\/mwb.com.pl\/policja\/index.php\/nextgen-image\/50\/250x250x100\/crop\/98c1ce3ee998e01db2444d9c08328a37\"\n\t\t\t\t\twidth=\"250\"\n\t\t\t\t\theight=\"250\"\n\t\t\t\t\tstyle=\"max-width:100%;\"\n\t\t\t\t\/>\n\t\t\t<\/a>\n\t\t<\/div>\n\t\t\t\t\t\t\t<\/div>\n\t\t\t\n\t\t\t\t<div id=\"ngg-image-20\" class=\"ngg-gallery-thumbnail-box\n\t\t\t\t\t\t\t\tngg-2-columns\t\t\t\"\n\t\t\t>\n\t\t\t\t\t\t<div class=\"ngg-gallery-thumbnail\">\n\t\t\t<a href=\"https:\/\/mwb.com.pl\/policja\/wp-content\/gallery\/komisariaty_pp\/10.jpg\"\n\t\t\t\ttitle=\"Posterunkowy Pawe\u0142 Agres z posterunku kolejowego w Bia\u0142ymstoku w czasie pracy w okolicach dworca g\u0142\u00f3wnego PKP w Bia\u0142ymstoku. 1932 r.\"\n\t\t\t\tdata-src=\"https:\/\/mwb.com.pl\/policja\/wp-content\/gallery\/komisariaty_pp\/10.jpg\"\n\t\t\t\tdata-thumbnail=\"https:\/\/mwb.com.pl\/policja\/wp-content\/gallery\/komisariaty_pp\/thumbs\/thumbs_10.jpg\"\n\t\t\t\tdata-image-id=\"49\"\n\t\t\t\tdata-title=\"10\"\n\t\t\t\tdata-description=\"Posterunkowy Pawe\u0142 Agres z posterunku kolejowego w Bia\u0142ymstoku w czasie pracy w okolicach dworca g\u0142\u00f3wnego PKP w Bia\u0142ymstoku. 1932 r.\"\n\t\t\t\tdata-image-slug=\"10-2\"\n\t\t\t\t\t\t\t\t\t\t\t\t\t\t\t\t\t\t\t\tclass=\"ngg-fancybox\" rel=\"5d0afda6133a4c879a3078ffbfe441cb\">\n\t\t\t\t\t\t\t\t<img\n\t\t\t\t\ttitle=\"10\"\n\t\t\t\t\talt=\"10\"\n\t\t\t\t\tsrc=\"https:\/\/mwb.com.pl\/policja\/index.php\/nextgen-image\/49\/250x250x100\/crop\/5f33d20838faa90e18d8dc53892c3c03\"\n\t\t\t\t\twidth=\"250\"\n\t\t\t\t\theight=\"250\"\n\t\t\t\t\tstyle=\"max-width:100%;\"\n\t\t\t\t\/>\n\t\t\t<\/a>\n\t\t<\/div>\n\t\t\t\t\t\t\t<\/div>\n\t\t\t\n\t\t\t\t<div id=\"ngg-image-21\" class=\"ngg-gallery-thumbnail-box\n\t\t\t\t\t\t\t\tngg-2-columns\t\t\t\"\n\t\t\t>\n\t\t\t\t\t\t<div class=\"ngg-gallery-thumbnail\">\n\t\t\t<a href=\"https:\/\/mwb.com.pl\/policja\/wp-content\/gallery\/komisariaty_pp\/9.jpg\"\n\t\t\t\ttitle=\"Grupa czterech przodownik\u00f3w Komisariatu PP w \u0141om\u017cy. Siedz\u0105cy pierwszy z prawej to przodownik W\u0142adys\u0142aw Maliszewski. 1933 r.\"\n\t\t\t\tdata-src=\"https:\/\/mwb.com.pl\/policja\/wp-content\/gallery\/komisariaty_pp\/9.jpg\"\n\t\t\t\tdata-thumbnail=\"https:\/\/mwb.com.pl\/policja\/wp-content\/gallery\/komisariaty_pp\/thumbs\/thumbs_9.jpg\"\n\t\t\t\tdata-image-id=\"48\"\n\t\t\t\tdata-title=\"9\"\n\t\t\t\tdata-description=\"Grupa czterech przodownik\u00f3w Komisariatu PP w \u0141om\u017cy. Siedz\u0105cy pierwszy z prawej to przodownik W\u0142adys\u0142aw Maliszewski. 1933 r.\"\n\t\t\t\tdata-image-slug=\"9-2\"\n\t\t\t\t\t\t\t\t\t\t\t\t\t\t\t\t\t\t\t\tclass=\"ngg-fancybox\" rel=\"5d0afda6133a4c879a3078ffbfe441cb\">\n\t\t\t\t\t\t\t\t<img\n\t\t\t\t\ttitle=\"9\"\n\t\t\t\t\talt=\"9\"\n\t\t\t\t\tsrc=\"https:\/\/mwb.com.pl\/policja\/index.php\/nextgen-image\/48\/250x250x100\/crop\/6ceb461102a363655d84a983d7bd3b1d\"\n\t\t\t\t\twidth=\"250\"\n\t\t\t\t\theight=\"250\"\n\t\t\t\t\tstyle=\"max-width:100%;\"\n\t\t\t\t\/>\n\t\t\t<\/a>\n\t\t<\/div>\n\t\t\t\t\t\t\t<\/div>\n\t\t\t\n\t\t\t\t<div id=\"ngg-image-22\" class=\"ngg-gallery-thumbnail-box\n\t\t\t\t\t\t\t\tngg-2-columns\t\t\t\"\n\t\t\t>\n\t\t\t\t\t\t<div class=\"ngg-gallery-thumbnail\">\n\t\t\t<a href=\"https:\/\/mwb.com.pl\/policja\/wp-content\/gallery\/komisariaty_pp\/8.jpg\"\n\t\t\t\ttitle=\"Przodownik IV Komisariatu PP w Bia\u0142ymstoku podczas pracy. Lata 1927-1935.\"\n\t\t\t\tdata-src=\"https:\/\/mwb.com.pl\/policja\/wp-content\/gallery\/komisariaty_pp\/8.jpg\"\n\t\t\t\tdata-thumbnail=\"https:\/\/mwb.com.pl\/policja\/wp-content\/gallery\/komisariaty_pp\/thumbs\/thumbs_8.jpg\"\n\t\t\t\tdata-image-id=\"47\"\n\t\t\t\tdata-title=\"8\"\n\t\t\t\tdata-description=\"Przodownik IV Komisariatu PP w Bia\u0142ymstoku podczas pracy. Lata 1927-1935.\"\n\t\t\t\tdata-image-slug=\"8-2\"\n\t\t\t\t\t\t\t\t\t\t\t\t\t\t\t\t\t\t\t\tclass=\"ngg-fancybox\" rel=\"5d0afda6133a4c879a3078ffbfe441cb\">\n\t\t\t\t\t\t\t\t<img\n\t\t\t\t\ttitle=\"8\"\n\t\t\t\t\talt=\"8\"\n\t\t\t\t\tsrc=\"https:\/\/mwb.com.pl\/policja\/index.php\/nextgen-image\/47\/250x250x100\/crop\/8a4a5a496bdb4d224188be224c66fb66\"\n\t\t\t\t\twidth=\"250\"\n\t\t\t\t\theight=\"250\"\n\t\t\t\t\tstyle=\"max-width:100%;\"\n\t\t\t\t\/>\n\t\t\t<\/a>\n\t\t<\/div>\n\t\t\t\t\t\t\t<\/div>\n\t\t\t\n\t\t\t\t<div id=\"ngg-image-23\" class=\"ngg-gallery-thumbnail-box\n\t\t\t\t\t\t\t\tngg-2-columns\t\t\t\"\n\t\t\t>\n\t\t\t\t\t\t<div class=\"ngg-gallery-thumbnail\">\n\t\t\t<a href=\"https:\/\/mwb.com.pl\/policja\/wp-content\/gallery\/komisariaty_pp\/7.jpg\"\n\t\t\t\ttitle=\"Funkcjonariusze IV Komisariatu PP w Bia\u0142ymstoku ze swym kierownikiem. 1927 r.\"\n\t\t\t\tdata-src=\"https:\/\/mwb.com.pl\/policja\/wp-content\/gallery\/komisariaty_pp\/7.jpg\"\n\t\t\t\tdata-thumbnail=\"https:\/\/mwb.com.pl\/policja\/wp-content\/gallery\/komisariaty_pp\/thumbs\/thumbs_7.jpg\"\n\t\t\t\tdata-image-id=\"46\"\n\t\t\t\tdata-title=\"7\"\n\t\t\t\tdata-description=\"Funkcjonariusze IV Komisariatu PP w Bia\u0142ymstoku ze swym kierownikiem. 1927 r.\"\n\t\t\t\tdata-image-slug=\"7-2\"\n\t\t\t\t\t\t\t\t\t\t\t\t\t\t\t\t\t\t\t\tclass=\"ngg-fancybox\" rel=\"5d0afda6133a4c879a3078ffbfe441cb\">\n\t\t\t\t\t\t\t\t<img\n\t\t\t\t\ttitle=\"7\"\n\t\t\t\t\talt=\"7\"\n\t\t\t\t\tsrc=\"https:\/\/mwb.com.pl\/policja\/index.php\/nextgen-image\/46\/250x250x100\/crop\/3e9c52face723e5dfcaf7f67455be2c5\"\n\t\t\t\t\twidth=\"250\"\n\t\t\t\t\theight=\"250\"\n\t\t\t\t\tstyle=\"max-width:100%;\"\n\t\t\t\t\/>\n\t\t\t<\/a>\n\t\t<\/div>\n\t\t\t\t\t\t\t<\/div>\n\t\t\t\n\t\t\t\t<div id=\"ngg-image-24\" class=\"ngg-gallery-thumbnail-box\n\t\t\t\t\t\t\t\tngg-2-columns\t\t\t\"\n\t\t\t>\n\t\t\t\t\t\t<div class=\"ngg-gallery-thumbnail\">\n\t\t\t<a href=\"https:\/\/mwb.com.pl\/policja\/wp-content\/gallery\/komisariaty_pp\/6.jpg\"\n\t\t\t\ttitle=\"Za\u0142oga policyjna III Komisariatu PP w Bia\u0142ymstoku ze swym kierownikiem. Lata 1924-1926.\"\n\t\t\t\tdata-src=\"https:\/\/mwb.com.pl\/policja\/wp-content\/gallery\/komisariaty_pp\/6.jpg\"\n\t\t\t\tdata-thumbnail=\"https:\/\/mwb.com.pl\/policja\/wp-content\/gallery\/komisariaty_pp\/thumbs\/thumbs_6.jpg\"\n\t\t\t\tdata-image-id=\"45\"\n\t\t\t\tdata-title=\"6\"\n\t\t\t\tdata-description=\"Za\u0142oga policyjna III Komisariatu PP w Bia\u0142ymstoku ze swym kierownikiem. Lata 1924-1926.\"\n\t\t\t\tdata-image-slug=\"6-2\"\n\t\t\t\t\t\t\t\t\t\t\t\t\t\t\t\t\t\t\t\tclass=\"ngg-fancybox\" rel=\"5d0afda6133a4c879a3078ffbfe441cb\">\n\t\t\t\t\t\t\t\t<img\n\t\t\t\t\ttitle=\"6\"\n\t\t\t\t\talt=\"6\"\n\t\t\t\t\tsrc=\"https:\/\/mwb.com.pl\/policja\/index.php\/nextgen-image\/45\/250x250x100\/crop\/b06c3014631da1140b8725257cf86f98\"\n\t\t\t\t\twidth=\"250\"\n\t\t\t\t\theight=\"250\"\n\t\t\t\t\tstyle=\"max-width:100%;\"\n\t\t\t\t\/>\n\t\t\t<\/a>\n\t\t<\/div>\n\t\t\t\t\t\t\t<\/div>\n\t\t\t\n\t\t\t\t<div id=\"ngg-image-25\" class=\"ngg-gallery-thumbnail-box\n\t\t\t\t\t\t\t\tngg-2-columns\t\t\t\"\n\t\t\t>\n\t\t\t\t\t\t<div class=\"ngg-gallery-thumbnail\">\n\t\t\t<a href=\"https:\/\/mwb.com.pl\/policja\/wp-content\/gallery\/komisariaty_pp\/5.jpg\"\n\t\t\t\ttitle=\"Funkcjonariusze II Komisariatu PP w Bia\u0142ystoku ze swym kierownikiem. Lata  1929-1935.\"\n\t\t\t\tdata-src=\"https:\/\/mwb.com.pl\/policja\/wp-content\/gallery\/komisariaty_pp\/5.jpg\"\n\t\t\t\tdata-thumbnail=\"https:\/\/mwb.com.pl\/policja\/wp-content\/gallery\/komisariaty_pp\/thumbs\/thumbs_5.jpg\"\n\t\t\t\tdata-image-id=\"44\"\n\t\t\t\tdata-title=\"5\"\n\t\t\t\tdata-description=\"Funkcjonariusze II Komisariatu PP w Bia\u0142ystoku ze swym kierownikiem. Lata  1929-1935.\"\n\t\t\t\tdata-image-slug=\"5-2\"\n\t\t\t\t\t\t\t\t\t\t\t\t\t\t\t\t\t\t\t\tclass=\"ngg-fancybox\" rel=\"5d0afda6133a4c879a3078ffbfe441cb\">\n\t\t\t\t\t\t\t\t<img\n\t\t\t\t\ttitle=\"5\"\n\t\t\t\t\talt=\"5\"\n\t\t\t\t\tsrc=\"https:\/\/mwb.com.pl\/policja\/index.php\/nextgen-image\/44\/250x250x100\/crop\/02cfd8cd7f50830f906b893e91e7abbb\"\n\t\t\t\t\twidth=\"250\"\n\t\t\t\t\theight=\"250\"\n\t\t\t\t\tstyle=\"max-width:100%;\"\n\t\t\t\t\/>\n\t\t\t<\/a>\n\t\t<\/div>\n\t\t\t\t\t\t\t<\/div>\n\t\t\t\n\t\t\t\t<div id=\"ngg-image-26\" class=\"ngg-gallery-thumbnail-box\n\t\t\t\t\t\t\t\tngg-2-columns\t\t\t\"\n\t\t\t>\n\t\t\t\t\t\t<div class=\"ngg-gallery-thumbnail\">\n\t\t\t<a href=\"https:\/\/mwb.com.pl\/policja\/wp-content\/gallery\/komisariaty_pp\/4.jpg\"\n\t\t\t\ttitle=\"Kierownik II Komisariatu PP w Bia\u0142ymstoku ze swymi podkomendnymi. Lata 1924-1926.\"\n\t\t\t\tdata-src=\"https:\/\/mwb.com.pl\/policja\/wp-content\/gallery\/komisariaty_pp\/4.jpg\"\n\t\t\t\tdata-thumbnail=\"https:\/\/mwb.com.pl\/policja\/wp-content\/gallery\/komisariaty_pp\/thumbs\/thumbs_4.jpg\"\n\t\t\t\tdata-image-id=\"43\"\n\t\t\t\tdata-title=\"4\"\n\t\t\t\tdata-description=\"Kierownik II Komisariatu PP w Bia\u0142ymstoku ze swymi podkomendnymi. Lata 1924-1926.\"\n\t\t\t\tdata-image-slug=\"4-2\"\n\t\t\t\t\t\t\t\t\t\t\t\t\t\t\t\t\t\t\t\tclass=\"ngg-fancybox\" rel=\"5d0afda6133a4c879a3078ffbfe441cb\">\n\t\t\t\t\t\t\t\t<img\n\t\t\t\t\ttitle=\"4\"\n\t\t\t\t\talt=\"4\"\n\t\t\t\t\tsrc=\"https:\/\/mwb.com.pl\/policja\/index.php\/nextgen-image\/43\/250x250x100\/crop\/82726091b6371a8a55a359a6f66e06da\"\n\t\t\t\t\twidth=\"250\"\n\t\t\t\t\theight=\"250\"\n\t\t\t\t\tstyle=\"max-width:100%;\"\n\t\t\t\t\/>\n\t\t\t<\/a>\n\t\t<\/div>\n\t\t\t\t\t\t\t<\/div>\n\t\t\t\n\t\t\t\t<div id=\"ngg-image-27\" class=\"ngg-gallery-thumbnail-box\n\t\t\t\t\t\t\t\tngg-2-columns\t\t\t\"\n\t\t\t>\n\t\t\t\t\t\t<div class=\"ngg-gallery-thumbnail\">\n\t\t\t<a href=\"https:\/\/mwb.com.pl\/policja\/wp-content\/gallery\/komisariaty_pp\/3.jpg\"\n\t\t\t\ttitle=\"Kierownik I Komisariatu PP w Bia\u0142ymstoku ze swymi podkomendnymi. Stoj\u0105cy drugi z lewej to st. posterunkowy J\u00f3zef Machowiak. Lata 1937-1939.\"\n\t\t\t\tdata-src=\"https:\/\/mwb.com.pl\/policja\/wp-content\/gallery\/komisariaty_pp\/3.jpg\"\n\t\t\t\tdata-thumbnail=\"https:\/\/mwb.com.pl\/policja\/wp-content\/gallery\/komisariaty_pp\/thumbs\/thumbs_3.jpg\"\n\t\t\t\tdata-image-id=\"42\"\n\t\t\t\tdata-title=\"3\"\n\t\t\t\tdata-description=\"Kierownik I Komisariatu PP w Bia\u0142ymstoku ze swymi podkomendnymi. Stoj\u0105cy drugi z lewej to st. posterunkowy J\u00f3zef Machowiak. Lata 1937-1939.\"\n\t\t\t\tdata-image-slug=\"3-2\"\n\t\t\t\t\t\t\t\t\t\t\t\t\t\t\t\t\t\t\t\tclass=\"ngg-fancybox\" rel=\"5d0afda6133a4c879a3078ffbfe441cb\">\n\t\t\t\t\t\t\t\t<img\n\t\t\t\t\ttitle=\"3\"\n\t\t\t\t\talt=\"3\"\n\t\t\t\t\tsrc=\"https:\/\/mwb.com.pl\/policja\/index.php\/nextgen-image\/42\/250x250x100\/crop\/ba4aae8d7b44ec804aa988df4933ab0f\"\n\t\t\t\t\twidth=\"250\"\n\t\t\t\t\theight=\"250\"\n\t\t\t\t\tstyle=\"max-width:100%;\"\n\t\t\t\t\/>\n\t\t\t<\/a>\n\t\t<\/div>\n\t\t\t\t\t\t\t<\/div>\n\t\t\t\n\t\t\t\t<div id=\"ngg-image-28\" class=\"ngg-gallery-thumbnail-box\n\t\t\t\t\t\t\t\tngg-2-columns\t\t\t\"\n\t\t\t>\n\t\t\t\t\t\t<div class=\"ngg-gallery-thumbnail\">\n\t\t\t<a href=\"https:\/\/mwb.com.pl\/policja\/wp-content\/gallery\/komisariaty_pp\/2.jpg\"\n\t\t\t\ttitle=\"Grupa policjant\u00f3w z I Komisariatu PP w Bia\u0142ymstoku. Siedz\u0105cy z lewej to posterunkowy J\u00f3zef Machowiak. 1931 r.\"\n\t\t\t\tdata-src=\"https:\/\/mwb.com.pl\/policja\/wp-content\/gallery\/komisariaty_pp\/2.jpg\"\n\t\t\t\tdata-thumbnail=\"https:\/\/mwb.com.pl\/policja\/wp-content\/gallery\/komisariaty_pp\/thumbs\/thumbs_2.jpg\"\n\t\t\t\tdata-image-id=\"41\"\n\t\t\t\tdata-title=\"2\"\n\t\t\t\tdata-description=\"Grupa policjant\u00f3w z I Komisariatu PP w Bia\u0142ymstoku. Siedz\u0105cy z lewej to posterunkowy J\u00f3zef Machowiak. 1931 r.\"\n\t\t\t\tdata-image-slug=\"2-2\"\n\t\t\t\t\t\t\t\t\t\t\t\t\t\t\t\t\t\t\t\tclass=\"ngg-fancybox\" rel=\"5d0afda6133a4c879a3078ffbfe441cb\">\n\t\t\t\t\t\t\t\t<img\n\t\t\t\t\ttitle=\"2\"\n\t\t\t\t\talt=\"2\"\n\t\t\t\t\tsrc=\"https:\/\/mwb.com.pl\/policja\/index.php\/nextgen-image\/41\/250x250x100\/crop\/618228dfcc000249b113a6265602d3d4\"\n\t\t\t\t\twidth=\"250\"\n\t\t\t\t\theight=\"250\"\n\t\t\t\t\tstyle=\"max-width:100%;\"\n\t\t\t\t\/>\n\t\t\t<\/a>\n\t\t<\/div>\n\t\t\t\t\t\t\t<\/div>\n\t\t\t\n\t\n\t<br style=\"clear: both\" \/>\n\n\t\n\t\t<!-- Pagination -->\n\t\t<div class='ngg-clear'><\/div>\t<\/div>\n<\/div>\n<\/div>\n<\/div>\n","protected":false},"excerpt":{"rendered":"<p>Na terenie wi\u0119kszych miast typow\u0105 prac\u0119 policyjn\u0105 prowadzi\u0142y miejskie komisariaty PP. W por\u00f3wnaniu do zada\u0144 i trybu dzia\u0142alno\u015bci posterunk\u00f3w gminnych wykonywa\u0142y one te same czynno\u015bci s\u0142u\u017cbowe, tyle \u017ce w nieco bardziej specyficznych warunkach. W zale\u017cno\u015bci od potrzeb i wielko\u015bci o\u015brodk\u00f3w miejskich powo\u0142ywano w miastach po kilka lub kilkana\u015bcie takich jednostek, kierowanych odg\u00f3rnie przez komend\u0119 miasta, [&hellip;]<\/p>\n","protected":false},"author":3,"featured_media":0,"parent":0,"menu_order":5,"comment_status":"closed","ping_status":"open","template":"","meta":{"ngg_post_thumbnail":0,"footnotes":""},"class_list":["post-66","page","type-page","status-publish","hentry"],"_links":{"self":[{"href":"https:\/\/mwb.com.pl\/policja\/index.php?rest_route=\/wp\/v2\/pages\/66","targetHints":{"allow":["GET"]}}],"collection":[{"href":"https:\/\/mwb.com.pl\/policja\/index.php?rest_route=\/wp\/v2\/pages"}],"about":[{"href":"https:\/\/mwb.com.pl\/policja\/index.php?rest_route=\/wp\/v2\/types\/page"}],"author":[{"embeddable":true,"href":"https:\/\/mwb.com.pl\/policja\/index.php?rest_route=\/wp\/v2\/users\/3"}],"replies":[{"embeddable":true,"href":"https:\/\/mwb.com.pl\/policja\/index.php?rest_route=%2Fwp%2Fv2%2Fcomments&post=66"}],"version-history":[{"count":10,"href":"https:\/\/mwb.com.pl\/policja\/index.php?rest_route=\/wp\/v2\/pages\/66\/revisions"}],"predecessor-version":[{"id":661,"href":"https:\/\/mwb.com.pl\/policja\/index.php?rest_route=\/wp\/v2\/pages\/66\/revisions\/661"}],"wp:attachment":[{"href":"https:\/\/mwb.com.pl\/policja\/index.php?rest_route=%2Fwp%2Fv2%2Fmedia&parent=66"}],"curies":[{"name":"wp","href":"https:\/\/api.w.org\/{rel}","templated":true}]}}