{"id":65,"date":"2014-07-07T11:57:09","date_gmt":"2014-07-07T11:57:09","guid":{"rendered":"http:\/\/mwb.com.pl\/policja\/?page_id=65"},"modified":"2014-07-07T12:51:19","modified_gmt":"2014-07-07T12:51:19","slug":"komendy-powiatowe-pp","status":"publish","type":"page","link":"https:\/\/mwb.com.pl\/policja\/?page_id=65","title":{"rendered":"Komendy powiatowe pp"},"content":{"rendered":"<div class=\"art-content-layout\">\n<div class=\"art-content-layout-row\">\n<div class=\"art-layout-cell layout-item-0\" style=\"width: 50%;\">\n<p class=\"MsoNoSpacing\" style=\"text-indent: 15pt;\"><span style=\"font-family: Arial; font-size: 15px;\">Jednym z najwa\u017cniejszych zada\u0144 pierwszego komendanta Policji Pa\u0144stwowej okr\u0119gu bia\u0142ostockiego by\u0142o zorganizowanie organ\u00f3w ni\u017cszego szczebla w postaci policyjnych komend powiatowych i posterunk\u00f3w gminnych. W my\u015bl przepis\u00f3w prawnych ustawy z 24 VII 1919 r. ka\u017cdy komendant powiatowy w zakresie bezpiecze\u0144stwa publicznego podporz\u0105dkowany by\u0142 decyzjom kierownika miejscowych w\u0142adz administracyjnych I instancji &#8211; starostom, a w wi\u0119kszych miastach- komisarzom rz\u0105dowym. Jego typowymi czynno\u015bciami s\u0142u\u017cbowymi by\u0142o za\u0142atwianie wszelkich spraw zwi\u0105zanych z organizacj\u0105 administracji komendy, zaopatrzeniem, uzupe\u0142nieniami i wyszkoleniem funkcjonariuszy policji w powiecie. W wykonaniu powy\u017cszych zada\u0144 kierowa\u0107 si\u0119 musia\u0142 \u015bci\u015ble okre\u015blonymi rozkazami wychodz\u0105cymi od prze\u0142o\u017conego komendanta okr\u0119gowego. W wa\u017cnych sprawach konsultowa\u0107 si\u0119 m\u00f3g\u0142 z nim bezpo\u015brednio drog\u0105 s\u0142u\u017cbow\u0105 na organizowanych w siedzibie Komendy Okr\u0119gowej PP w Bia\u0142ymstoku okresowych odprawach komendant\u00f3w powiatowych.<\/span><\/p>\n<p class=\"MsoNoSpacing\" style=\"text-indent: 15pt;\"><span style=\"font-family: Arial; font-size: 15px;\">Jako terenowe urz\u0119dy policji komendy powiatowe nie posiada\u0142y przesadnie rozbudowanej struktury wewn\u0119trznej. Trzon personalny tworzyli, poza komendantem i jego zast\u0119pc\u0105, ni\u017csi funkcjonariusze s\u0142u\u017cby mundurowej oraz grupa urz\u0119dnik\u00f3w cywilnych, zajmuj\u0105cych si\u0119 prowadzeniem urz\u0119dowej kancelarii. Z racji posiadanego stanowiska komendant powiatowy odpowiada\u0142 tak\u017ce za prawid\u0142ow\u0105 funkcjonalno\u015b\u0107 i dzia\u0142alno\u015b\u0107 podporz\u0105dkowanych mu komisariat\u00f3w miejskich i zwyk\u0142ych posterunk\u00f3w policji, lokalizowanych najcz\u0119\u015bciej przy urz\u0119dach gminnych czy stacjach kolejowych. To w\u0142a\u015bnie na szczeblu tych najmniejszych jednostek koncentrowa\u0142 si\u0119 ca\u0142y wysi\u0142ek pracy policyjnej, kszta\u0142tuj\u0105cy w znacznym stopniu efektywno\u015b\u0107 dzia\u0142ania terenowych organ\u00f3w bezpiecze\u0144stwa publicznego.<\/span><\/p>\n<p class=\"MsoNoSpacing\" style=\"text-indent: 15pt;\"><span style=\"font-family: Arial; font-size: 15px;\">Od pierwszych dni powo\u0142ania V bia\u0142ostockiego okr\u0119gu PP rozpocz\u0119to organizowanie powiatowych komend policji w terenie. Mimo odczuwalnego braku \u015brodk\u00f3w finansowych uda\u0142o si\u0119 do lipca 1920 r. utworzy\u0107 je w Augustowie, Bia\u0142ymstoku, Bielsku Podlaskim, Kolnie, \u0141om\u017cy, Ostro\u0142\u0119ce, Ostrowi Mazowieckiej, Sejnach, Sok\u00f3\u0142ce, Suwa\u0142kach, Grajewie (powiat szczuczy\u0144ski) i Wysokiem Mazowieckiem. Dalszy rozbudow\u0119 struktur policyjnych przerwa\u0142a na ponad miesi\u0105c wojna polsko-bolszewicka 1920 r., kt\u00f3ra swym przebiegiem wymusi\u0142a konieczn\u0105 ewakuacj\u0119 bia\u0142ostockiej policji na zach\u00f3d kraju. Odbudowa struktur na nowo rozpocz\u0119\u0142a si\u0119 po powrocie jednostek policyjnych na Bia\u0142ostocczyzn\u0119 we wrze\u015bniu 1920 r. W lutym nast\u0119pnego roku obszar wojew\u00f3dztwa bia\u0142ostockiego powi\u0119kszony zosta\u0142 dodatkowo o ziemie powiatu bia\u0142owieskiego, grodzie\u0144skiego i wo\u0142kowyskiego. Na mocy urz\u0119dowych rozkaz\u00f3w MSW i Komendy G\u0142\u00f3wnej PP komendant okr\u0119gowy PP w Bia\u0142ymstoku nakaza\u0142 zorganizowanie odpowiednich komend powiatowych w Grodnie, Wo\u0142kowysku i Bia\u0142owie\u017cy. Od tego momentu Komendzie Okr\u0119gowej PP w Bia\u0142ymstoku podporz\u0105dkowanych by\u0142o 15 komend powiatowych. Taki stan nie przetrwa\u0142 jednak zbyt d\u0142ugo. W ramach oszcz\u0119dno\u015bci bud\u017cetowych do 1931 r. MSW zlikwidowa\u0142o najmniejsze w okr\u0119gu komendy powiatowe PP w Bia\u0142owie\u017cy (1922 r.), Sejnach (1925 r.) i Kolnie (1931 r.). Ponadto z dniem 1 IV 1939 r. komendy policji \u0142om\u017cy\u0144skiej, ostro\u0142\u0119ckiej i ostrowskiej w wyniku administracyjnych przesuni\u0119\u0107 granic wojew\u00f3dztwa w\u0142\u0105czone zosta\u0142y do I warszawskiego okr\u0119gu PP.<\/span><\/p>\n<p>&nbsp;<\/p>\n<\/div>\n<div class=\"art-layout-cell layout-item-0\" style=\"width: 50%;\"><!-- default-view.php -->\n<div\n\tclass=\"ngg-galleryoverview default-view\n\t ngg-ajax-pagination-none\t\"\n\tid=\"ngg-gallery-ffde181f2654d106d76af6718c556aba-1\"\n\tdata-gallery-id=\"3\">\n\n\t\t<!-- Thumbnails -->\n\t\t\t\t<div id=\"ngg-image-0\" class=\"ngg-gallery-thumbnail-box\n\t\t\t\t\t\t\t\tngg-2-columns\t\t\t\"\n\t\t\t>\n\t\t\t\t\t\t<div class=\"ngg-gallery-thumbnail\">\n\t\t\t<a href=\"https:\/\/mwb.com.pl\/policja\/wp-content\/gallery\/komendy_powiatowe\/11.jpg\"\n\t\t\t\ttitle=\". Grupa 12 funkcjonariuszy PP wojew\u00f3dztwa bia\u0142ostockiego. Lata 1929-1935.\"\n\t\t\t\tdata-src=\"https:\/\/mwb.com.pl\/policja\/wp-content\/gallery\/komendy_powiatowe\/11.jpg\"\n\t\t\t\tdata-thumbnail=\"https:\/\/mwb.com.pl\/policja\/wp-content\/gallery\/komendy_powiatowe\/thumbs\/thumbs_11.jpg\"\n\t\t\t\tdata-image-id=\"29\"\n\t\t\t\tdata-title=\"11\"\n\t\t\t\tdata-description=\". Grupa 12 funkcjonariuszy PP wojew\u00f3dztwa bia\u0142ostockiego. Lata 1929-1935.\"\n\t\t\t\tdata-image-slug=\"11-1\"\n\t\t\t\t\t\t\t\t\t\t\t\t\t\t\t\t\t\t\t\tclass=\"ngg-fancybox\" rel=\"ffde181f2654d106d76af6718c556aba\">\n\t\t\t\t\t\t\t\t<img\n\t\t\t\t\ttitle=\"11\"\n\t\t\t\t\talt=\"11\"\n\t\t\t\t\tsrc=\"https:\/\/mwb.com.pl\/policja\/index.php\/nextgen-image\/29\/250x250x100\/crop\/6491a7b8391415dae69e882d6996654b\"\n\t\t\t\t\twidth=\"250\"\n\t\t\t\t\theight=\"250\"\n\t\t\t\t\tstyle=\"max-width:100%;\"\n\t\t\t\t\/>\n\t\t\t<\/a>\n\t\t<\/div>\n\t\t\t\t\t\t\t<\/div>\n\t\t\t\n\t\t\t\t<div id=\"ngg-image-1\" class=\"ngg-gallery-thumbnail-box\n\t\t\t\t\t\t\t\tngg-2-columns\t\t\t\"\n\t\t\t>\n\t\t\t\t\t\t<div class=\"ngg-gallery-thumbnail\">\n\t\t\t<a href=\"https:\/\/mwb.com.pl\/policja\/wp-content\/gallery\/komendy_powiatowe\/21.jpg\"\n\t\t\t\ttitle=\"Dyplom nadania Br\u0105zowego Krzy\u017ca Zas\u0142ugi posterunkowego Edwarda \u0141ady. 31 XII 1930 r.\"\n\t\t\t\tdata-src=\"https:\/\/mwb.com.pl\/policja\/wp-content\/gallery\/komendy_powiatowe\/21.jpg\"\n\t\t\t\tdata-thumbnail=\"https:\/\/mwb.com.pl\/policja\/wp-content\/gallery\/komendy_powiatowe\/thumbs\/thumbs_21.jpg\"\n\t\t\t\tdata-image-id=\"39\"\n\t\t\t\tdata-title=\"21\"\n\t\t\t\tdata-description=\"Dyplom nadania Br\u0105zowego Krzy\u017ca Zas\u0142ugi posterunkowego Edwarda \u0141ady. 31 XII 1930 r.\"\n\t\t\t\tdata-image-slug=\"21\"\n\t\t\t\t\t\t\t\t\t\t\t\t\t\t\t\t\t\t\t\tclass=\"ngg-fancybox\" rel=\"ffde181f2654d106d76af6718c556aba\">\n\t\t\t\t\t\t\t\t<img\n\t\t\t\t\ttitle=\"21\"\n\t\t\t\t\talt=\"21\"\n\t\t\t\t\tsrc=\"https:\/\/mwb.com.pl\/policja\/index.php\/nextgen-image\/39\/250x250x100\/crop\/3aaa1683342bbb4ee81725069c00e1b7\"\n\t\t\t\t\twidth=\"250\"\n\t\t\t\t\theight=\"250\"\n\t\t\t\t\tstyle=\"max-width:100%;\"\n\t\t\t\t\/>\n\t\t\t<\/a>\n\t\t<\/div>\n\t\t\t\t\t\t\t<\/div>\n\t\t\t\n\t\t\t\t<div id=\"ngg-image-2\" class=\"ngg-gallery-thumbnail-box\n\t\t\t\t\t\t\t\tngg-2-columns\t\t\t\"\n\t\t\t>\n\t\t\t\t\t\t<div class=\"ngg-gallery-thumbnail\">\n\t\t\t<a href=\"https:\/\/mwb.com.pl\/policja\/wp-content\/gallery\/komendy_powiatowe\/20.jpg\"\n\t\t\t\ttitle=\"Dyplom nadania Br\u0105zowego Medalu za D\u0142ugoletni\u0105 S\u0142u\u017cb\u0119 st. posterunkowego Edwarda \u0141ady. 9 VI 1938 r.\"\n\t\t\t\tdata-src=\"https:\/\/mwb.com.pl\/policja\/wp-content\/gallery\/komendy_powiatowe\/20.jpg\"\n\t\t\t\tdata-thumbnail=\"https:\/\/mwb.com.pl\/policja\/wp-content\/gallery\/komendy_powiatowe\/thumbs\/thumbs_20.jpg\"\n\t\t\t\tdata-image-id=\"38\"\n\t\t\t\tdata-title=\"20\"\n\t\t\t\tdata-description=\"Dyplom nadania Br\u0105zowego Medalu za D\u0142ugoletni\u0105 S\u0142u\u017cb\u0119 st. posterunkowego Edwarda \u0141ady. 9 VI 1938 r.\"\n\t\t\t\tdata-image-slug=\"20\"\n\t\t\t\t\t\t\t\t\t\t\t\t\t\t\t\t\t\t\t\tclass=\"ngg-fancybox\" rel=\"ffde181f2654d106d76af6718c556aba\">\n\t\t\t\t\t\t\t\t<img\n\t\t\t\t\ttitle=\"20\"\n\t\t\t\t\talt=\"20\"\n\t\t\t\t\tsrc=\"https:\/\/mwb.com.pl\/policja\/index.php\/nextgen-image\/38\/250x250x100\/crop\/22192561f5a6dc777635809dbc84e594\"\n\t\t\t\t\twidth=\"250\"\n\t\t\t\t\theight=\"250\"\n\t\t\t\t\tstyle=\"max-width:100%;\"\n\t\t\t\t\/>\n\t\t\t<\/a>\n\t\t<\/div>\n\t\t\t\t\t\t\t<\/div>\n\t\t\t\n\t\t\t\t<div id=\"ngg-image-3\" class=\"ngg-gallery-thumbnail-box\n\t\t\t\t\t\t\t\tngg-2-columns\t\t\t\"\n\t\t\t>\n\t\t\t\t\t\t<div class=\"ngg-gallery-thumbnail\">\n\t\t\t<a href=\"https:\/\/mwb.com.pl\/policja\/wp-content\/gallery\/komendy_powiatowe\/19.jpg\"\n\t\t\t\ttitle=\"Dokument przyznania Medalu Dziesi\u0119ciolecia Odzyskanej Niepodleg\u0142o\u015bci posterunkowego Edwarda \u0141ady z posterunku PP w Bia\u0142owie\u017cy. 9 IV 1929 r.\"\n\t\t\t\tdata-src=\"https:\/\/mwb.com.pl\/policja\/wp-content\/gallery\/komendy_powiatowe\/19.jpg\"\n\t\t\t\tdata-thumbnail=\"https:\/\/mwb.com.pl\/policja\/wp-content\/gallery\/komendy_powiatowe\/thumbs\/thumbs_19.jpg\"\n\t\t\t\tdata-image-id=\"37\"\n\t\t\t\tdata-title=\"19\"\n\t\t\t\tdata-description=\"Dokument przyznania Medalu Dziesi\u0119ciolecia Odzyskanej Niepodleg\u0142o\u015bci posterunkowego Edwarda \u0141ady z posterunku PP w Bia\u0142owie\u017cy. 9 IV 1929 r.\"\n\t\t\t\tdata-image-slug=\"19\"\n\t\t\t\t\t\t\t\t\t\t\t\t\t\t\t\t\t\t\t\tclass=\"ngg-fancybox\" rel=\"ffde181f2654d106d76af6718c556aba\">\n\t\t\t\t\t\t\t\t<img\n\t\t\t\t\ttitle=\"19\"\n\t\t\t\t\talt=\"19\"\n\t\t\t\t\tsrc=\"https:\/\/mwb.com.pl\/policja\/index.php\/nextgen-image\/37\/250x250x100\/crop\/3f5407ecea6d7fa33320a66d62a17adb\"\n\t\t\t\t\twidth=\"250\"\n\t\t\t\t\theight=\"250\"\n\t\t\t\t\tstyle=\"max-width:100%;\"\n\t\t\t\t\/>\n\t\t\t<\/a>\n\t\t<\/div>\n\t\t\t\t\t\t\t<\/div>\n\t\t\t\n\t\t\t\t<div id=\"ngg-image-4\" class=\"ngg-gallery-thumbnail-box\n\t\t\t\t\t\t\t\tngg-2-columns\t\t\t\"\n\t\t\t>\n\t\t\t\t\t\t<div class=\"ngg-gallery-thumbnail\">\n\t\t\t<a href=\"https:\/\/mwb.com.pl\/policja\/wp-content\/gallery\/komendy_powiatowe\/18.jpg\"\n\t\t\t\ttitle=\"Dokument przyznania Medalu Dziesi\u0119ciolecia Odzyskanej Niepodleg\u0142o\u015bci posterunkowego Piotra Gutowskiego z posterunku PP w Rajgrodzie. 9 IV 1929 r.\"\n\t\t\t\tdata-src=\"https:\/\/mwb.com.pl\/policja\/wp-content\/gallery\/komendy_powiatowe\/18.jpg\"\n\t\t\t\tdata-thumbnail=\"https:\/\/mwb.com.pl\/policja\/wp-content\/gallery\/komendy_powiatowe\/thumbs\/thumbs_18.jpg\"\n\t\t\t\tdata-image-id=\"36\"\n\t\t\t\tdata-title=\"18\"\n\t\t\t\tdata-description=\"Dokument przyznania Medalu Dziesi\u0119ciolecia Odzyskanej Niepodleg\u0142o\u015bci posterunkowego Piotra Gutowskiego z posterunku PP w Rajgrodzie. 9 IV 1929 r.\"\n\t\t\t\tdata-image-slug=\"18\"\n\t\t\t\t\t\t\t\t\t\t\t\t\t\t\t\t\t\t\t\tclass=\"ngg-fancybox\" rel=\"ffde181f2654d106d76af6718c556aba\">\n\t\t\t\t\t\t\t\t<img\n\t\t\t\t\ttitle=\"18\"\n\t\t\t\t\talt=\"18\"\n\t\t\t\t\tsrc=\"https:\/\/mwb.com.pl\/policja\/index.php\/nextgen-image\/36\/250x250x100\/crop\/9a086c6543c5e2e404057efb5bedcc7c\"\n\t\t\t\t\twidth=\"250\"\n\t\t\t\t\theight=\"250\"\n\t\t\t\t\tstyle=\"max-width:100%;\"\n\t\t\t\t\/>\n\t\t\t<\/a>\n\t\t<\/div>\n\t\t\t\t\t\t\t<\/div>\n\t\t\t\n\t\t\t\t<div id=\"ngg-image-5\" class=\"ngg-gallery-thumbnail-box\n\t\t\t\t\t\t\t\tngg-2-columns\t\t\t\"\n\t\t\t>\n\t\t\t\t\t\t<div class=\"ngg-gallery-thumbnail\">\n\t\t\t<a href=\"https:\/\/mwb.com.pl\/policja\/wp-content\/gallery\/komendy_powiatowe\/17.jpg\"\n\t\t\t\ttitle=\"Dokument s\u0142u\u017cbowego przeniesienia posterunkowego Wac\u0142awa Machnowskiego do pracy w Policji Pa\u0144stwowej pow. ostro\u0142\u0119ckiego. 13 I 1931 r.\"\n\t\t\t\tdata-src=\"https:\/\/mwb.com.pl\/policja\/wp-content\/gallery\/komendy_powiatowe\/17.jpg\"\n\t\t\t\tdata-thumbnail=\"https:\/\/mwb.com.pl\/policja\/wp-content\/gallery\/komendy_powiatowe\/thumbs\/thumbs_17.jpg\"\n\t\t\t\tdata-image-id=\"35\"\n\t\t\t\tdata-title=\"17\"\n\t\t\t\tdata-description=\"Dokument s\u0142u\u017cbowego przeniesienia posterunkowego Wac\u0142awa Machnowskiego do pracy w Policji Pa\u0144stwowej pow. ostro\u0142\u0119ckiego. 13 I 1931 r.\"\n\t\t\t\tdata-image-slug=\"17\"\n\t\t\t\t\t\t\t\t\t\t\t\t\t\t\t\t\t\t\t\tclass=\"ngg-fancybox\" rel=\"ffde181f2654d106d76af6718c556aba\">\n\t\t\t\t\t\t\t\t<img\n\t\t\t\t\ttitle=\"17\"\n\t\t\t\t\talt=\"17\"\n\t\t\t\t\tsrc=\"https:\/\/mwb.com.pl\/policja\/index.php\/nextgen-image\/35\/250x250x100\/crop\/eff15d5987a5d4fa723d5c5b03d4755a\"\n\t\t\t\t\twidth=\"250\"\n\t\t\t\t\theight=\"250\"\n\t\t\t\t\tstyle=\"max-width:100%;\"\n\t\t\t\t\/>\n\t\t\t<\/a>\n\t\t<\/div>\n\t\t\t\t\t\t\t<\/div>\n\t\t\t\n\t\t\t\t<div id=\"ngg-image-6\" class=\"ngg-gallery-thumbnail-box\n\t\t\t\t\t\t\t\tngg-2-columns\t\t\t\"\n\t\t\t>\n\t\t\t\t\t\t<div class=\"ngg-gallery-thumbnail\">\n\t\t\t<a href=\"https:\/\/mwb.com.pl\/policja\/wp-content\/gallery\/komendy_powiatowe\/16.jpg\"\n\t\t\t\ttitle=\"Posterunkowy W\u0142adys\u0142aw Mikucewicz w pe\u0142nym umundurowaniu. Lata 1937-1939.\"\n\t\t\t\tdata-src=\"https:\/\/mwb.com.pl\/policja\/wp-content\/gallery\/komendy_powiatowe\/16.jpg\"\n\t\t\t\tdata-thumbnail=\"https:\/\/mwb.com.pl\/policja\/wp-content\/gallery\/komendy_powiatowe\/thumbs\/thumbs_16.jpg\"\n\t\t\t\tdata-image-id=\"34\"\n\t\t\t\tdata-title=\"16\"\n\t\t\t\tdata-description=\"Posterunkowy W\u0142adys\u0142aw Mikucewicz w pe\u0142nym umundurowaniu. Lata 1937-1939.\"\n\t\t\t\tdata-image-slug=\"16\"\n\t\t\t\t\t\t\t\t\t\t\t\t\t\t\t\t\t\t\t\tclass=\"ngg-fancybox\" rel=\"ffde181f2654d106d76af6718c556aba\">\n\t\t\t\t\t\t\t\t<img\n\t\t\t\t\ttitle=\"16\"\n\t\t\t\t\talt=\"16\"\n\t\t\t\t\tsrc=\"https:\/\/mwb.com.pl\/policja\/index.php\/nextgen-image\/34\/250x250x100\/crop\/4ae7a526434e940959536f9a32b5e396\"\n\t\t\t\t\twidth=\"250\"\n\t\t\t\t\theight=\"250\"\n\t\t\t\t\tstyle=\"max-width:100%;\"\n\t\t\t\t\/>\n\t\t\t<\/a>\n\t\t<\/div>\n\t\t\t\t\t\t\t<\/div>\n\t\t\t\n\t\t\t\t<div id=\"ngg-image-7\" class=\"ngg-gallery-thumbnail-box\n\t\t\t\t\t\t\t\tngg-2-columns\t\t\t\"\n\t\t\t>\n\t\t\t\t\t\t<div class=\"ngg-gallery-thumbnail\">\n\t\t\t<a href=\"https:\/\/mwb.com.pl\/policja\/wp-content\/gallery\/komendy_powiatowe\/15.jpg\"\n\t\t\t\ttitle=\"Posterunkowy Aleksander Kr\u0119towski w czasie patrolu ulicznego w Ostrowi Mazowieckiej. Lata 1931-1935.\"\n\t\t\t\tdata-src=\"https:\/\/mwb.com.pl\/policja\/wp-content\/gallery\/komendy_powiatowe\/15.jpg\"\n\t\t\t\tdata-thumbnail=\"https:\/\/mwb.com.pl\/policja\/wp-content\/gallery\/komendy_powiatowe\/thumbs\/thumbs_15.jpg\"\n\t\t\t\tdata-image-id=\"33\"\n\t\t\t\tdata-title=\"15\"\n\t\t\t\tdata-description=\"Posterunkowy Aleksander Kr\u0119towski w czasie patrolu ulicznego w Ostrowi Mazowieckiej. Lata 1931-1935.\"\n\t\t\t\tdata-image-slug=\"15\"\n\t\t\t\t\t\t\t\t\t\t\t\t\t\t\t\t\t\t\t\tclass=\"ngg-fancybox\" rel=\"ffde181f2654d106d76af6718c556aba\">\n\t\t\t\t\t\t\t\t<img\n\t\t\t\t\ttitle=\"15\"\n\t\t\t\t\talt=\"15\"\n\t\t\t\t\tsrc=\"https:\/\/mwb.com.pl\/policja\/index.php\/nextgen-image\/33\/250x250x100\/crop\/c1d7347eae8cf85595f2e73b46dfea38\"\n\t\t\t\t\twidth=\"250\"\n\t\t\t\t\theight=\"250\"\n\t\t\t\t\tstyle=\"max-width:100%;\"\n\t\t\t\t\/>\n\t\t\t<\/a>\n\t\t<\/div>\n\t\t\t\t\t\t\t<\/div>\n\t\t\t\n\t\t\t\t<div id=\"ngg-image-8\" class=\"ngg-gallery-thumbnail-box\n\t\t\t\t\t\t\t\tngg-2-columns\t\t\t\"\n\t\t\t>\n\t\t\t\t\t\t<div class=\"ngg-gallery-thumbnail\">\n\t\t\t<a href=\"https:\/\/mwb.com.pl\/policja\/wp-content\/gallery\/komendy_powiatowe\/14.jpg\"\n\t\t\t\ttitle=\"Posterunkowy Aleksander Kr\u0119towski podczas s\u0142u\u017cby patrolowej w Ostrowi Mazowieckiej. 1934 r.\"\n\t\t\t\tdata-src=\"https:\/\/mwb.com.pl\/policja\/wp-content\/gallery\/komendy_powiatowe\/14.jpg\"\n\t\t\t\tdata-thumbnail=\"https:\/\/mwb.com.pl\/policja\/wp-content\/gallery\/komendy_powiatowe\/thumbs\/thumbs_14.jpg\"\n\t\t\t\tdata-image-id=\"32\"\n\t\t\t\tdata-title=\"14\"\n\t\t\t\tdata-description=\"Posterunkowy Aleksander Kr\u0119towski podczas s\u0142u\u017cby patrolowej w Ostrowi Mazowieckiej. 1934 r.\"\n\t\t\t\tdata-image-slug=\"14\"\n\t\t\t\t\t\t\t\t\t\t\t\t\t\t\t\t\t\t\t\tclass=\"ngg-fancybox\" rel=\"ffde181f2654d106d76af6718c556aba\">\n\t\t\t\t\t\t\t\t<img\n\t\t\t\t\ttitle=\"14\"\n\t\t\t\t\talt=\"14\"\n\t\t\t\t\tsrc=\"https:\/\/mwb.com.pl\/policja\/index.php\/nextgen-image\/32\/250x250x100\/crop\/669c5d1fde135855430c13e4cfb48893\"\n\t\t\t\t\twidth=\"250\"\n\t\t\t\t\theight=\"250\"\n\t\t\t\t\tstyle=\"max-width:100%;\"\n\t\t\t\t\/>\n\t\t\t<\/a>\n\t\t<\/div>\n\t\t\t\t\t\t\t<\/div>\n\t\t\t\n\t\t\t\t<div id=\"ngg-image-9\" class=\"ngg-gallery-thumbnail-box\n\t\t\t\t\t\t\t\tngg-2-columns\t\t\t\"\n\t\t\t>\n\t\t\t\t\t\t<div class=\"ngg-gallery-thumbnail\">\n\t\t\t<a href=\"https:\/\/mwb.com.pl\/policja\/wp-content\/gallery\/komendy_powiatowe\/13.jpg\"\n\t\t\t\ttitle=\"Funkcjonariusze Komendy Powiatowej PP w Ostrowi Mazowieckiej. Pierwszy z prawej w g\u00f3rnym rz\u0119dzie to posterunkowy Aleksander Kr\u0119towski. 1935 r.\"\n\t\t\t\tdata-src=\"https:\/\/mwb.com.pl\/policja\/wp-content\/gallery\/komendy_powiatowe\/13.jpg\"\n\t\t\t\tdata-thumbnail=\"https:\/\/mwb.com.pl\/policja\/wp-content\/gallery\/komendy_powiatowe\/thumbs\/thumbs_13.jpg\"\n\t\t\t\tdata-image-id=\"31\"\n\t\t\t\tdata-title=\"13\"\n\t\t\t\tdata-description=\"Funkcjonariusze Komendy Powiatowej PP w Ostrowi Mazowieckiej. Pierwszy z prawej w g\u00f3rnym rz\u0119dzie to posterunkowy Aleksander Kr\u0119towski. 1935 r.\"\n\t\t\t\tdata-image-slug=\"13-1\"\n\t\t\t\t\t\t\t\t\t\t\t\t\t\t\t\t\t\t\t\tclass=\"ngg-fancybox\" rel=\"ffde181f2654d106d76af6718c556aba\">\n\t\t\t\t\t\t\t\t<img\n\t\t\t\t\ttitle=\"13\"\n\t\t\t\t\talt=\"13\"\n\t\t\t\t\tsrc=\"https:\/\/mwb.com.pl\/policja\/index.php\/nextgen-image\/31\/250x250x100\/crop\/ad4dec8e058ac16e7b62af7fbb7f1a23\"\n\t\t\t\t\twidth=\"250\"\n\t\t\t\t\theight=\"250\"\n\t\t\t\t\tstyle=\"max-width:100%;\"\n\t\t\t\t\/>\n\t\t\t<\/a>\n\t\t<\/div>\n\t\t\t\t\t\t\t<\/div>\n\t\t\t\n\t\t\t\t<div id=\"ngg-image-10\" class=\"ngg-gallery-thumbnail-box\n\t\t\t\t\t\t\t\tngg-2-columns\t\t\t\"\n\t\t\t>\n\t\t\t\t\t\t<div class=\"ngg-gallery-thumbnail\">\n\t\t\t<a href=\"https:\/\/mwb.com.pl\/policja\/wp-content\/gallery\/komendy_powiatowe\/12.jpg\"\n\t\t\t\ttitle=\"Patrol funkcjonariuszy PP powiatu Bielsk Podlaski. Lata 1929-1935.\"\n\t\t\t\tdata-src=\"https:\/\/mwb.com.pl\/policja\/wp-content\/gallery\/komendy_powiatowe\/12.jpg\"\n\t\t\t\tdata-thumbnail=\"https:\/\/mwb.com.pl\/policja\/wp-content\/gallery\/komendy_powiatowe\/thumbs\/thumbs_12.jpg\"\n\t\t\t\tdata-image-id=\"30\"\n\t\t\t\tdata-title=\"12\"\n\t\t\t\tdata-description=\"Patrol funkcjonariuszy PP powiatu Bielsk Podlaski. Lata 1929-1935.\"\n\t\t\t\tdata-image-slug=\"12-1\"\n\t\t\t\t\t\t\t\t\t\t\t\t\t\t\t\t\t\t\t\tclass=\"ngg-fancybox\" rel=\"ffde181f2654d106d76af6718c556aba\">\n\t\t\t\t\t\t\t\t<img\n\t\t\t\t\ttitle=\"12\"\n\t\t\t\t\talt=\"12\"\n\t\t\t\t\tsrc=\"https:\/\/mwb.com.pl\/policja\/index.php\/nextgen-image\/30\/250x250x100\/crop\/8a0857052b132478a95a9b3c24118f74\"\n\t\t\t\t\twidth=\"250\"\n\t\t\t\t\theight=\"250\"\n\t\t\t\t\tstyle=\"max-width:100%;\"\n\t\t\t\t\/>\n\t\t\t<\/a>\n\t\t<\/div>\n\t\t\t\t\t\t\t<\/div>\n\t\t\t\n\t\t\t\t<div id=\"ngg-image-11\" class=\"ngg-gallery-thumbnail-box\n\t\t\t\t\t\t\t\tngg-2-columns\t\t\t\"\n\t\t\t>\n\t\t\t\t\t\t<div class=\"ngg-gallery-thumbnail\">\n\t\t\t<a href=\"https:\/\/mwb.com.pl\/policja\/wp-content\/gallery\/komendy_powiatowe\/1.jpg\"\n\t\t\t\ttitle=\"Grupa bia\u0142ostockich policjant\u00f3w podczas \u0107wicze\u0144 w terenie. Lata 1922-1926.\"\n\t\t\t\tdata-src=\"https:\/\/mwb.com.pl\/policja\/wp-content\/gallery\/komendy_powiatowe\/1.jpg\"\n\t\t\t\tdata-thumbnail=\"https:\/\/mwb.com.pl\/policja\/wp-content\/gallery\/komendy_powiatowe\/thumbs\/thumbs_1.jpg\"\n\t\t\t\tdata-image-id=\"19\"\n\t\t\t\tdata-title=\"1\"\n\t\t\t\tdata-description=\"Grupa bia\u0142ostockich policjant\u00f3w podczas \u0107wicze\u0144 w terenie. Lata 1922-1926.\"\n\t\t\t\tdata-image-slug=\"1-1\"\n\t\t\t\t\t\t\t\t\t\t\t\t\t\t\t\t\t\t\t\tclass=\"ngg-fancybox\" rel=\"ffde181f2654d106d76af6718c556aba\">\n\t\t\t\t\t\t\t\t<img\n\t\t\t\t\ttitle=\"1\"\n\t\t\t\t\talt=\"1\"\n\t\t\t\t\tsrc=\"https:\/\/mwb.com.pl\/policja\/index.php\/nextgen-image\/19\/250x250x100\/crop\/4f4bf61c567390d72e98388ab4bb11eb\"\n\t\t\t\t\twidth=\"250\"\n\t\t\t\t\theight=\"250\"\n\t\t\t\t\tstyle=\"max-width:100%;\"\n\t\t\t\t\/>\n\t\t\t<\/a>\n\t\t<\/div>\n\t\t\t\t\t\t\t<\/div>\n\t\t\t\n\t\t\t\t<div id=\"ngg-image-12\" class=\"ngg-gallery-thumbnail-box\n\t\t\t\t\t\t\t\tngg-2-columns\t\t\t\"\n\t\t\t>\n\t\t\t\t\t\t<div class=\"ngg-gallery-thumbnail\">\n\t\t\t<a href=\"https:\/\/mwb.com.pl\/policja\/wp-content\/gallery\/komendy_powiatowe\/10.jpg\"\n\t\t\t\ttitle=\"Zwarty oddzia\u0142 funkcjonariuszy PP wojew\u00f3dztwa bia\u0142ostockiego na \u0107wiczeniach w Hajn\u00f3wce. Maj 1931 r.\"\n\t\t\t\tdata-src=\"https:\/\/mwb.com.pl\/policja\/wp-content\/gallery\/komendy_powiatowe\/10.jpg\"\n\t\t\t\tdata-thumbnail=\"https:\/\/mwb.com.pl\/policja\/wp-content\/gallery\/komendy_powiatowe\/thumbs\/thumbs_10.jpg\"\n\t\t\t\tdata-image-id=\"28\"\n\t\t\t\tdata-title=\"10\"\n\t\t\t\tdata-description=\"Zwarty oddzia\u0142 funkcjonariuszy PP wojew\u00f3dztwa bia\u0142ostockiego na \u0107wiczeniach w Hajn\u00f3wce. Maj 1931 r.\"\n\t\t\t\tdata-image-slug=\"10-1\"\n\t\t\t\t\t\t\t\t\t\t\t\t\t\t\t\t\t\t\t\tclass=\"ngg-fancybox\" rel=\"ffde181f2654d106d76af6718c556aba\">\n\t\t\t\t\t\t\t\t<img\n\t\t\t\t\ttitle=\"10\"\n\t\t\t\t\talt=\"10\"\n\t\t\t\t\tsrc=\"https:\/\/mwb.com.pl\/policja\/index.php\/nextgen-image\/28\/250x250x100\/crop\/a7ec205780b4718b1930f69422f14a54\"\n\t\t\t\t\twidth=\"250\"\n\t\t\t\t\theight=\"250\"\n\t\t\t\t\tstyle=\"max-width:100%;\"\n\t\t\t\t\/>\n\t\t\t<\/a>\n\t\t<\/div>\n\t\t\t\t\t\t\t<\/div>\n\t\t\t\n\t\t\t\t<div id=\"ngg-image-13\" class=\"ngg-gallery-thumbnail-box\n\t\t\t\t\t\t\t\tngg-2-columns\t\t\t\"\n\t\t\t>\n\t\t\t\t\t\t<div class=\"ngg-gallery-thumbnail\">\n\t\t\t<a href=\"https:\/\/mwb.com.pl\/policja\/wp-content\/gallery\/komendy_powiatowe\/9.jpg\"\n\t\t\t\ttitle=\"Zaj\u0119cia szkoleniowe funkcjonariuszy PP wojew\u00f3dztwa bia\u0142ostockiego w terenie. Lata 1923-1926.\"\n\t\t\t\tdata-src=\"https:\/\/mwb.com.pl\/policja\/wp-content\/gallery\/komendy_powiatowe\/9.jpg\"\n\t\t\t\tdata-thumbnail=\"https:\/\/mwb.com.pl\/policja\/wp-content\/gallery\/komendy_powiatowe\/thumbs\/thumbs_9.jpg\"\n\t\t\t\tdata-image-id=\"27\"\n\t\t\t\tdata-title=\"9\"\n\t\t\t\tdata-description=\"Zaj\u0119cia szkoleniowe funkcjonariuszy PP wojew\u00f3dztwa bia\u0142ostockiego w terenie. Lata 1923-1926.\"\n\t\t\t\tdata-image-slug=\"9-1\"\n\t\t\t\t\t\t\t\t\t\t\t\t\t\t\t\t\t\t\t\tclass=\"ngg-fancybox\" rel=\"ffde181f2654d106d76af6718c556aba\">\n\t\t\t\t\t\t\t\t<img\n\t\t\t\t\ttitle=\"9\"\n\t\t\t\t\talt=\"9\"\n\t\t\t\t\tsrc=\"https:\/\/mwb.com.pl\/policja\/index.php\/nextgen-image\/27\/250x250x100\/crop\/8e66091603b5fbb311e9c3ac5c017fc5\"\n\t\t\t\t\twidth=\"250\"\n\t\t\t\t\theight=\"250\"\n\t\t\t\t\tstyle=\"max-width:100%;\"\n\t\t\t\t\/>\n\t\t\t<\/a>\n\t\t<\/div>\n\t\t\t\t\t\t\t<\/div>\n\t\t\t\n\t\t\t\t<div id=\"ngg-image-14\" class=\"ngg-gallery-thumbnail-box\n\t\t\t\t\t\t\t\tngg-2-columns\t\t\t\"\n\t\t\t>\n\t\t\t\t\t\t<div class=\"ngg-gallery-thumbnail\">\n\t\t\t<a href=\"https:\/\/mwb.com.pl\/policja\/wp-content\/gallery\/komendy_powiatowe\/8.jpg\"\n\t\t\t\ttitle=\"Funkcjonariusze Komendy Powiatowej PP w Sok\u00f3\u0142ce. Lata 1923-1926.\"\n\t\t\t\tdata-src=\"https:\/\/mwb.com.pl\/policja\/wp-content\/gallery\/komendy_powiatowe\/8.jpg\"\n\t\t\t\tdata-thumbnail=\"https:\/\/mwb.com.pl\/policja\/wp-content\/gallery\/komendy_powiatowe\/thumbs\/thumbs_8.jpg\"\n\t\t\t\tdata-image-id=\"26\"\n\t\t\t\tdata-title=\"8\"\n\t\t\t\tdata-description=\"Funkcjonariusze Komendy Powiatowej PP w Sok\u00f3\u0142ce. Lata 1923-1926.\"\n\t\t\t\tdata-image-slug=\"8-1\"\n\t\t\t\t\t\t\t\t\t\t\t\t\t\t\t\t\t\t\t\tclass=\"ngg-fancybox\" rel=\"ffde181f2654d106d76af6718c556aba\">\n\t\t\t\t\t\t\t\t<img\n\t\t\t\t\ttitle=\"8\"\n\t\t\t\t\talt=\"8\"\n\t\t\t\t\tsrc=\"https:\/\/mwb.com.pl\/policja\/index.php\/nextgen-image\/26\/250x250x100\/crop\/c85fdbc27cb3b782a74095e2720dd0cd\"\n\t\t\t\t\twidth=\"250\"\n\t\t\t\t\theight=\"250\"\n\t\t\t\t\tstyle=\"max-width:100%;\"\n\t\t\t\t\/>\n\t\t\t<\/a>\n\t\t<\/div>\n\t\t\t\t\t\t\t<\/div>\n\t\t\t\n\t\t\t\t<div id=\"ngg-image-15\" class=\"ngg-gallery-thumbnail-box\n\t\t\t\t\t\t\t\tngg-2-columns\t\t\t\"\n\t\t\t>\n\t\t\t\t\t\t<div class=\"ngg-gallery-thumbnail\">\n\t\t\t<a href=\"https:\/\/mwb.com.pl\/policja\/wp-content\/gallery\/komendy_powiatowe\/7.jpg\"\n\t\t\t\ttitle=\"Grupa wy\u017cszych i ni\u017cszych funkcjonariuszy PP powiatu bia\u0142ostockiego. Lata. 1923-1926.\"\n\t\t\t\tdata-src=\"https:\/\/mwb.com.pl\/policja\/wp-content\/gallery\/komendy_powiatowe\/7.jpg\"\n\t\t\t\tdata-thumbnail=\"https:\/\/mwb.com.pl\/policja\/wp-content\/gallery\/komendy_powiatowe\/thumbs\/thumbs_7.jpg\"\n\t\t\t\tdata-image-id=\"25\"\n\t\t\t\tdata-title=\"7\"\n\t\t\t\tdata-description=\"Grupa wy\u017cszych i ni\u017cszych funkcjonariuszy PP powiatu bia\u0142ostockiego. Lata. 1923-1926.\"\n\t\t\t\tdata-image-slug=\"7-1\"\n\t\t\t\t\t\t\t\t\t\t\t\t\t\t\t\t\t\t\t\tclass=\"ngg-fancybox\" rel=\"ffde181f2654d106d76af6718c556aba\">\n\t\t\t\t\t\t\t\t<img\n\t\t\t\t\ttitle=\"7\"\n\t\t\t\t\talt=\"7\"\n\t\t\t\t\tsrc=\"https:\/\/mwb.com.pl\/policja\/index.php\/nextgen-image\/25\/250x250x100\/crop\/f246e6606c329351444334474e35ef43\"\n\t\t\t\t\twidth=\"250\"\n\t\t\t\t\theight=\"250\"\n\t\t\t\t\tstyle=\"max-width:100%;\"\n\t\t\t\t\/>\n\t\t\t<\/a>\n\t\t<\/div>\n\t\t\t\t\t\t\t<\/div>\n\t\t\t\n\t\t\t\t<div id=\"ngg-image-16\" class=\"ngg-gallery-thumbnail-box\n\t\t\t\t\t\t\t\tngg-2-columns\t\t\t\"\n\t\t\t>\n\t\t\t\t\t\t<div class=\"ngg-gallery-thumbnail\">\n\t\t\t<a href=\"https:\/\/mwb.com.pl\/policja\/wp-content\/gallery\/komendy_powiatowe\/6.jpg\"\n\t\t\t\ttitle=\"Za\u0142oga jednego z posterunk\u00f3w PP wojew\u00f3dztwa bia\u0142ostockiego. Lata 1924-1926.\"\n\t\t\t\tdata-src=\"https:\/\/mwb.com.pl\/policja\/wp-content\/gallery\/komendy_powiatowe\/6.jpg\"\n\t\t\t\tdata-thumbnail=\"https:\/\/mwb.com.pl\/policja\/wp-content\/gallery\/komendy_powiatowe\/thumbs\/thumbs_6.jpg\"\n\t\t\t\tdata-image-id=\"24\"\n\t\t\t\tdata-title=\"6\"\n\t\t\t\tdata-description=\"Za\u0142oga jednego z posterunk\u00f3w PP wojew\u00f3dztwa bia\u0142ostockiego. Lata 1924-1926.\"\n\t\t\t\tdata-image-slug=\"6-1\"\n\t\t\t\t\t\t\t\t\t\t\t\t\t\t\t\t\t\t\t\tclass=\"ngg-fancybox\" rel=\"ffde181f2654d106d76af6718c556aba\">\n\t\t\t\t\t\t\t\t<img\n\t\t\t\t\ttitle=\"6\"\n\t\t\t\t\talt=\"6\"\n\t\t\t\t\tsrc=\"https:\/\/mwb.com.pl\/policja\/index.php\/nextgen-image\/24\/250x250x100\/crop\/e611d1e75af59ef17eb9781e7f9a4500\"\n\t\t\t\t\twidth=\"250\"\n\t\t\t\t\theight=\"250\"\n\t\t\t\t\tstyle=\"max-width:100%;\"\n\t\t\t\t\/>\n\t\t\t<\/a>\n\t\t<\/div>\n\t\t\t\t\t\t\t<\/div>\n\t\t\t\n\t\t\t\t<div id=\"ngg-image-17\" class=\"ngg-gallery-thumbnail-box\n\t\t\t\t\t\t\t\tngg-2-columns\t\t\t\"\n\t\t\t>\n\t\t\t\t\t\t<div class=\"ngg-gallery-thumbnail\">\n\t\t\t<a href=\"https:\/\/mwb.com.pl\/policja\/wp-content\/gallery\/komendy_powiatowe\/5.jpg\"\n\t\t\t\ttitle=\"Patrol policyjny w Studziankach.\"\n\t\t\t\tdata-src=\"https:\/\/mwb.com.pl\/policja\/wp-content\/gallery\/komendy_powiatowe\/5.jpg\"\n\t\t\t\tdata-thumbnail=\"https:\/\/mwb.com.pl\/policja\/wp-content\/gallery\/komendy_powiatowe\/thumbs\/thumbs_5.jpg\"\n\t\t\t\tdata-image-id=\"23\"\n\t\t\t\tdata-title=\"5\"\n\t\t\t\tdata-description=\"Patrol policyjny w Studziankach.\"\n\t\t\t\tdata-image-slug=\"5-1\"\n\t\t\t\t\t\t\t\t\t\t\t\t\t\t\t\t\t\t\t\tclass=\"ngg-fancybox\" rel=\"ffde181f2654d106d76af6718c556aba\">\n\t\t\t\t\t\t\t\t<img\n\t\t\t\t\ttitle=\"5\"\n\t\t\t\t\talt=\"5\"\n\t\t\t\t\tsrc=\"https:\/\/mwb.com.pl\/policja\/index.php\/nextgen-image\/23\/250x250x100\/crop\/4e517014dbfa9959bc03ae53d709322c\"\n\t\t\t\t\twidth=\"250\"\n\t\t\t\t\theight=\"250\"\n\t\t\t\t\tstyle=\"max-width:100%;\"\n\t\t\t\t\/>\n\t\t\t<\/a>\n\t\t<\/div>\n\t\t\t\t\t\t\t<\/div>\n\t\t\t\n\t\t\t\t<div id=\"ngg-image-18\" class=\"ngg-gallery-thumbnail-box\n\t\t\t\t\t\t\t\tngg-2-columns\t\t\t\"\n\t\t\t>\n\t\t\t\t\t\t<div class=\"ngg-gallery-thumbnail\">\n\t\t\t<a href=\"https:\/\/mwb.com.pl\/policja\/wp-content\/gallery\/komendy_powiatowe\/4.jpg\"\n\t\t\t\ttitle=\"Funkcjonariusze PP powiatu suwalskiego w czasie odpoczynku. Pierwszy z lewej to posterunkowy Edward Hi\u017cycki. 1925 r.\"\n\t\t\t\tdata-src=\"https:\/\/mwb.com.pl\/policja\/wp-content\/gallery\/komendy_powiatowe\/4.jpg\"\n\t\t\t\tdata-thumbnail=\"https:\/\/mwb.com.pl\/policja\/wp-content\/gallery\/komendy_powiatowe\/thumbs\/thumbs_4.jpg\"\n\t\t\t\tdata-image-id=\"22\"\n\t\t\t\tdata-title=\"4\"\n\t\t\t\tdata-description=\"Funkcjonariusze PP powiatu suwalskiego w czasie odpoczynku. Pierwszy z lewej to posterunkowy Edward Hi\u017cycki. 1925 r.\"\n\t\t\t\tdata-image-slug=\"4-1\"\n\t\t\t\t\t\t\t\t\t\t\t\t\t\t\t\t\t\t\t\tclass=\"ngg-fancybox\" rel=\"ffde181f2654d106d76af6718c556aba\">\n\t\t\t\t\t\t\t\t<img\n\t\t\t\t\ttitle=\"4\"\n\t\t\t\t\talt=\"4\"\n\t\t\t\t\tsrc=\"https:\/\/mwb.com.pl\/policja\/index.php\/nextgen-image\/22\/250x250x100\/crop\/ac0c69ebc6e215afebaa10c34ae46f74\"\n\t\t\t\t\twidth=\"250\"\n\t\t\t\t\theight=\"250\"\n\t\t\t\t\tstyle=\"max-width:100%;\"\n\t\t\t\t\/>\n\t\t\t<\/a>\n\t\t<\/div>\n\t\t\t\t\t\t\t<\/div>\n\t\t\t\n\t\t\t\t<div id=\"ngg-image-19\" class=\"ngg-gallery-thumbnail-box\n\t\t\t\t\t\t\t\tngg-2-columns\t\t\t\"\n\t\t\t>\n\t\t\t\t\t\t<div class=\"ngg-gallery-thumbnail\">\n\t\t\t<a href=\"https:\/\/mwb.com.pl\/policja\/wp-content\/gallery\/komendy_powiatowe\/3.jpg\"\n\t\t\t\ttitle=\"Komendant posterunku Ho\u0142ny Wolmera ze swymi podw\u0142adnymi. W grupie stoj\u0105cych, drugi z lewej, to posterunkowy Edward Hi\u017cycki. 1924 r.\"\n\t\t\t\tdata-src=\"https:\/\/mwb.com.pl\/policja\/wp-content\/gallery\/komendy_powiatowe\/3.jpg\"\n\t\t\t\tdata-thumbnail=\"https:\/\/mwb.com.pl\/policja\/wp-content\/gallery\/komendy_powiatowe\/thumbs\/thumbs_3.jpg\"\n\t\t\t\tdata-image-id=\"21\"\n\t\t\t\tdata-title=\"3\"\n\t\t\t\tdata-description=\"Komendant posterunku Ho\u0142ny Wolmera ze swymi podw\u0142adnymi. W grupie stoj\u0105cych, drugi z lewej, to posterunkowy Edward Hi\u017cycki. 1924 r.\"\n\t\t\t\tdata-image-slug=\"3-1\"\n\t\t\t\t\t\t\t\t\t\t\t\t\t\t\t\t\t\t\t\tclass=\"ngg-fancybox\" rel=\"ffde181f2654d106d76af6718c556aba\">\n\t\t\t\t\t\t\t\t<img\n\t\t\t\t\ttitle=\"3\"\n\t\t\t\t\talt=\"3\"\n\t\t\t\t\tsrc=\"https:\/\/mwb.com.pl\/policja\/index.php\/nextgen-image\/21\/250x250x100\/crop\/12204a546ad4fd9b8e6b3bdb9742cd14\"\n\t\t\t\t\twidth=\"250\"\n\t\t\t\t\theight=\"250\"\n\t\t\t\t\tstyle=\"max-width:100%;\"\n\t\t\t\t\/>\n\t\t\t<\/a>\n\t\t<\/div>\n\t\t\t\t\t\t\t<\/div>\n\t\t\t\n\t\t\t\t<div id=\"ngg-image-20\" class=\"ngg-gallery-thumbnail-box\n\t\t\t\t\t\t\t\tngg-2-columns\t\t\t\"\n\t\t\t>\n\t\t\t\t\t\t<div class=\"ngg-gallery-thumbnail\">\n\t\t\t<a href=\"https:\/\/mwb.com.pl\/policja\/wp-content\/gallery\/komendy_powiatowe\/2..jpg\"\n\t\t\t\ttitle=\"Funkcjonariusze PP powiatu suwalskiego. Stoj\u0105cy z prawej strony to posterunkowy Edward Hi\u017cycki. 1924 r.\"\n\t\t\t\tdata-src=\"https:\/\/mwb.com.pl\/policja\/wp-content\/gallery\/komendy_powiatowe\/2..jpg\"\n\t\t\t\tdata-thumbnail=\"https:\/\/mwb.com.pl\/policja\/wp-content\/gallery\/komendy_powiatowe\/thumbs\/thumbs_2..jpg\"\n\t\t\t\tdata-image-id=\"20\"\n\t\t\t\tdata-title=\"2.\"\n\t\t\t\tdata-description=\"Funkcjonariusze PP powiatu suwalskiego. Stoj\u0105cy z prawej strony to posterunkowy Edward Hi\u017cycki. 1924 r.\"\n\t\t\t\tdata-image-slug=\"2-1\"\n\t\t\t\t\t\t\t\t\t\t\t\t\t\t\t\t\t\t\t\tclass=\"ngg-fancybox\" rel=\"ffde181f2654d106d76af6718c556aba\">\n\t\t\t\t\t\t\t\t<img\n\t\t\t\t\ttitle=\"2.\"\n\t\t\t\t\talt=\"2.\"\n\t\t\t\t\tsrc=\"https:\/\/mwb.com.pl\/policja\/index.php\/nextgen-image\/20\/250x250x100\/crop\/7348da74ecd6c8acb16b96fd84dbdf08\"\n\t\t\t\t\twidth=\"250\"\n\t\t\t\t\theight=\"250\"\n\t\t\t\t\tstyle=\"max-width:100%;\"\n\t\t\t\t\/>\n\t\t\t<\/a>\n\t\t<\/div>\n\t\t\t\t\t\t\t<\/div>\n\t\t\t\n\t\n\t<br style=\"clear: both\" \/>\n\n\t\n\t\t<!-- Pagination -->\n\t\t<div class='ngg-clear'><\/div>\t<\/div>\n<\/div>\n<\/div>\n<\/div>\n","protected":false},"excerpt":{"rendered":"<p>Jednym z najwa\u017cniejszych zada\u0144 pierwszego komendanta Policji Pa\u0144stwowej okr\u0119gu bia\u0142ostockiego by\u0142o zorganizowanie organ\u00f3w ni\u017cszego szczebla w postaci policyjnych komend powiatowych i posterunk\u00f3w gminnych. W my\u015bl przepis\u00f3w prawnych ustawy z 24 VII 1919 r. ka\u017cdy komendant powiatowy w zakresie bezpiecze\u0144stwa publicznego podporz\u0105dkowany by\u0142 decyzjom kierownika miejscowych w\u0142adz administracyjnych I instancji &#8211; starostom, a w wi\u0119kszych miastach- [&hellip;]<\/p>\n","protected":false},"author":3,"featured_media":0,"parent":0,"menu_order":4,"comment_status":"closed","ping_status":"open","template":"","meta":{"ngg_post_thumbnail":0,"footnotes":""},"class_list":["post-65","page","type-page","status-publish","hentry"],"_links":{"self":[{"href":"https:\/\/mwb.com.pl\/policja\/index.php?rest_route=\/wp\/v2\/pages\/65","targetHints":{"allow":["GET"]}}],"collection":[{"href":"https:\/\/mwb.com.pl\/policja\/index.php?rest_route=\/wp\/v2\/pages"}],"about":[{"href":"https:\/\/mwb.com.pl\/policja\/index.php?rest_route=\/wp\/v2\/types\/page"}],"author":[{"embeddable":true,"href":"https:\/\/mwb.com.pl\/policja\/index.php?rest_route=\/wp\/v2\/users\/3"}],"replies":[{"embeddable":true,"href":"https:\/\/mwb.com.pl\/policja\/index.php?rest_route=%2Fwp%2Fv2%2Fcomments&post=65"}],"version-history":[{"count":1,"href":"https:\/\/mwb.com.pl\/policja\/index.php?rest_route=\/wp\/v2\/pages\/65\/revisions"}],"predecessor-version":[{"id":242,"href":"https:\/\/mwb.com.pl\/policja\/index.php?rest_route=\/wp\/v2\/pages\/65\/revisions\/242"}],"wp:attachment":[{"href":"https:\/\/mwb.com.pl\/policja\/index.php?rest_route=%2Fwp%2Fv2%2Fmedia&parent=65"}],"curies":[{"name":"wp","href":"https:\/\/api.w.org\/{rel}","templated":true}]}}