{"id":64,"date":"2014-07-07T11:57:08","date_gmt":"2014-07-07T11:57:08","guid":{"rendered":"http:\/\/mwb.com.pl\/policja\/?page_id=64"},"modified":"2014-07-08T08:20:41","modified_gmt":"2014-07-08T08:20:41","slug":"komenda-okregowa-pp","status":"publish","type":"page","link":"https:\/\/mwb.com.pl\/policja\/?page_id=64","title":{"rendered":"Komenda okr\u0119gowa pp"},"content":{"rendered":"<div class=\"art-content-layout\">\n<div class=\"art-content-layout-row\">\n<div class=\"art-layout-cell layout-item-0\" style=\"width: 50%;\">\n<p class=\"MsoNoSpacing\" style=\"text-indent: 15pt;\"><span style=\"font-family: Arial; font-size: 15px;\">Na mocy przepis\u00f3w prawnych ca\u0142o\u015bci\u0105 pracy policyjnej na obszarze kraju kierowa\u0142a odg\u00f3rnie Komenda G\u0142\u00f3wna PP z siedzib\u0105 w Warszawie. Jej rozkazom podporz\u0105dkowana zosta\u0142a ca\u0142a terenowa infrastruktura organizacyjna w postaci kilkunastu okr\u0119g\u00f3w policyjnych. Zgodnie z wytycznymi Ministerstwa Spraw Wewn\u0119trznych (MSW) na czele policyjnego okr\u0119gu sta\u0142 komendant okr\u0119gowy PP, kt\u00f3ry z dniem obj\u0119cia stanowiska s\u0142u\u017cbowego odpowiedzialny by\u0142 przed wojewod\u0105 za stan bezpiecze\u0144stwa publicznego na obszarze ca\u0142ego okr\u0119gu (wojew\u00f3dztwa). W zakresie spraw zwi\u0105zanych z organizacj\u0105, wyszkoleniem, zaopatrzeniem i uzupe\u0142nieniem policji w okr\u0119gu podlega\u0142 on ka\u017cdorazowo Komendzie G\u0142\u00f3wnej PP. Jako terenowy zwierzchnik policji nadzorowa\u0107 musia\u0142 r\u00f3wnie\u017c prac\u0119 podleg\u0142ej sobie komendy okr\u0119gowej PP, kt\u00f3ra obok typowych dla siebie czynno\u015bci administracyjno-gospodarczych zajmowa\u0142a si\u0119 tak\u017ce inspekcj\u0105 mniejszych jednostek policyjnych tj. komend powiatowych, komisariat\u00f3w miejskich czy posterunk\u00f3w gminnych, kolejowych b\u0105d\u017a rzecznych. Rozkazom komendanta okr\u0119gowego PP podporz\u0105dkowywane by\u0142y ponadto inne okr\u0119gowe instytucje policyjne: Okr\u0119gowy Urz\u0105d \u015aledczy (zajmuj\u0105cy si\u0119 walk\u0105 z przest\u0119pczo\u015bci\u0105 kryminaln\u0105), ekspozytury i agentury Defensywy Policyjnej (powo\u0142ane do walki z przest\u0119pczo\u015bci\u0105 antypa\u0144stwow\u0105), Rezerwa Okr\u0119gowa PP (piesza i konna, od 1937 r. Kompania \u201eI\u201d Rezerwy Policyjnej) oraz Szko\u0142a Okr\u0119gowa dla ni\u017cszych funkcjonariuszy PP (przodownik\u00f3w i posterunkowych). W razie nieobecno\u015bci komendanta jego obowi\u0105zki s\u0142u\u017cbowe przejmowa\u0142 wyznaczony zast\u0119pca, za\u0142atwiaj\u0105cy w imieniu komendanta zaistnia\u0142e problemy organizacyjno-szkoleniowe.<\/span><\/p>\n<p class=\"MsoNoSpacing\" style=\"text-indent: 15pt;\"><span style=\"font-family: Arial; font-size: 15px;\">W my\u015bl przepis\u00f3w organizacyjnych komendy okr\u0119gowe PP zak\u0142adano zawsze w miejscu siedzib terenowych w\u0142adz administracyjnych II instancji. Strukturalnie ka\u017cda z nich dzieli\u0142a si\u0119 pocz\u0105tkowo na dwa dzia\u0142y wewn\u0105trzorganizacyjne. W sk\u0142ad Dzia\u0142u I Administracyjnego wchodzi\u0142y trzy referaty: kancelaria, referat administracyjny i osobowy. Funkcjonariusze i urz\u0119dnicy tego dzia\u0142u za\u0142atwiali wi\u0119c wszystkie sprawy maj\u0105ce zwi\u0105zek z og\u00f3ln\u0105 korespondencj\u0105, bezpiecze\u0144stwem publicznym i administracj\u0105 pa\u0144stwow\u0105. Ich kompetencjom podlega\u0142y r\u00f3wnie\u017c wszelkie sprawy s\u0142u\u017cbowe, osobowe i dyscyplinarne. Prowadzeniem administracji gospodarczej, rachunkowo\u015bci bud\u017cetowej komendy okr\u0119gowej PP czy wprowadzaniem w \u017cycie rozlicznych przepis\u00f3w gospodarczych zajmowa\u0142 si\u0119 natomiast Dzia\u0142 II Gospodarczy. Organizacyjnie dzieli\u0142 si\u0119 on na cztery \u015bci\u015ble okre\u015blone referaty: gospodarczy, magazyn, buchalteri\u0119 i kas\u0119. W takim kszta\u0142cie organizacyjnym komenda okr\u0119gowa PP funkcjonowa\u0142a niezmiennie przez par\u0119 lat. Na pocz\u0105tku lat dwudziestych wydzielono dodatkowo jeszcze w jej strukturze Dzia\u0142 III Inspekcyjny, kt\u00f3rego wy\u017csi funkcjonariusze zajmowali si\u0119 kontrol\u0105 stanu s\u0142u\u017cby policyjnej w komendach powiatowych, komisariatach i posterunkach PP danego okr\u0119gu.<\/span><\/p>\n<p class=\"MsoNoSpacing\" style=\"text-indent: 15pt;\"><span style=\"font-family: Arial; font-size: 15px;\">Cz\u0119\u015bciow\u0105 reorganizacj\u0119 komend okr\u0119gowych PP przynios\u0142o rozporz\u0105dzenie Prezydenta Rzeczypospolitej Polskiej z 27 grudnia 1924 r. Wobec zniesienia istniej\u0105cych dot\u0105d komend okr\u0119gowych PP z dniem 10 marca 1925 r. powo\u0142ano w ich miejsce nowe pod nazw\u0105 komend wojew\u00f3dzkich PP. Ich prac\u0105 kierowa\u0107 mieli od tej pory komendanci\u00a0 wojew\u00f3dzcy PP, kt\u00f3rzy w zakresie zaopatrzenia, wyszkolenia, uzbrojenia, dyscypliny i uzupe\u0142nie\u0144 podlegali nadal Komendzie G\u0142\u00f3wnej PP, a w sprawach bezpiecze\u0144stwa publicznego na terenie wojew\u00f3dztwa naczelnikom w\u0142adz II instancji. Jednocze\u015bnie zlikwidowano stanowisko sta\u0142ego zast\u0119pcy komendanta okr\u0119gowego.<\/span><\/p>\n<p class=\"MsoNoSpacing\" style=\"text-indent: 15pt;\"><span style=\"font-family: Arial; font-size: 15px;\">W urz\u0119dowej korespondencji mi\u0119dzy terenowymi jednostkami policyjnymi jeszcze przez pewien czas mo\u017cna by\u0142o u\u017cywa\u0107 stosownych wcze\u015bniej nazw i numer\u00f3w okr\u0119g\u00f3w. Istotn\u0105 zmian\u0105 wewn\u0119trznego ustroju komend wojew\u00f3dzkich PP by\u0142o skasowanie trzech samodzielnych dzia\u0142\u00f3w komend okr\u0119gowych i przekwalifikowanie ich w bardziej specjalistyczne referaty. Do wybuchu II wojny \u015bwiatowej nie przeprowadzano w komendach wojew\u00f3dzkich PP wi\u0119kszych reorganizacji strukturalnych. Ich urz\u0119dowa dzia\u0142alno\u015b\u0107 koncentrowa\u0142a si\u0119 nadal w trzech najwa\u017cniejszych referatach: I administracyjnym, II gospodarczym i III wojskowym. Kierownikami takich jednostek zostawali najcz\u0119\u015bciej oficerowie PP w stopniu komisarza, podkomisarza b\u0105d\u017a aspiranta.<\/span><\/p>\n<p class=\"MsoNoSpacing\" style=\"text-indent: 15pt;\"><span style=\"font-family: Arial; font-size: 15px;\">Utworzenie wojew\u00f3dztwa z siedzib\u0105 w Bia\u0142ymstoku da\u0142o formalne podstawy do powo\u0142ania przez Komendanta G\u0142\u00f3wnego PP w dniu 20 VIII 1919 r. V bia\u0142ostockiego okr\u0119gu PP. Na mocy ustawy sejmowej o podziale terytorialnym ziem b. Kr\u00f3lestwa Polskiego w jego sk\u0142ad wesz\u0142o pocz\u0105tkowo 12 powiat\u00f3w: augustowski, bia\u0142ostocki, bielski, kolne\u0144ski, \u0142om\u017cy\u0144ski, ostrowski, ostro\u0142\u0119cki, sejne\u0144ski, suwalski, sok\u00f3lski, szczuczy\u0144ski i wysoko-mazowiecki. W lutym 1921 r. do istniej\u0105cego stanu przy\u0142\u0105czono jeszcze powiaty: bia\u0142owieski, grodzie\u0144ski i wo\u0142kowyski. W wyniku podj\u0119tych prac organizacyjnych odpowiednie komendy powiatowe PP utworzono przy siedzibach starostw w Augustowie, Bia\u0142owie\u017cy, Bia\u0142ymstoku, Bielsku Podlaskim, Grodnie, Kolnie, \u0141om\u017cy, Ostro\u0142\u0119ce, Ostrowi Mazowieckiej, Sejnach, Sok\u00f3\u0142ce, Suwa\u0142kach, Grajewie (pow. szczuczy\u0144ski), Wo\u0142kowysku i Wysokiem Mazowieckim. Tak ukszta\u0142towany podzia\u0142 ziem wojew\u00f3dztwa bia\u0142ostockiego nie utrzyma\u0142 si\u0119 jednak zbyt d\u0142ugo. W ramach oszcz\u0119dno\u015bci bud\u017cetowych i przesuni\u0119\u0107 administracyjnych granic niekt\u00f3rych powiat\u00f3w likwidacji uleg\u0142y kolejno starostwa, a wraz z nimi i powiatowe komendy policji, w Bia\u0142owie\u017cy (1922 r.), Sejnach (1925 r.) i Kolnie (1931 r.). Ponadto z dniem 1 IV 1939 r. trzy najbardziej wysuni\u0119te na zach\u00f3d powiaty (\u0142om\u017cy\u0144ski, ostrowski i ostro\u0142\u0119cki) wydzielone zosta\u0142y z obszaru wojew\u00f3dztwa bia\u0142ostockiego i w\u0142\u0105czone do wojew\u00f3dztwa warszawskiego. Od tego momentu urz\u0119dy policyjne tych ziem podporz\u0105dkowane zosta\u0142y komendantowi wojew\u00f3dzkiemu I okr\u0119gu PP.<b> <\/b>Na dzie\u0144 1 IX 1939 r. rozkazom komendanta wojew\u00f3dzkiego PP w Bia\u0142ymstoku podlega\u0142o ju\u017c tylko 9 komend powiatowych PP, 7 komisariat\u00f3w miejskich i 130 posterunk\u00f3w gminnych i kolejowych.<\/span><\/p>\n<p class=\"MsoNoSpacing\" style=\"text-indent: 15pt;\"><span style=\"font-family: Arial; font-size: 15px;\">W latach 1919-1939 Komenda Okr\u0119gowa\/Wojew\u00f3dzka PP w Bia\u0142ymstoku mia\u0142a sw\u0105 sta\u0142\u0105 siedzib\u0119 przy ul. Warszawskiej 50 (od 1934 r. ul. Pierackiego 50). W okresie dwudziestolecia mi\u0119dzywojennego funkcj\u0119 komendanta okr\u0119gowego (od 1925 r. komendanta wojew\u00f3dzkiego) bia\u0142ostockiej PP pe\u0142ni\u0142o \u0142\u0105cznie dziesi\u0119\u0107 os\u00f3b.<\/span><\/p>\n<p>&nbsp;<\/p>\n<p class=\"MsoNoSpacing\"><span style=\"font-size: 15px;\">W chronologicznym wykazie byli nimi:<\/span><\/p>\n<p><b style=\"font-size: 15px;\">\u00a0<\/b><span style=\"font-size: 15px;\">1. inspektor dr Henryk Jasie\u0144ski (1919-1920)<\/span><\/p>\n<p class=\"MsoNoSpacing\"><span style=\"font-size: 15px;\">2. inspektor Franciszek ks. Radziwi\u0142\u0142 (1920-1921)<b><\/b><\/span><\/p>\n<p class=\"MsoNoSpacing\"><span style=\"font-size: 15px;\">3. inspektor Witold Filimowski (1921-1923)<b><\/b><\/span><\/p>\n<p class=\"MsoNoSpacing\"><span style=\"font-size: 15px;\">4. podinspektor Stefan Chluski (1923-1926) <b><\/b><\/span><\/p>\n<p class=\"MsoNoSpacing\"><span style=\"font-size: 15px;\">5. podinspektor Aleksander Roszkowski (1926 &#8211; jako pe\u0142ni\u0105cy obowi\u0105zki)<b><\/b><\/span><\/p>\n<p class=\"MsoNoSpacing\"><span style=\"font-size: 15px;\">6. inspektor Henryk Charlemagne (1926-1931)<b><\/b><\/span><\/p>\n<p class=\"MsoNoSpacing\"><span style=\"font-size: 15px;\">7. inspektor W\u0142adys\u0142aw \u0141ozi\u0144ski (1931-1934) <b><\/b><\/span><\/p>\n<p class=\"MsoNoSpacing\"><span style=\"font-size: 15px;\">8. inspektor Edmund Czyniowski (1934-1937)<b><\/b><\/span><\/p>\n<p class=\"MsoNoSpacing\"><span style=\"font-size: 15px;\">9. podinspektor Roman Sztaba (1937-1939)<b><\/b><\/span><\/p>\n<p class=\"MsoNoSpacing\"><span style=\"font-size: 15px;\">10. podinspektor Kazimierz Zio\u0142owski (1939).<b><\/b><\/span><\/p>\n<p>&nbsp;<\/p>\n<\/div>\n<div class=\"art-layout-cell layout-item-0\" style=\"width: 50%;\"><!-- default-view.php -->\n<div\n\tclass=\"ngg-galleryoverview default-view\n\t ngg-ajax-pagination-none\t\"\n\tid=\"ngg-gallery-156dfa28068ec4fa389572097d14082f-1\"\n\tdata-gallery-id=\"2\">\n\n\t\t<!-- Thumbnails -->\n\t\t\t\t<div id=\"ngg-image-0\" class=\"ngg-gallery-thumbnail-box\n\t\t\t\t\t\t\t\tngg-2-columns\t\t\t\"\n\t\t\t>\n\t\t\t\t\t\t<div class=\"ngg-gallery-thumbnail\">\n\t\t\t<a href=\"https:\/\/mwb.com.pl\/policja\/wp-content\/gallery\/komenda_glowna\/1.jpg\"\n\t\t\t\ttitle=\"Inspektor Franciszek Radziwi\u0142\u0142 \u2013 komendant okr\u0119gowy PP w Bia\u0142ymstoku w latach 1920-1921.\"\n\t\t\t\tdata-src=\"https:\/\/mwb.com.pl\/policja\/wp-content\/gallery\/komenda_glowna\/1.jpg\"\n\t\t\t\tdata-thumbnail=\"https:\/\/mwb.com.pl\/policja\/wp-content\/gallery\/komenda_glowna\/thumbs\/thumbs_1.jpg\"\n\t\t\t\tdata-image-id=\"6\"\n\t\t\t\tdata-title=\"1\"\n\t\t\t\tdata-description=\"Inspektor Franciszek Radziwi\u0142\u0142 \u2013 komendant okr\u0119gowy PP w Bia\u0142ymstoku w latach 1920-1921.\"\n\t\t\t\tdata-image-slug=\"1\"\n\t\t\t\t\t\t\t\t\t\t\t\t\t\t\t\t\t\t\t\tclass=\"ngg-fancybox\" rel=\"156dfa28068ec4fa389572097d14082f\">\n\t\t\t\t\t\t\t\t<img\n\t\t\t\t\ttitle=\"1\"\n\t\t\t\t\talt=\"1\"\n\t\t\t\t\tsrc=\"https:\/\/mwb.com.pl\/policja\/index.php\/nextgen-image\/6\/250x250x100\/crop\/1b6ed450a36034fd4874220a25b36c0b\"\n\t\t\t\t\twidth=\"250\"\n\t\t\t\t\theight=\"250\"\n\t\t\t\t\tstyle=\"max-width:100%;\"\n\t\t\t\t\/>\n\t\t\t<\/a>\n\t\t<\/div>\n\t\t\t\t\t\t\t<\/div>\n\t\t\t\n\t\t\t\t<div id=\"ngg-image-1\" class=\"ngg-gallery-thumbnail-box\n\t\t\t\t\t\t\t\tngg-2-columns\t\t\t\"\n\t\t\t>\n\t\t\t\t\t\t<div class=\"ngg-gallery-thumbnail\">\n\t\t\t<a href=\"https:\/\/mwb.com.pl\/policja\/wp-content\/gallery\/komenda_glowna\/2.jpg\"\n\t\t\t\ttitle=\"Podinspektor Stefan Chluski \u2013 komendant okr\u0119gowy\/wojew\u00f3dzki PP  w Bia\u0142ymstoku w latach 1923-1926.\"\n\t\t\t\tdata-src=\"https:\/\/mwb.com.pl\/policja\/wp-content\/gallery\/komenda_glowna\/2.jpg\"\n\t\t\t\tdata-thumbnail=\"https:\/\/mwb.com.pl\/policja\/wp-content\/gallery\/komenda_glowna\/thumbs\/thumbs_2.jpg\"\n\t\t\t\tdata-image-id=\"7\"\n\t\t\t\tdata-title=\"2\"\n\t\t\t\tdata-description=\"Podinspektor Stefan Chluski \u2013 komendant okr\u0119gowy\/wojew\u00f3dzki PP  w Bia\u0142ymstoku w latach 1923-1926.\"\n\t\t\t\tdata-image-slug=\"2\"\n\t\t\t\t\t\t\t\t\t\t\t\t\t\t\t\t\t\t\t\tclass=\"ngg-fancybox\" rel=\"156dfa28068ec4fa389572097d14082f\">\n\t\t\t\t\t\t\t\t<img\n\t\t\t\t\ttitle=\"2\"\n\t\t\t\t\talt=\"2\"\n\t\t\t\t\tsrc=\"https:\/\/mwb.com.pl\/policja\/index.php\/nextgen-image\/7\/250x250x100\/crop\/4004cb32404465adbf8fa62d3cadce9f\"\n\t\t\t\t\twidth=\"250\"\n\t\t\t\t\theight=\"250\"\n\t\t\t\t\tstyle=\"max-width:100%;\"\n\t\t\t\t\/>\n\t\t\t<\/a>\n\t\t<\/div>\n\t\t\t\t\t\t\t<\/div>\n\t\t\t\n\t\t\t\t<div id=\"ngg-image-2\" class=\"ngg-gallery-thumbnail-box\n\t\t\t\t\t\t\t\tngg-2-columns\t\t\t\"\n\t\t\t>\n\t\t\t\t\t\t<div class=\"ngg-gallery-thumbnail\">\n\t\t\t<a href=\"https:\/\/mwb.com.pl\/policja\/wp-content\/gallery\/komenda_glowna\/3.jpg\"\n\t\t\t\ttitle=\"Nadkomisarz Aleksander Roszkowski \u2013 p.o. komendanta wojew\u00f3dzkiego PP w Bia\u0142ymstoku w 1926 r.\"\n\t\t\t\tdata-src=\"https:\/\/mwb.com.pl\/policja\/wp-content\/gallery\/komenda_glowna\/3.jpg\"\n\t\t\t\tdata-thumbnail=\"https:\/\/mwb.com.pl\/policja\/wp-content\/gallery\/komenda_glowna\/thumbs\/thumbs_3.jpg\"\n\t\t\t\tdata-image-id=\"8\"\n\t\t\t\tdata-title=\"3\"\n\t\t\t\tdata-description=\"Nadkomisarz Aleksander Roszkowski \u2013 p.o. komendanta wojew\u00f3dzkiego PP w Bia\u0142ymstoku w 1926 r.\"\n\t\t\t\tdata-image-slug=\"3\"\n\t\t\t\t\t\t\t\t\t\t\t\t\t\t\t\t\t\t\t\tclass=\"ngg-fancybox\" rel=\"156dfa28068ec4fa389572097d14082f\">\n\t\t\t\t\t\t\t\t<img\n\t\t\t\t\ttitle=\"3\"\n\t\t\t\t\talt=\"3\"\n\t\t\t\t\tsrc=\"https:\/\/mwb.com.pl\/policja\/index.php\/nextgen-image\/8\/250x250x100\/crop\/914063fbf7a69f72cb7a37ee63966ed3\"\n\t\t\t\t\twidth=\"250\"\n\t\t\t\t\theight=\"250\"\n\t\t\t\t\tstyle=\"max-width:100%;\"\n\t\t\t\t\/>\n\t\t\t<\/a>\n\t\t<\/div>\n\t\t\t\t\t\t\t<\/div>\n\t\t\t\n\t\t\t\t<div id=\"ngg-image-3\" class=\"ngg-gallery-thumbnail-box\n\t\t\t\t\t\t\t\tngg-2-columns\t\t\t\"\n\t\t\t>\n\t\t\t\t\t\t<div class=\"ngg-gallery-thumbnail\">\n\t\t\t<a href=\"https:\/\/mwb.com.pl\/policja\/wp-content\/gallery\/komenda_glowna\/4.jpg\"\n\t\t\t\ttitle=\"Podinspektor Henryk Charlemagne \u2013 komendant wojew\u00f3dzki PP w Bia\u0142ymstoku w latach 1926-1931.\"\n\t\t\t\tdata-src=\"https:\/\/mwb.com.pl\/policja\/wp-content\/gallery\/komenda_glowna\/4.jpg\"\n\t\t\t\tdata-thumbnail=\"https:\/\/mwb.com.pl\/policja\/wp-content\/gallery\/komenda_glowna\/thumbs\/thumbs_4.jpg\"\n\t\t\t\tdata-image-id=\"9\"\n\t\t\t\tdata-title=\"4\"\n\t\t\t\tdata-description=\"Podinspektor Henryk Charlemagne \u2013 komendant wojew\u00f3dzki PP w Bia\u0142ymstoku w latach 1926-1931.\"\n\t\t\t\tdata-image-slug=\"4\"\n\t\t\t\t\t\t\t\t\t\t\t\t\t\t\t\t\t\t\t\tclass=\"ngg-fancybox\" rel=\"156dfa28068ec4fa389572097d14082f\">\n\t\t\t\t\t\t\t\t<img\n\t\t\t\t\ttitle=\"4\"\n\t\t\t\t\talt=\"4\"\n\t\t\t\t\tsrc=\"https:\/\/mwb.com.pl\/policja\/index.php\/nextgen-image\/9\/250x250x100\/crop\/26c1b9b7cfb430c59fc60f9fa0caa6e8\"\n\t\t\t\t\twidth=\"250\"\n\t\t\t\t\theight=\"250\"\n\t\t\t\t\tstyle=\"max-width:100%;\"\n\t\t\t\t\/>\n\t\t\t<\/a>\n\t\t<\/div>\n\t\t\t\t\t\t\t<\/div>\n\t\t\t\n\t\t\t\t<div id=\"ngg-image-4\" class=\"ngg-gallery-thumbnail-box\n\t\t\t\t\t\t\t\tngg-2-columns\t\t\t\"\n\t\t\t>\n\t\t\t\t\t\t<div class=\"ngg-gallery-thumbnail\">\n\t\t\t<a href=\"https:\/\/mwb.com.pl\/policja\/wp-content\/gallery\/komenda_glowna\/5.jpg\"\n\t\t\t\ttitle=\"Inspektor Edmund Czyniowski \u2013 komendant wojew\u00f3dzki PP w Bia\u0142ymstoku w latach 1934-1937.\"\n\t\t\t\tdata-src=\"https:\/\/mwb.com.pl\/policja\/wp-content\/gallery\/komenda_glowna\/5.jpg\"\n\t\t\t\tdata-thumbnail=\"https:\/\/mwb.com.pl\/policja\/wp-content\/gallery\/komenda_glowna\/thumbs\/thumbs_5.jpg\"\n\t\t\t\tdata-image-id=\"10\"\n\t\t\t\tdata-title=\"5\"\n\t\t\t\tdata-description=\"Inspektor Edmund Czyniowski \u2013 komendant wojew\u00f3dzki PP w Bia\u0142ymstoku w latach 1934-1937.\"\n\t\t\t\tdata-image-slug=\"5\"\n\t\t\t\t\t\t\t\t\t\t\t\t\t\t\t\t\t\t\t\tclass=\"ngg-fancybox\" rel=\"156dfa28068ec4fa389572097d14082f\">\n\t\t\t\t\t\t\t\t<img\n\t\t\t\t\ttitle=\"5\"\n\t\t\t\t\talt=\"5\"\n\t\t\t\t\tsrc=\"https:\/\/mwb.com.pl\/policja\/index.php\/nextgen-image\/10\/250x250x100\/crop\/77ffb5373a85d43565e7fc8d264cdd2a\"\n\t\t\t\t\twidth=\"250\"\n\t\t\t\t\theight=\"250\"\n\t\t\t\t\tstyle=\"max-width:100%;\"\n\t\t\t\t\/>\n\t\t\t<\/a>\n\t\t<\/div>\n\t\t\t\t\t\t\t<\/div>\n\t\t\t\n\t\t\t\t<div id=\"ngg-image-5\" class=\"ngg-gallery-thumbnail-box\n\t\t\t\t\t\t\t\tngg-2-columns\t\t\t\"\n\t\t\t>\n\t\t\t\t\t\t<div class=\"ngg-gallery-thumbnail\">\n\t\t\t<a href=\"https:\/\/mwb.com.pl\/policja\/wp-content\/gallery\/komenda_glowna\/6.jpg\"\n\t\t\t\ttitle=\"Inspektor Edmund Czyniowski w czasie s\u0142u\u017cbowego urz\u0119dowania w siedzibie Komendy Wojew\u00f3dzkiej PP w Bia\u0142ymstoku przy ul. Pierackiego 50. 1936 r.\"\n\t\t\t\tdata-src=\"https:\/\/mwb.com.pl\/policja\/wp-content\/gallery\/komenda_glowna\/6.jpg\"\n\t\t\t\tdata-thumbnail=\"https:\/\/mwb.com.pl\/policja\/wp-content\/gallery\/komenda_glowna\/thumbs\/thumbs_6.jpg\"\n\t\t\t\tdata-image-id=\"11\"\n\t\t\t\tdata-title=\"6\"\n\t\t\t\tdata-description=\"Inspektor Edmund Czyniowski w czasie s\u0142u\u017cbowego urz\u0119dowania w siedzibie Komendy Wojew\u00f3dzkiej PP w Bia\u0142ymstoku przy ul. Pierackiego 50. 1936 r.\"\n\t\t\t\tdata-image-slug=\"6\"\n\t\t\t\t\t\t\t\t\t\t\t\t\t\t\t\t\t\t\t\tclass=\"ngg-fancybox\" rel=\"156dfa28068ec4fa389572097d14082f\">\n\t\t\t\t\t\t\t\t<img\n\t\t\t\t\ttitle=\"6\"\n\t\t\t\t\talt=\"6\"\n\t\t\t\t\tsrc=\"https:\/\/mwb.com.pl\/policja\/index.php\/nextgen-image\/11\/250x250x100\/crop\/7202357fa97315a8a0363ea001efd180\"\n\t\t\t\t\twidth=\"250\"\n\t\t\t\t\theight=\"250\"\n\t\t\t\t\tstyle=\"max-width:100%;\"\n\t\t\t\t\/>\n\t\t\t<\/a>\n\t\t<\/div>\n\t\t\t\t\t\t\t<\/div>\n\t\t\t\n\t\t\t\t<div id=\"ngg-image-6\" class=\"ngg-gallery-thumbnail-box\n\t\t\t\t\t\t\t\tngg-2-columns\t\t\t\"\n\t\t\t>\n\t\t\t\t\t\t<div class=\"ngg-gallery-thumbnail\">\n\t\t\t<a href=\"https:\/\/mwb.com.pl\/policja\/wp-content\/gallery\/komenda_glowna\/7.jpg\"\n\t\t\t\ttitle=\"Funkcjonariusze Komendy Okr\u0119gowej PP w Bia\u0142ymstoku. Stoj\u0105cy z lewej strony to posterunkowy Antoni Amszej. Lata 1923-1924.\"\n\t\t\t\tdata-src=\"https:\/\/mwb.com.pl\/policja\/wp-content\/gallery\/komenda_glowna\/7.jpg\"\n\t\t\t\tdata-thumbnail=\"https:\/\/mwb.com.pl\/policja\/wp-content\/gallery\/komenda_glowna\/thumbs\/thumbs_7.jpg\"\n\t\t\t\tdata-image-id=\"12\"\n\t\t\t\tdata-title=\"7\"\n\t\t\t\tdata-description=\"Funkcjonariusze Komendy Okr\u0119gowej PP w Bia\u0142ymstoku. Stoj\u0105cy z lewej strony to posterunkowy Antoni Amszej. Lata 1923-1924.\"\n\t\t\t\tdata-image-slug=\"7\"\n\t\t\t\t\t\t\t\t\t\t\t\t\t\t\t\t\t\t\t\tclass=\"ngg-fancybox\" rel=\"156dfa28068ec4fa389572097d14082f\">\n\t\t\t\t\t\t\t\t<img\n\t\t\t\t\ttitle=\"7\"\n\t\t\t\t\talt=\"7\"\n\t\t\t\t\tsrc=\"https:\/\/mwb.com.pl\/policja\/index.php\/nextgen-image\/12\/250x250x100\/crop\/8347a224ac0a72f6003ae43ec86b31e8\"\n\t\t\t\t\twidth=\"250\"\n\t\t\t\t\theight=\"250\"\n\t\t\t\t\tstyle=\"max-width:100%;\"\n\t\t\t\t\/>\n\t\t\t<\/a>\n\t\t<\/div>\n\t\t\t\t\t\t\t<\/div>\n\t\t\t\n\t\t\t\t<div id=\"ngg-image-7\" class=\"ngg-gallery-thumbnail-box\n\t\t\t\t\t\t\t\tngg-2-columns\t\t\t\"\n\t\t\t>\n\t\t\t\t\t\t<div class=\"ngg-gallery-thumbnail\">\n\t\t\t<a href=\"https:\/\/mwb.com.pl\/policja\/wp-content\/gallery\/komenda_glowna\/8.jpg\"\n\t\t\t\ttitle=\"Funkcjonariusze Komendy Wojew\u00f3dzkiej PP w Bia\u0142ymstoku. Stoj\u0105cy w \u015brodku to przodownik Antoni Amszej. Lata 1931-1935.\"\n\t\t\t\tdata-src=\"https:\/\/mwb.com.pl\/policja\/wp-content\/gallery\/komenda_glowna\/8.jpg\"\n\t\t\t\tdata-thumbnail=\"https:\/\/mwb.com.pl\/policja\/wp-content\/gallery\/komenda_glowna\/thumbs\/thumbs_8.jpg\"\n\t\t\t\tdata-image-id=\"13\"\n\t\t\t\tdata-title=\"8\"\n\t\t\t\tdata-description=\"Funkcjonariusze Komendy Wojew\u00f3dzkiej PP w Bia\u0142ymstoku. Stoj\u0105cy w \u015brodku to przodownik Antoni Amszej. Lata 1931-1935.\"\n\t\t\t\tdata-image-slug=\"8\"\n\t\t\t\t\t\t\t\t\t\t\t\t\t\t\t\t\t\t\t\tclass=\"ngg-fancybox\" rel=\"156dfa28068ec4fa389572097d14082f\">\n\t\t\t\t\t\t\t\t<img\n\t\t\t\t\ttitle=\"8\"\n\t\t\t\t\talt=\"8\"\n\t\t\t\t\tsrc=\"https:\/\/mwb.com.pl\/policja\/index.php\/nextgen-image\/13\/250x250x100\/crop\/33f047640e2c5894e1329c5dead40d77\"\n\t\t\t\t\twidth=\"250\"\n\t\t\t\t\theight=\"250\"\n\t\t\t\t\tstyle=\"max-width:100%;\"\n\t\t\t\t\/>\n\t\t\t<\/a>\n\t\t<\/div>\n\t\t\t\t\t\t\t<\/div>\n\t\t\t\n\t\t\t\t<div id=\"ngg-image-8\" class=\"ngg-gallery-thumbnail-box\n\t\t\t\t\t\t\t\tngg-2-columns\t\t\t\"\n\t\t\t>\n\t\t\t\t\t\t<div class=\"ngg-gallery-thumbnail\">\n\t\t\t<a href=\"https:\/\/mwb.com.pl\/policja\/wp-content\/gallery\/komenda_glowna\/9.jpg\"\n\t\t\t\ttitle=\"Dokument dotycz\u0105cy nominacji Wac\u0142awa Machnowskiego na posterunkowego PP woj. bia\u0142ostockiego z 25 II 1925 r.\"\n\t\t\t\tdata-src=\"https:\/\/mwb.com.pl\/policja\/wp-content\/gallery\/komenda_glowna\/9.jpg\"\n\t\t\t\tdata-thumbnail=\"https:\/\/mwb.com.pl\/policja\/wp-content\/gallery\/komenda_glowna\/thumbs\/thumbs_9.jpg\"\n\t\t\t\tdata-image-id=\"14\"\n\t\t\t\tdata-title=\"9\"\n\t\t\t\tdata-description=\"Dokument dotycz\u0105cy nominacji Wac\u0142awa Machnowskiego na posterunkowego PP woj. bia\u0142ostockiego z 25 II 1925 r.\"\n\t\t\t\tdata-image-slug=\"9\"\n\t\t\t\t\t\t\t\t\t\t\t\t\t\t\t\t\t\t\t\tclass=\"ngg-fancybox\" rel=\"156dfa28068ec4fa389572097d14082f\">\n\t\t\t\t\t\t\t\t<img\n\t\t\t\t\ttitle=\"9\"\n\t\t\t\t\talt=\"9\"\n\t\t\t\t\tsrc=\"https:\/\/mwb.com.pl\/policja\/index.php\/nextgen-image\/14\/250x250x100\/crop\/8b6f02855cf6c5e5348401975c421b10\"\n\t\t\t\t\twidth=\"250\"\n\t\t\t\t\theight=\"250\"\n\t\t\t\t\tstyle=\"max-width:100%;\"\n\t\t\t\t\/>\n\t\t\t<\/a>\n\t\t<\/div>\n\t\t\t\t\t\t\t<\/div>\n\t\t\t\n\t\t\t\t<div id=\"ngg-image-9\" class=\"ngg-gallery-thumbnail-box\n\t\t\t\t\t\t\t\tngg-2-columns\t\t\t\"\n\t\t\t>\n\t\t\t\t\t\t<div class=\"ngg-gallery-thumbnail\">\n\t\t\t<a href=\"https:\/\/mwb.com.pl\/policja\/wp-content\/gallery\/komenda_glowna\/10.jpg\"\n\t\t\t\ttitle=\"Legitymacja s\u0142u\u017cbowa posterunkowego Wac\u0142awa Machnowskiego wystawiona przez Komend\u0119 Wojew\u00f3dzk\u0105 PP w Bia\u0142ymstoku w dniu 15 IV 1935 r.\"\n\t\t\t\tdata-src=\"https:\/\/mwb.com.pl\/policja\/wp-content\/gallery\/komenda_glowna\/10.jpg\"\n\t\t\t\tdata-thumbnail=\"https:\/\/mwb.com.pl\/policja\/wp-content\/gallery\/komenda_glowna\/thumbs\/thumbs_10.jpg\"\n\t\t\t\tdata-image-id=\"15\"\n\t\t\t\tdata-title=\"10\"\n\t\t\t\tdata-description=\"Legitymacja s\u0142u\u017cbowa posterunkowego Wac\u0142awa Machnowskiego wystawiona przez Komend\u0119 Wojew\u00f3dzk\u0105 PP w Bia\u0142ymstoku w dniu 15 IV 1935 r.\"\n\t\t\t\tdata-image-slug=\"10\"\n\t\t\t\t\t\t\t\t\t\t\t\t\t\t\t\t\t\t\t\tclass=\"ngg-fancybox\" rel=\"156dfa28068ec4fa389572097d14082f\">\n\t\t\t\t\t\t\t\t<img\n\t\t\t\t\ttitle=\"10\"\n\t\t\t\t\talt=\"10\"\n\t\t\t\t\tsrc=\"https:\/\/mwb.com.pl\/policja\/index.php\/nextgen-image\/15\/250x250x100\/crop\/44a6a407162ed6a04ba8de04493597ff\"\n\t\t\t\t\twidth=\"250\"\n\t\t\t\t\theight=\"250\"\n\t\t\t\t\tstyle=\"max-width:100%;\"\n\t\t\t\t\/>\n\t\t\t<\/a>\n\t\t<\/div>\n\t\t\t\t\t\t\t<\/div>\n\t\t\t\n\t\t\t\t<div id=\"ngg-image-10\" class=\"ngg-gallery-thumbnail-box\n\t\t\t\t\t\t\t\tngg-2-columns\t\t\t\"\n\t\t\t>\n\t\t\t\t\t\t<div class=\"ngg-gallery-thumbnail\">\n\t\t\t<a href=\"https:\/\/mwb.com.pl\/policja\/wp-content\/gallery\/komenda_glowna\/11.jpg\"\n\t\t\t\ttitle=\"Dokument s\u0142u\u017cbowego przeniesienia posterunkowego Piotra Gutowskiego z posterunku PP w Korycinie do I Komisariatu PP w Bia\u0142ymstoku. 16 VI 1936 r.\"\n\t\t\t\tdata-src=\"https:\/\/mwb.com.pl\/policja\/wp-content\/gallery\/komenda_glowna\/11.jpg\"\n\t\t\t\tdata-thumbnail=\"https:\/\/mwb.com.pl\/policja\/wp-content\/gallery\/komenda_glowna\/thumbs\/thumbs_11.jpg\"\n\t\t\t\tdata-image-id=\"16\"\n\t\t\t\tdata-title=\"11\"\n\t\t\t\tdata-description=\"Dokument s\u0142u\u017cbowego przeniesienia posterunkowego Piotra Gutowskiego z posterunku PP w Korycinie do I Komisariatu PP w Bia\u0142ymstoku. 16 VI 1936 r.\"\n\t\t\t\tdata-image-slug=\"11\"\n\t\t\t\t\t\t\t\t\t\t\t\t\t\t\t\t\t\t\t\tclass=\"ngg-fancybox\" rel=\"156dfa28068ec4fa389572097d14082f\">\n\t\t\t\t\t\t\t\t<img\n\t\t\t\t\ttitle=\"11\"\n\t\t\t\t\talt=\"11\"\n\t\t\t\t\tsrc=\"https:\/\/mwb.com.pl\/policja\/index.php\/nextgen-image\/16\/250x250x100\/crop\/59f757de5685212a5fb2230cb6340ce5\"\n\t\t\t\t\twidth=\"250\"\n\t\t\t\t\theight=\"250\"\n\t\t\t\t\tstyle=\"max-width:100%;\"\n\t\t\t\t\/>\n\t\t\t<\/a>\n\t\t<\/div>\n\t\t\t\t\t\t\t<\/div>\n\t\t\t\n\t\t\t\t<div id=\"ngg-image-11\" class=\"ngg-gallery-thumbnail-box\n\t\t\t\t\t\t\t\tngg-2-columns\t\t\t\"\n\t\t\t>\n\t\t\t\t\t\t<div class=\"ngg-gallery-thumbnail\">\n\t\t\t<a href=\"https:\/\/mwb.com.pl\/policja\/wp-content\/gallery\/komenda_glowna\/12.jpg\"\n\t\t\t\ttitle=\"Dokument s\u0142u\u017cbowego przeniesienia posterunkowego Piotra Gutowskiego z I do III Komisariatu PP w Bia\u0142ymstoku. 30 VIII 1938 r.\"\n\t\t\t\tdata-src=\"https:\/\/mwb.com.pl\/policja\/wp-content\/gallery\/komenda_glowna\/12.jpg\"\n\t\t\t\tdata-thumbnail=\"https:\/\/mwb.com.pl\/policja\/wp-content\/gallery\/komenda_glowna\/thumbs\/thumbs_12.jpg\"\n\t\t\t\tdata-image-id=\"17\"\n\t\t\t\tdata-title=\"12\"\n\t\t\t\tdata-description=\"Dokument s\u0142u\u017cbowego przeniesienia posterunkowego Piotra Gutowskiego z I do III Komisariatu PP w Bia\u0142ymstoku. 30 VIII 1938 r.\"\n\t\t\t\tdata-image-slug=\"12\"\n\t\t\t\t\t\t\t\t\t\t\t\t\t\t\t\t\t\t\t\tclass=\"ngg-fancybox\" rel=\"156dfa28068ec4fa389572097d14082f\">\n\t\t\t\t\t\t\t\t<img\n\t\t\t\t\ttitle=\"12\"\n\t\t\t\t\talt=\"12\"\n\t\t\t\t\tsrc=\"https:\/\/mwb.com.pl\/policja\/index.php\/nextgen-image\/17\/250x250x100\/crop\/f7fcd6e9ec193c1c778c742a4d64357a\"\n\t\t\t\t\twidth=\"250\"\n\t\t\t\t\theight=\"250\"\n\t\t\t\t\tstyle=\"max-width:100%;\"\n\t\t\t\t\/>\n\t\t\t<\/a>\n\t\t<\/div>\n\t\t\t\t\t\t\t<\/div>\n\t\t\t\n\t\t\t\t<div id=\"ngg-image-12\" class=\"ngg-gallery-thumbnail-box\n\t\t\t\t\t\t\t\tngg-2-columns\t\t\t\"\n\t\t\t>\n\t\t\t\t\t\t<div class=\"ngg-gallery-thumbnail\">\n\t\t\t<a href=\"https:\/\/mwb.com.pl\/policja\/wp-content\/gallery\/komenda_glowna\/13.jpg\"\n\t\t\t\ttitle=\"Dyplom nadania Br\u0105zowego Medalu za D\u0142ugoletni\u0105 S\u0142u\u017cb\u0119 posterunkowego Piotra Gutowskiego. 11 VI 1938 r.\"\n\t\t\t\tdata-src=\"https:\/\/mwb.com.pl\/policja\/wp-content\/gallery\/komenda_glowna\/13.jpg\"\n\t\t\t\tdata-thumbnail=\"https:\/\/mwb.com.pl\/policja\/wp-content\/gallery\/komenda_glowna\/thumbs\/thumbs_13.jpg\"\n\t\t\t\tdata-image-id=\"18\"\n\t\t\t\tdata-title=\"13\"\n\t\t\t\tdata-description=\"Dyplom nadania Br\u0105zowego Medalu za D\u0142ugoletni\u0105 S\u0142u\u017cb\u0119 posterunkowego Piotra Gutowskiego. 11 VI 1938 r.\"\n\t\t\t\tdata-image-slug=\"13\"\n\t\t\t\t\t\t\t\t\t\t\t\t\t\t\t\t\t\t\t\tclass=\"ngg-fancybox\" rel=\"156dfa28068ec4fa389572097d14082f\">\n\t\t\t\t\t\t\t\t<img\n\t\t\t\t\ttitle=\"13\"\n\t\t\t\t\talt=\"13\"\n\t\t\t\t\tsrc=\"https:\/\/mwb.com.pl\/policja\/index.php\/nextgen-image\/18\/250x250x100\/crop\/496e079f6ea393be386305b27f3294fc\"\n\t\t\t\t\twidth=\"250\"\n\t\t\t\t\theight=\"250\"\n\t\t\t\t\tstyle=\"max-width:100%;\"\n\t\t\t\t\/>\n\t\t\t<\/a>\n\t\t<\/div>\n\t\t\t\t\t\t\t<\/div>\n\t\t\t\n\t\n\t<br style=\"clear: both\" \/>\n\n\t\n\t\t<!-- Pagination -->\n\t\t<div class='ngg-clear'><\/div>\t<\/div>\n<\/div>\n<\/div>\n<\/div>\n","protected":false},"excerpt":{"rendered":"<p>Na mocy przepis\u00f3w prawnych ca\u0142o\u015bci\u0105 pracy policyjnej na obszarze kraju kierowa\u0142a odg\u00f3rnie Komenda G\u0142\u00f3wna PP z siedzib\u0105 w Warszawie. Jej rozkazom podporz\u0105dkowana zosta\u0142a ca\u0142a terenowa infrastruktura organizacyjna w postaci kilkunastu okr\u0119g\u00f3w policyjnych. Zgodnie z wytycznymi Ministerstwa Spraw Wewn\u0119trznych (MSW) na czele policyjnego okr\u0119gu sta\u0142 komendant okr\u0119gowy PP, kt\u00f3ry z dniem obj\u0119cia stanowiska s\u0142u\u017cbowego odpowiedzialny by\u0142 [&hellip;]<\/p>\n","protected":false},"author":3,"featured_media":0,"parent":0,"menu_order":3,"comment_status":"closed","ping_status":"open","template":"","meta":{"ngg_post_thumbnail":0,"footnotes":""},"class_list":["post-64","page","type-page","status-publish","hentry"],"_links":{"self":[{"href":"https:\/\/mwb.com.pl\/policja\/index.php?rest_route=\/wp\/v2\/pages\/64","targetHints":{"allow":["GET"]}}],"collection":[{"href":"https:\/\/mwb.com.pl\/policja\/index.php?rest_route=\/wp\/v2\/pages"}],"about":[{"href":"https:\/\/mwb.com.pl\/policja\/index.php?rest_route=\/wp\/v2\/types\/page"}],"author":[{"embeddable":true,"href":"https:\/\/mwb.com.pl\/policja\/index.php?rest_route=\/wp\/v2\/users\/3"}],"replies":[{"embeddable":true,"href":"https:\/\/mwb.com.pl\/policja\/index.php?rest_route=%2Fwp%2Fv2%2Fcomments&post=64"}],"version-history":[{"count":2,"href":"https:\/\/mwb.com.pl\/policja\/index.php?rest_route=\/wp\/v2\/pages\/64\/revisions"}],"predecessor-version":[{"id":196,"href":"https:\/\/mwb.com.pl\/policja\/index.php?rest_route=\/wp\/v2\/pages\/64\/revisions\/196"}],"wp:attachment":[{"href":"https:\/\/mwb.com.pl\/policja\/index.php?rest_route=%2Fwp%2Fv2%2Fmedia&parent=64"}],"curies":[{"name":"wp","href":"https:\/\/api.w.org\/{rel}","templated":true}]}}